{"version":"1.0","provider_name":"e2.law","provider_url":"https:\/\/www.e2.law\/fr\/","author_name":"Quentin de Bournonville","author_url":"https:\/\/www.e2.law\/fr\/author\/quentin-admine2-law\/","title":"UBO: rappel pour les administrateurs \"non-r\u00e9sidents\" belges - e2.law","type":"rich","width":600,"height":338,"html":"<blockquote class=\"wp-embedded-content\" data-secret=\"SlASLnhhyK\"><a href=\"https:\/\/www.e2.law\/fr\/2019\/12\/10\/ubo-rappel-pour-les-administrateurs-non-residents-belges\/\">UBO: rappel pour les administrateurs &#8220;non-r\u00e9sidents&#8221; belges<\/a><\/blockquote><iframe sandbox=\"allow-scripts\" security=\"restricted\" src=\"https:\/\/www.e2.law\/fr\/2019\/12\/10\/ubo-rappel-pour-les-administrateurs-non-residents-belges\/embed\/#?secret=SlASLnhhyK\" width=\"600\" height=\"338\" title=\"\u00ab\u00a0UBO: rappel pour les administrateurs &#8220;non-r\u00e9sidents&#8221; belges\u00a0\u00bb &#8212; e2.law\" data-secret=\"SlASLnhhyK\" frameborder=\"0\" marginwidth=\"0\" marginheight=\"0\" scrolling=\"no\" class=\"wp-embedded-content\"><\/iframe><script type=\"text\/javascript\">\n\/* <![CDATA[ *\/\n\/*! This file is auto-generated *\/\n!function(d,l){\"use strict\";l.querySelector&&d.addEventListener&&\"undefined\"!=typeof URL&&(d.wp=d.wp||{},d.wp.receiveEmbedMessage||(d.wp.receiveEmbedMessage=function(e){var t=e.data;if((t||t.secret||t.message||t.value)&&!\/[^a-zA-Z0-9]\/.test(t.secret)){for(var s,r,n,a=l.querySelectorAll('iframe[data-secret=\"'+t.secret+'\"]'),o=l.querySelectorAll('blockquote[data-secret=\"'+t.secret+'\"]'),c=new RegExp(\"^https?:$\",\"i\"),i=0;i<o.length;i++)o[i].style.display=\"none\";for(i=0;i<a.length;i++)s=a[i],e.source===s.contentWindow&&(s.removeAttribute(\"style\"),\"height\"===t.message?(1e3<(r=parseInt(t.value,10))?r=1e3:~~r<200&&(r=200),s.height=r):\"link\"===t.message&&(r=new URL(s.getAttribute(\"src\")),n=new URL(t.value),c.test(n.protocol))&&n.host===r.host&&l.activeElement===s&&(d.top.location.href=t.value))}},d.addEventListener(\"message\",d.wp.receiveEmbedMessage,!1),l.addEventListener(\"DOMContentLoaded\",function(){for(var e,t,s=l.querySelectorAll(\"iframe.wp-embedded-content\"),r=0;r<s.length;r++)(t=(e=s[r]).getAttribute(\"data-secret\"))||(t=Math.random().toString(36).substring(2,12),e.src+=\"#?secret=\"+t,e.setAttribute(\"data-secret\",t)),e.contentWindow.postMessage({message:\"ready\",secret:t},\"*\")},!1)))}(window,document);\n\/* ]]> *\/\n<\/script>\n","description":"En vertu des r\u00e8gles de l\u2019UBO, les personnes morales constitu\u00e9es en Belgique doivent d\u00e9poser une d\u00e9claration UBO. \u00c0 compter du 1er janvier 2020, l&#8217;administration pourrait imposer une amende \u00e0 tous ceux qui ne seraient pas en ordre. En principe, le d\u00e9p\u00f4t exige un token ou une EID, ce que les administrateurs non-r\u00e9sidents ont rarement. Ce sketchnote  [...]"}