{"id":13618,"date":"2019-05-30T12:41:04","date_gmt":"2019-05-30T12:41:04","guid":{"rendered":"https:\/\/www.e2.law\/document\/contract-for-agri-environmental-measures\/"},"modified":"2025-10-20T19:45:48","modified_gmt":"2025-10-20T17:45:48","slug":"contract-for-agri-environmental-measures","status":"publish","type":"document","link":"https:\/\/www.e2.law\/fr\/document\/contract-for-agri-environmental-measures\/","title":{"rendered":"Contrat relatif aux mesures agro-environnementales"},"content":{"rendered":"<p>Dans le cadre de l\u2019exploitation d\u2019un parc de production d\u2019\u00e9nergie, les mesures agro-environnementales sont des pratiques ou m\u00e9thodes pour \u00e9viter, r\u00e9duire et si possible compenser les effets n\u00e9gatifs importants d\u2019un projet de production d\u2019\u00e9nergie sur l\u2019environnement. Ces mesures sont impos\u00e9es par le permis octroy\u00e9. En pratique, il pourra s\u2019agir pour le d\u00e9veloppeur \u00e9olien de s\u2019accorder avec un exploitant agricole pour que celui-ci am\u00e9nage des zones d\u2019une certaine taille comprenant une v\u00e9g\u00e9tation bien particuli\u00e8re, avec l\u2019am\u00e9nagement \u00e9ventuel des points d\u2019eaux etc, \u00e0 proximit\u00e9 du parc de production d\u2019\u00e9nergie.<\/p>\n","protected":false},"featured_media":0,"parent":0,"template":"","categories":[1520],"tags":[1329],"tag_family":[],"tag_sector":[],"class_list":["post-13618","document","type-document","status-publish","hentry","category-encadrer-les-activites","tag-entreprise-2"],"acf":[],"yoast_head":"<!-- This site is optimized with the Yoast SEO plugin v27.5 - https:\/\/yoast.com\/product\/yoast-seo-wordpress\/ -->\n<title>Contrat relatif aux mesures agro-environnementales - e2.law<\/title>\n<meta name=\"robots\" content=\"index, follow, max-snippet:-1, max-image-preview:large, max-video-preview:-1\" \/>\n<link rel=\"canonical\" href=\"https:\/\/www.e2.law\/fr\/document\/contract-for-agri-environmental-measures\/\" \/>\n<meta property=\"og:locale\" content=\"fr_FR\" \/>\n<meta property=\"og:type\" content=\"article\" \/>\n<meta property=\"og:title\" content=\"Contrat relatif aux mesures agro-environnementales - e2.law\" \/>\n<meta property=\"og:description\" content=\"Dans le cadre de l\u2019exploitation d\u2019un parc de production d\u2019\u00e9nergie, les mesures agro-environnementales sont des pratiques ou m\u00e9thodes pour \u00e9viter, r\u00e9duire et si possible compenser les effets n\u00e9gatifs importants d\u2019un projet de production d\u2019\u00e9nergie sur l\u2019environnement. Ces mesures sont impos\u00e9es par le permis octroy\u00e9. En pratique, il pourra s\u2019agir pour le d\u00e9veloppeur \u00e9olien de s\u2019accorder avec  [...]\" \/>\n<meta property=\"og:url\" content=\"https:\/\/www.e2.law\/fr\/document\/contract-for-agri-environmental-measures\/\" \/>\n<meta property=\"og:site_name\" content=\"e2.law\" \/>\n<meta property=\"article:modified_time\" content=\"2025-10-20T17:45:48+00:00\" \/>\n<meta name=\"twitter:card\" content=\"summary_large_image\" \/>\n<meta name=\"twitter:label1\" content=\"Dur\u00e9e de lecture estim\u00e9e\" \/>\n\t<meta name=\"twitter:data1\" content=\"1 minute\" \/>\n<script type=\"application\/ld+json\" class=\"yoast-schema-graph\">{\"@context\":\"https:\\\/\\\/schema.org\",\"@graph\":[{\"@type\":\"WebPage\",\"@id\":\"https:\\\/\\\/www.e2.law\\\/fr\\\/document\\\/contract-for-agri-environmental-measures\\\/\",\"url\":\"https:\\\/\\\/www.e2.law\\\/fr\\\/document\\\/contract-for-agri-environmental-measures\\\/\",\"name\":\"Contrat relatif aux mesures agro-environnementales - e2.law\",\"isPartOf\":{\"@id\":\"https:\\\/\\\/www.e2.law\\\/fr\\\/#website\"},\"datePublished\":\"2019-05-30T12:41:04+00:00\",\"dateModified\":\"2025-10-20T17:45:48+00:00\",\"breadcrumb\":{\"@id\":\"https:\\\/\\\/www.e2.law\\\/fr\\\/document\\\/contract-for-agri-environmental-measures\\\/#breadcrumb\"},\"inLanguage\":\"fr-FR\",\"potentialAction\":[{\"@type\":\"ReadAction\",\"target\":[\"https:\\\/\\\/www.e2.law\\\/fr\\\/document\\\/contract-for-agri-environmental-measures\\\/\"]}]},{\"@type\":\"BreadcrumbList\",\"@id\":\"https:\\\/\\\/www.e2.law\\\/fr\\\/document\\\/contract-for-agri-environmental-measures\\\/#breadcrumb\",\"itemListElement\":[{\"@type\":\"ListItem\",\"position\":1,\"name\":\"Home\",\"item\":\"https:\\\/\\\/www.e2.law\\\/fr\\\/home\\\/\"},{\"@type\":\"ListItem\",\"position\":2,\"name\":\"Documents\",\"item\":\"https:\\\/\\\/www.e2.law\\\/en\\\/document\\\/\"},{\"@type\":\"ListItem\",\"position\":3,\"name\":\"Contrat relatif aux mesures agro-environnementales\"}]},{\"@type\":\"WebSite\",\"@id\":\"https:\\\/\\\/www.e2.law\\\/fr\\\/#website\",\"url\":\"https:\\\/\\\/www.e2.law\\\/fr\\\/\",\"name\":\"e2.law\",\"description\":\"A Business Law Firm\",\"publisher\":{\"@id\":\"https:\\\/\\\/www.e2.law\\\/fr\\\/#organization\"},\"potentialAction\":[{\"@type\":\"SearchAction\",\"target\":{\"@type\":\"EntryPoint\",\"urlTemplate\":\"https:\\\/\\\/www.e2.law\\\/fr\\\/?s={search_term_string}\"},\"query-input\":{\"@type\":\"PropertyValueSpecification\",\"valueRequired\":true,\"valueName\":\"search_term_string\"}}],\"inLanguage\":\"fr-FR\"},{\"@type\":\"Organization\",\"@id\":\"https:\\\/\\\/www.e2.law\\\/fr\\\/#organization\",\"name\":\"E2.law\",\"url\":\"https:\\\/\\\/www.e2.law\\\/fr\\\/\",\"logo\":{\"@type\":\"ImageObject\",\"inLanguage\":\"fr-FR\",\"@id\":\"https:\\\/\\\/www.e2.law\\\/fr\\\/#\\\/schema\\\/logo\\\/image\\\/\",\"url\":\"https:\\\/\\\/www.e2.law\\\/wp-content\\\/uploads\\\/2018\\\/12\\\/logo-2.png\",\"contentUrl\":\"https:\\\/\\\/www.e2.law\\\/wp-content\\\/uploads\\\/2018\\\/12\\\/logo-2.png\",\"width\":152,\"height\":40,\"caption\":\"E2.law\"},\"image\":{\"@id\":\"https:\\\/\\\/www.e2.law\\\/fr\\\/#\\\/schema\\\/logo\\\/image\\\/\"},\"sameAs\":[\"https:\\\/\\\/www.linkedin.com\\\/company\\\/e2.law\"]}]}<\/script>\n<!-- \/ Yoast SEO plugin. -->","yoast_head_json":{"title":"Contrat relatif aux mesures agro-environnementales - e2.law","robots":{"index":"index","follow":"follow","max-snippet":"max-snippet:-1","max-image-preview":"max-image-preview:large","max-video-preview":"max-video-preview:-1"},"canonical":"https:\/\/www.e2.law\/fr\/document\/contract-for-agri-environmental-measures\/","og_locale":"fr_FR","og_type":"article","og_title":"Contrat relatif aux mesures agro-environnementales - e2.law","og_description":"Dans le cadre de l\u2019exploitation d\u2019un parc de production d\u2019\u00e9nergie, les mesures agro-environnementales sont des pratiques ou m\u00e9thodes pour \u00e9viter, r\u00e9duire et si possible compenser les effets n\u00e9gatifs importants d\u2019un projet de production d\u2019\u00e9nergie sur l\u2019environnement. Ces mesures sont impos\u00e9es par le permis octroy\u00e9. En pratique, il pourra s\u2019agir pour le d\u00e9veloppeur \u00e9olien de s\u2019accorder avec  [...]","og_url":"https:\/\/www.e2.law\/fr\/document\/contract-for-agri-environmental-measures\/","og_site_name":"e2.law","article_modified_time":"2025-10-20T17:45:48+00:00","twitter_card":"summary_large_image","twitter_misc":{"Dur\u00e9e de lecture estim\u00e9e":"1 minute"},"schema":{"@context":"https:\/\/schema.org","@graph":[{"@type":"WebPage","@id":"https:\/\/www.e2.law\/fr\/document\/contract-for-agri-environmental-measures\/","url":"https:\/\/www.e2.law\/fr\/document\/contract-for-agri-environmental-measures\/","name":"Contrat relatif aux mesures agro-environnementales - e2.law","isPartOf":{"@id":"https:\/\/www.e2.law\/fr\/#website"},"datePublished":"2019-05-30T12:41:04+00:00","dateModified":"2025-10-20T17:45:48+00:00","breadcrumb":{"@id":"https:\/\/www.e2.law\/fr\/document\/contract-for-agri-environmental-measures\/#breadcrumb"},"inLanguage":"fr-FR","potentialAction":[{"@type":"ReadAction","target":["https:\/\/www.e2.law\/fr\/document\/contract-for-agri-environmental-measures\/"]}]},{"@type":"BreadcrumbList","@id":"https:\/\/www.e2.law\/fr\/document\/contract-for-agri-environmental-measures\/#breadcrumb","itemListElement":[{"@type":"ListItem","position":1,"name":"Home","item":"https:\/\/www.e2.law\/fr\/home\/"},{"@type":"ListItem","position":2,"name":"Documents","item":"https:\/\/www.e2.law\/en\/document\/"},{"@type":"ListItem","position":3,"name":"Contrat relatif aux mesures agro-environnementales"}]},{"@type":"WebSite","@id":"https:\/\/www.e2.law\/fr\/#website","url":"https:\/\/www.e2.law\/fr\/","name":"e2.law","description":"A Business Law Firm","publisher":{"@id":"https:\/\/www.e2.law\/fr\/#organization"},"potentialAction":[{"@type":"SearchAction","target":{"@type":"EntryPoint","urlTemplate":"https:\/\/www.e2.law\/fr\/?s={search_term_string}"},"query-input":{"@type":"PropertyValueSpecification","valueRequired":true,"valueName":"search_term_string"}}],"inLanguage":"fr-FR"},{"@type":"Organization","@id":"https:\/\/www.e2.law\/fr\/#organization","name":"E2.law","url":"https:\/\/www.e2.law\/fr\/","logo":{"@type":"ImageObject","inLanguage":"fr-FR","@id":"https:\/\/www.e2.law\/fr\/#\/schema\/logo\/image\/","url":"https:\/\/www.e2.law\/wp-content\/uploads\/2018\/12\/logo-2.png","contentUrl":"https:\/\/www.e2.law\/wp-content\/uploads\/2018\/12\/logo-2.png","width":152,"height":40,"caption":"E2.law"},"image":{"@id":"https:\/\/www.e2.law\/fr\/#\/schema\/logo\/image\/"},"sameAs":["https:\/\/www.linkedin.com\/company\/e2.law"]}]}},"jetpack_sharing_enabled":true,"_links":{"self":[{"href":"https:\/\/www.e2.law\/fr\/wp-json\/wp\/v2\/document\/13618","targetHints":{"allow":["GET"]}}],"collection":[{"href":"https:\/\/www.e2.law\/fr\/wp-json\/wp\/v2\/document"}],"about":[{"href":"https:\/\/www.e2.law\/fr\/wp-json\/wp\/v2\/types\/document"}],"wp:attachment":[{"href":"https:\/\/www.e2.law\/fr\/wp-json\/wp\/v2\/media?parent=13618"}],"wp:term":[{"taxonomy":"category","embeddable":true,"href":"https:\/\/www.e2.law\/fr\/wp-json\/wp\/v2\/categories?post=13618"},{"taxonomy":"post_tag","embeddable":true,"href":"https:\/\/www.e2.law\/fr\/wp-json\/wp\/v2\/tags?post=13618"},{"taxonomy":"tag_family","embeddable":true,"href":"https:\/\/www.e2.law\/fr\/wp-json\/wp\/v2\/tag_family?post=13618"},{"taxonomy":"tag_sector","embeddable":true,"href":"https:\/\/www.e2.law\/fr\/wp-json\/wp\/v2\/tag_sector?post=13618"}],"curies":[{"name":"wp","href":"https:\/\/api.w.org\/{rel}","templated":true}]}}