{"id":32697,"date":"2022-02-08T15:29:52","date_gmt":"2022-02-08T13:29:52","guid":{"rendered":"https:\/\/www.e2.law\/?post_type=enforceablerights&#038;p=32697"},"modified":"2022-03-28T18:56:55","modified_gmt":"2022-03-28T16:56:55","slug":"action-en-annulation-de-marque","status":"publish","type":"enforceablerights","link":"https:\/\/www.e2.law\/fr\/enforceablerights\/action-en-annulation-de-marque\/","title":{"rendered":"Action en annulation de marque"},"content":{"rendered":"<p><strong>D\u00e9finition<\/strong><\/p>\n<p>Le r\u00e8glement sur la marque de l\u2019Union europ\u00e9enne (<a href=\"http:\/\/eur-lex.europa.eu\/legal-content\/fr\/TXT\/?qid=1505142386342&amp;uri=CELEX:32017R1001\">RMUE<\/a>) pr\u00e9voit deux proc\u00e9dures distinctes qui peuvent \u00eatre class\u00e9es \u00e0 titre g\u00e9n\u00e9rique dans la cat\u00e9gorie des \u00abproc\u00e9dures d\u2019annulation\u00bb.<\/p>\n<p>Le titulaire d\u2019une marque de l\u2019UE peut \u00eatre d\u00e9chu de ses droits et une marque de l\u2019UE peut \u00eatre d\u00e9clar\u00e9e nulle. Ces proc\u00e9dures se diff\u00e9rencient par le fait que la <strong>d\u00e9ch\u00e9ance<\/strong> prend effet \u00e0 compter de la date de la demande en d\u00e9ch\u00e9ance, tandis que la <strong>d\u00e9claration de nullit\u00e9<\/strong> entra\u00eene la radiation de l\u2019enregistrement du registre de marques de l\u2019Union europ\u00e9enne avec effet r\u00e9troactif.<\/p>\n<p><strong>Types de nullit\u00e9<\/strong><\/p>\n<p>Il existe deux types de causes de nullit\u00e9: <strong>les causes de nullit\u00e9 absolue et les causes de nullit\u00e9 relative<\/strong>.<\/p>\n<p>Les causes de nullit\u00e9 absolue incluent les motifs de refus qui ont fait l\u2019objet d\u2019un examen d\u2019office dans le cadre de la proc\u00e9dure d\u2019enregistrement.<\/p>\n<p>Les causes de nullit\u00e9 relative proc\u00e8dent de droits ant\u00e9rieurs qui l\u2019emportent sur la marque de l\u2019UE conform\u00e9ment au principe de \u00abpriorit\u00e9\u00bb.<\/p>\n<p>Une marque de l\u2019UE peut \u00eatre d\u00e9clar\u00e9e nulle sur la base de <strong><u>causes absolues<\/u><\/strong> dans les cas suivants:<\/p>\n<ul>\n<li>lorsque la marque de l\u2019UE a \u00e9t\u00e9 enregistr\u00e9e en d\u00e9pit de l\u2019existence d\u2019un motif absolu de refus (en particulier si elle est d\u00e9pourvue de caract\u00e8re distinctif ou descriptive);<\/li>\n<li>lorsque le demandeur \u00e9tait de mauvaise foi lors du d\u00e9p\u00f4t de la demande de marque. Les cas vis\u00e9s ici sont essentiellement des cas dans lesquels le demandeur poursuivait des buts illicites en d\u00e9posant la demande de marque.<\/li>\n<\/ul>\n<p>Une marque de l\u2019UE peut \u00eatre d\u00e9clar\u00e9e nulle sur la base de <strong><u>causes relatives<\/u><\/strong> dans les cas suivants:<\/p>\n<ul>\n<li>pour des motifs identiques \u00e0 ceux susceptibles de fonder une opposition;<\/li>\n<li>lorsqu\u2019il existe, dans un \u00c9tat membre, un autre droit ant\u00e9rieur permettant l\u2019interdiction de l\u2019usage de la marque concern\u00e9e. Ceci concerne, en particulier, un droit au nom, un droit \u00e0 l\u2019image, un droit d\u2019auteur, un droit de propri\u00e9t\u00e9 industrielle tel qu\u2019un droit prot\u00e9geant un dessin ou mod\u00e8le industriel.<\/li>\n<\/ul>\n","protected":false},"template":"","categories":[],"tags":[],"class_list":["post-32697","enforceablerights","type-enforceablerights","status-publish","hentry"],"acf":[],"yoast_head":"<!-- This site is optimized with the Yoast SEO plugin v27.5 - https:\/\/yoast.com\/product\/yoast-seo-wordpress\/ -->\n<title>Action en annulation de marque - e2.law<\/title>\n<meta name=\"robots\" content=\"index, follow, max-snippet:-1, max-image-preview:large, max-video-preview:-1\" \/>\n<link rel=\"canonical\" href=\"https:\/\/www.e2.law\/fr\/enforceablerights\/action-en-annulation-de-marque\/\" \/>\n<meta property=\"og:locale\" content=\"fr_FR\" \/>\n<meta property=\"og:type\" content=\"article\" \/>\n<meta property=\"og:title\" content=\"Action en annulation de marque - e2.law\" \/>\n<meta property=\"og:description\" content=\"D\u00e9finition Le r\u00e8glement sur la marque de l\u2019Union europ\u00e9enne (RMUE) pr\u00e9voit deux proc\u00e9dures distinctes qui peuvent \u00eatre class\u00e9es \u00e0 titre g\u00e9n\u00e9rique dans la cat\u00e9gorie des \u00abproc\u00e9dures d\u2019annulation\u00bb. Le titulaire d\u2019une marque de l\u2019UE peut \u00eatre d\u00e9chu de ses droits et une marque de l\u2019UE peut \u00eatre d\u00e9clar\u00e9e nulle. Ces proc\u00e9dures se diff\u00e9rencient par le fait que  [...]\" \/>\n<meta property=\"og:url\" content=\"https:\/\/www.e2.law\/fr\/enforceablerights\/action-en-annulation-de-marque\/\" \/>\n<meta property=\"og:site_name\" content=\"e2.law\" \/>\n<meta property=\"article:modified_time\" content=\"2022-03-28T16:56:55+00:00\" \/>\n<meta name=\"twitter:card\" content=\"summary_large_image\" \/>\n<meta name=\"twitter:label1\" content=\"Dur\u00e9e de lecture estim\u00e9e\" \/>\n\t<meta name=\"twitter:data1\" content=\"2 minutes\" \/>\n<script type=\"application\/ld+json\" class=\"yoast-schema-graph\">{\"@context\":\"https:\\\/\\\/schema.org\",\"@graph\":[{\"@type\":\"WebPage\",\"@id\":\"https:\\\/\\\/www.e2.law\\\/fr\\\/enforceablerights\\\/action-en-annulation-de-marque\\\/\",\"url\":\"https:\\\/\\\/www.e2.law\\\/fr\\\/enforceablerights\\\/action-en-annulation-de-marque\\\/\",\"name\":\"Action en annulation de marque - e2.law\",\"isPartOf\":{\"@id\":\"https:\\\/\\\/www.e2.law\\\/fr\\\/#website\"},\"datePublished\":\"2022-02-08T13:29:52+00:00\",\"dateModified\":\"2022-03-28T16:56:55+00:00\",\"breadcrumb\":{\"@id\":\"https:\\\/\\\/www.e2.law\\\/fr\\\/enforceablerights\\\/action-en-annulation-de-marque\\\/#breadcrumb\"},\"inLanguage\":\"fr-FR\",\"potentialAction\":[{\"@type\":\"ReadAction\",\"target\":[\"https:\\\/\\\/www.e2.law\\\/fr\\\/enforceablerights\\\/action-en-annulation-de-marque\\\/\"]}]},{\"@type\":\"BreadcrumbList\",\"@id\":\"https:\\\/\\\/www.e2.law\\\/fr\\\/enforceablerights\\\/action-en-annulation-de-marque\\\/#breadcrumb\",\"itemListElement\":[{\"@type\":\"ListItem\",\"position\":1,\"name\":\"Home\",\"item\":\"https:\\\/\\\/www.e2.law\\\/fr\\\/home\\\/\"},{\"@type\":\"ListItem\",\"position\":2,\"name\":\"Enforceable Rights\",\"item\":\"https:\\\/\\\/www.e2.law\\\/fr\\\/enforceablerights\\\/\"},{\"@type\":\"ListItem\",\"position\":3,\"name\":\"Action en annulation de marque\"}]},{\"@type\":\"WebSite\",\"@id\":\"https:\\\/\\\/www.e2.law\\\/fr\\\/#website\",\"url\":\"https:\\\/\\\/www.e2.law\\\/fr\\\/\",\"name\":\"e2.law\",\"description\":\"A Business Law Firm\",\"publisher\":{\"@id\":\"https:\\\/\\\/www.e2.law\\\/fr\\\/#organization\"},\"potentialAction\":[{\"@type\":\"SearchAction\",\"target\":{\"@type\":\"EntryPoint\",\"urlTemplate\":\"https:\\\/\\\/www.e2.law\\\/fr\\\/?s={search_term_string}\"},\"query-input\":{\"@type\":\"PropertyValueSpecification\",\"valueRequired\":true,\"valueName\":\"search_term_string\"}}],\"inLanguage\":\"fr-FR\"},{\"@type\":\"Organization\",\"@id\":\"https:\\\/\\\/www.e2.law\\\/fr\\\/#organization\",\"name\":\"E2.law\",\"url\":\"https:\\\/\\\/www.e2.law\\\/fr\\\/\",\"logo\":{\"@type\":\"ImageObject\",\"inLanguage\":\"fr-FR\",\"@id\":\"https:\\\/\\\/www.e2.law\\\/fr\\\/#\\\/schema\\\/logo\\\/image\\\/\",\"url\":\"https:\\\/\\\/www.e2.law\\\/wp-content\\\/uploads\\\/2018\\\/12\\\/logo-2.png\",\"contentUrl\":\"https:\\\/\\\/www.e2.law\\\/wp-content\\\/uploads\\\/2018\\\/12\\\/logo-2.png\",\"width\":152,\"height\":40,\"caption\":\"E2.law\"},\"image\":{\"@id\":\"https:\\\/\\\/www.e2.law\\\/fr\\\/#\\\/schema\\\/logo\\\/image\\\/\"},\"sameAs\":[\"https:\\\/\\\/www.linkedin.com\\\/company\\\/e2.law\"]}]}<\/script>\n<!-- \/ Yoast SEO plugin. -->","yoast_head_json":{"title":"Action en annulation de marque - e2.law","robots":{"index":"index","follow":"follow","max-snippet":"max-snippet:-1","max-image-preview":"max-image-preview:large","max-video-preview":"max-video-preview:-1"},"canonical":"https:\/\/www.e2.law\/fr\/enforceablerights\/action-en-annulation-de-marque\/","og_locale":"fr_FR","og_type":"article","og_title":"Action en annulation de marque - e2.law","og_description":"D\u00e9finition Le r\u00e8glement sur la marque de l\u2019Union europ\u00e9enne (RMUE) pr\u00e9voit deux proc\u00e9dures distinctes qui peuvent \u00eatre class\u00e9es \u00e0 titre g\u00e9n\u00e9rique dans la cat\u00e9gorie des \u00abproc\u00e9dures d\u2019annulation\u00bb. Le titulaire d\u2019une marque de l\u2019UE peut \u00eatre d\u00e9chu de ses droits et une marque de l\u2019UE peut \u00eatre d\u00e9clar\u00e9e nulle. Ces proc\u00e9dures se diff\u00e9rencient par le fait que  [...]","og_url":"https:\/\/www.e2.law\/fr\/enforceablerights\/action-en-annulation-de-marque\/","og_site_name":"e2.law","article_modified_time":"2022-03-28T16:56:55+00:00","twitter_card":"summary_large_image","twitter_misc":{"Dur\u00e9e de lecture estim\u00e9e":"2 minutes"},"schema":{"@context":"https:\/\/schema.org","@graph":[{"@type":"WebPage","@id":"https:\/\/www.e2.law\/fr\/enforceablerights\/action-en-annulation-de-marque\/","url":"https:\/\/www.e2.law\/fr\/enforceablerights\/action-en-annulation-de-marque\/","name":"Action en annulation de marque - e2.law","isPartOf":{"@id":"https:\/\/www.e2.law\/fr\/#website"},"datePublished":"2022-02-08T13:29:52+00:00","dateModified":"2022-03-28T16:56:55+00:00","breadcrumb":{"@id":"https:\/\/www.e2.law\/fr\/enforceablerights\/action-en-annulation-de-marque\/#breadcrumb"},"inLanguage":"fr-FR","potentialAction":[{"@type":"ReadAction","target":["https:\/\/www.e2.law\/fr\/enforceablerights\/action-en-annulation-de-marque\/"]}]},{"@type":"BreadcrumbList","@id":"https:\/\/www.e2.law\/fr\/enforceablerights\/action-en-annulation-de-marque\/#breadcrumb","itemListElement":[{"@type":"ListItem","position":1,"name":"Home","item":"https:\/\/www.e2.law\/fr\/home\/"},{"@type":"ListItem","position":2,"name":"Enforceable Rights","item":"https:\/\/www.e2.law\/fr\/enforceablerights\/"},{"@type":"ListItem","position":3,"name":"Action en annulation de marque"}]},{"@type":"WebSite","@id":"https:\/\/www.e2.law\/fr\/#website","url":"https:\/\/www.e2.law\/fr\/","name":"e2.law","description":"A Business Law Firm","publisher":{"@id":"https:\/\/www.e2.law\/fr\/#organization"},"potentialAction":[{"@type":"SearchAction","target":{"@type":"EntryPoint","urlTemplate":"https:\/\/www.e2.law\/fr\/?s={search_term_string}"},"query-input":{"@type":"PropertyValueSpecification","valueRequired":true,"valueName":"search_term_string"}}],"inLanguage":"fr-FR"},{"@type":"Organization","@id":"https:\/\/www.e2.law\/fr\/#organization","name":"E2.law","url":"https:\/\/www.e2.law\/fr\/","logo":{"@type":"ImageObject","inLanguage":"fr-FR","@id":"https:\/\/www.e2.law\/fr\/#\/schema\/logo\/image\/","url":"https:\/\/www.e2.law\/wp-content\/uploads\/2018\/12\/logo-2.png","contentUrl":"https:\/\/www.e2.law\/wp-content\/uploads\/2018\/12\/logo-2.png","width":152,"height":40,"caption":"E2.law"},"image":{"@id":"https:\/\/www.e2.law\/fr\/#\/schema\/logo\/image\/"},"sameAs":["https:\/\/www.linkedin.com\/company\/e2.law"]}]}},"jetpack_sharing_enabled":true,"_links":{"self":[{"href":"https:\/\/www.e2.law\/fr\/wp-json\/wp\/v2\/enforceablerights\/32697","targetHints":{"allow":["GET"]}}],"collection":[{"href":"https:\/\/www.e2.law\/fr\/wp-json\/wp\/v2\/enforceablerights"}],"about":[{"href":"https:\/\/www.e2.law\/fr\/wp-json\/wp\/v2\/types\/enforceablerights"}],"wp:attachment":[{"href":"https:\/\/www.e2.law\/fr\/wp-json\/wp\/v2\/media?parent=32697"}],"wp:term":[{"taxonomy":"category","embeddable":true,"href":"https:\/\/www.e2.law\/fr\/wp-json\/wp\/v2\/categories?post=32697"},{"taxonomy":"post_tag","embeddable":true,"href":"https:\/\/www.e2.law\/fr\/wp-json\/wp\/v2\/tags?post=32697"}],"curies":[{"name":"wp","href":"https:\/\/api.w.org\/{rel}","templated":true}]}}