{"id":41974,"date":"2022-05-15T17:14:27","date_gmt":"2022-05-15T15:14:27","guid":{"rendered":"https:\/\/www.e2.law\/?post_type=enforceablerights&#038;p=41974"},"modified":"2022-05-15T17:27:57","modified_gmt":"2022-05-15T15:27:57","slug":"reparation-faute-civile","status":"publish","type":"enforceablerights","link":"https:\/\/www.e2.law\/fr\/enforceablerights\/reparation-faute-civile\/","title":{"rendered":"Action en r\u00e9paration d&#8217;un dommage caus\u00e9 par une faute civile"},"content":{"rendered":"<h2>I. Pourquoi se constituer partie civile ?<\/h2>\n<p>Le juge p\u00e9nal n&#8217;est comp\u00e9tent pour otroyer la r\u00e9paration du dommage caus\u00e9 par une infraction que pour autant qu&#8217;il soit r\u00e9guli\u00e8rement saisi de l&#8217;action civile.<\/p>\n<p>Le minist\u00e8re public peut mettre en mouvement l&#8217;action publique lui-m\u00eame, s&#8217;il l&#8217;estime n\u00e9cessaire, lorsque des faits susceptibles de constituer une infraction sont port\u00e9s \u00e0 sa connaissance.<\/p>\n<p>La victime peut alors se greffer \u00e0 l&#8217;action civile mise en mouvement par le minist\u00e8re public par le biais d\u2019une <strong>constitution de partie civile<\/strong>.<\/p>\n<p>A d\u00e9faut, la victime peut \u00e9galement provoquer la mise en mouvement de l\u2019action publique elle-m\u00eame.<\/p>\n<h2>II. Comment se constituer partie civile ?<\/h2>\n<h3>A. Une action publique a d\u00e9j\u00e0 \u00e9t\u00e9 engag\u00e9e<\/h3>\n<p>Lorsque le minist\u00e8re public a connaissance d\u2019une infraction, il peut, s\u2019il l\u2019estime n\u00e9cessaire, mettre en mouvement l\u2019action publique.<\/p>\n<p>La victime peut alors se greffer \u00e0 l\u2019action publique par une <strong>constitution de partie civile par intervention<\/strong>\u00a0:<\/p>\n<ul>\n<li>soit <strong>entre les mains d\u2019un juge d<\/strong><strong>\u2019instruction<\/strong> d\u00e9j\u00e0 requis d\u2019instruire par le parquet\u00a0ou d\u00e9j\u00e0 saisi par une tierce personne ;<div class=\"accordian fusion-accordian\" style=\"--awb-border-size:1px;--awb-icon-size:13px;--awb-content-font-size:16px;--awb-icon-alignment:left;--awb-hover-color:#f9f9f9;--awb-border-color:#cccccc;--awb-background-color:#ffffff;--awb-divider-color:#e0dede;--awb-divider-hover-color:#e0dede;--awb-icon-color:#ffffff;--awb-title-color:#333333;--awb-content-color:#747474;--awb-icon-box-color:#333333;--awb-toggle-hover-accent-color:#0da74c;--awb-title-font-family:&quot;Roboto Slab&quot;;--awb-title-font-weight:300;--awb-title-font-style:normal;--awb-title-font-size:14px;--awb-content-font-family:&quot;PT Sans&quot;;--awb-content-font-style:normal;--awb-content-font-weight:400;\"><div class=\"panel-group fusion-toggle-icon-boxed\" id=\"accordion-41974-1\"><div class=\"fusion-panel panel-default panel-73783d72ec33de9b4 fusion-toggle-has-divider\"><div class=\"panel-heading\"><h4 class=\"panel-title toggle\" id=\"toggle_73783d72ec33de9b4\"><a aria-expanded=\"false\" aria-controls=\"73783d72ec33de9b4\" role=\"button\" data-toggle=\"collapse\" data-parent=\"#accordion-41974-1\" data-target=\"#73783d72ec33de9b4\" href=\"#73783d72ec33de9b4\"><span class=\"fusion-toggle-icon-wrapper\" aria-hidden=\"true\"><i class=\"fa-fusion-box active-icon awb-icon-minus\" aria-hidden=\"true\"><\/i><i class=\"fa-fusion-box inactive-icon awb-icon-plus\" aria-hidden=\"true\"><\/i><\/span><span class=\"fusion-toggle-heading\">Proc\u00e9dure<\/span><\/a><\/h4><\/div><div id=\"73783d72ec33de9b4\" class=\"panel-collapse collapse \" aria-labelledby=\"toggle_73783d72ec33de9b4\"><div class=\"panel-body toggle-content fusion-clearfix\">\n<ul>\n<li><strong>D\u00e9lai<\/strong> : jusqu\u2019\u00e0 la cl\u00f4ture de l\u2019instruction ( = jusqu\u2019\u00e0 ce que la chambre du conseil statue sur le r\u00e8glement de proc\u00e9dure).<\/li>\n<\/ul>\n<ul>\n<li><strong>Forme<\/strong>: pas de forme particuli\u00e8re, oral ou \u00e9crit. Peut \u00eatre d\u00e9pos\u00e9e directement par la victime ou son conseil (muni d\u2019une mandat sp\u00e9cial selon les arrondissements judiciaires).<\/li>\n<li><strong>Frais\u00a0<\/strong>: aucun.<\/li>\n<\/ul>\n<p><\/div><\/div><\/div><\/div><\/div><\/li>\n<li>soit <strong>devant la juridiction d\u2019instruction<\/strong> lors du r\u00e8glement de la proc\u00e9dure; ou<div class=\"accordian fusion-accordian\" style=\"--awb-border-size:1px;--awb-icon-size:13px;--awb-content-font-size:16px;--awb-icon-alignment:left;--awb-hover-color:#f9f9f9;--awb-border-color:#cccccc;--awb-background-color:#ffffff;--awb-divider-color:#e0dede;--awb-divider-hover-color:#e0dede;--awb-icon-color:#ffffff;--awb-title-color:#333333;--awb-content-color:#747474;--awb-icon-box-color:#333333;--awb-toggle-hover-accent-color:#0da74c;--awb-title-font-family:&quot;Roboto Slab&quot;;--awb-title-font-weight:300;--awb-title-font-style:normal;--awb-title-font-size:14px;--awb-content-font-family:&quot;PT Sans&quot;;--awb-content-font-style:normal;--awb-content-font-weight:400;\"><div class=\"panel-group fusion-toggle-icon-boxed\" id=\"accordion-41974-2\"><div class=\"fusion-panel panel-default panel-c359d6fd29d8b619a fusion-toggle-has-divider\"><div class=\"panel-heading\"><h4 class=\"panel-title toggle\" id=\"toggle_c359d6fd29d8b619a\"><a aria-expanded=\"false\" aria-controls=\"c359d6fd29d8b619a\" role=\"button\" data-toggle=\"collapse\" data-parent=\"#accordion-41974-2\" data-target=\"#c359d6fd29d8b619a\" href=\"#c359d6fd29d8b619a\"><span class=\"fusion-toggle-icon-wrapper\" aria-hidden=\"true\"><i class=\"fa-fusion-box active-icon awb-icon-minus\" aria-hidden=\"true\"><\/i><i class=\"fa-fusion-box inactive-icon awb-icon-plus\" aria-hidden=\"true\"><\/i><\/span><span class=\"fusion-toggle-heading\">Proc\u00e9dure<\/span><\/a><\/h4><\/div><div id=\"c359d6fd29d8b619a\" class=\"panel-collapse collapse \" aria-labelledby=\"toggle_c359d6fd29d8b619a\"><div class=\"panel-body toggle-content fusion-clearfix\">\n<ul>\n<li><strong>D\u00e9lai<\/strong>: au moment du r\u00e8glement de la proc\u00e9dure.<\/li>\n<li><strong>Forme\u00a0: <\/strong>pas de forme particuli\u00e8re, peut m\u00eame avoir lieur \u00e0 l\u2019oral \u00e0 l\u2019audience.<\/li>\n<li><strong>Frais<\/strong>\u00a0: aucun.<\/li>\n<\/ul>\n<p><\/div><\/div><\/div><\/div><\/div><\/li>\n<li>soit par voie d\u2019<strong>intervention devant le juge du fond<\/strong>.<div class=\"accordian fusion-accordian\" style=\"--awb-border-size:1px;--awb-icon-size:13px;--awb-content-font-size:16px;--awb-icon-alignment:left;--awb-hover-color:#f9f9f9;--awb-border-color:#cccccc;--awb-background-color:#ffffff;--awb-divider-color:#e0dede;--awb-divider-hover-color:#e0dede;--awb-icon-color:#ffffff;--awb-title-color:#333333;--awb-content-color:#747474;--awb-icon-box-color:#333333;--awb-toggle-hover-accent-color:#0da74c;--awb-title-font-family:&quot;Roboto Slab&quot;;--awb-title-font-weight:300;--awb-title-font-style:normal;--awb-title-font-size:14px;--awb-content-font-family:&quot;PT Sans&quot;;--awb-content-font-style:normal;--awb-content-font-weight:400;\"><div class=\"panel-group fusion-toggle-icon-boxed\" id=\"accordion-41974-3\"><div class=\"fusion-panel panel-default panel-5bd88ac99a11def30 fusion-toggle-has-divider\"><div class=\"panel-heading\"><h4 class=\"panel-title toggle\" id=\"toggle_5bd88ac99a11def30\"><a aria-expanded=\"false\" aria-controls=\"5bd88ac99a11def30\" role=\"button\" data-toggle=\"collapse\" data-parent=\"#accordion-41974-3\" data-target=\"#5bd88ac99a11def30\" href=\"#5bd88ac99a11def30\"><span class=\"fusion-toggle-icon-wrapper\" aria-hidden=\"true\"><i class=\"fa-fusion-box active-icon awb-icon-minus\" aria-hidden=\"true\"><\/i><i class=\"fa-fusion-box inactive-icon awb-icon-plus\" aria-hidden=\"true\"><\/i><\/span><span class=\"fusion-toggle-heading\">Proc\u00e9dure<\/span><\/a><\/h4><\/div><div id=\"5bd88ac99a11def30\" class=\"panel-collapse collapse \" aria-labelledby=\"toggle_5bd88ac99a11def30\"><div class=\"panel-body toggle-content fusion-clearfix\">\n<ul>\n<li><strong>D\u00e9lai<\/strong> : jusqu\u2019\u00e0 la cl\u00f4ture des d\u00e9bats ( = jusqu\u2019\u00e0 la mise en d\u00e9lib\u00e9r\u00e9) en premi\u00e8re instance (ou sur opposition du pr\u00e9venu).Il n\u2019est pas possible de se constituer partie civile pour la premi\u00e8re fois en degr\u00e9 d\u2019appel. N\u00e9anmoins, le juge d\u2019appel peut l\u2019autoriser s\u2019il doit juger le fond de l\u2019affaire alors que le premier juge ne l\u2019a pas fait.<a href=\"#_ftn1\" name=\"_ftnref1\"><\/a><\/li>\n<li><strong>Forme<\/strong>: aucune exigence quant \u00e0 la forme, peut m\u00eame avoir lieu verbalement \u00e0 l\u2019audience.<br \/>\nLe plus courant est de d\u00e9poser une d\u00e9claration aupr\u00e8s du tribunal (souvent via un placet disponible au greffe (formulaire \u00e0 compl\u00e9ter)).<\/li>\n<li><strong>Frais\u00a0<\/strong>: aucun.<\/li>\n<\/ul>\n<p><\/div><\/div><\/div><\/div><\/div><\/li>\n<\/ul>\n<h3>B. Aucune action publique n&#8217;a \u00e9t\u00e9 engag\u00e9e<\/h3>\n<p>Si le minist\u00e8re public n&#8217;engage pas d&#8217;action publique, <strong>la victime<\/strong> peut \u00e9galement provoquer sa mise en mouvement :<\/p>\n<ul>\n<li>elle peut <strong>se constituer <\/strong><strong>partie civile<\/strong> entre les mains du juge d\u2019instruction (uniquement pour les crimes et d\u00e9lits ; ou<div class=\"accordian fusion-accordian\" style=\"--awb-border-size:1px;--awb-icon-size:13px;--awb-content-font-size:16px;--awb-icon-alignment:left;--awb-hover-color:#f9f9f9;--awb-border-color:#cccccc;--awb-background-color:#ffffff;--awb-divider-color:#e0dede;--awb-divider-hover-color:#e0dede;--awb-icon-color:#ffffff;--awb-title-color:#333333;--awb-content-color:#747474;--awb-icon-box-color:#333333;--awb-toggle-hover-accent-color:#0da74c;--awb-title-font-family:&quot;Roboto Slab&quot;;--awb-title-font-weight:300;--awb-title-font-style:normal;--awb-title-font-size:14px;--awb-content-font-family:&quot;PT Sans&quot;;--awb-content-font-style:normal;--awb-content-font-weight:400;\"><div class=\"panel-group fusion-toggle-icon-boxed\" id=\"accordion-41974-4\"><div class=\"fusion-panel panel-default panel-235d70cfe25af9508 fusion-toggle-has-divider\"><div class=\"panel-heading\"><h4 class=\"panel-title toggle\" id=\"toggle_235d70cfe25af9508\"><a aria-expanded=\"false\" aria-controls=\"235d70cfe25af9508\" role=\"button\" data-toggle=\"collapse\" data-parent=\"#accordion-41974-4\" data-target=\"#235d70cfe25af9508\" href=\"#235d70cfe25af9508\"><span class=\"fusion-toggle-icon-wrapper\" aria-hidden=\"true\"><i class=\"fa-fusion-box active-icon awb-icon-minus\" aria-hidden=\"true\"><\/i><i class=\"fa-fusion-box inactive-icon awb-icon-plus\" aria-hidden=\"true\"><\/i><\/span><span class=\"fusion-toggle-heading\">Proc\u00e9dure<\/span><\/a><\/h4><\/div><div id=\"235d70cfe25af9508\" class=\"panel-collapse collapse \" aria-labelledby=\"toggle_235d70cfe25af9508\"><div class=\"panel-body toggle-content fusion-clearfix\">\n<ul>\n<li><strong>D\u00e9lai<\/strong> : avant la prescription de l\u2019action publique.<\/li>\n<li><strong>Forme<\/strong> : aucun formalisme particulier, oral ou \u00e9crit. Peut \u00eatre d\u00e9pos\u00e9e directement par la victime ou son conseil.<\/li>\n<li><strong>Frais<\/strong>\u00a0: le plaignant doit consigner au greffe une somme d\u2019argent n\u00e9cessaire \u00e0 couvrir les frais de proc\u00e9dure. Ce montant est d\u00e9termin\u00e9 par le juge d\u2019instruction en fonction de la nature du dossier.La consignation s\u2019\u00e9l\u00e8ve \u00e0 250 \u20ac pour les particuliers et 1000 \u20ac pour les personnes morales.<br \/>\nEn cas de condamnation du pr\u00e9venu, les sommes consign\u00e9es sont rembours\u00e9es \u00e0 la partie civile.En revanche, si l\u2019action publique se solde par un acquittement ou un nom lieu, la partie civil sera condamn\u00e9e au paiement des frais expos\u00e9s par l\u2019Etat et le pr\u00e9venu.<\/li>\n<\/ul>\n<p><\/div><\/div><\/div><\/div><\/div><\/li>\n<li>elle peut saisir directement la juridiction comp\u00e9tente par <strong>citation directe<\/strong> (uniquement pour les contraventions et d\u00e9lits).<div class=\"accordian fusion-accordian\" style=\"--awb-border-size:1px;--awb-icon-size:13px;--awb-content-font-size:16px;--awb-icon-alignment:left;--awb-hover-color:#f9f9f9;--awb-border-color:#cccccc;--awb-background-color:#ffffff;--awb-divider-color:#e0dede;--awb-divider-hover-color:#e0dede;--awb-icon-color:#ffffff;--awb-title-color:#333333;--awb-content-color:#747474;--awb-icon-box-color:#333333;--awb-toggle-hover-accent-color:#0da74c;--awb-title-font-family:&quot;Roboto Slab&quot;;--awb-title-font-weight:300;--awb-title-font-style:normal;--awb-title-font-size:14px;--awb-content-font-family:&quot;PT Sans&quot;;--awb-content-font-style:normal;--awb-content-font-weight:400;\"><div class=\"panel-group fusion-toggle-icon-boxed\" id=\"accordion-41974-5\"><div class=\"fusion-panel panel-default panel-591accad07935b913 fusion-toggle-has-divider\"><div class=\"panel-heading\"><h4 class=\"panel-title toggle\" id=\"toggle_591accad07935b913\"><a aria-expanded=\"false\" aria-controls=\"591accad07935b913\" role=\"button\" data-toggle=\"collapse\" data-parent=\"#accordion-41974-5\" data-target=\"#591accad07935b913\" href=\"#591accad07935b913\"><span class=\"fusion-toggle-icon-wrapper\" aria-hidden=\"true\"><i class=\"fa-fusion-box active-icon awb-icon-minus\" aria-hidden=\"true\"><\/i><i class=\"fa-fusion-box inactive-icon awb-icon-plus\" aria-hidden=\"true\"><\/i><\/span><span class=\"fusion-toggle-heading\">Proc\u00e9dure<\/span><\/a><\/h4><\/div><div id=\"591accad07935b913\" class=\"panel-collapse collapse \" aria-labelledby=\"toggle_591accad07935b913\"><div class=\"panel-body toggle-content fusion-clearfix\">\n<ul>\n<li><strong>D\u00e9lai<\/strong>: avant la prescription de l\u2019action publique et pour autant qu\u2019un juge d\u2019instruction ne soit pas d\u00e9j\u00e0 saisi de l\u2019affaire.<\/li>\n<li><strong>Forme\u00a0: <\/strong>citation \u00e0 compara\u00eetre par exploit de huissier de justice envoy\u00e9e \u00e0 l\u2019auteur des faits.<\/li>\n<li><strong>Frais\u00a0:<\/strong> consignation pr\u00e9alable (<em>voy.<\/em> la proc\u00e9dure de constitution de partie civile devant le juge d\u2019instruction) + frais d\u2019huissier engendr\u00e9s par la signification par citation.<\/li>\n<\/ul>\n<p><\/div><\/div><\/div><\/div><\/div><\/li>\n<\/ul>\n","protected":false},"template":"","categories":[],"tags":[],"class_list":["post-41974","enforceablerights","type-enforceablerights","status-publish","hentry"],"acf":[],"yoast_head":"<!-- This site is optimized with the Yoast SEO plugin v27.5 - https:\/\/yoast.com\/product\/yoast-seo-wordpress\/ -->\n<title>Action en r\u00e9paration d&#039;un dommage caus\u00e9 par une faute civile - e2.law<\/title>\n<meta name=\"robots\" content=\"index, follow, max-snippet:-1, max-image-preview:large, max-video-preview:-1\" \/>\n<link rel=\"canonical\" href=\"https:\/\/www.e2.law\/fr\/enforceablerights\/reparation-faute-civile\/\" \/>\n<meta property=\"og:locale\" content=\"fr_FR\" \/>\n<meta property=\"og:type\" content=\"article\" \/>\n<meta property=\"og:title\" content=\"Action en r\u00e9paration d&#039;un dommage caus\u00e9 par une faute civile - e2.law\" \/>\n<meta property=\"og:description\" content=\"I. Pourquoi se constituer partie civile ? Le juge p\u00e9nal n&#8217;est comp\u00e9tent pour otroyer la r\u00e9paration du dommage caus\u00e9 par une infraction que pour autant qu&#8217;il soit r\u00e9guli\u00e8rement saisi de l&#8217;action civile. Le minist\u00e8re public peut mettre en mouvement l&#8217;action publique lui-m\u00eame, s&#8217;il l&#8217;estime n\u00e9cessaire, lorsque des faits susceptibles de constituer une infraction sont port\u00e9s \u00e0  [...]\" \/>\n<meta property=\"og:url\" content=\"https:\/\/www.e2.law\/fr\/enforceablerights\/reparation-faute-civile\/\" \/>\n<meta property=\"og:site_name\" content=\"e2.law\" \/>\n<meta property=\"article:modified_time\" content=\"2022-05-15T15:27:57+00:00\" \/>\n<meta name=\"twitter:card\" content=\"summary_large_image\" \/>\n<meta name=\"twitter:label1\" content=\"Dur\u00e9e de lecture estim\u00e9e\" \/>\n\t<meta name=\"twitter:data1\" content=\"7 minutes\" \/>\n<script type=\"application\/ld+json\" class=\"yoast-schema-graph\">{\"@context\":\"https:\\\/\\\/schema.org\",\"@graph\":[{\"@type\":\"WebPage\",\"@id\":\"https:\\\/\\\/www.e2.law\\\/fr\\\/enforceablerights\\\/reparation-faute-civile\\\/\",\"url\":\"https:\\\/\\\/www.e2.law\\\/fr\\\/enforceablerights\\\/reparation-faute-civile\\\/\",\"name\":\"Action en r\u00e9paration d'un dommage caus\u00e9 par une faute civile - e2.law\",\"isPartOf\":{\"@id\":\"https:\\\/\\\/www.e2.law\\\/fr\\\/#website\"},\"datePublished\":\"2022-05-15T15:14:27+00:00\",\"dateModified\":\"2022-05-15T15:27:57+00:00\",\"breadcrumb\":{\"@id\":\"https:\\\/\\\/www.e2.law\\\/fr\\\/enforceablerights\\\/reparation-faute-civile\\\/#breadcrumb\"},\"inLanguage\":\"fr-FR\",\"potentialAction\":[{\"@type\":\"ReadAction\",\"target\":[\"https:\\\/\\\/www.e2.law\\\/fr\\\/enforceablerights\\\/reparation-faute-civile\\\/\"]}]},{\"@type\":\"BreadcrumbList\",\"@id\":\"https:\\\/\\\/www.e2.law\\\/fr\\\/enforceablerights\\\/reparation-faute-civile\\\/#breadcrumb\",\"itemListElement\":[{\"@type\":\"ListItem\",\"position\":1,\"name\":\"Home\",\"item\":\"https:\\\/\\\/www.e2.law\\\/fr\\\/home\\\/\"},{\"@type\":\"ListItem\",\"position\":2,\"name\":\"Enforceable Rights\",\"item\":\"https:\\\/\\\/www.e2.law\\\/fr\\\/enforceablerights\\\/\"},{\"@type\":\"ListItem\",\"position\":3,\"name\":\"Action en r\u00e9paration d&#8217;un dommage caus\u00e9 par une faute civile\"}]},{\"@type\":\"WebSite\",\"@id\":\"https:\\\/\\\/www.e2.law\\\/fr\\\/#website\",\"url\":\"https:\\\/\\\/www.e2.law\\\/fr\\\/\",\"name\":\"e2.law\",\"description\":\"A Business Law Firm\",\"publisher\":{\"@id\":\"https:\\\/\\\/www.e2.law\\\/fr\\\/#organization\"},\"potentialAction\":[{\"@type\":\"SearchAction\",\"target\":{\"@type\":\"EntryPoint\",\"urlTemplate\":\"https:\\\/\\\/www.e2.law\\\/fr\\\/?s={search_term_string}\"},\"query-input\":{\"@type\":\"PropertyValueSpecification\",\"valueRequired\":true,\"valueName\":\"search_term_string\"}}],\"inLanguage\":\"fr-FR\"},{\"@type\":\"Organization\",\"@id\":\"https:\\\/\\\/www.e2.law\\\/fr\\\/#organization\",\"name\":\"E2.law\",\"url\":\"https:\\\/\\\/www.e2.law\\\/fr\\\/\",\"logo\":{\"@type\":\"ImageObject\",\"inLanguage\":\"fr-FR\",\"@id\":\"https:\\\/\\\/www.e2.law\\\/fr\\\/#\\\/schema\\\/logo\\\/image\\\/\",\"url\":\"https:\\\/\\\/www.e2.law\\\/wp-content\\\/uploads\\\/2018\\\/12\\\/logo-2.png\",\"contentUrl\":\"https:\\\/\\\/www.e2.law\\\/wp-content\\\/uploads\\\/2018\\\/12\\\/logo-2.png\",\"width\":152,\"height\":40,\"caption\":\"E2.law\"},\"image\":{\"@id\":\"https:\\\/\\\/www.e2.law\\\/fr\\\/#\\\/schema\\\/logo\\\/image\\\/\"},\"sameAs\":[\"https:\\\/\\\/www.linkedin.com\\\/company\\\/e2.law\"]}]}<\/script>\n<!-- \/ Yoast SEO plugin. -->","yoast_head_json":{"title":"Action en r\u00e9paration d'un dommage caus\u00e9 par une faute civile - e2.law","robots":{"index":"index","follow":"follow","max-snippet":"max-snippet:-1","max-image-preview":"max-image-preview:large","max-video-preview":"max-video-preview:-1"},"canonical":"https:\/\/www.e2.law\/fr\/enforceablerights\/reparation-faute-civile\/","og_locale":"fr_FR","og_type":"article","og_title":"Action en r\u00e9paration d'un dommage caus\u00e9 par une faute civile - e2.law","og_description":"I. Pourquoi se constituer partie civile ? Le juge p\u00e9nal n&#8217;est comp\u00e9tent pour otroyer la r\u00e9paration du dommage caus\u00e9 par une infraction que pour autant qu&#8217;il soit r\u00e9guli\u00e8rement saisi de l&#8217;action civile. Le minist\u00e8re public peut mettre en mouvement l&#8217;action publique lui-m\u00eame, s&#8217;il l&#8217;estime n\u00e9cessaire, lorsque des faits susceptibles de constituer une infraction sont port\u00e9s \u00e0  [...]","og_url":"https:\/\/www.e2.law\/fr\/enforceablerights\/reparation-faute-civile\/","og_site_name":"e2.law","article_modified_time":"2022-05-15T15:27:57+00:00","twitter_card":"summary_large_image","twitter_misc":{"Dur\u00e9e de lecture estim\u00e9e":"7 minutes"},"schema":{"@context":"https:\/\/schema.org","@graph":[{"@type":"WebPage","@id":"https:\/\/www.e2.law\/fr\/enforceablerights\/reparation-faute-civile\/","url":"https:\/\/www.e2.law\/fr\/enforceablerights\/reparation-faute-civile\/","name":"Action en r\u00e9paration d'un dommage caus\u00e9 par une faute civile - e2.law","isPartOf":{"@id":"https:\/\/www.e2.law\/fr\/#website"},"datePublished":"2022-05-15T15:14:27+00:00","dateModified":"2022-05-15T15:27:57+00:00","breadcrumb":{"@id":"https:\/\/www.e2.law\/fr\/enforceablerights\/reparation-faute-civile\/#breadcrumb"},"inLanguage":"fr-FR","potentialAction":[{"@type":"ReadAction","target":["https:\/\/www.e2.law\/fr\/enforceablerights\/reparation-faute-civile\/"]}]},{"@type":"BreadcrumbList","@id":"https:\/\/www.e2.law\/fr\/enforceablerights\/reparation-faute-civile\/#breadcrumb","itemListElement":[{"@type":"ListItem","position":1,"name":"Home","item":"https:\/\/www.e2.law\/fr\/home\/"},{"@type":"ListItem","position":2,"name":"Enforceable Rights","item":"https:\/\/www.e2.law\/fr\/enforceablerights\/"},{"@type":"ListItem","position":3,"name":"Action en r\u00e9paration d&#8217;un dommage caus\u00e9 par une faute civile"}]},{"@type":"WebSite","@id":"https:\/\/www.e2.law\/fr\/#website","url":"https:\/\/www.e2.law\/fr\/","name":"e2.law","description":"A Business Law Firm","publisher":{"@id":"https:\/\/www.e2.law\/fr\/#organization"},"potentialAction":[{"@type":"SearchAction","target":{"@type":"EntryPoint","urlTemplate":"https:\/\/www.e2.law\/fr\/?s={search_term_string}"},"query-input":{"@type":"PropertyValueSpecification","valueRequired":true,"valueName":"search_term_string"}}],"inLanguage":"fr-FR"},{"@type":"Organization","@id":"https:\/\/www.e2.law\/fr\/#organization","name":"E2.law","url":"https:\/\/www.e2.law\/fr\/","logo":{"@type":"ImageObject","inLanguage":"fr-FR","@id":"https:\/\/www.e2.law\/fr\/#\/schema\/logo\/image\/","url":"https:\/\/www.e2.law\/wp-content\/uploads\/2018\/12\/logo-2.png","contentUrl":"https:\/\/www.e2.law\/wp-content\/uploads\/2018\/12\/logo-2.png","width":152,"height":40,"caption":"E2.law"},"image":{"@id":"https:\/\/www.e2.law\/fr\/#\/schema\/logo\/image\/"},"sameAs":["https:\/\/www.linkedin.com\/company\/e2.law"]}]}},"jetpack_sharing_enabled":true,"_links":{"self":[{"href":"https:\/\/www.e2.law\/fr\/wp-json\/wp\/v2\/enforceablerights\/41974","targetHints":{"allow":["GET"]}}],"collection":[{"href":"https:\/\/www.e2.law\/fr\/wp-json\/wp\/v2\/enforceablerights"}],"about":[{"href":"https:\/\/www.e2.law\/fr\/wp-json\/wp\/v2\/types\/enforceablerights"}],"wp:attachment":[{"href":"https:\/\/www.e2.law\/fr\/wp-json\/wp\/v2\/media?parent=41974"}],"wp:term":[{"taxonomy":"category","embeddable":true,"href":"https:\/\/www.e2.law\/fr\/wp-json\/wp\/v2\/categories?post=41974"},{"taxonomy":"post_tag","embeddable":true,"href":"https:\/\/www.e2.law\/fr\/wp-json\/wp\/v2\/tags?post=41974"}],"curies":[{"name":"wp","href":"https:\/\/api.w.org\/{rel}","templated":true}]}}