{"id":42800,"date":"2022-09-26T12:39:22","date_gmt":"2022-09-26T10:39:22","guid":{"rendered":"https:\/\/www.e2.law\/?post_type=enforceablerights&#038;p=42800"},"modified":"2022-09-26T13:35:36","modified_gmt":"2022-09-26T11:35:36","slug":"demission-a-charge-du-patrimoine-social","status":"publish","type":"enforceablerights","link":"https:\/\/www.e2.law\/fr\/enforceablerights\/demission-a-charge-du-patrimoine-social\/","title":{"rendered":"D\u00e9mission \u00e0 charge du patrimoine social"},"content":{"rendered":"<p class=\"number\">Le r\u00e9gime de d\u00e9mission \u00e0 charge du patrimoine social doit imp\u00e9rativement \u00eatre pr\u00e9vu par les statuts.<\/p>\n<blockquote>\n<p class=\"number\">Si une facult\u00e9 de d\u00e9mission est pr\u00e9vue dans les statuts, il est important d&#8217;en pr\u00e9ciser les modalit\u00e9s.\u00a0 En effet, le r\u00e9gime applicable par d\u00e9faut n&#8217;est pas tout \u00e0 fait complet.<\/p>\n<\/blockquote>\n<p class=\"number\"><div class=\"accordian fusion-accordian\" style=\"--awb-border-size:1px;--awb-icon-size:13px;--awb-content-font-size:16px;--awb-icon-alignment:left;--awb-hover-color:#f9f9f9;--awb-border-color:#cccccc;--awb-background-color:#ffffff;--awb-divider-color:#e0dede;--awb-divider-hover-color:#e0dede;--awb-icon-color:#ffffff;--awb-title-color:#333333;--awb-content-color:#747474;--awb-icon-box-color:#333333;--awb-toggle-hover-accent-color:#0da74c;--awb-title-font-family:&quot;Roboto Slab&quot;;--awb-title-font-weight:300;--awb-title-font-style:normal;--awb-title-font-size:14px;--awb-content-font-family:&quot;PT Sans&quot;;--awb-content-font-style:normal;--awb-content-font-weight:400;\"><div class=\"panel-group fusion-toggle-icon-boxed\" id=\"accordion-42800-1\"><div class=\"fusion-panel panel-default panel-2e86cb8ee0bfd7f55 fusion-toggle-has-divider\" style=\"--awb-title-color:#333333;--awb-content-color:#747474;\"><div class=\"panel-heading\"><h4 class=\"panel-title toggle\" id=\"toggle_2e86cb8ee0bfd7f55\"><a aria-expanded=\"false\" aria-controls=\"2e86cb8ee0bfd7f55\" role=\"button\" data-toggle=\"collapse\" data-parent=\"#accordion-42800-1\" data-target=\"#2e86cb8ee0bfd7f55\" href=\"#2e86cb8ee0bfd7f55\"><span class=\"fusion-toggle-icon-wrapper\" aria-hidden=\"true\"><i class=\"fa-fusion-box active-icon awb-icon-minus\" aria-hidden=\"true\"><\/i><i class=\"fa-fusion-box inactive-icon awb-icon-plus\" aria-hidden=\"true\"><\/i><\/span><span class=\"fusion-toggle-heading\">D\u00e9mission Volontaire (article 5:154, CSA)<\/span><\/a><\/h4><\/div><div id=\"2e86cb8ee0bfd7f55\" class=\"panel-collapse collapse \" aria-labelledby=\"toggle_2e86cb8ee0bfd7f55\"><div class=\"panel-body toggle-content fusion-clearfix\"><\/p>\n<p>Quelles que soient les modalit\u00e9s pr\u00e9cis\u00e9es dans les statuts, la d\u00e9mission volontaire d\u2019un actionnaire fondateur n\u2019est autoris\u00e9e qu\u2019\u00e0 partir du troisi\u00e8me exercice suivant la constitution.<\/p>\n<p>Les r\u00e8gles suivantes trouvent \u00e0 s\u2019appliquer, sauf disposition statutaire contraire :<\/p>\n<ul>\n<li>les actionnaires ne peuvent d\u00e9missionner que pendant les six premiers mois de l\u2019exercice social ;<\/li>\n<li>un actionnaire d\u00e9missionne pour l\u2019ensemble de ses actions, qui seront annul\u00e9es ;<\/li>\n<li>la d\u00e9mission prend effet le dernier jour du sixi\u00e8me mois de l\u2019exercice, et la valeur de la part de retrait doit \u00eatre pay\u00e9e au plus tard dans le mois qui suit ;<\/li>\n<li>le montant de la part de retrait est pour chaque action \u00e9quivalent au montant r\u00e9ellement lib\u00e9r\u00e9 et non encore rembours\u00e9 pour cette action, sans cependant \u00eatre sup\u00e9rieur au montant de la valeur d\u2019actif net\u00a0de cette action telle qu\u2019elle r\u00e9sulte des derniers comptes annuels approuv\u00e9s.<\/li>\n<\/ul>\n<p>La distribution du montant de la part de retrait auquel a droit l\u2019actionnaire \u00e0 sa d\u00e9mission est soumise aux tests de distribution. Si, dans le cadre de ces tests de distribution, la part de retrait ne peut \u00eatre pay\u00e9e en tout ou partie, le droit au paiement est suspendu jusqu\u2019\u00e0 ce que les distributions soient \u00e0 nouveau permises. Les statuts ne peuvent pas y d\u00e9roger. Le montant restant d\u00fb sur la part de retrait est payable avant toute autre distribution aux actionnaires.<\/p>\n<p class=\"number\"><\/div><\/div><\/div><div class=\"fusion-panel panel-default panel-4f89a12daef817795 fusion-toggle-has-divider\" style=\"--awb-title-color:#333333;--awb-content-color:#747474;\"><div class=\"panel-heading\"><h4 class=\"panel-title toggle\" id=\"toggle_4f89a12daef817795\"><a aria-expanded=\"false\" aria-controls=\"4f89a12daef817795\" role=\"button\" data-toggle=\"collapse\" data-parent=\"#accordion-42800-1\" data-target=\"#4f89a12daef817795\" href=\"#4f89a12daef817795\"><span class=\"fusion-toggle-icon-wrapper\" aria-hidden=\"true\"><i class=\"fa-fusion-box active-icon awb-icon-minus\" aria-hidden=\"true\"><\/i><i class=\"fa-fusion-box inactive-icon awb-icon-plus\" aria-hidden=\"true\"><\/i><\/span><span class=\"fusion-toggle-heading\">D\u00e9mission de plein droit ou par la perte de la qualit\u00e9 exig\u00e9e par les statuts (article 5:156, CSA)<\/span><\/a><\/h4><\/div><div id=\"4f89a12daef817795\" class=\"panel-collapse collapse \" aria-labelledby=\"toggle_4f89a12daef817795\"><div class=\"panel-body toggle-content fusion-clearfix\"><\/p>\n<p>Outre la d\u00e9mission \u00e0 l\u2019initiative de l\u2019actionnaire individuel, les statuts d\u2019une SRL peuvent \u00e9galement pr\u00e9voir un r\u00e9gime par lequel un actionnaire est r\u00e9put\u00e9 d\u00e9missionnaire de plein droit \u00e0 charge du patrimoine de la SRL :<\/p>\n<ul>\n<li>en cas de d\u00e9c\u00e8s, de faillite, de d\u00e9confiture, de liquidation ou d\u2019interdiction de l\u2019actionnaire\u00a0;<\/li>\n<li>lorsque l\u2019actionnaire ne r\u00e9pond plus aux exigences statutaires pour devenir actionnaire.<\/li>\n<\/ul>\n<p>Dans ce cas, la d\u00e9mission est r\u00e9put\u00e9e avoir lieu au moment de la survenue de l\u2019\u00e9v\u00e9nement et ce sont les m\u00eames dispositions l\u00e9gales qui s\u2019appliquent que pour une d\u00e9mission volontaire, \u00e0 l\u2019exception des d\u00e9lais d\u00e9termin\u00e9s \u00e0 l\u2019article 5:154, \u00a7 1<sup>er<\/sup>, alin\u00e9a 2, 1\u00b0 et 2\u00b0 du CSA.<\/p>\n<p class=\"number\"><\/div><\/div><\/div><\/div><\/div><\/p>\n","protected":false},"template":"","categories":[],"tags":[1234],"class_list":["post-42800","enforceablerights","type-enforceablerights","status-publish","hentry","tag-societe-a-responsabilite-limitee"],"acf":[],"yoast_head":"<!-- This site is optimized with the Yoast SEO plugin v27.5 - https:\/\/yoast.com\/product\/yoast-seo-wordpress\/ -->\n<title>D\u00e9mission \u00e0 charge du patrimoine social - e2.law<\/title>\n<meta name=\"robots\" content=\"index, follow, max-snippet:-1, max-image-preview:large, max-video-preview:-1\" \/>\n<link rel=\"canonical\" href=\"https:\/\/www.e2.law\/fr\/enforceablerights\/demission-a-charge-du-patrimoine-social\/\" \/>\n<meta property=\"og:locale\" content=\"fr_FR\" \/>\n<meta property=\"og:type\" content=\"article\" \/>\n<meta property=\"og:title\" content=\"D\u00e9mission \u00e0 charge du patrimoine social - e2.law\" \/>\n<meta property=\"og:description\" content=\"Le r\u00e9gime de d\u00e9mission \u00e0 charge du patrimoine social doit imp\u00e9rativement \u00eatre pr\u00e9vu par les statuts. Si une facult\u00e9 de d\u00e9mission est pr\u00e9vue dans les statuts, il est important d&#8217;en pr\u00e9ciser les modalit\u00e9s.\u00a0 En effet, le r\u00e9gime applicable par d\u00e9faut n&#8217;est pas tout \u00e0 fait complet.\" \/>\n<meta property=\"og:url\" content=\"https:\/\/www.e2.law\/fr\/enforceablerights\/demission-a-charge-du-patrimoine-social\/\" \/>\n<meta property=\"og:site_name\" content=\"e2.law\" \/>\n<meta property=\"article:modified_time\" content=\"2022-09-26T11:35:36+00:00\" \/>\n<meta name=\"twitter:card\" content=\"summary_large_image\" \/>\n<meta name=\"twitter:label1\" content=\"Dur\u00e9e de lecture estim\u00e9e\" \/>\n\t<meta name=\"twitter:data1\" content=\"3 minutes\" \/>\n<script type=\"application\/ld+json\" class=\"yoast-schema-graph\">{\"@context\":\"https:\\\/\\\/schema.org\",\"@graph\":[{\"@type\":\"WebPage\",\"@id\":\"https:\\\/\\\/www.e2.law\\\/fr\\\/enforceablerights\\\/demission-a-charge-du-patrimoine-social\\\/\",\"url\":\"https:\\\/\\\/www.e2.law\\\/fr\\\/enforceablerights\\\/demission-a-charge-du-patrimoine-social\\\/\",\"name\":\"D\u00e9mission \u00e0 charge du patrimoine social - e2.law\",\"isPartOf\":{\"@id\":\"https:\\\/\\\/www.e2.law\\\/fr\\\/#website\"},\"datePublished\":\"2022-09-26T10:39:22+00:00\",\"dateModified\":\"2022-09-26T11:35:36+00:00\",\"breadcrumb\":{\"@id\":\"https:\\\/\\\/www.e2.law\\\/fr\\\/enforceablerights\\\/demission-a-charge-du-patrimoine-social\\\/#breadcrumb\"},\"inLanguage\":\"fr-FR\",\"potentialAction\":[{\"@type\":\"ReadAction\",\"target\":[\"https:\\\/\\\/www.e2.law\\\/fr\\\/enforceablerights\\\/demission-a-charge-du-patrimoine-social\\\/\"]}]},{\"@type\":\"BreadcrumbList\",\"@id\":\"https:\\\/\\\/www.e2.law\\\/fr\\\/enforceablerights\\\/demission-a-charge-du-patrimoine-social\\\/#breadcrumb\",\"itemListElement\":[{\"@type\":\"ListItem\",\"position\":1,\"name\":\"Home\",\"item\":\"https:\\\/\\\/www.e2.law\\\/fr\\\/home\\\/\"},{\"@type\":\"ListItem\",\"position\":2,\"name\":\"Enforceable Rights\",\"item\":\"https:\\\/\\\/www.e2.law\\\/fr\\\/enforceablerights\\\/\"},{\"@type\":\"ListItem\",\"position\":3,\"name\":\"D\u00e9mission \u00e0 charge du patrimoine social\"}]},{\"@type\":\"WebSite\",\"@id\":\"https:\\\/\\\/www.e2.law\\\/fr\\\/#website\",\"url\":\"https:\\\/\\\/www.e2.law\\\/fr\\\/\",\"name\":\"e2.law\",\"description\":\"A Business Law Firm\",\"publisher\":{\"@id\":\"https:\\\/\\\/www.e2.law\\\/fr\\\/#organization\"},\"potentialAction\":[{\"@type\":\"SearchAction\",\"target\":{\"@type\":\"EntryPoint\",\"urlTemplate\":\"https:\\\/\\\/www.e2.law\\\/fr\\\/?s={search_term_string}\"},\"query-input\":{\"@type\":\"PropertyValueSpecification\",\"valueRequired\":true,\"valueName\":\"search_term_string\"}}],\"inLanguage\":\"fr-FR\"},{\"@type\":\"Organization\",\"@id\":\"https:\\\/\\\/www.e2.law\\\/fr\\\/#organization\",\"name\":\"E2.law\",\"url\":\"https:\\\/\\\/www.e2.law\\\/fr\\\/\",\"logo\":{\"@type\":\"ImageObject\",\"inLanguage\":\"fr-FR\",\"@id\":\"https:\\\/\\\/www.e2.law\\\/fr\\\/#\\\/schema\\\/logo\\\/image\\\/\",\"url\":\"https:\\\/\\\/www.e2.law\\\/wp-content\\\/uploads\\\/2018\\\/12\\\/logo-2.png\",\"contentUrl\":\"https:\\\/\\\/www.e2.law\\\/wp-content\\\/uploads\\\/2018\\\/12\\\/logo-2.png\",\"width\":152,\"height\":40,\"caption\":\"E2.law\"},\"image\":{\"@id\":\"https:\\\/\\\/www.e2.law\\\/fr\\\/#\\\/schema\\\/logo\\\/image\\\/\"},\"sameAs\":[\"https:\\\/\\\/www.linkedin.com\\\/company\\\/e2.law\"]}]}<\/script>\n<!-- \/ Yoast SEO plugin. -->","yoast_head_json":{"title":"D\u00e9mission \u00e0 charge du patrimoine social - e2.law","robots":{"index":"index","follow":"follow","max-snippet":"max-snippet:-1","max-image-preview":"max-image-preview:large","max-video-preview":"max-video-preview:-1"},"canonical":"https:\/\/www.e2.law\/fr\/enforceablerights\/demission-a-charge-du-patrimoine-social\/","og_locale":"fr_FR","og_type":"article","og_title":"D\u00e9mission \u00e0 charge du patrimoine social - e2.law","og_description":"Le r\u00e9gime de d\u00e9mission \u00e0 charge du patrimoine social doit imp\u00e9rativement \u00eatre pr\u00e9vu par les statuts. Si une facult\u00e9 de d\u00e9mission est pr\u00e9vue dans les statuts, il est important d&#8217;en pr\u00e9ciser les modalit\u00e9s.\u00a0 En effet, le r\u00e9gime applicable par d\u00e9faut n&#8217;est pas tout \u00e0 fait complet.","og_url":"https:\/\/www.e2.law\/fr\/enforceablerights\/demission-a-charge-du-patrimoine-social\/","og_site_name":"e2.law","article_modified_time":"2022-09-26T11:35:36+00:00","twitter_card":"summary_large_image","twitter_misc":{"Dur\u00e9e de lecture estim\u00e9e":"3 minutes"},"schema":{"@context":"https:\/\/schema.org","@graph":[{"@type":"WebPage","@id":"https:\/\/www.e2.law\/fr\/enforceablerights\/demission-a-charge-du-patrimoine-social\/","url":"https:\/\/www.e2.law\/fr\/enforceablerights\/demission-a-charge-du-patrimoine-social\/","name":"D\u00e9mission \u00e0 charge du patrimoine social - e2.law","isPartOf":{"@id":"https:\/\/www.e2.law\/fr\/#website"},"datePublished":"2022-09-26T10:39:22+00:00","dateModified":"2022-09-26T11:35:36+00:00","breadcrumb":{"@id":"https:\/\/www.e2.law\/fr\/enforceablerights\/demission-a-charge-du-patrimoine-social\/#breadcrumb"},"inLanguage":"fr-FR","potentialAction":[{"@type":"ReadAction","target":["https:\/\/www.e2.law\/fr\/enforceablerights\/demission-a-charge-du-patrimoine-social\/"]}]},{"@type":"BreadcrumbList","@id":"https:\/\/www.e2.law\/fr\/enforceablerights\/demission-a-charge-du-patrimoine-social\/#breadcrumb","itemListElement":[{"@type":"ListItem","position":1,"name":"Home","item":"https:\/\/www.e2.law\/fr\/home\/"},{"@type":"ListItem","position":2,"name":"Enforceable Rights","item":"https:\/\/www.e2.law\/fr\/enforceablerights\/"},{"@type":"ListItem","position":3,"name":"D\u00e9mission \u00e0 charge du patrimoine social"}]},{"@type":"WebSite","@id":"https:\/\/www.e2.law\/fr\/#website","url":"https:\/\/www.e2.law\/fr\/","name":"e2.law","description":"A Business Law Firm","publisher":{"@id":"https:\/\/www.e2.law\/fr\/#organization"},"potentialAction":[{"@type":"SearchAction","target":{"@type":"EntryPoint","urlTemplate":"https:\/\/www.e2.law\/fr\/?s={search_term_string}"},"query-input":{"@type":"PropertyValueSpecification","valueRequired":true,"valueName":"search_term_string"}}],"inLanguage":"fr-FR"},{"@type":"Organization","@id":"https:\/\/www.e2.law\/fr\/#organization","name":"E2.law","url":"https:\/\/www.e2.law\/fr\/","logo":{"@type":"ImageObject","inLanguage":"fr-FR","@id":"https:\/\/www.e2.law\/fr\/#\/schema\/logo\/image\/","url":"https:\/\/www.e2.law\/wp-content\/uploads\/2018\/12\/logo-2.png","contentUrl":"https:\/\/www.e2.law\/wp-content\/uploads\/2018\/12\/logo-2.png","width":152,"height":40,"caption":"E2.law"},"image":{"@id":"https:\/\/www.e2.law\/fr\/#\/schema\/logo\/image\/"},"sameAs":["https:\/\/www.linkedin.com\/company\/e2.law"]}]}},"jetpack_sharing_enabled":true,"_links":{"self":[{"href":"https:\/\/www.e2.law\/fr\/wp-json\/wp\/v2\/enforceablerights\/42800","targetHints":{"allow":["GET"]}}],"collection":[{"href":"https:\/\/www.e2.law\/fr\/wp-json\/wp\/v2\/enforceablerights"}],"about":[{"href":"https:\/\/www.e2.law\/fr\/wp-json\/wp\/v2\/types\/enforceablerights"}],"wp:attachment":[{"href":"https:\/\/www.e2.law\/fr\/wp-json\/wp\/v2\/media?parent=42800"}],"wp:term":[{"taxonomy":"category","embeddable":true,"href":"https:\/\/www.e2.law\/fr\/wp-json\/wp\/v2\/categories?post=42800"},{"taxonomy":"post_tag","embeddable":true,"href":"https:\/\/www.e2.law\/fr\/wp-json\/wp\/v2\/tags?post=42800"}],"curies":[{"name":"wp","href":"https:\/\/api.w.org\/{rel}","templated":true}]}}