{"id":30842,"date":"2021-05-31T10:01:28","date_gmt":"2021-05-31T08:01:28","guid":{"rendered":"https:\/\/www.e2.law\/?post_type=laws&#038;p=30842"},"modified":"2024-07-24T11:47:40","modified_gmt":"2024-07-24T09:47:40","slug":"26-mars-1999-loi-relative-au-plan-daction-belge-pour-lemploi-1998-et-portant-des-dispositions-diverses","status":"publish","type":"laws","link":"https:\/\/www.e2.law\/fr\/laws\/26-mars-1999-loi-relative-au-plan-daction-belge-pour-lemploi-1998-et-portant-des-dispositions-diverses\/","title":{"rendered":"26 MARS 1999. &#8211; Loi relative au plan d&#8217;action belge pour l&#8217;emploi 1998 et portant des dispositions diverses."},"content":{"rendered":"<div class=\"fusion-fullwidth fullwidth-box fusion-builder-row-1 fusion-flex-container nonhundred-percent-fullwidth non-hundred-percent-height-scrolling\" style=\"--awb-border-radius-top-left:0px;--awb-border-radius-top-right:0px;--awb-border-radius-bottom-right:0px;--awb-border-radius-bottom-left:0px;--awb-flex-wrap:wrap;\" ><div class=\"fusion-builder-row fusion-row fusion-flex-align-items-flex-start fusion-flex-content-wrap\" style=\"max-width:1144px;margin-left: calc(-4% \/ 2 );margin-right: calc(-4% \/ 2 );\"><div class=\"fusion-layout-column fusion_builder_column fusion-builder-column-0 fusion_builder_column_1_1 1_1 fusion-flex-column\" style=\"--awb-bg-size:cover;--awb-width-large:100%;--awb-margin-top-large:0px;--awb-spacing-right-large:1.92%;--awb-margin-bottom-large:0px;--awb-spacing-left-large:1.92%;--awb-width-medium:100%;--awb-spacing-right-medium:1.92%;--awb-spacing-left-medium:1.92%;--awb-width-small:100%;--awb-spacing-right-small:1.92%;--awb-spacing-left-small:1.92%;\"><div class=\"fusion-column-wrapper fusion-flex-justify-content-flex-start fusion-content-layout-column\"><div class=\"fusion-text fusion-text-1\"><p>Cette loi contient un certain nombre de dispositions diverses en mati\u00e8res d&#8217;emploi, dont le r\u00e9gime belge des stock options.<\/p>\n<\/div><div class=\"fusion-text fusion-text-2\"><h2 id=\"inhoud\" class=\"list-title\" tabindex=\"-1\">Table des mati\u00e8res<\/h2>\n<p><a href=\"https:\/\/www.ejustice.just.fgov.be\/eli\/loi\/1999\/03\/26\/1999012205\/justel#LNK0001\" name=\"LNKR0001\">CHAPITRE PREMIER.<\/a>\u00a0&#8211; Disposition g\u00e9n\u00e9rale.<br \/>\nArt. 1<br \/>\n<a href=\"https:\/\/www.ejustice.just.fgov.be\/eli\/loi\/1999\/03\/26\/1999012205\/justel#LNK0002\" name=\"LNKR0002\">CHAPITRE II.<\/a>\u00a0&#8211; Mise en oeuvre du plan d&#8217;action belge pour l&#8217;emploi 1998.<br \/>\n<a href=\"https:\/\/www.ejustice.just.fgov.be\/eli\/loi\/1999\/03\/26\/1999012205\/justel#LNK0003\" name=\"LNKR0003\">Section premi\u00e8re.<\/a>\u00a0&#8211; Stage des jeunes.<br \/>\n<a href=\"https:\/\/www.ejustice.just.fgov.be\/eli\/loi\/1999\/03\/26\/1999012205\/justel#LNK0004\" name=\"LNKR0004\">Sous-section premi\u00e8re.<\/a>\u00a0&#8211; Modification de l&#8217;arr\u00eat\u00e9 royal n\u00b0 230 du 21 d\u00e9cembre 1983 relatif au stage et \u00e0 l&#8217;insertion professionnelle des jeunes.<br \/>\nArt. 2-14<br \/>\n<a href=\"https:\/\/www.ejustice.just.fgov.be\/eli\/loi\/1999\/03\/26\/1999012205\/justel#LNK0005\" name=\"LNKR0005\">Sous-section II.<\/a>\u00a0&#8211; Modification \u00e0 la loi du 30 juin 1971 relative aux amendes administratives applicable en cas d&#8217;infraction \u00e0 certaines lois sociales.<br \/>\nArt. 15-18<br \/>\n<a href=\"https:\/\/www.ejustice.just.fgov.be\/eli\/loi\/1999\/03\/26\/1999012205\/justel#LNK0006\" name=\"LNKR0006\">Section II.<\/a>\u00a0&#8211; Plan avantage \u00e0 l&#8217;embauche.<br \/>\nArt. 19<br \/>\n<a href=\"https:\/\/www.ejustice.just.fgov.be\/eli\/loi\/1999\/03\/26\/1999012205\/justel#LNK0007\" name=\"LNKR0007\">Section III.<\/a>\u00a0&#8211; Activation des allocations de ch\u00f4mage.<br \/>\nArt. 20-21<br \/>\n<a href=\"https:\/\/www.ejustice.just.fgov.be\/eli\/loi\/1999\/03\/26\/1999012205\/justel#LNK0008\" name=\"LNKR0008\">Section IV.<\/a>\u00a0&#8211; R\u00e9duction des charges sociales.<br \/>\nArt. 22-28<br \/>\n<a href=\"https:\/\/www.ejustice.just.fgov.be\/eli\/loi\/1999\/03\/26\/1999012205\/justel#LNK0009\" name=\"LNKR0009\">Section V.<\/a>\u00a0&#8211; Cong\u00e9 \u00e9ducation pay\u00e9.<br \/>\nArt. 29<br \/>\n<a href=\"https:\/\/www.ejustice.just.fgov.be\/eli\/loi\/1999\/03\/26\/1999012205\/justel#LNK0010\" name=\"LNKR0010\">Section VI.<\/a>\u00a0&#8211; Nouvelle organisation du travail.<br \/>\n<a href=\"https:\/\/www.ejustice.just.fgov.be\/eli\/loi\/1999\/03\/26\/1999012205\/justel#LNK0011\" name=\"LNKR0011\">Sous-section I.<\/a>\u00a0&#8211; Diminutions de cotisations pour la redistribution du temps de travail et engagements compensatoires.<br \/>\nArt. 30-34<br \/>\n<a href=\"https:\/\/www.ejustice.just.fgov.be\/eli\/loi\/1999\/03\/26\/1999012205\/justel#LNK0012\" name=\"LNKR0012\">Sous-section II.<\/a>\u00a0&#8211; La semaine des quatre jours pour des raisons relevant de l&#8217;organisation du travail.<br \/>\nArt. 35-40<br \/>\n<a href=\"https:\/\/www.ejustice.just.fgov.be\/eli\/loi\/1999\/03\/26\/1999012205\/justel#LNK0013\" name=\"LNKR0013\">Section VII.<\/a>\u00a0&#8211; Actions avec d\u00e9cote stock options.<br \/>\n<a href=\"https:\/\/www.ejustice.just.fgov.be\/eli\/loi\/1999\/03\/26\/1999012205\/justel#LNK0014\" name=\"LNKR0014\">Sous-section I.<\/a>\u00a0&#8211; Options sur actions.<br \/>\nArt. 41-47<br \/>\n<a href=\"https:\/\/www.ejustice.just.fgov.be\/eli\/loi\/1999\/03\/26\/1999012205\/justel#LNK0015\" name=\"LNKR0015\">Sous-section II.<\/a>\u00a0&#8211; Emission d&#8217;actions avec decote.<br \/>\nArt. 48-49<br \/>\n<a href=\"https:\/\/www.ejustice.just.fgov.be\/eli\/loi\/1999\/03\/26\/1999012205\/justel#LNK0016\" name=\"LNKR0016\">Section VIII.<\/a>\u00a0&#8211; Ch\u00e8ques-services.<br \/>\nArt. 50-54<br \/>\n<a href=\"https:\/\/www.ejustice.just.fgov.be\/eli\/loi\/1999\/03\/26\/1999012205\/justel#LNK0017\" name=\"LNKR0017\">Section IX.<\/a>\u00a0&#8211; Bilan social.<br \/>\nArt. 55-58<br \/>\n<a href=\"https:\/\/www.ejustice.just.fgov.be\/eli\/loi\/1999\/03\/26\/1999012205\/justel#LNK0018\" name=\"LNKR0018\">Section X.<\/a>\u00a0&#8211; Economie sociale.<br \/>\n<a href=\"https:\/\/www.ejustice.just.fgov.be\/eli\/loi\/1999\/03\/26\/1999012205\/justel#LNK0019\" name=\"LNKR0019\">Sous-section I.<\/a>\u00a0&#8211; D\u00e9finition et g\u00e9n\u00e9ralit\u00e9s.<br \/>\nArt. 59, 59\/1 REGION BRUXELLES-CAPITALE<br \/>\n<a href=\"https:\/\/www.ejustice.just.fgov.be\/eli\/loi\/1999\/03\/26\/1999012205\/justel#LNK0020\" name=\"LNKR0020\">Sous-section II.<\/a>\u00a0&#8211; March\u00e9s publics.<br \/>\nArt. 60<br \/>\n<a href=\"https:\/\/www.ejustice.just.fgov.be\/eli\/loi\/1999\/03\/26\/1999012205\/justel#LNK0021\" name=\"LNKR0021\">Sous-section III.<\/a>\u00a0&#8211; Statut des stagiaires en entreprises de formation par le travail.<br \/>\nArt. 61<br \/>\n<a href=\"https:\/\/www.ejustice.just.fgov.be\/eli\/loi\/1999\/03\/26\/1999012205\/justel#LNK0022\" name=\"LNKR0022\">Sous-section IV.<\/a>\u00a0&#8211; Mesures fiscales.<br \/>\nArt. 62-67<br \/>\nArt. 67 Communaut\u00e9 germanophone<br \/>\n<a href=\"https:\/\/www.ejustice.just.fgov.be\/eli\/loi\/1999\/03\/26\/1999012205\/justel#LNK0023\" name=\"LNKR0023\">Section XI.<\/a>\u00a0&#8211; Secteur non marchand.<br \/>\n<a href=\"https:\/\/www.ejustice.just.fgov.be\/eli\/loi\/1999\/03\/26\/1999012205\/justel#LNK0024\" name=\"LNKR0024\">Sous-section I.<\/a>\u00a0&#8211; Conseil central de l&#8217;\u00e9conomie.<br \/>\nArt. 68<br \/>\n<a href=\"https:\/\/www.ejustice.just.fgov.be\/eli\/loi\/1999\/03\/26\/1999012205\/justel#LNK0025\" name=\"LNKR0025\">Sous-section II.<\/a>\u00a0&#8211; Maribel social. &#8211; Groupement d&#8217;employeurs.<br \/>\nArt. 69<br \/>\n<a href=\"https:\/\/www.ejustice.just.fgov.be\/eli\/loi\/1999\/03\/26\/1999012205\/justel#LNK0026\" name=\"LNKR0026\">Sous-section III.<\/a>\u00a0&#8211; Maribel social. &#8211; Mutualisation.<br \/>\nArt. 70-73<br \/>\n<a href=\"https:\/\/www.ejustice.just.fgov.be\/eli\/loi\/1999\/03\/26\/1999012205\/justel#LNK0027\" name=\"LNKR0027\">Section XII.<\/a>\u00a0&#8211; Plan plus un, plus deux, plus trois.<br \/>\nArt. 74-75<br \/>\n<a href=\"https:\/\/www.ejustice.just.fgov.be\/eli\/loi\/1999\/03\/26\/1999012205\/justel#LNK0028\" name=\"LNKR0028\">Section XIII.<\/a>\u00a0&#8211; Interruption de carri\u00e8re.<br \/>\nArt. 76-78<br \/>\n<a href=\"https:\/\/www.ejustice.just.fgov.be\/eli\/loi\/1999\/03\/26\/1999012205\/justel#LNK0029\" name=\"LNKR0029\">CHAPITRE III.<\/a>\u00a0&#8211; Dispositions diverses.<br \/>\n<a href=\"https:\/\/www.ejustice.just.fgov.be\/eli\/loi\/1999\/03\/26\/1999012205\/justel#LNK0030\" name=\"LNKR0030\">Section premi\u00e8re.<\/a>\u00a0&#8211; Modification de l&#8217;arr\u00eate royal n\u00b0 5 du 23 octobre 1978 relatif \u00e0 la tenue des documents sociaux.<br \/>\nArt. 79<br \/>\n<a href=\"https:\/\/www.ejustice.just.fgov.be\/eli\/loi\/1999\/03\/26\/1999012205\/justel#LNK0031\" name=\"LNKR0031\">Section II.<\/a>\u00a0&#8211; Modification de l&#8217;arr\u00eat\u00e9-loi du 28 d\u00e9cembre 1944 concernant la s\u00e9curit\u00e9 sociale des travailleurs.<br \/>\nArt. 80<br \/>\n<a href=\"https:\/\/www.ejustice.just.fgov.be\/eli\/loi\/1999\/03\/26\/1999012205\/justel#LNK0032\" name=\"LNKR0032\">Section III.<\/a>\u00a0&#8211; Modification de la loi du 12 avril 1960 portant cr\u00e9ation d&#8217;un Fonds social pour ouvriers diamantaires.<br \/>\nArt. 81-92<br \/>\n<a href=\"https:\/\/www.ejustice.just.fgov.be\/eli\/loi\/1999\/03\/26\/1999012205\/justel#LNK0033\" name=\"LNKR0033\">Section IV.<\/a>\u00a0&#8211; Pool des marins de la marine marchande.<br \/>\nArt. 93-100<br \/>\n<a href=\"https:\/\/www.ejustice.just.fgov.be\/eli\/loi\/1999\/03\/26\/1999012205\/justel#LNK0034\" name=\"LNKR0034\">Section V.<\/a>\u00a0&#8211; Dispositions relatives \u00e0 l&#8217;apprentissage de professions exerc\u00e9es par des travailleurs salari\u00e9s.<br \/>\nArt. 101-103<br \/>\n<a href=\"https:\/\/www.ejustice.just.fgov.be\/eli\/loi\/1999\/03\/26\/1999012205\/justel#LNK0035\" name=\"LNKR0035\">Section VI.<\/a>\u00a0&#8211; Dispositions relatives \u00e0 l&#8217;accord interprofessionnel 1999-2000.<br \/>\n<a href=\"https:\/\/www.ejustice.just.fgov.be\/eli\/loi\/1999\/03\/26\/1999012205\/justel#LNK0036\" name=\"LNKR0036\">Sous-section 1.<\/a>\u00a0&#8211; Efforts en faveur des ch\u00f4meurs.<br \/>\nArt. 104-108<br \/>\n<a href=\"https:\/\/www.ejustice.just.fgov.be\/eli\/loi\/1999\/03\/26\/1999012205\/justel#LNK0037\" name=\"LNKR0037\">Sous-section 2.<\/a>\u00a0&#8211; Stage des jeunes.<br \/>\nArt. 109<br \/>\n<a href=\"https:\/\/www.ejustice.just.fgov.be\/eli\/loi\/1999\/03\/26\/1999012205\/justel#LNK0038\" name=\"LNKR0038\">Sous-section 3.<\/a>\u00a0&#8211; Pr\u00e9pension \u00e0 temps plein.<br \/>\nArt. 110-111<br \/>\n<a href=\"https:\/\/www.ejustice.just.fgov.be\/eli\/loi\/1999\/03\/26\/1999012205\/justel#LNK0039\" name=\"LNKR0039\">Sous-section 4.<\/a>\u00a0&#8211; Pr\u00e9pension \u00e0 mi-temps.<br \/>\nArt. 112-113<br \/>\n<a href=\"https:\/\/www.ejustice.just.fgov.be\/eli\/loi\/1999\/03\/26\/1999012205\/justel#LNK0040\" name=\"LNKR0040\">Sous-section 5.<\/a>\u00a0&#8211; Vacances annuelles.<br \/>\nArt. 114-120<br \/>\n<a href=\"https:\/\/www.ejustice.just.fgov.be\/eli\/loi\/1999\/03\/26\/1999012205\/justel#LNK0041\" name=\"LNKR0041\">Section VII.<\/a>\u00a0&#8211; Accompagnement des ch\u00f4meurs.<br \/>\nArt. 121-123<br \/>\n<a href=\"https:\/\/www.ejustice.just.fgov.be\/eli\/loi\/1999\/03\/26\/1999012205\/justel#LNK0042\" name=\"LNKR0042\">Section VIII.<\/a>\u00a0&#8211; Ch\u00f4mage temporaire.<br \/>\nArt. 124-125<br \/>\n<a href=\"https:\/\/www.ejustice.just.fgov.be\/eli\/loi\/1999\/03\/26\/1999012205\/justel#LNK0043\" name=\"LNKR0043\">CHAPITRE IV.<\/a>\u00a0&#8211; Entr\u00e9e en vigueur.<br \/>\nArt. 126<\/p>\n<\/div><\/div><\/div><\/div><\/div>\n","protected":false},"featured_media":0,"template":"","categories":[],"tags":[822],"class_list":["post-30842","laws","type-laws","status-publish","hentry","tag-stock-options-fr"],"acf":[],"yoast_head":"<!-- This site is optimized with the Yoast SEO plugin v27.5 - https:\/\/yoast.com\/product\/yoast-seo-wordpress\/ -->\n<title>26 MARS 1999. - Loi relative au plan d&#039;action belge pour l&#039;emploi 1998 et portant des dispositions diverses. - e2.law<\/title>\n<meta name=\"robots\" content=\"index, follow, max-snippet:-1, max-image-preview:large, max-video-preview:-1\" \/>\n<link rel=\"canonical\" href=\"https:\/\/www.e2.law\/fr\/laws\/26-mars-1999-loi-relative-au-plan-daction-belge-pour-lemploi-1998-et-portant-des-dispositions-diverses\/\" \/>\n<meta property=\"og:locale\" content=\"fr_FR\" \/>\n<meta property=\"og:type\" content=\"article\" \/>\n<meta property=\"og:title\" content=\"26 MARS 1999. - Loi relative au plan d&#039;action belge pour l&#039;emploi 1998 et portant des dispositions diverses. - e2.law\" \/>\n<meta property=\"og:url\" content=\"https:\/\/www.e2.law\/fr\/laws\/26-mars-1999-loi-relative-au-plan-daction-belge-pour-lemploi-1998-et-portant-des-dispositions-diverses\/\" \/>\n<meta property=\"og:site_name\" content=\"e2.law\" \/>\n<meta property=\"article:modified_time\" content=\"2024-07-24T09:47:40+00:00\" \/>\n<meta name=\"twitter:card\" content=\"summary_large_image\" \/>\n<meta name=\"twitter:label1\" content=\"Dur\u00e9e de lecture estim\u00e9e\" \/>\n\t<meta name=\"twitter:data1\" content=\"3 minutes\" \/>\n<script type=\"application\/ld+json\" class=\"yoast-schema-graph\">{\"@context\":\"https:\\\/\\\/schema.org\",\"@graph\":[{\"@type\":\"WebPage\",\"@id\":\"https:\\\/\\\/www.e2.law\\\/fr\\\/laws\\\/26-mars-1999-loi-relative-au-plan-daction-belge-pour-lemploi-1998-et-portant-des-dispositions-diverses\\\/\",\"url\":\"https:\\\/\\\/www.e2.law\\\/fr\\\/laws\\\/26-mars-1999-loi-relative-au-plan-daction-belge-pour-lemploi-1998-et-portant-des-dispositions-diverses\\\/\",\"name\":\"26 MARS 1999. - Loi relative au plan d'action belge pour l'emploi 1998 et portant des dispositions diverses. - e2.law\",\"isPartOf\":{\"@id\":\"https:\\\/\\\/www.e2.law\\\/fr\\\/#website\"},\"datePublished\":\"2021-05-31T08:01:28+00:00\",\"dateModified\":\"2024-07-24T09:47:40+00:00\",\"breadcrumb\":{\"@id\":\"https:\\\/\\\/www.e2.law\\\/fr\\\/laws\\\/26-mars-1999-loi-relative-au-plan-daction-belge-pour-lemploi-1998-et-portant-des-dispositions-diverses\\\/#breadcrumb\"},\"inLanguage\":\"fr-FR\",\"potentialAction\":[{\"@type\":\"ReadAction\",\"target\":[\"https:\\\/\\\/www.e2.law\\\/fr\\\/laws\\\/26-mars-1999-loi-relative-au-plan-daction-belge-pour-lemploi-1998-et-portant-des-dispositions-diverses\\\/\"]}]},{\"@type\":\"BreadcrumbList\",\"@id\":\"https:\\\/\\\/www.e2.law\\\/fr\\\/laws\\\/26-mars-1999-loi-relative-au-plan-daction-belge-pour-lemploi-1998-et-portant-des-dispositions-diverses\\\/#breadcrumb\",\"itemListElement\":[{\"@type\":\"ListItem\",\"position\":1,\"name\":\"Home\",\"item\":\"https:\\\/\\\/www.e2.law\\\/fr\\\/home\\\/\"},{\"@type\":\"ListItem\",\"position\":2,\"name\":\"26 MARS 1999. &#8211; Loi relative au plan d&#8217;action belge pour l&#8217;emploi 1998 et portant des dispositions diverses.\"}]},{\"@type\":\"WebSite\",\"@id\":\"https:\\\/\\\/www.e2.law\\\/fr\\\/#website\",\"url\":\"https:\\\/\\\/www.e2.law\\\/fr\\\/\",\"name\":\"e2.law\",\"description\":\"A Business Law Firm\",\"publisher\":{\"@id\":\"https:\\\/\\\/www.e2.law\\\/fr\\\/#organization\"},\"potentialAction\":[{\"@type\":\"SearchAction\",\"target\":{\"@type\":\"EntryPoint\",\"urlTemplate\":\"https:\\\/\\\/www.e2.law\\\/fr\\\/?s={search_term_string}\"},\"query-input\":{\"@type\":\"PropertyValueSpecification\",\"valueRequired\":true,\"valueName\":\"search_term_string\"}}],\"inLanguage\":\"fr-FR\"},{\"@type\":\"Organization\",\"@id\":\"https:\\\/\\\/www.e2.law\\\/fr\\\/#organization\",\"name\":\"E2.law\",\"url\":\"https:\\\/\\\/www.e2.law\\\/fr\\\/\",\"logo\":{\"@type\":\"ImageObject\",\"inLanguage\":\"fr-FR\",\"@id\":\"https:\\\/\\\/www.e2.law\\\/fr\\\/#\\\/schema\\\/logo\\\/image\\\/\",\"url\":\"https:\\\/\\\/www.e2.law\\\/wp-content\\\/uploads\\\/2018\\\/12\\\/logo-2.png\",\"contentUrl\":\"https:\\\/\\\/www.e2.law\\\/wp-content\\\/uploads\\\/2018\\\/12\\\/logo-2.png\",\"width\":152,\"height\":40,\"caption\":\"E2.law\"},\"image\":{\"@id\":\"https:\\\/\\\/www.e2.law\\\/fr\\\/#\\\/schema\\\/logo\\\/image\\\/\"},\"sameAs\":[\"https:\\\/\\\/www.linkedin.com\\\/company\\\/e2.law\"]}]}<\/script>\n<!-- \/ Yoast SEO plugin. -->","yoast_head_json":{"title":"26 MARS 1999. - Loi relative au plan d'action belge pour l'emploi 1998 et portant des dispositions diverses. - e2.law","robots":{"index":"index","follow":"follow","max-snippet":"max-snippet:-1","max-image-preview":"max-image-preview:large","max-video-preview":"max-video-preview:-1"},"canonical":"https:\/\/www.e2.law\/fr\/laws\/26-mars-1999-loi-relative-au-plan-daction-belge-pour-lemploi-1998-et-portant-des-dispositions-diverses\/","og_locale":"fr_FR","og_type":"article","og_title":"26 MARS 1999. - Loi relative au plan d'action belge pour l'emploi 1998 et portant des dispositions diverses. - e2.law","og_url":"https:\/\/www.e2.law\/fr\/laws\/26-mars-1999-loi-relative-au-plan-daction-belge-pour-lemploi-1998-et-portant-des-dispositions-diverses\/","og_site_name":"e2.law","article_modified_time":"2024-07-24T09:47:40+00:00","twitter_card":"summary_large_image","twitter_misc":{"Dur\u00e9e de lecture estim\u00e9e":"3 minutes"},"schema":{"@context":"https:\/\/schema.org","@graph":[{"@type":"WebPage","@id":"https:\/\/www.e2.law\/fr\/laws\/26-mars-1999-loi-relative-au-plan-daction-belge-pour-lemploi-1998-et-portant-des-dispositions-diverses\/","url":"https:\/\/www.e2.law\/fr\/laws\/26-mars-1999-loi-relative-au-plan-daction-belge-pour-lemploi-1998-et-portant-des-dispositions-diverses\/","name":"26 MARS 1999. - Loi relative au plan d'action belge pour l'emploi 1998 et portant des dispositions diverses. - e2.law","isPartOf":{"@id":"https:\/\/www.e2.law\/fr\/#website"},"datePublished":"2021-05-31T08:01:28+00:00","dateModified":"2024-07-24T09:47:40+00:00","breadcrumb":{"@id":"https:\/\/www.e2.law\/fr\/laws\/26-mars-1999-loi-relative-au-plan-daction-belge-pour-lemploi-1998-et-portant-des-dispositions-diverses\/#breadcrumb"},"inLanguage":"fr-FR","potentialAction":[{"@type":"ReadAction","target":["https:\/\/www.e2.law\/fr\/laws\/26-mars-1999-loi-relative-au-plan-daction-belge-pour-lemploi-1998-et-portant-des-dispositions-diverses\/"]}]},{"@type":"BreadcrumbList","@id":"https:\/\/www.e2.law\/fr\/laws\/26-mars-1999-loi-relative-au-plan-daction-belge-pour-lemploi-1998-et-portant-des-dispositions-diverses\/#breadcrumb","itemListElement":[{"@type":"ListItem","position":1,"name":"Home","item":"https:\/\/www.e2.law\/fr\/home\/"},{"@type":"ListItem","position":2,"name":"26 MARS 1999. &#8211; Loi relative au plan d&#8217;action belge pour l&#8217;emploi 1998 et portant des dispositions diverses."}]},{"@type":"WebSite","@id":"https:\/\/www.e2.law\/fr\/#website","url":"https:\/\/www.e2.law\/fr\/","name":"e2.law","description":"A Business Law Firm","publisher":{"@id":"https:\/\/www.e2.law\/fr\/#organization"},"potentialAction":[{"@type":"SearchAction","target":{"@type":"EntryPoint","urlTemplate":"https:\/\/www.e2.law\/fr\/?s={search_term_string}"},"query-input":{"@type":"PropertyValueSpecification","valueRequired":true,"valueName":"search_term_string"}}],"inLanguage":"fr-FR"},{"@type":"Organization","@id":"https:\/\/www.e2.law\/fr\/#organization","name":"E2.law","url":"https:\/\/www.e2.law\/fr\/","logo":{"@type":"ImageObject","inLanguage":"fr-FR","@id":"https:\/\/www.e2.law\/fr\/#\/schema\/logo\/image\/","url":"https:\/\/www.e2.law\/wp-content\/uploads\/2018\/12\/logo-2.png","contentUrl":"https:\/\/www.e2.law\/wp-content\/uploads\/2018\/12\/logo-2.png","width":152,"height":40,"caption":"E2.law"},"image":{"@id":"https:\/\/www.e2.law\/fr\/#\/schema\/logo\/image\/"},"sameAs":["https:\/\/www.linkedin.com\/company\/e2.law"]}]}},"jetpack_sharing_enabled":true,"_links":{"self":[{"href":"https:\/\/www.e2.law\/fr\/wp-json\/wp\/v2\/laws\/30842","targetHints":{"allow":["GET"]}}],"collection":[{"href":"https:\/\/www.e2.law\/fr\/wp-json\/wp\/v2\/laws"}],"about":[{"href":"https:\/\/www.e2.law\/fr\/wp-json\/wp\/v2\/types\/laws"}],"wp:attachment":[{"href":"https:\/\/www.e2.law\/fr\/wp-json\/wp\/v2\/media?parent=30842"}],"wp:term":[{"taxonomy":"category","embeddable":true,"href":"https:\/\/www.e2.law\/fr\/wp-json\/wp\/v2\/categories?post=30842"},{"taxonomy":"post_tag","embeddable":true,"href":"https:\/\/www.e2.law\/fr\/wp-json\/wp\/v2\/tags?post=30842"}],"curies":[{"name":"wp","href":"https:\/\/api.w.org\/{rel}","templated":true}]}}