{"id":32251,"date":"2021-12-06T12:55:25","date_gmt":"2021-12-06T10:55:25","guid":{"rendered":"https:\/\/www.e2.law\/?post_type=laws&#038;p=32251"},"modified":"2024-05-14T11:41:46","modified_gmt":"2024-05-14T09:41:46","slug":"loi-du-3-juillet-1978-relative-au-contrat-de-travail","status":"publish","type":"laws","link":"https:\/\/www.e2.law\/fr\/laws\/loi-du-3-juillet-1978-relative-au-contrat-de-travail\/","title":{"rendered":"Loi du 3 juillet 1978 relative au contrat de travail"},"content":{"rendered":"<div class=\"fusion-fullwidth fullwidth-box fusion-builder-row-1 fusion-flex-container nonhundred-percent-fullwidth non-hundred-percent-height-scrolling\" style=\"--awb-border-radius-top-left:0px;--awb-border-radius-top-right:0px;--awb-border-radius-bottom-right:0px;--awb-border-radius-bottom-left:0px;--awb-flex-wrap:wrap;\" ><div class=\"fusion-builder-row fusion-row fusion-flex-align-items-flex-start fusion-flex-content-wrap\" style=\"max-width:1144px;margin-left: calc(-4% \/ 2 );margin-right: calc(-4% \/ 2 );\"><div class=\"fusion-layout-column fusion_builder_column fusion-builder-column-0 fusion_builder_column_1_1 1_1 fusion-flex-column\" style=\"--awb-bg-size:cover;--awb-width-large:100%;--awb-margin-top-large:0px;--awb-spacing-right-large:1.92%;--awb-margin-bottom-large:0px;--awb-spacing-left-large:1.92%;--awb-width-medium:100%;--awb-spacing-right-medium:1.92%;--awb-spacing-left-medium:1.92%;--awb-width-small:100%;--awb-spacing-right-small:1.92%;--awb-spacing-left-small:1.92%;\"><div class=\"fusion-column-wrapper fusion-flex-justify-content-flex-start fusion-content-layout-column\"><div class=\"fusion-text fusion-text-1\"><p><a href=\"https:\/\/www.ejustice.just.fgov.be\/cgi_loi\/change_lg.pl?cn=1978070301&amp;la=F&amp;language=fr&amp;table_name=loi\">La loi du 3 juillet 1978 relative aux contrats de travail<\/a> r\u00e8gle le statut des ouvriers, des employ\u00e9s, des repr\u00e9sentants de commerce et des domestiques. Elle s\u2019applique \u00e9galement de mani\u00e8re subsidiaire \u00e0 d\u2019autres types de contrats de travail.<\/p>\n<p>Structure:<\/p>\n<ul>\n<li>Titre I : les contrats de travail en g\u00e9n\u00e9ral<\/li>\n<li>Titre II : le contrat de travail d&#8217;ouvrier<\/li>\n<li>Titre III : le contrat de travail d\u2019employ\u00e9<\/li>\n<li>Titre IV : le contrat de travail de repr\u00e9sentant de commerce<\/li>\n<li>Titre V : le contrat de travail domestique<\/li>\n<li>Titre VI :\u00a0le contrat d&#8217;occupation de travailleur a domicile<\/li>\n<li>titre VII : le contrat d&#8217;occupation d&#8217;\u00e9tudiants<\/li>\n<li>Titre VIII :\u00a0dispositions finales<\/li>\n<\/ul>\n<p>La loi est entr\u00e9e en vigueur le 1er septembre 1978 et s&#8217;applique \u00e0 tous les contrats d\u00e9j\u00e0 en cours \u00e0 cette date.<\/p>\n<\/div><div class=\"fusion-text fusion-text-2\"><table border=\"1\" width=\"100%\">\n<tbody>\n<tr>\n<th align=\"center\" width=\"80%\"><span style=\"color: blue; font-size: x-large;\"><b>Table des mati\u00e8res<\/b><\/span><\/th>\n<th align=\"center\" bgcolor=\"#bcd9ff\" width=\"10%\"><a href=\"https:\/\/www.ejustice.just.fgov.be\/cgi_loi\/loi_a1.pl?language=fr&amp;la=F&amp;cn=1978070301&amp;table_name=loi&amp;&amp;caller=list&amp;F&amp;fromtab=loi&amp;tri=dd+AS+RANK&amp;rech=1&amp;numero=1&amp;sql=(text+contains+(%27%27))#texte\">Texte<\/a><\/th>\n<th align=\"center\" bgcolor=\"#bcd9ff\" width=\"10%\"><a href=\"https:\/\/www.ejustice.just.fgov.be\/cgi_loi\/loi_a1.pl?language=fr&amp;la=F&amp;cn=1978070301&amp;table_name=loi&amp;&amp;caller=list&amp;F&amp;fromtab=loi&amp;tri=dd+AS+RANK&amp;rech=1&amp;numero=1&amp;sql=(text+contains+(%27%27))#top\"><b>D\u00e9but<\/b><\/a><\/th>\n<\/tr>\n<tr>\n<th colspan=\"3\" align=\"left\" width=\"100%\"><a href=\"https:\/\/www.ejustice.just.fgov.be\/cgi_loi\/loi_a1.pl?language=fr&amp;la=F&amp;cn=1978070301&amp;table_name=loi&amp;&amp;caller=list&amp;F&amp;fromtab=loi&amp;tri=dd+AS+RANK&amp;rech=1&amp;numero=1&amp;sql=(text+contains+(%27%27))#LNK0001\" name=\"LNKR0001\">TITRE Ier.<\/a>\u00a0LES CONTRATS DE TRAVAIL EN GENERAL.<br \/>\n<a href=\"https:\/\/www.ejustice.just.fgov.be\/cgi_loi\/loi_a1.pl?language=fr&amp;la=F&amp;cn=1978070301&amp;table_name=loi&amp;&amp;caller=list&amp;F&amp;fromtab=loi&amp;tri=dd+AS+RANK&amp;rech=1&amp;numero=1&amp;sql=(text+contains+(%27%27))#LNK0002\" name=\"LNKR0002\">CHAPITRE Ier.<\/a>\u00a0Dispositions g\u00e9n\u00e9rales.<br \/>\nArt. 1-2, 2bis, 3, 3bis, 3ter, 3quater, 4-5, 5bis, 6-10, 10bis, 11, 11bis, 11ter, 11quater, 12-15, 15bis, 15ter<br \/>\n<a href=\"https:\/\/www.ejustice.just.fgov.be\/cgi_loi\/loi_a1.pl?language=fr&amp;la=F&amp;cn=1978070301&amp;table_name=loi&amp;&amp;caller=list&amp;F&amp;fromtab=loi&amp;tri=dd+AS+RANK&amp;rech=1&amp;numero=1&amp;sql=(text+contains+(%27%27))#LNK0003\" name=\"LNKR0003\">CHAPITRE II.<\/a>\u00a0Obligations des parties.<br \/>\nArt. 16-20, 20bis, 21, 21\/1, 22, 22bis, 23, 23bis, 24-25<br \/>\n<a href=\"https:\/\/www.ejustice.just.fgov.be\/cgi_loi\/loi_a1.pl?language=fr&amp;la=F&amp;cn=1978070301&amp;table_name=loi&amp;&amp;caller=list&amp;F&amp;fromtab=loi&amp;tri=dd+AS+RANK&amp;rech=1&amp;numero=1&amp;sql=(text+contains+(%27%27))#LNK0004\" name=\"LNKR0004\">CHAPITRE III.<\/a>\u00a0Suspension de l&#8217;ex\u00e9cution du contrat.<br \/>\nArt. 26-30, 30bis, 30ter, 30quater, 30quinquies, 30sexies, 31, 31\/1, 31\/2<br \/>\n<a href=\"https:\/\/www.ejustice.just.fgov.be\/cgi_loi\/loi_a1.pl?language=fr&amp;la=F&amp;cn=1978070301&amp;table_name=loi&amp;&amp;caller=list&amp;F&amp;fromtab=loi&amp;tri=dd+AS+RANK&amp;rech=1&amp;numero=1&amp;sql=(text+contains+(%27%27))#LNK0005\" name=\"LNKR0005\">CHAPITRE IV.<\/a>\u00a0&#8211; Fin du contrat.<br \/>\nArt. 32-36, 36bis, 37, 37\/1, 37\/2, 37\/3, 37\/4, 37\/5, 37\/6, 37\/7, 37\/8, 37\/9, 37\/10, 37\/11, 37\/12, 37\/13, 38, 38bis, 39, 39bis, 39ter, 40-42<br \/>\n<a href=\"https:\/\/www.ejustice.just.fgov.be\/cgi_loi\/loi_a1.pl?language=fr&amp;la=F&amp;cn=1978070301&amp;table_name=loi&amp;&amp;caller=list&amp;F&amp;fromtab=loi&amp;tri=dd+AS+RANK&amp;rech=1&amp;numero=1&amp;sql=(text+contains+(%27%27))#LNK0006\" name=\"LNKR0006\">CHAPITRE V.<\/a>\u00a0Dispositions particuli\u00e8res concernant les travailleurs mineurs d&#8217;\u00e2ge.<br \/>\nArt. 43-46, 46bis<br \/>\n<a href=\"https:\/\/www.ejustice.just.fgov.be\/cgi_loi\/loi_a1.pl?language=fr&amp;la=F&amp;cn=1978070301&amp;table_name=loi&amp;&amp;caller=list&amp;F&amp;fromtab=loi&amp;tri=dd+AS+RANK&amp;rech=1&amp;numero=1&amp;sql=(text+contains+(%27%27))#LNK0007\" name=\"LNKR0007\">TITRE II.<\/a>\u00a0LE CONTRAT DE TRAVAIL D&#8217;OUVRIER.<br \/>\n<a href=\"https:\/\/www.ejustice.just.fgov.be\/cgi_loi\/loi_a1.pl?language=fr&amp;la=F&amp;cn=1978070301&amp;table_name=loi&amp;&amp;caller=list&amp;F&amp;fromtab=loi&amp;tri=dd+AS+RANK&amp;rech=1&amp;numero=1&amp;sql=(text+contains+(%27%27))#LNK0008\" name=\"LNKR0008\">CHAPITRE Ier.<\/a>\u00a0G\u00e9n\u00e9ralit\u00e9s.<br \/>\nArt. 47-48<br \/>\n<a href=\"https:\/\/www.ejustice.just.fgov.be\/cgi_loi\/loi_a1.pl?language=fr&amp;la=F&amp;cn=1978070301&amp;table_name=loi&amp;&amp;caller=list&amp;F&amp;fromtab=loi&amp;tri=dd+AS+RANK&amp;rech=1&amp;numero=1&amp;sql=(text+contains+(%27%27))#LNK0009\" name=\"LNKR0009\">CHAPITRE II.<\/a>\u00a0R\u00e9mun\u00e9ration en cas de suspension de l&#8217;ex\u00e9cution du contrat.<br \/>\nArt. 49-51, 51bis, 51ter, 52-57<br \/>\n<a href=\"https:\/\/www.ejustice.just.fgov.be\/cgi_loi\/loi_a1.pl?language=fr&amp;la=F&amp;cn=1978070301&amp;table_name=loi&amp;&amp;caller=list&amp;F&amp;fromtab=loi&amp;tri=dd+AS+RANK&amp;rech=1&amp;numero=1&amp;sql=(text+contains+(%27%27))#LNK0010\" name=\"LNKR0010\">CHAPITRE III.<\/a>\u00a0Fin du contrat.<br \/>\n<a href=\"https:\/\/www.ejustice.just.fgov.be\/cgi_loi\/loi_a1.pl?language=fr&amp;la=F&amp;cn=1978070301&amp;table_name=loi&amp;&amp;caller=list&amp;F&amp;fromtab=loi&amp;tri=dd+AS+RANK&amp;rech=1&amp;numero=1&amp;sql=(text+contains+(%27%27))#LNK0011\" name=\"LNKR0011\">Section 1re.<\/a>\u00a0&#8211; [<sup><span style=\"color: red;\">1<\/span><\/sup>\u00a0&#8230;]<sup><span style=\"color: red;\">1<\/span><\/sup><br \/>\nArt. 58-65<br \/>\n<a href=\"https:\/\/www.ejustice.just.fgov.be\/cgi_loi\/loi_a1.pl?language=fr&amp;la=F&amp;cn=1978070301&amp;table_name=loi&amp;&amp;caller=list&amp;F&amp;fromtab=loi&amp;tri=dd+AS+RANK&amp;rech=1&amp;numero=1&amp;sql=(text+contains+(%27%27))#LNK0012\" name=\"LNKR0012\">Section 2.<\/a><br \/>\nArt. 65\/1, 65\/2, 65\/3, 65\/4<br \/>\n<a href=\"https:\/\/www.ejustice.just.fgov.be\/cgi_loi\/loi_a1.pl?language=fr&amp;la=F&amp;cn=1978070301&amp;table_name=loi&amp;&amp;caller=list&amp;F&amp;fromtab=loi&amp;tri=dd+AS+RANK&amp;rech=1&amp;numero=1&amp;sql=(text+contains+(%27%27))#LNK0013\" name=\"LNKR0013\">TITRE III.<\/a>\u00a0LE CONTRAT DE TRAVAIL D&#8217;EMPLOYE.<br \/>\n<a href=\"https:\/\/www.ejustice.just.fgov.be\/cgi_loi\/loi_a1.pl?language=fr&amp;la=F&amp;cn=1978070301&amp;table_name=loi&amp;&amp;caller=list&amp;F&amp;fromtab=loi&amp;tri=dd+AS+RANK&amp;rech=1&amp;numero=1&amp;sql=(text+contains+(%27%27))#LNK0014\" name=\"LNKR0014\">CHAPITRE Ier.<\/a>\u00a0Dispositions g\u00e9n\u00e9rales.<br \/>\nArt. 66-69<br \/>\n<a href=\"https:\/\/www.ejustice.just.fgov.be\/cgi_loi\/loi_a1.pl?language=fr&amp;la=F&amp;cn=1978070301&amp;table_name=loi&amp;&amp;caller=list&amp;F&amp;fromtab=loi&amp;tri=dd+AS+RANK&amp;rech=1&amp;numero=1&amp;sql=(text+contains+(%27%27))#LNK0015\" name=\"LNKR0015\">CHAPITRE II.<\/a>\u00a0R\u00e9mun\u00e9ration en cas de suspension de l&#8217;ex\u00e9cution du contrat.<br \/>\nArt. 70-73, 73\/1, 74-77<br \/>\n<a href=\"https:\/\/www.ejustice.just.fgov.be\/cgi_loi\/loi_a1.pl?language=fr&amp;la=F&amp;cn=1978070301&amp;table_name=loi&amp;&amp;caller=list&amp;F&amp;fromtab=loi&amp;tri=dd+AS+RANK&amp;rech=1&amp;numero=1&amp;sql=(text+contains+(%27%27))#LNK0016\" name=\"LNKR0016\">CHAPITRE II\/1.<\/a>\u00a0&#8211; [<sup><span style=\"color: red;\">1<\/span><\/sup>\u00a0R\u00e9gime de suspension totale de l&#8217;ex\u00e9cution du contrat et r\u00e9gime de travail \u00e0 temps r\u00e9duit]<sup><span style=\"color: red;\">1<\/span><\/sup><br \/>\n<a href=\"https:\/\/www.ejustice.just.fgov.be\/cgi_loi\/loi_a1.pl?language=fr&amp;la=F&amp;cn=1978070301&amp;table_name=loi&amp;&amp;caller=list&amp;F&amp;fromtab=loi&amp;tri=dd+AS+RANK&amp;rech=1&amp;numero=1&amp;sql=(text+contains+(%27%27))#LNK0017\" name=\"LNKR0017\">Section 1re.<\/a>\u00a0[<sup><span style=\"color: red;\">1<\/span><\/sup>\u00a0Champ d&#8217;application]<sup><span style=\"color: red;\">1<\/span><\/sup><br \/>\nArt. 77\/1<br \/>\n<a href=\"https:\/\/www.ejustice.just.fgov.be\/cgi_loi\/loi_a1.pl?language=fr&amp;la=F&amp;cn=1978070301&amp;table_name=loi&amp;&amp;caller=list&amp;F&amp;fromtab=loi&amp;tri=dd+AS+RANK&amp;rech=1&amp;numero=1&amp;sql=(text+contains+(%27%27))#LNK0018\" name=\"LNKR0018\">Section 2.<\/a>\u00a0&#8211; [<sup><span style=\"color: red;\">1<\/span><\/sup>\u00a0R\u00e9gime de suspension totale de l&#8217;ex\u00e9cution du contrat et r\u00e9gime de travail \u00e0 temps r\u00e9duit]<sup><span style=\"color: red;\">1<\/span><\/sup><br \/>\nArt. 77\/2, 77\/3, 77\/4, 77\/5, 77\/6, 77\/7, 77\/8<br \/>\n<a href=\"https:\/\/www.ejustice.just.fgov.be\/cgi_loi\/loi_a1.pl?language=fr&amp;la=F&amp;cn=1978070301&amp;table_name=loi&amp;&amp;caller=list&amp;F&amp;fromtab=loi&amp;tri=dd+AS+RANK&amp;rech=1&amp;numero=1&amp;sql=(text+contains+(%27%27))#LNK0019\" name=\"LNKR0019\">CHAPITRE III.<\/a>\u00a0Fin du contrat.<br \/>\n<a href=\"https:\/\/www.ejustice.just.fgov.be\/cgi_loi\/loi_a1.pl?language=fr&amp;la=F&amp;cn=1978070301&amp;table_name=loi&amp;&amp;caller=list&amp;F&amp;fromtab=loi&amp;tri=dd+AS+RANK&amp;rech=1&amp;numero=1&amp;sql=(text+contains+(%27%27))#LNK0020\" name=\"LNKR0020\">Section 1re.<\/a>\u00a0&#8211; [<sup><span style=\"color: red;\">1<\/span><\/sup>\u00a0&#8230;]<sup><span style=\"color: red;\">1<\/span><\/sup><br \/>\nArt. 78-86<br \/>\n<a href=\"https:\/\/www.ejustice.just.fgov.be\/cgi_loi\/loi_a1.pl?language=fr&amp;la=F&amp;cn=1978070301&amp;table_name=loi&amp;&amp;caller=list&amp;F&amp;fromtab=loi&amp;tri=dd+AS+RANK&amp;rech=1&amp;numero=1&amp;sql=(text+contains+(%27%27))#LNK0021\" name=\"LNKR0021\">Section 2.<\/a><br \/>\nArt. 86\/1, 86\/2, 86\/3, 86\/4<br \/>\n<a href=\"https:\/\/www.ejustice.just.fgov.be\/cgi_loi\/loi_a1.pl?language=fr&amp;la=F&amp;cn=1978070301&amp;table_name=loi&amp;&amp;caller=list&amp;F&amp;fromtab=loi&amp;tri=dd+AS+RANK&amp;rech=1&amp;numero=1&amp;sql=(text+contains+(%27%27))#LNK0022\" name=\"LNKR0022\">TITRE IV.<\/a>\u00a0LE CONTRAT DE TRAVAIL DE REPRESENTANT DE COMMERCE.<br \/>\nArt. 87-107<br \/>\n<a href=\"https:\/\/www.ejustice.just.fgov.be\/cgi_loi\/loi_a1.pl?language=fr&amp;la=F&amp;cn=1978070301&amp;table_name=loi&amp;&amp;caller=list&amp;F&amp;fromtab=loi&amp;tri=dd+AS+RANK&amp;rech=1&amp;numero=1&amp;sql=(text+contains+(%27%27))#LNK0023\" name=\"LNKR0023\">TITRE V.<\/a>\u00a0LE CONTRAT DE TRAVAIL DOMESTIQUE.<br \/>\n<a href=\"https:\/\/www.ejustice.just.fgov.be\/cgi_loi\/loi_a1.pl?language=fr&amp;la=F&amp;cn=1978070301&amp;table_name=loi&amp;&amp;caller=list&amp;F&amp;fromtab=loi&amp;tri=dd+AS+RANK&amp;rech=1&amp;numero=1&amp;sql=(text+contains+(%27%27))#LNK0024\" name=\"LNKR0024\">CHAPITRE Ier.<\/a>\u00a0G\u00e9n\u00e9ralit\u00e9s.<br \/>\nArt. 108-109<br \/>\n<a href=\"https:\/\/www.ejustice.just.fgov.be\/cgi_loi\/loi_a1.pl?language=fr&amp;la=F&amp;cn=1978070301&amp;table_name=loi&amp;&amp;caller=list&amp;F&amp;fromtab=loi&amp;tri=dd+AS+RANK&amp;rech=1&amp;numero=1&amp;sql=(text+contains+(%27%27))#LNK0025\" name=\"LNKR0025\">CHAPITRE II.<\/a>\u00a0Obligations des parties.<br \/>\nArt. 110-111<br \/>\n<a href=\"https:\/\/www.ejustice.just.fgov.be\/cgi_loi\/loi_a1.pl?language=fr&amp;la=F&amp;cn=1978070301&amp;table_name=loi&amp;&amp;caller=list&amp;F&amp;fromtab=loi&amp;tri=dd+AS+RANK&amp;rech=1&amp;numero=1&amp;sql=(text+contains+(%27%27))#LNK0026\" name=\"LNKR0026\">CHAPITRE III.<\/a>\u00a0Suspension de l&#8217;ex\u00e9cution du contrat.<br \/>\nArt. 112-114<br \/>\n<a href=\"https:\/\/www.ejustice.just.fgov.be\/cgi_loi\/loi_a1.pl?language=fr&amp;la=F&amp;cn=1978070301&amp;table_name=loi&amp;&amp;caller=list&amp;F&amp;fromtab=loi&amp;tri=dd+AS+RANK&amp;rech=1&amp;numero=1&amp;sql=(text+contains+(%27%27))#LNK0027\" name=\"LNKR0027\">CHAPITRE IV.<\/a>\u00a0Fin du contrat.<br \/>\nArt. 115-118<br \/>\n<a href=\"https:\/\/www.ejustice.just.fgov.be\/cgi_loi\/loi_a1.pl?language=fr&amp;la=F&amp;cn=1978070301&amp;table_name=loi&amp;&amp;caller=list&amp;F&amp;fromtab=loi&amp;tri=dd+AS+RANK&amp;rech=1&amp;numero=1&amp;sql=(text+contains+(%27%27))#LNK0028\" name=\"LNKR0028\">TITRE VI.<\/a>\u00a0&#8211; LE CONTRAT D&#8217;OCCUPATION DE TRAVAILLEUR A DOMICILE &lt;Ins\u00e9r\u00e9 par L 1996-12-06\/30, art. 4;\u00a0<b>En vigueur :\u00a0<\/b>1997-03-01&gt;<br \/>\nArt. 119.1-119.12<br \/>\n<a href=\"https:\/\/www.ejustice.just.fgov.be\/cgi_loi\/loi_a1.pl?language=fr&amp;la=F&amp;cn=1978070301&amp;table_name=loi&amp;&amp;caller=list&amp;F&amp;fromtab=loi&amp;tri=dd+AS+RANK&amp;rech=1&amp;numero=1&amp;sql=(text+contains+(%27%27))#LNK0029\" name=\"LNKR0029\">TITRE VII.<\/a>\u00a0&#8211; (Anciennement TITRE VI) LE CONTRAT D&#8217;OCCUPATION D&#8217;ETUDIANTS. &lt;L 1996-12-06\/30, art. 3, 039;\u00a0<b>En vigueur :\u00a0<\/b>1997-03-01&gt;<br \/>\nArt. 120-130, 130bis, 130ter<br \/>\n<a href=\"https:\/\/www.ejustice.just.fgov.be\/cgi_loi\/loi_a1.pl?language=fr&amp;la=F&amp;cn=1978070301&amp;table_name=loi&amp;&amp;caller=list&amp;F&amp;fromtab=loi&amp;tri=dd+AS+RANK&amp;rech=1&amp;numero=1&amp;sql=(text+contains+(%27%27))#LNK0030\" name=\"LNKR0030\">TITRE VIII.<\/a>\u00a0(Anciennement TITRE VII) DISPOSITIONS FINALES. &lt;L 1996-12-06\/30, art. 3, 039;\u00a0<b>En vigueur :\u00a0<\/b>1997-03-01&gt;<br \/>\nArt. 131, 131bis, 132-138<\/th>\n<\/tr>\n<\/tbody>\n<\/table>\n<\/div><\/div><\/div><\/div><\/div>\n","protected":false},"featured_media":0,"template":"","categories":[141],"tags":[830],"class_list":["post-32251","laws","type-laws","status-publish","hentry","category-non-classifiee","tag-contrat-de-travail"],"acf":[],"yoast_head":"<!-- This site is optimized with the Yoast SEO plugin v27.5 - https:\/\/yoast.com\/product\/yoast-seo-wordpress\/ -->\n<title>Loi du 3 juillet 1978 relative au contrat de travail - e2.law<\/title>\n<meta name=\"description\" content=\"La loi du 3 juillet 1978 \u00e8gle le statut des ouvriers, des employ\u00e9s, des repr\u00e9sentants de commerce et des domestiques.\" \/>\n<meta name=\"robots\" content=\"index, follow, max-snippet:-1, max-image-preview:large, max-video-preview:-1\" \/>\n<link rel=\"canonical\" href=\"https:\/\/www.e2.law\/fr\/laws\/loi-du-3-juillet-1978-relative-au-contrat-de-travail\/\" \/>\n<meta property=\"og:locale\" content=\"fr_FR\" \/>\n<meta property=\"og:type\" content=\"article\" \/>\n<meta property=\"og:title\" content=\"Loi du 3 juillet 1978 relative au contrat de travail - e2.law\" \/>\n<meta property=\"og:description\" content=\"La loi du 3 juillet 1978 \u00e8gle le statut des ouvriers, des employ\u00e9s, des repr\u00e9sentants de commerce et des domestiques.\" \/>\n<meta property=\"og:url\" content=\"https:\/\/www.e2.law\/fr\/laws\/loi-du-3-juillet-1978-relative-au-contrat-de-travail\/\" \/>\n<meta property=\"og:site_name\" content=\"e2.law\" \/>\n<meta property=\"article:modified_time\" content=\"2024-05-14T09:41:46+00:00\" \/>\n<meta name=\"twitter:card\" content=\"summary_large_image\" \/>\n<meta name=\"twitter:label1\" content=\"Dur\u00e9e de lecture estim\u00e9e\" \/>\n\t<meta name=\"twitter:data1\" content=\"3 minutes\" \/>\n<script type=\"application\/ld+json\" class=\"yoast-schema-graph\">{\"@context\":\"https:\\\/\\\/schema.org\",\"@graph\":[{\"@type\":\"WebPage\",\"@id\":\"https:\\\/\\\/www.e2.law\\\/fr\\\/laws\\\/loi-du-3-juillet-1978-relative-au-contrat-de-travail\\\/\",\"url\":\"https:\\\/\\\/www.e2.law\\\/fr\\\/laws\\\/loi-du-3-juillet-1978-relative-au-contrat-de-travail\\\/\",\"name\":\"Loi du 3 juillet 1978 relative au contrat de travail - e2.law\",\"isPartOf\":{\"@id\":\"https:\\\/\\\/www.e2.law\\\/fr\\\/#website\"},\"datePublished\":\"2021-12-06T10:55:25+00:00\",\"dateModified\":\"2024-05-14T09:41:46+00:00\",\"description\":\"La loi du 3 juillet 1978 \u00e8gle le statut des ouvriers, des employ\u00e9s, des repr\u00e9sentants de commerce et des domestiques.\",\"breadcrumb\":{\"@id\":\"https:\\\/\\\/www.e2.law\\\/fr\\\/laws\\\/loi-du-3-juillet-1978-relative-au-contrat-de-travail\\\/#breadcrumb\"},\"inLanguage\":\"fr-FR\",\"potentialAction\":[{\"@type\":\"ReadAction\",\"target\":[\"https:\\\/\\\/www.e2.law\\\/fr\\\/laws\\\/loi-du-3-juillet-1978-relative-au-contrat-de-travail\\\/\"]}]},{\"@type\":\"BreadcrumbList\",\"@id\":\"https:\\\/\\\/www.e2.law\\\/fr\\\/laws\\\/loi-du-3-juillet-1978-relative-au-contrat-de-travail\\\/#breadcrumb\",\"itemListElement\":[{\"@type\":\"ListItem\",\"position\":1,\"name\":\"Home\",\"item\":\"https:\\\/\\\/www.e2.law\\\/fr\\\/home\\\/\"},{\"@type\":\"ListItem\",\"position\":2,\"name\":\"Loi du 3 juillet 1978 relative au contrat de travail\"}]},{\"@type\":\"WebSite\",\"@id\":\"https:\\\/\\\/www.e2.law\\\/fr\\\/#website\",\"url\":\"https:\\\/\\\/www.e2.law\\\/fr\\\/\",\"name\":\"e2.law\",\"description\":\"A Business Law Firm\",\"publisher\":{\"@id\":\"https:\\\/\\\/www.e2.law\\\/fr\\\/#organization\"},\"potentialAction\":[{\"@type\":\"SearchAction\",\"target\":{\"@type\":\"EntryPoint\",\"urlTemplate\":\"https:\\\/\\\/www.e2.law\\\/fr\\\/?s={search_term_string}\"},\"query-input\":{\"@type\":\"PropertyValueSpecification\",\"valueRequired\":true,\"valueName\":\"search_term_string\"}}],\"inLanguage\":\"fr-FR\"},{\"@type\":\"Organization\",\"@id\":\"https:\\\/\\\/www.e2.law\\\/fr\\\/#organization\",\"name\":\"E2.law\",\"url\":\"https:\\\/\\\/www.e2.law\\\/fr\\\/\",\"logo\":{\"@type\":\"ImageObject\",\"inLanguage\":\"fr-FR\",\"@id\":\"https:\\\/\\\/www.e2.law\\\/fr\\\/#\\\/schema\\\/logo\\\/image\\\/\",\"url\":\"https:\\\/\\\/www.e2.law\\\/wp-content\\\/uploads\\\/2018\\\/12\\\/logo-2.png\",\"contentUrl\":\"https:\\\/\\\/www.e2.law\\\/wp-content\\\/uploads\\\/2018\\\/12\\\/logo-2.png\",\"width\":152,\"height\":40,\"caption\":\"E2.law\"},\"image\":{\"@id\":\"https:\\\/\\\/www.e2.law\\\/fr\\\/#\\\/schema\\\/logo\\\/image\\\/\"},\"sameAs\":[\"https:\\\/\\\/www.linkedin.com\\\/company\\\/e2.law\"]}]}<\/script>\n<!-- \/ Yoast SEO plugin. -->","yoast_head_json":{"title":"Loi du 3 juillet 1978 relative au contrat de travail - e2.law","description":"La loi du 3 juillet 1978 \u00e8gle le statut des ouvriers, des employ\u00e9s, des repr\u00e9sentants de commerce et des domestiques.","robots":{"index":"index","follow":"follow","max-snippet":"max-snippet:-1","max-image-preview":"max-image-preview:large","max-video-preview":"max-video-preview:-1"},"canonical":"https:\/\/www.e2.law\/fr\/laws\/loi-du-3-juillet-1978-relative-au-contrat-de-travail\/","og_locale":"fr_FR","og_type":"article","og_title":"Loi du 3 juillet 1978 relative au contrat de travail - e2.law","og_description":"La loi du 3 juillet 1978 \u00e8gle le statut des ouvriers, des employ\u00e9s, des repr\u00e9sentants de commerce et des domestiques.","og_url":"https:\/\/www.e2.law\/fr\/laws\/loi-du-3-juillet-1978-relative-au-contrat-de-travail\/","og_site_name":"e2.law","article_modified_time":"2024-05-14T09:41:46+00:00","twitter_card":"summary_large_image","twitter_misc":{"Dur\u00e9e de lecture estim\u00e9e":"3 minutes"},"schema":{"@context":"https:\/\/schema.org","@graph":[{"@type":"WebPage","@id":"https:\/\/www.e2.law\/fr\/laws\/loi-du-3-juillet-1978-relative-au-contrat-de-travail\/","url":"https:\/\/www.e2.law\/fr\/laws\/loi-du-3-juillet-1978-relative-au-contrat-de-travail\/","name":"Loi du 3 juillet 1978 relative au contrat de travail - e2.law","isPartOf":{"@id":"https:\/\/www.e2.law\/fr\/#website"},"datePublished":"2021-12-06T10:55:25+00:00","dateModified":"2024-05-14T09:41:46+00:00","description":"La loi du 3 juillet 1978 \u00e8gle le statut des ouvriers, des employ\u00e9s, des repr\u00e9sentants de commerce et des domestiques.","breadcrumb":{"@id":"https:\/\/www.e2.law\/fr\/laws\/loi-du-3-juillet-1978-relative-au-contrat-de-travail\/#breadcrumb"},"inLanguage":"fr-FR","potentialAction":[{"@type":"ReadAction","target":["https:\/\/www.e2.law\/fr\/laws\/loi-du-3-juillet-1978-relative-au-contrat-de-travail\/"]}]},{"@type":"BreadcrumbList","@id":"https:\/\/www.e2.law\/fr\/laws\/loi-du-3-juillet-1978-relative-au-contrat-de-travail\/#breadcrumb","itemListElement":[{"@type":"ListItem","position":1,"name":"Home","item":"https:\/\/www.e2.law\/fr\/home\/"},{"@type":"ListItem","position":2,"name":"Loi du 3 juillet 1978 relative au contrat de travail"}]},{"@type":"WebSite","@id":"https:\/\/www.e2.law\/fr\/#website","url":"https:\/\/www.e2.law\/fr\/","name":"e2.law","description":"A Business Law Firm","publisher":{"@id":"https:\/\/www.e2.law\/fr\/#organization"},"potentialAction":[{"@type":"SearchAction","target":{"@type":"EntryPoint","urlTemplate":"https:\/\/www.e2.law\/fr\/?s={search_term_string}"},"query-input":{"@type":"PropertyValueSpecification","valueRequired":true,"valueName":"search_term_string"}}],"inLanguage":"fr-FR"},{"@type":"Organization","@id":"https:\/\/www.e2.law\/fr\/#organization","name":"E2.law","url":"https:\/\/www.e2.law\/fr\/","logo":{"@type":"ImageObject","inLanguage":"fr-FR","@id":"https:\/\/www.e2.law\/fr\/#\/schema\/logo\/image\/","url":"https:\/\/www.e2.law\/wp-content\/uploads\/2018\/12\/logo-2.png","contentUrl":"https:\/\/www.e2.law\/wp-content\/uploads\/2018\/12\/logo-2.png","width":152,"height":40,"caption":"E2.law"},"image":{"@id":"https:\/\/www.e2.law\/fr\/#\/schema\/logo\/image\/"},"sameAs":["https:\/\/www.linkedin.com\/company\/e2.law"]}]}},"jetpack_sharing_enabled":true,"_links":{"self":[{"href":"https:\/\/www.e2.law\/fr\/wp-json\/wp\/v2\/laws\/32251","targetHints":{"allow":["GET"]}}],"collection":[{"href":"https:\/\/www.e2.law\/fr\/wp-json\/wp\/v2\/laws"}],"about":[{"href":"https:\/\/www.e2.law\/fr\/wp-json\/wp\/v2\/types\/laws"}],"wp:attachment":[{"href":"https:\/\/www.e2.law\/fr\/wp-json\/wp\/v2\/media?parent=32251"}],"wp:term":[{"taxonomy":"category","embeddable":true,"href":"https:\/\/www.e2.law\/fr\/wp-json\/wp\/v2\/categories?post=32251"},{"taxonomy":"post_tag","embeddable":true,"href":"https:\/\/www.e2.law\/fr\/wp-json\/wp\/v2\/tags?post=32251"}],"curies":[{"name":"wp","href":"https:\/\/api.w.org\/{rel}","templated":true}]}}