{"id":33076,"date":"2022-02-27T23:25:48","date_gmt":"2022-02-27T21:25:48","guid":{"rendered":"https:\/\/www.e2.law\/laws\/gdpr-general-data-protection-regulation\/"},"modified":"2024-02-27T15:31:53","modified_gmt":"2024-02-27T13:31:53","slug":"gdpr-general-data-protection-regulation","status":"publish","type":"laws","link":"https:\/\/www.e2.law\/fr\/laws\/gdpr-general-data-protection-regulation\/","title":{"rendered":"RGPD (R\u00e8glement G\u00e9n\u00e9ral pour La Protection des Donn\u00e9es)"},"content":{"rendered":"<div class=\"fusion-fullwidth fullwidth-box fusion-builder-row-1 fusion-flex-container nonhundred-percent-fullwidth non-hundred-percent-height-scrolling\" style=\"--awb-border-radius-top-left:0px;--awb-border-radius-top-right:0px;--awb-border-radius-bottom-right:0px;--awb-border-radius-bottom-left:0px;--awb-flex-wrap:wrap;\" ><div class=\"fusion-builder-row fusion-row fusion-flex-align-items-flex-start fusion-flex-content-wrap\" style=\"max-width:1144px;margin-left: calc(-4% \/ 2 );margin-right: calc(-4% \/ 2 );\"><div class=\"fusion-layout-column fusion_builder_column fusion-builder-column-0 fusion_builder_column_1_1 1_1 fusion-flex-column\" style=\"--awb-bg-size:cover;--awb-width-large:100%;--awb-margin-top-large:0px;--awb-spacing-right-large:1.92%;--awb-margin-bottom-large:0px;--awb-spacing-left-large:1.92%;--awb-width-medium:100%;--awb-spacing-right-medium:1.92%;--awb-spacing-left-medium:1.92%;--awb-width-small:100%;--awb-spacing-right-small:1.92%;--awb-spacing-left-small:1.92%;\"><div class=\"fusion-column-wrapper fusion-flex-justify-content-flex-start fusion-content-layout-column\"><div class=\"fusion-text fusion-text-1\"><p>Le\u00a0<a href=\"https:\/\/eur-lex.europa.eu\/legal-content\/FR\/TXT\/HTML\/?uri=CELEX:32016R0679\">R\u00e8glement G\u00e9n\u00e9ral sur la Protection des Donn\u00e9es<\/a>\u00a0est un r\u00e8glement europ\u00e9en qui harmonise les r\u00e8gles applicables au traitement des donn\u00e9es personnelles sur le territoire de l\u2019Union Europ\u00e9enne.<\/p>\n<p>Il s\u2019applique \u00e0 toute organisation, publique ou priv\u00e9e, qui traite des donn\u00e9es personnelles pour son compte ou pour celui d\u2019un tiers, d\u00e8s lors :<\/p>\n<ul>\n<li>qu\u2019elle est \u00e9tablie sur le territoire de l\u2019Union ; ou<\/li>\n<li>que son activit\u00e9 cible directement des r\u00e9sidents europ\u00e9ens.<\/li>\n<\/ul>\n<p>Le r\u00e8glement est entr\u00e9 en vigueur le 24 mai 2016 et s&#8217;applique depuis le 25 mai 2018.\u00a0<a href=\"https:\/\/ec.europa.eu\/commission\/priorities\/justice-and-fundamental-rights\/data-protection\/2018-reform-eu-data-protection-rules_en\">Plus d&#8217;informations pour les entreprises et les particuliers<\/a>.<\/p>\n<p>Informations sur l\u2019int\u00e9gration du r\u00e8glement g\u00e9n\u00e9ral sur la protection des donn\u00e9es (RGPD) dans l\u2019<a href=\"http:\/\/www.efta.int\/About-EFTA\/news\/Incorporation-General-Data-Protection-Regulation-GDPR-EEA-Agreement-and-continued-application-Directive-9546EC-508856\">accord EEE<\/a>.<\/p>\n<p><a href=\"https:\/\/ec.europa.eu\/info\/law\/law-topic\/data-protection\/data-protection-eu\/eu-countries-gdpr-specific-notifications_fr\">EU Member States notifications to the European Commission under the GDPR<\/a><\/p>\n<p>Le nom complet est le <a href=\"https:\/\/eur-lex.europa.eu\/legal-content\/EN\/AUTO\/?uri=CELEX:02016R0679-20160504&amp;qid=1532348683434\">R\u00e8glement (UE) 2016\/679<\/a>\u00a0relatif \u00e0 la protection des personnes physiques \u00e0 l&#8217;\u00e9gard du traitement des donn\u00e9es \u00e0 caract\u00e8re personnel et \u00e0 la libre circulation de ces donn\u00e9es. Ce texte inclut le rectificatif publi\u00e9 au JOUE du 23 mai 2018.<\/p>\n<\/div><div class=\"fusion-text fusion-text-2\"><nav class=\"toc-sidebar\">\n<ul id=\"TOC_docHtml\" class=\"nav toc-sidenav outterNav\">\n<li><a href=\"https:\/\/eur-lex.europa.eu\/legal-content\/FR\/TXT\/HTML\/?uri=CELEX:32016R0679&amp;from=fr#d1e1438-1-1\">CHAPITRE I &#8211; Dispositions g\u00e9n\u00e9rales<\/a><\/li>\n<li><a href=\"https:\/\/eur-lex.europa.eu\/legal-content\/FR\/TXT\/HTML\/?uri=CELEX:32016R0679&amp;from=fr#d1e1874-1-1\">CHAPITRE II &#8211; Principes<\/a><\/li>\n<li><a href=\"https:\/\/eur-lex.europa.eu\/legal-content\/FR\/TXT\/HTML\/?uri=CELEX:32016R0679&amp;from=fr#d1e2207-1-1\">CHAPITRE III &#8211; Droits de la personne concern\u00e9e<\/a><\/li>\n<li><a href=\"https:\/\/eur-lex.europa.eu\/legal-content\/FR\/TXT\/HTML\/?uri=CELEX:32016R0679&amp;from=fr#d1e2218-1-1\">Section 1 &#8211; Transparence et modalit\u00e9s<\/a><\/li>\n<li><a href=\"https:\/\/eur-lex.europa.eu\/legal-content\/FR\/TXT\/HTML\/?uri=CELEX:32016R0679&amp;from=fr#d1e2290-1-1\">Section 2 &#8211; Information et acc\u00e8s aux donn\u00e9es \u00e0 caract\u00e8re personnel<\/a><\/li>\n<li><a href=\"https:\/\/eur-lex.europa.eu\/legal-content\/FR\/TXT\/HTML\/?uri=CELEX:32016R0679&amp;from=fr#d1e2635-1-1\">Section 3 &#8211; Rectification et effacement<\/a><\/li>\n<li><a href=\"https:\/\/eur-lex.europa.eu\/legal-content\/FR\/TXT\/HTML\/?uri=CELEX:32016R0679&amp;from=fr#d1e2839-1-1\">Section 4 &#8211; Droit d&#8217;opposition et prise de d\u00e9cision individuelle automatis\u00e9e<\/a><\/li>\n<li><a href=\"https:\/\/eur-lex.europa.eu\/legal-content\/FR\/TXT\/HTML\/?uri=CELEX:32016R0679&amp;from=fr#d1e2930-1-1\">Section 5 &#8211; Limitations<\/a><\/li>\n<li><a href=\"https:\/\/eur-lex.europa.eu\/legal-content\/FR\/TXT\/HTML\/?uri=CELEX:32016R0679&amp;from=fr#d1e3068-1-1\">CHAPITRE IV &#8211; Responsable du traitement et sous-traitant<\/a><\/li>\n<li><a href=\"https:\/\/eur-lex.europa.eu\/legal-content\/FR\/TXT\/HTML\/?uri=CELEX:32016R0679&amp;from=fr#d1e3079-1-1\">Section 1 &#8211; Obligations g\u00e9n\u00e9rales<\/a><\/li>\n<li><a href=\"https:\/\/eur-lex.europa.eu\/legal-content\/FR\/TXT\/HTML\/?uri=CELEX:32016R0679&amp;from=fr#d1e3418-1-1\">Section 2 &#8211; S\u00e9curit\u00e9 des donn\u00e9es \u00e0.caract\u00e8re personnel<\/a><\/li>\n<li><a href=\"https:\/\/eur-lex.europa.eu\/legal-content\/FR\/TXT\/HTML\/?uri=CELEX:32016R0679&amp;from=fr#d1e3581-1-1\">Section 3 &#8211; Analyse d&#8217;impact relative \u00e0 la protection des donn\u00e9s et consultation pr\u00e9alable<\/a><\/li>\n<li><a href=\"https:\/\/eur-lex.europa.eu\/legal-content\/FR\/TXT\/HTML\/?uri=CELEX:32016R0679&amp;from=fr#d1e3767-1-1\">Section 4 &#8211; D\u00e9l\u00e9gu\u00e9 \u00e0 la protection des donn\u00e9es<\/a><\/li>\n<li><a href=\"https:\/\/eur-lex.europa.eu\/legal-content\/FR\/TXT\/HTML\/?uri=CELEX:32016R0679&amp;from=fr#d1e3920-1-1\">Section 5 &#8211; Codes de conduite et certification<\/a><\/li>\n<li><a href=\"https:\/\/eur-lex.europa.eu\/legal-content\/FR\/TXT\/HTML\/?uri=CELEX:32016R0679&amp;from=fr#d1e4284-1-1\">CHAPITRE V &#8211; Transferts de donn\u00e9es \u00e0 caract\u00e8re personnel vers des pays tiers ou \u00e0 des organisations internationales<\/a><\/li>\n<li><a href=\"https:\/\/eur-lex.europa.eu\/legal-content\/FR\/TXT\/HTML\/?uri=CELEX:32016R0679&amp;from=fr#d1e4707-1-1\">CHAPITRE VI &#8211; Autorit\u00e9s de contr\u00f4le ind\u00e9pendantes<\/a><\/li>\n<li><a href=\"https:\/\/eur-lex.europa.eu\/legal-content\/FR\/TXT\/HTML\/?uri=CELEX:32016R0679&amp;from=fr#d1e4718-1-1\">Section 1 &#8211; Statut d&#8217;ind\u00e9pendance<\/a><\/li>\n<li><a href=\"https:\/\/eur-lex.europa.eu\/legal-content\/FR\/TXT\/HTML\/?uri=CELEX:32016R0679&amp;from=fr#d1e4891-1-1\">Section 2 &#8211; Comp\u00e9tence, missions et pouvoirs<\/a><\/li>\n<li><a href=\"https:\/\/eur-lex.europa.eu\/legal-content\/FR\/TXT\/HTML\/?uri=CELEX:32016R0679&amp;from=fr#d1e5324-1-1\">CHAPITRE VII &#8211; Coop\u00e9ration et coh\u00e9rence<\/a><\/li>\n<li><a href=\"https:\/\/eur-lex.europa.eu\/legal-content\/FR\/TXT\/HTML\/?uri=CELEX:32016R0679&amp;from=fr#d1e5335-1-1\">Section 1 &#8211; Coop\u00e9ration<\/a><\/li>\n<li><a href=\"https:\/\/eur-lex.europa.eu\/legal-content\/FR\/TXT\/HTML\/?uri=CELEX:32016R0679&amp;from=fr#d1e5516-1-1\">Section 2 &#8211; Coh\u00e9rence<\/a><\/li>\n<li><a href=\"https:\/\/eur-lex.europa.eu\/legal-content\/FR\/TXT\/HTML\/?uri=CELEX:32016R0679&amp;from=fr#d1e5720-1-1\">Section 3 &#8211; Comit\u00e9 europ\u00e9en de la protection des donn\u00e9es<\/a><\/li>\n<li><a href=\"https:\/\/eur-lex.europa.eu\/legal-content\/FR\/TXT\/HTML\/?uri=CELEX:32016R0679&amp;from=fr#d1e6154-1-1\">CHAPITRE VIII &#8211; Voies de recours, responsabilit\u00e9 et sanctions<\/a><\/li>\n<li><a href=\"https:\/\/eur-lex.europa.eu\/legal-content\/FR\/TXT\/HTML\/?uri=CELEX:32016R0679&amp;from=fr#d1e6490-1-1\">CHAPITRE IX &#8211; Dispositions relatives \u00e0 des situations particuli\u00e8res de traitement<\/a><\/li>\n<li><a href=\"https:\/\/eur-lex.europa.eu\/legal-content\/FR\/TXT\/HTML\/?uri=CELEX:32016R0679&amp;from=fr#d1e6616-1-1\">CHAPITRE X &#8211; Actes d\u00e9l\u00e9gu\u00e9s et actes d&#8217;ex\u00e9cution<\/a><\/li>\n<li><a href=\"https:\/\/eur-lex.europa.eu\/legal-content\/FR\/TXT\/HTML\/?uri=CELEX:32016R0679&amp;from=fr#d1e6692-1-1\">CHAPITRE XI &#8211; Dispositions finales<\/a><\/li>\n<\/ul>\n<\/nav>\n<\/div><\/div><\/div><\/div><\/div>\n","protected":false},"featured_media":0,"template":"","categories":[141],"tags":[],"class_list":["post-33076","laws","type-laws","status-publish","hentry","category-non-classifiee"],"acf":[],"yoast_head":"<!-- This site is optimized with the Yoast SEO plugin v27.5 - https:\/\/yoast.com\/product\/yoast-seo-wordpress\/ -->\n<title>RGPD (R\u00e8glement G\u00e9n\u00e9ral pour La Protection des Donn\u00e9es) - e2.law<\/title>\n<meta name=\"robots\" content=\"index, follow, max-snippet:-1, max-image-preview:large, max-video-preview:-1\" \/>\n<link rel=\"canonical\" href=\"https:\/\/www.e2.law\/fr\/laws\/gdpr-general-data-protection-regulation\/\" \/>\n<meta property=\"og:locale\" content=\"fr_FR\" \/>\n<meta property=\"og:type\" content=\"article\" \/>\n<meta property=\"og:title\" content=\"RGPD (R\u00e8glement G\u00e9n\u00e9ral pour La Protection des Donn\u00e9es) - e2.law\" \/>\n<meta property=\"og:url\" content=\"https:\/\/www.e2.law\/fr\/laws\/gdpr-general-data-protection-regulation\/\" \/>\n<meta property=\"og:site_name\" content=\"e2.law\" \/>\n<meta property=\"article:modified_time\" content=\"2024-02-27T13:31:53+00:00\" \/>\n<meta name=\"twitter:card\" content=\"summary_large_image\" \/>\n<meta name=\"twitter:label1\" content=\"Dur\u00e9e de lecture estim\u00e9e\" \/>\n\t<meta name=\"twitter:data1\" content=\"2 minutes\" \/>\n<script type=\"application\/ld+json\" class=\"yoast-schema-graph\">{\"@context\":\"https:\\\/\\\/schema.org\",\"@graph\":[{\"@type\":\"WebPage\",\"@id\":\"https:\\\/\\\/www.e2.law\\\/fr\\\/laws\\\/gdpr-general-data-protection-regulation\\\/\",\"url\":\"https:\\\/\\\/www.e2.law\\\/fr\\\/laws\\\/gdpr-general-data-protection-regulation\\\/\",\"name\":\"RGPD (R\u00e8glement G\u00e9n\u00e9ral pour La Protection des Donn\u00e9es) - e2.law\",\"isPartOf\":{\"@id\":\"https:\\\/\\\/www.e2.law\\\/fr\\\/#website\"},\"datePublished\":\"2022-02-27T21:25:48+00:00\",\"dateModified\":\"2024-02-27T13:31:53+00:00\",\"breadcrumb\":{\"@id\":\"https:\\\/\\\/www.e2.law\\\/fr\\\/laws\\\/gdpr-general-data-protection-regulation\\\/#breadcrumb\"},\"inLanguage\":\"fr-FR\",\"potentialAction\":[{\"@type\":\"ReadAction\",\"target\":[\"https:\\\/\\\/www.e2.law\\\/fr\\\/laws\\\/gdpr-general-data-protection-regulation\\\/\"]}]},{\"@type\":\"BreadcrumbList\",\"@id\":\"https:\\\/\\\/www.e2.law\\\/fr\\\/laws\\\/gdpr-general-data-protection-regulation\\\/#breadcrumb\",\"itemListElement\":[{\"@type\":\"ListItem\",\"position\":1,\"name\":\"Home\",\"item\":\"https:\\\/\\\/www.e2.law\\\/fr\\\/home\\\/\"},{\"@type\":\"ListItem\",\"position\":2,\"name\":\"RGPD (R\u00e8glement G\u00e9n\u00e9ral pour La Protection des Donn\u00e9es)\"}]},{\"@type\":\"WebSite\",\"@id\":\"https:\\\/\\\/www.e2.law\\\/fr\\\/#website\",\"url\":\"https:\\\/\\\/www.e2.law\\\/fr\\\/\",\"name\":\"e2.law\",\"description\":\"A Business Law Firm\",\"publisher\":{\"@id\":\"https:\\\/\\\/www.e2.law\\\/fr\\\/#organization\"},\"potentialAction\":[{\"@type\":\"SearchAction\",\"target\":{\"@type\":\"EntryPoint\",\"urlTemplate\":\"https:\\\/\\\/www.e2.law\\\/fr\\\/?s={search_term_string}\"},\"query-input\":{\"@type\":\"PropertyValueSpecification\",\"valueRequired\":true,\"valueName\":\"search_term_string\"}}],\"inLanguage\":\"fr-FR\"},{\"@type\":\"Organization\",\"@id\":\"https:\\\/\\\/www.e2.law\\\/fr\\\/#organization\",\"name\":\"E2.law\",\"url\":\"https:\\\/\\\/www.e2.law\\\/fr\\\/\",\"logo\":{\"@type\":\"ImageObject\",\"inLanguage\":\"fr-FR\",\"@id\":\"https:\\\/\\\/www.e2.law\\\/fr\\\/#\\\/schema\\\/logo\\\/image\\\/\",\"url\":\"https:\\\/\\\/www.e2.law\\\/wp-content\\\/uploads\\\/2018\\\/12\\\/logo-2.png\",\"contentUrl\":\"https:\\\/\\\/www.e2.law\\\/wp-content\\\/uploads\\\/2018\\\/12\\\/logo-2.png\",\"width\":152,\"height\":40,\"caption\":\"E2.law\"},\"image\":{\"@id\":\"https:\\\/\\\/www.e2.law\\\/fr\\\/#\\\/schema\\\/logo\\\/image\\\/\"},\"sameAs\":[\"https:\\\/\\\/www.linkedin.com\\\/company\\\/e2.law\"]}]}<\/script>\n<!-- \/ Yoast SEO plugin. -->","yoast_head_json":{"title":"RGPD (R\u00e8glement G\u00e9n\u00e9ral pour La Protection des Donn\u00e9es) - e2.law","robots":{"index":"index","follow":"follow","max-snippet":"max-snippet:-1","max-image-preview":"max-image-preview:large","max-video-preview":"max-video-preview:-1"},"canonical":"https:\/\/www.e2.law\/fr\/laws\/gdpr-general-data-protection-regulation\/","og_locale":"fr_FR","og_type":"article","og_title":"RGPD (R\u00e8glement G\u00e9n\u00e9ral pour La Protection des Donn\u00e9es) - e2.law","og_url":"https:\/\/www.e2.law\/fr\/laws\/gdpr-general-data-protection-regulation\/","og_site_name":"e2.law","article_modified_time":"2024-02-27T13:31:53+00:00","twitter_card":"summary_large_image","twitter_misc":{"Dur\u00e9e de lecture estim\u00e9e":"2 minutes"},"schema":{"@context":"https:\/\/schema.org","@graph":[{"@type":"WebPage","@id":"https:\/\/www.e2.law\/fr\/laws\/gdpr-general-data-protection-regulation\/","url":"https:\/\/www.e2.law\/fr\/laws\/gdpr-general-data-protection-regulation\/","name":"RGPD (R\u00e8glement G\u00e9n\u00e9ral pour La Protection des Donn\u00e9es) - e2.law","isPartOf":{"@id":"https:\/\/www.e2.law\/fr\/#website"},"datePublished":"2022-02-27T21:25:48+00:00","dateModified":"2024-02-27T13:31:53+00:00","breadcrumb":{"@id":"https:\/\/www.e2.law\/fr\/laws\/gdpr-general-data-protection-regulation\/#breadcrumb"},"inLanguage":"fr-FR","potentialAction":[{"@type":"ReadAction","target":["https:\/\/www.e2.law\/fr\/laws\/gdpr-general-data-protection-regulation\/"]}]},{"@type":"BreadcrumbList","@id":"https:\/\/www.e2.law\/fr\/laws\/gdpr-general-data-protection-regulation\/#breadcrumb","itemListElement":[{"@type":"ListItem","position":1,"name":"Home","item":"https:\/\/www.e2.law\/fr\/home\/"},{"@type":"ListItem","position":2,"name":"RGPD (R\u00e8glement G\u00e9n\u00e9ral pour La Protection des Donn\u00e9es)"}]},{"@type":"WebSite","@id":"https:\/\/www.e2.law\/fr\/#website","url":"https:\/\/www.e2.law\/fr\/","name":"e2.law","description":"A Business Law Firm","publisher":{"@id":"https:\/\/www.e2.law\/fr\/#organization"},"potentialAction":[{"@type":"SearchAction","target":{"@type":"EntryPoint","urlTemplate":"https:\/\/www.e2.law\/fr\/?s={search_term_string}"},"query-input":{"@type":"PropertyValueSpecification","valueRequired":true,"valueName":"search_term_string"}}],"inLanguage":"fr-FR"},{"@type":"Organization","@id":"https:\/\/www.e2.law\/fr\/#organization","name":"E2.law","url":"https:\/\/www.e2.law\/fr\/","logo":{"@type":"ImageObject","inLanguage":"fr-FR","@id":"https:\/\/www.e2.law\/fr\/#\/schema\/logo\/image\/","url":"https:\/\/www.e2.law\/wp-content\/uploads\/2018\/12\/logo-2.png","contentUrl":"https:\/\/www.e2.law\/wp-content\/uploads\/2018\/12\/logo-2.png","width":152,"height":40,"caption":"E2.law"},"image":{"@id":"https:\/\/www.e2.law\/fr\/#\/schema\/logo\/image\/"},"sameAs":["https:\/\/www.linkedin.com\/company\/e2.law"]}]}},"jetpack_sharing_enabled":true,"_links":{"self":[{"href":"https:\/\/www.e2.law\/fr\/wp-json\/wp\/v2\/laws\/33076","targetHints":{"allow":["GET"]}}],"collection":[{"href":"https:\/\/www.e2.law\/fr\/wp-json\/wp\/v2\/laws"}],"about":[{"href":"https:\/\/www.e2.law\/fr\/wp-json\/wp\/v2\/types\/laws"}],"wp:attachment":[{"href":"https:\/\/www.e2.law\/fr\/wp-json\/wp\/v2\/media?parent=33076"}],"wp:term":[{"taxonomy":"category","embeddable":true,"href":"https:\/\/www.e2.law\/fr\/wp-json\/wp\/v2\/categories?post=33076"},{"taxonomy":"post_tag","embeddable":true,"href":"https:\/\/www.e2.law\/fr\/wp-json\/wp\/v2\/tags?post=33076"}],"curies":[{"name":"wp","href":"https:\/\/api.w.org\/{rel}","templated":true}]}}