{"id":43889,"date":"2023-02-13T16:11:30","date_gmt":"2023-02-13T14:11:30","guid":{"rendered":"https:\/\/www.e2.law\/?post_type=laws&#038;p=43889"},"modified":"2024-06-06T08:27:12","modified_gmt":"2024-06-06T06:27:12","slug":"circulaire-2022-c-47-relative-aux-dispositions-instaurant-un-regime-special-dimposition-pour-les-contribuables-impatries-et-les-chercheurs-impatries","status":"publish","type":"laws","link":"https:\/\/www.e2.law\/fr\/laws\/circulaire-2022-c-47-relative-aux-dispositions-instaurant-un-regime-special-dimposition-pour-les-contribuables-impatries-et-les-chercheurs-impatries\/","title":{"rendered":"Circulaire 2022\/C\/47 relative aux dispositions instaurant un r\u00e9gime sp\u00e9cial d\u2019imposition pour les contribuables impatri\u00e9s et les chercheurs impatri\u00e9s"},"content":{"rendered":"<div class=\"fusion-fullwidth fullwidth-box fusion-builder-row-1 fusion-flex-container nonhundred-percent-fullwidth non-hundred-percent-height-scrolling\" style=\"--awb-border-radius-top-left:0px;--awb-border-radius-top-right:0px;--awb-border-radius-bottom-right:0px;--awb-border-radius-bottom-left:0px;--awb-flex-wrap:wrap;\" ><div class=\"fusion-builder-row fusion-row fusion-flex-align-items-flex-start fusion-flex-content-wrap\" style=\"max-width:1144px;margin-left: calc(-4% \/ 2 );margin-right: calc(-4% \/ 2 );\"><div class=\"fusion-layout-column fusion_builder_column fusion-builder-column-0 fusion_builder_column_1_1 1_1 fusion-flex-column\" style=\"--awb-bg-size:cover;--awb-width-large:100%;--awb-margin-top-large:0px;--awb-spacing-right-large:1.92%;--awb-margin-bottom-large:0px;--awb-spacing-left-large:1.92%;--awb-width-medium:100%;--awb-spacing-right-medium:1.92%;--awb-spacing-left-medium:1.92%;--awb-width-small:100%;--awb-spacing-right-small:1.92%;--awb-spacing-left-small:1.92%;\"><div class=\"fusion-column-wrapper fusion-flex-justify-content-flex-start fusion-content-layout-column\"><div class=\"fusion-text fusion-text-1\"><p>Cette circulaire traite de ces nouveaux r\u00e9gimes d&#8217;imposition qui entrent en vigueur au 01.01.2022 et qui sont applicables aux contribuables impatri\u00e9s et aux chercheurs impatri\u00e9s \u00e9ligibles entrant en fonction en Belgique \u00e0 partir du 01.01.2022.<\/p>\n<\/div><div class=\"fusion-text fusion-text-2\"><p>Table des\u00a0mati\u00e8res<\/p>\n<p><a href=\"https:\/\/www.minfin.fgov.be\/myminfin-web\/pages\/public\/fisconet\/document\/b760091c-75c8-45bc-96e2-02a9edfb1056\/2022%252FC%252F47#_I._Introduction\">I. Introduction<\/a><br \/>\n<a href=\"https:\/\/www.minfin.fgov.be\/myminfin-web\/pages\/public\/fisconet\/document\/b760091c-75c8-45bc-96e2-02a9edfb1056\/2022%252FC%252F47#_II._R%c3%a9gime_sp%c3%a9cial\">II. R\u00e9gime sp\u00e9cial d&#8217;imposition pour les contribuables impatri\u00e9s (RSII)<\/a><\/p>\n<p><a href=\"https:\/\/www.minfin.fgov.be\/myminfin-web\/pages\/public\/fisconet\/document\/b760091c-75c8-45bc-96e2-02a9edfb1056\/2022%252FC%252F47#_A._Principe\">A. Principe<\/a><br \/>\n<a href=\"https:\/\/www.minfin.fgov.be\/myminfin-web\/pages\/public\/fisconet\/document\/b760091c-75c8-45bc-96e2-02a9edfb1056\/2022%252FC%252F47#_B._Contribuable_impatri%c3%a9\">B. Contribuable impatri\u00e9<\/a><\/p>\n<p><a href=\"https:\/\/www.minfin.fgov.be\/myminfin-web\/pages\/public\/fisconet\/document\/b760091c-75c8-45bc-96e2-02a9edfb1056\/2022%252FC%252F47#_1._Recrut%c3%a9_directement\">1. Recrut\u00e9 directement \u00e0 l&#8217;\u00e9tranger<\/a><br \/>\n<a href=\"https:\/\/www.minfin.fgov.be\/myminfin-web\/pages\/public\/fisconet\/document\/b760091c-75c8-45bc-96e2-02a9edfb1056\/2022%252FC%252F47#_2._Mise_%c3%a0\">2. Mise \u00e0 disposition au sein d&#8217;un groupe multinational<\/a><\/p>\n<p><a href=\"https:\/\/www.minfin.fgov.be\/myminfin-web\/pages\/public\/fisconet\/document\/b760091c-75c8-45bc-96e2-02a9edfb1056\/2022%252FC%252F47#_C._Conditions\">C. Conditions<\/a><\/p>\n<p><a href=\"https:\/\/www.minfin.fgov.be\/myminfin-web\/pages\/public\/fisconet\/document\/b760091c-75c8-45bc-96e2-02a9edfb1056\/2022%252FC%252F47#_1._G%c3%a9n%c3%a9ralit%c3%a9s\">1. G\u00e9n\u00e9ralit\u00e9s<\/a><br \/>\n<a href=\"https:\/\/www.minfin.fgov.be\/myminfin-web\/pages\/public\/fisconet\/document\/b760091c-75c8-45bc-96e2-02a9edfb1056\/2022%252FC%252F47#_2._Situation_du\">2. Situation du contribuable impatri\u00e9<\/a><\/p>\n<p><a href=\"https:\/\/www.minfin.fgov.be\/myminfin-web\/pages\/public\/fisconet\/document\/b760091c-75c8-45bc-96e2-02a9edfb1056\/2022%252FC%252F47#_2.1._P%c3%a9riode_d_%c3%a9valuation\">2.1. P\u00e9riode d&#8217;\u00e9valuation de 60 mois<\/a><br \/>\n<a href=\"https:\/\/www.minfin.fgov.be\/myminfin-web\/pages\/public\/fisconet\/document\/b760091c-75c8-45bc-96e2-02a9edfb1056\/2022%252FC%252F47#_2.2._Ne_pas\">2.2. Ne pas avoir \u00e9t\u00e9 habitant du royaume<\/a><br \/>\n<a href=\"https:\/\/www.minfin.fgov.be\/myminfin-web\/pages\/public\/fisconet\/document\/b760091c-75c8-45bc-96e2-02a9edfb1056\/2022%252FC%252F47#_2.3._Ne_pas\">2.3. Ne pas avoir r\u00e9sid\u00e9 \u00e0 une distance inf\u00e9rieure \u00e0 150 kilom\u00e8tres de la fronti\u00e8re belge<\/a><br \/>\n<a href=\"https:\/\/www.minfin.fgov.be\/myminfin-web\/pages\/public\/fisconet\/document\/b760091c-75c8-45bc-96e2-02a9edfb1056\/2022%252FC%252F47#_2.4._Ne_pas\">2.4. Ne pas avoir \u00e9t\u00e9 soumis \u00e0 l&#8217;INR\/pp du fait de revenus professionnels en Belgique<\/a><\/p>\n<p><a href=\"https:\/\/www.minfin.fgov.be\/myminfin-web\/pages\/public\/fisconet\/document\/b760091c-75c8-45bc-96e2-02a9edfb1056\/2022%252FC%252F47#_3._Seuil_de\">3. Seuil de r\u00e9mun\u00e9ration<\/a><\/p>\n<p><a href=\"https:\/\/www.minfin.fgov.be\/myminfin-web\/pages\/public\/fisconet\/document\/b760091c-75c8-45bc-96e2-02a9edfb1056\/2022%252FC%252F47#_3.1._G%c3%a9n%c3%a9ralit%c3%a9s\">3.1. G\u00e9n\u00e9ralit\u00e9s<\/a><br \/>\n<a href=\"https:\/\/www.minfin.fgov.be\/myminfin-web\/pages\/public\/fisconet\/document\/b760091c-75c8-45bc-96e2-02a9edfb1056\/2022%252FC%252F47#_3.2._Moment_de\">3.2. Moment de l&#8217;\u00e9valuation<\/a><br \/>\n<a href=\"https:\/\/www.minfin.fgov.be\/myminfin-web\/pages\/public\/fisconet\/document\/b760091c-75c8-45bc-96e2-02a9edfb1056\/2022%252FC%252F47#_3.3._R%c3%a9mun%c3%a9ration_%c3%a0\">3.3. R\u00e9mun\u00e9ration \u00e0 prendre en compte<\/a><br \/>\n<a href=\"https:\/\/www.minfin.fgov.be\/myminfin-web\/pages\/public\/fisconet\/document\/b760091c-75c8-45bc-96e2-02a9edfb1056\/2022%252FC%252F47#_3.4._Prorata_du\">3.4. Prorata du seuil de r\u00e9mun\u00e9ration<\/a><br \/>\n<a href=\"https:\/\/www.minfin.fgov.be\/myminfin-web\/pages\/public\/fisconet\/document\/b760091c-75c8-45bc-96e2-02a9edfb1056\/2022%252FC%252F47#_3.5._Indexation_du\">3.5. Indexation du seuil de r\u00e9mun\u00e9ration<\/a><\/p>\n<p><a href=\"https:\/\/www.minfin.fgov.be\/myminfin-web\/pages\/public\/fisconet\/document\/b760091c-75c8-45bc-96e2-02a9edfb1056\/2022%252FC%252F47#_4._Accord_de\">4. Accord de l&#8217;administration<\/a><\/p>\n<p><a href=\"https:\/\/www.minfin.fgov.be\/myminfin-web\/pages\/public\/fisconet\/document\/b760091c-75c8-45bc-96e2-02a9edfb1056\/2022%252FC%252F47#_D._D%c3%a9penses_propres\">D. D\u00e9penses propres \u00e0 l&#8217;employeur<\/a><\/p>\n<p><a href=\"https:\/\/www.minfin.fgov.be\/myminfin-web\/pages\/public\/fisconet\/document\/b760091c-75c8-45bc-96e2-02a9edfb1056\/2022%252FC%252F47#_1._G%c3%a9n%c3%a9ralit%c3%a9s_1\">1. G\u00e9n\u00e9ralit\u00e9s<\/a><br \/>\n<a href=\"https:\/\/www.minfin.fgov.be\/myminfin-web\/pages\/public\/fisconet\/document\/b760091c-75c8-45bc-96e2-02a9edfb1056\/2022%252FC%252F47#_2._D%c3%a9penses_r%c3%a9p%c3%a9titives\">2. D\u00e9penses r\u00e9p\u00e9titives<\/a><\/p>\n<p><a href=\"https:\/\/www.minfin.fgov.be\/myminfin-web\/pages\/public\/fisconet\/document\/b760091c-75c8-45bc-96e2-02a9edfb1056\/2022%252FC%252F47#_2.1._G%c3%a9n%c3%a9ralit%c3%a9s\">2.1. G\u00e9n\u00e9ralit\u00e9s<\/a><br \/>\n<a href=\"https:\/\/www.minfin.fgov.be\/myminfin-web\/pages\/public\/fisconet\/document\/b760091c-75c8-45bc-96e2-02a9edfb1056\/2022%252FC%252F47#_2.2._D%c3%a9penses_vis%c3%a9es\">2.2. D\u00e9penses vis\u00e9es<\/a><br \/>\n<a href=\"https:\/\/www.minfin.fgov.be\/myminfin-web\/pages\/public\/fisconet\/document\/b760091c-75c8-45bc-96e2-02a9edfb1056\/2022%252FC%252F47#_2.3._Limites\">2.3. Limites<\/a><\/p>\n<p><a href=\"https:\/\/www.minfin.fgov.be\/myminfin-web\/pages\/public\/fisconet\/document\/b760091c-75c8-45bc-96e2-02a9edfb1056\/2022%252FC%252F47#_3._Autres_d%c3%a9penses\">3. Autres d\u00e9penses r\u00e9sultant directement de l&#8217;emploi en Belgique<\/a><\/p>\n<p><a href=\"https:\/\/www.minfin.fgov.be\/myminfin-web\/pages\/public\/fisconet\/document\/b760091c-75c8-45bc-96e2-02a9edfb1056\/2022%252FC%252F47#_3.1._G%c3%a9n%c3%a9ralit%c3%a9s_1\">3.1. G\u00e9n\u00e9ralit\u00e9s<\/a><br \/>\n<a href=\"https:\/\/www.minfin.fgov.be\/myminfin-web\/pages\/public\/fisconet\/document\/b760091c-75c8-45bc-96e2-02a9edfb1056\/2022%252FC%252F47#_3.2._D%c3%a9penses_li%c3%a9es\">3.2. D\u00e9penses li\u00e9es au d\u00e9m\u00e9nagement en Belgique<\/a><br \/>\n<a href=\"https:\/\/www.minfin.fgov.be\/myminfin-web\/pages\/public\/fisconet\/document\/b760091c-75c8-45bc-96e2-02a9edfb1056\/2022%252FC%252F47#_3.3._Les_d%c3%a9penses\">3.3. Les d\u00e9penses relatives \u00e0 l&#8217;ameublement de l&#8217;habitation<\/a><br \/>\n<a href=\"https:\/\/www.minfin.fgov.be\/myminfin-web\/pages\/public\/fisconet\/document\/b760091c-75c8-45bc-96e2-02a9edfb1056\/2022%252FC%252F47#_3.4._Frais_de\">3.4. Frais de minerval scolaire pour les enfants<\/a><br \/>\n<a href=\"https:\/\/www.minfin.fgov.be\/myminfin-web\/pages\/public\/fisconet\/document\/b760091c-75c8-45bc-96e2-02a9edfb1056\/2022%252FC%252F47#_3.5._Preuve\">3.5. Preuve<\/a><\/p>\n<p><a href=\"https:\/\/www.minfin.fgov.be\/myminfin-web\/pages\/public\/fisconet\/document\/b760091c-75c8-45bc-96e2-02a9edfb1056\/2022%252FC%252F47#_4._D%c3%a9penses_propres\">4. D\u00e9penses propres \u00e0 l&#8217;employeur qui ne r\u00e9sultent pas de l&#8217;occupation en Belgique<\/a><\/p>\n<p><a href=\"https:\/\/www.minfin.fgov.be\/myminfin-web\/pages\/public\/fisconet\/document\/b760091c-75c8-45bc-96e2-02a9edfb1056\/2022%252FC%252F47#_E._Dur%c3%a9e_du\">E. Dur\u00e9e du RSII<\/a><br \/>\n<a href=\"https:\/\/www.minfin.fgov.be\/myminfin-web\/pages\/public\/fisconet\/document\/b760091c-75c8-45bc-96e2-02a9edfb1056\/2022%252FC%252F47#_F._Demande_du\">F. Demande du RSII<\/a><\/p>\n<p><a href=\"https:\/\/www.minfin.fgov.be\/myminfin-web\/pages\/public\/fisconet\/document\/b760091c-75c8-45bc-96e2-02a9edfb1056\/2022%252FC%252F47#_1._Nouvelle_demande\">1. Nouvelle demande du RSII<\/a><br \/>\n<a href=\"https:\/\/www.minfin.fgov.be\/myminfin-web\/pages\/public\/fisconet\/document\/b760091c-75c8-45bc-96e2-02a9edfb1056\/2022%252FC%252F47#_2._Demande_de\">2. Demande de prolongation du RSII<\/a><br \/>\n<a href=\"https:\/\/www.minfin.fgov.be\/myminfin-web\/pages\/public\/fisconet\/document\/b760091c-75c8-45bc-96e2-02a9edfb1056\/2022%252FC%252F47#_3._Annexes_%c3%a0\">3. Annexes \u00e0 joindre \u00e0 la demande de RSII<\/a><br \/>\n<a href=\"https:\/\/www.minfin.fgov.be\/myminfin-web\/pages\/public\/fisconet\/document\/b760091c-75c8-45bc-96e2-02a9edfb1056\/2022%252FC%252F47#_4._D%c3%a9cision_de\">4. D\u00e9cision de l&#8217;administration<\/a><\/p>\n<p><a href=\"https:\/\/www.minfin.fgov.be\/myminfin-web\/pages\/public\/fisconet\/document\/b760091c-75c8-45bc-96e2-02a9edfb1056\/2022%252FC%252F47#_G._Liste_nominative\">G. Liste nominative<\/a><br \/>\n<a href=\"https:\/\/www.minfin.fgov.be\/myminfin-web\/pages\/public\/fisconet\/document\/b760091c-75c8-45bc-96e2-02a9edfb1056\/2022%252FC%252F47#_H._Changement_d_employeur\">H. Changement d&#8217;employeur ou de soci\u00e9t\u00e9<\/a><br \/>\n<a href=\"https:\/\/www.minfin.fgov.be\/myminfin-web\/pages\/public\/fisconet\/document\/b760091c-75c8-45bc-96e2-02a9edfb1056\/2022%252FC%252F47#_I._RSII_pour\">I.\u00a0\u00a0RSII pour les non-habitants du royaume<\/a><br \/>\n<a href=\"https:\/\/www.minfin.fgov.be\/myminfin-web\/pages\/public\/fisconet\/document\/b760091c-75c8-45bc-96e2-02a9edfb1056\/2022%252FC%252F47#_J._Fin_du\">J.\u00a0\u00a0Fin du RSII<\/a><br \/>\n<a href=\"https:\/\/www.minfin.fgov.be\/myminfin-web\/pages\/public\/fisconet\/document\/b760091c-75c8-45bc-96e2-02a9edfb1056\/2022%252FC%252F47#_K._Entr%c3%a9e_en\">K. Entr\u00e9e en vigueur<\/a><br \/>\n<a href=\"https:\/\/www.minfin.fgov.be\/myminfin-web\/pages\/public\/fisconet\/document\/b760091c-75c8-45bc-96e2-02a9edfb1056\/2022%252FC%252F47#_L._Option_pour\">L.\u00a0\u00a0Option pour le RSII<\/a><\/p>\n<p><a href=\"https:\/\/www.minfin.fgov.be\/myminfin-web\/pages\/public\/fisconet\/document\/b760091c-75c8-45bc-96e2-02a9edfb1056\/2022%252FC%252F47#_1._Conditions\">1. Conditions<\/a><br \/>\n<a href=\"https:\/\/www.minfin.fgov.be\/myminfin-web\/pages\/public\/fisconet\/document\/b760091c-75c8-45bc-96e2-02a9edfb1056\/2022%252FC%252F47#_2._Proc%c3%a9dure\">2. Proc\u00e9dure<\/a><\/p>\n<p><a href=\"https:\/\/www.minfin.fgov.be\/myminfin-web\/pages\/public\/fisconet\/document\/b760091c-75c8-45bc-96e2-02a9edfb1056\/2022%252FC%252F47#_III._R%c3%a9gime_sp%c3%a9cial\">III. R\u00e9gime sp\u00e9cial d&#8217;imposition pour les chercheurs impatri\u00e9s (RSICI)<\/a><\/p>\n<p><a href=\"https:\/\/www.minfin.fgov.be\/myminfin-web\/pages\/public\/fisconet\/document\/b760091c-75c8-45bc-96e2-02a9edfb1056\/2022%252FC%252F47#_A._Principe_1\">A. Principe<\/a><br \/>\n<a href=\"https:\/\/www.minfin.fgov.be\/myminfin-web\/pages\/public\/fisconet\/document\/b760091c-75c8-45bc-96e2-02a9edfb1056\/2022%252FC%252F47#_B._Chercheur\">B. Chercheur<\/a><br \/>\n<a href=\"https:\/\/www.minfin.fgov.be\/myminfin-web\/pages\/public\/fisconet\/document\/b760091c-75c8-45bc-96e2-02a9edfb1056\/2022%252FC%252F47#_C._Chercheur_impatri%c3%a9\">C. Chercheur impatri\u00e9<\/a><\/p>\n<p><a href=\"https:\/\/www.minfin.fgov.be\/myminfin-web\/pages\/public\/fisconet\/document\/b760091c-75c8-45bc-96e2-02a9edfb1056\/2022%252FC%252F47#_1._Recrutement_direct\">1. Recrutement direct \u00e0 l&#8217;\u00e9tranger<\/a><br \/>\n<a href=\"https:\/\/www.minfin.fgov.be\/myminfin-web\/pages\/public\/fisconet\/document\/b760091c-75c8-45bc-96e2-02a9edfb1056\/2022%252FC%252F47#_2._Mise_%c3%a0_1\">2. Mise \u00e0 disposition au sein d&#8217;un groupe multinational<\/a><\/p>\n<p><a href=\"https:\/\/www.minfin.fgov.be\/myminfin-web\/pages\/public\/fisconet\/document\/b760091c-75c8-45bc-96e2-02a9edfb1056\/2022%252FC%252F47#_D._Conditions\">D. Conditions<\/a><\/p>\n<p><a href=\"https:\/\/www.minfin.fgov.be\/myminfin-web\/pages\/public\/fisconet\/document\/b760091c-75c8-45bc-96e2-02a9edfb1056\/2022%252FC%252F47#_1._G%c3%a9n%c3%a9ralit%c3%a9s_2\">1. G\u00e9n\u00e9ralit\u00e9s<\/a><br \/>\n<a href=\"https:\/\/www.minfin.fgov.be\/myminfin-web\/pages\/public\/fisconet\/document\/b760091c-75c8-45bc-96e2-02a9edfb1056\/2022%252FC%252F47#_2._Situation_du_1\">2. Situation du chercheur impatri\u00e9<\/a><\/p>\n<p><a href=\"https:\/\/www.minfin.fgov.be\/myminfin-web\/pages\/public\/fisconet\/document\/b760091c-75c8-45bc-96e2-02a9edfb1056\/2022%252FC%252F47#_2.1._P%c3%a9riode_d_%c3%a9valuation_1\">2.1. P\u00e9riode d&#8217;\u00e9valuation de 60 mois<\/a><br \/>\n<a href=\"https:\/\/www.minfin.fgov.be\/myminfin-web\/pages\/public\/fisconet\/document\/b760091c-75c8-45bc-96e2-02a9edfb1056\/2022%252FC%252F47#_2.2._Ne_pas_1\">2.2. Ne pas avoir \u00e9t\u00e9 habitant du royaume<\/a><br \/>\n<a href=\"https:\/\/www.minfin.fgov.be\/myminfin-web\/pages\/public\/fisconet\/document\/b760091c-75c8-45bc-96e2-02a9edfb1056\/2022%252FC%252F47#_2.3._Ne_pas_1\">2.3. Ne pas avoir habit\u00e9 \u00e0 une distance inf\u00e9rieure \u00e0 150\u00a0kilom\u00e8tres de la fronti\u00e8re belge<\/a><br \/>\n<a href=\"https:\/\/www.minfin.fgov.be\/myminfin-web\/pages\/public\/fisconet\/document\/b760091c-75c8-45bc-96e2-02a9edfb1056\/2022%252FC%252F47#_2.4._Ne_pas_1\">2.4. Ne pas avoir \u00e9t\u00e9 soumis \u00e0 l&#8217;INR\/pp du fait de revenus professionnels en Belgique<\/a><\/p>\n<p><a href=\"https:\/\/www.minfin.fgov.be\/myminfin-web\/pages\/public\/fisconet\/document\/b760091c-75c8-45bc-96e2-02a9edfb1056\/2022%252FC%252F47#_3._Accord_de\">3. Accord de l&#8217;administration<\/a><\/p>\n<p><a href=\"https:\/\/www.minfin.fgov.be\/myminfin-web\/pages\/public\/fisconet\/document\/b760091c-75c8-45bc-96e2-02a9edfb1056\/2022%252FC%252F47#_E._D%c3%a9penses_propres\">E. D\u00e9penses propres \u00e0 l&#8217;employeur<\/a><\/p>\n<p><a href=\"https:\/\/www.minfin.fgov.be\/myminfin-web\/pages\/public\/fisconet\/document\/b760091c-75c8-45bc-96e2-02a9edfb1056\/2022%252FC%252F47#_1._G%c3%a9n%c3%a9ralit%c3%a9s_3\">1. G\u00e9n\u00e9ralit\u00e9s<\/a><br \/>\n<a href=\"https:\/\/www.minfin.fgov.be\/myminfin-web\/pages\/public\/fisconet\/document\/b760091c-75c8-45bc-96e2-02a9edfb1056\/2022%252FC%252F47#_2._D%c3%a9penses_r%c3%a9p%c3%a9titives_1\">2. D\u00e9penses r\u00e9p\u00e9titives<\/a><\/p>\n<p><a href=\"https:\/\/www.minfin.fgov.be\/myminfin-web\/pages\/public\/fisconet\/document\/b760091c-75c8-45bc-96e2-02a9edfb1056\/2022%252FC%252F47#_2.1._G%c3%a9n%c3%a9ralit%c3%a9s_1\">2.1. G\u00e9n\u00e9ralit\u00e9s<\/a><br \/>\n<a href=\"https:\/\/www.minfin.fgov.be\/myminfin-web\/pages\/public\/fisconet\/document\/b760091c-75c8-45bc-96e2-02a9edfb1056\/2022%252FC%252F47#_2.2._D%c3%a9penses_vis%c3%a9es_1\">2.2. D\u00e9penses vis\u00e9es<\/a><br \/>\n<a href=\"https:\/\/www.minfin.fgov.be\/myminfin-web\/pages\/public\/fisconet\/document\/b760091c-75c8-45bc-96e2-02a9edfb1056\/2022%252FC%252F47#_2.3._Limite\">2.3. Limite<\/a><\/p>\n<p><a href=\"https:\/\/www.minfin.fgov.be\/myminfin-web\/pages\/public\/fisconet\/document\/b760091c-75c8-45bc-96e2-02a9edfb1056\/2022%252FC%252F47#_3._Autres_d%c3%a9penses_1\">3. Autres d\u00e9penses r\u00e9sultant directement de l&#8217;emploi en Belgique<\/a><\/p>\n<p><a href=\"https:\/\/www.minfin.fgov.be\/myminfin-web\/pages\/public\/fisconet\/document\/b760091c-75c8-45bc-96e2-02a9edfb1056\/2022%252FC%252F47#_3.1._G%c3%a9n%c3%a9ralit%c3%a9s_2\">3.1. G\u00e9n\u00e9ralit\u00e9s<\/a><br \/>\n<a href=\"https:\/\/www.minfin.fgov.be\/myminfin-web\/pages\/public\/fisconet\/document\/b760091c-75c8-45bc-96e2-02a9edfb1056\/2022%252FC%252F47#_3.2._D%c3%a9penses_li%c3%a9es_1\">3.2. D\u00e9penses li\u00e9es au d\u00e9m\u00e9nagement en Belgique<\/a><br \/>\n<a href=\"https:\/\/www.minfin.fgov.be\/myminfin-web\/pages\/public\/fisconet\/document\/b760091c-75c8-45bc-96e2-02a9edfb1056\/2022%252FC%252F47#_3.3._D%c3%a9penses_relatives\">3.3. D\u00e9penses relatives \u00e0 l&#8217;ameublement de l&#8217;habitation<\/a><br \/>\n<a href=\"https:\/\/www.minfin.fgov.be\/myminfin-web\/pages\/public\/fisconet\/document\/b760091c-75c8-45bc-96e2-02a9edfb1056\/2022%252FC%252F47#_3.4._Frais_de_1\">3.4. Frais de minerval scolaire pour les enfants<\/a><br \/>\n<a href=\"https:\/\/www.minfin.fgov.be\/myminfin-web\/pages\/public\/fisconet\/document\/b760091c-75c8-45bc-96e2-02a9edfb1056\/2022%252FC%252F47#_3.5._Preuve_1\">3.5. Preuve<\/a><\/p>\n<p><a href=\"https:\/\/www.minfin.fgov.be\/myminfin-web\/pages\/public\/fisconet\/document\/b760091c-75c8-45bc-96e2-02a9edfb1056\/2022%252FC%252F47#_4._D%c3%a9penses_propres_1\">4. D\u00e9penses propres \u00e0 l&#8217;employeur qui ne r\u00e9sultent pas de l&#8217;occupation en Belgique<\/a><\/p>\n<p><a href=\"https:\/\/www.minfin.fgov.be\/myminfin-web\/pages\/public\/fisconet\/document\/b760091c-75c8-45bc-96e2-02a9edfb1056\/2022%252FC%252F47#_F._Dur%c3%a9e_du\">F. Dur\u00e9e du RSICI<\/a><br \/>\n<a href=\"https:\/\/www.minfin.fgov.be\/myminfin-web\/pages\/public\/fisconet\/document\/b760091c-75c8-45bc-96e2-02a9edfb1056\/2022%252FC%252F47#_G._Demande_du\">G. Demande du RSICI<\/a><\/p>\n<p><a href=\"https:\/\/www.minfin.fgov.be\/myminfin-web\/pages\/public\/fisconet\/document\/b760091c-75c8-45bc-96e2-02a9edfb1056\/2022%252FC%252F47#_1._Nouvelle_demande_1\">1. Nouvelle demande du RSICI<\/a><br \/>\n<a href=\"https:\/\/www.minfin.fgov.be\/myminfin-web\/pages\/public\/fisconet\/document\/b760091c-75c8-45bc-96e2-02a9edfb1056\/2022%252FC%252F47#_2._Demande_de_1\">2. Demande de prolongation du RSICI<\/a><br \/>\n<a href=\"https:\/\/www.minfin.fgov.be\/myminfin-web\/pages\/public\/fisconet\/document\/b760091c-75c8-45bc-96e2-02a9edfb1056\/2022%252FC%252F47#_3._Annexes_%c3%a0_1\">3. Annexes \u00e0 joindre \u00e0 la demande de RSICI<\/a><br \/>\n<a href=\"https:\/\/www.minfin.fgov.be\/myminfin-web\/pages\/public\/fisconet\/document\/b760091c-75c8-45bc-96e2-02a9edfb1056\/2022%252FC%252F47#_4._D%c3%a9cision_de_1\">4. D\u00e9cision de l&#8217;administration<\/a><\/p>\n<p><a href=\"https:\/\/www.minfin.fgov.be\/myminfin-web\/pages\/public\/fisconet\/document\/b760091c-75c8-45bc-96e2-02a9edfb1056\/2022%252FC%252F47#_H._Liste_nominative\">H. Liste nominative<\/a><br \/>\n<a href=\"https:\/\/www.minfin.fgov.be\/myminfin-web\/pages\/public\/fisconet\/document\/b760091c-75c8-45bc-96e2-02a9edfb1056\/2022%252FC%252F47#_I._Changement_d_employeur\">I.\u00a0\u00a0Changement d&#8217;employeur<\/a><br \/>\n<a href=\"https:\/\/www.minfin.fgov.be\/myminfin-web\/pages\/public\/fisconet\/document\/b760091c-75c8-45bc-96e2-02a9edfb1056\/2022%252FC%252F47#_J._Le_RSICI\">J.\u00a0\u00a0Le RSICI pour les non-habitants du royaume<\/a><br \/>\n<a href=\"https:\/\/www.minfin.fgov.be\/myminfin-web\/pages\/public\/fisconet\/document\/b760091c-75c8-45bc-96e2-02a9edfb1056\/2022%252FC%252F47#_K._Fin_du\">K. Fin du r\u00e9gime<\/a><br \/>\n<a href=\"https:\/\/www.minfin.fgov.be\/myminfin-web\/pages\/public\/fisconet\/document\/b760091c-75c8-45bc-96e2-02a9edfb1056\/2022%252FC%252F47#_L._Entr%c3%a9e_en\">L. Entr\u00e9e en vigueur<\/a><br \/>\n<a href=\"https:\/\/www.minfin.fgov.be\/myminfin-web\/pages\/public\/fisconet\/document\/b760091c-75c8-45bc-96e2-02a9edfb1056\/2022%252FC%252F47#_M._Option_pour\">M. Option pour le RSICI<\/a><\/p>\n<p><a href=\"https:\/\/www.minfin.fgov.be\/myminfin-web\/pages\/public\/fisconet\/document\/b760091c-75c8-45bc-96e2-02a9edfb1056\/2022%252FC%252F47#_1._Conditions_1\">1. Conditions<\/a><br \/>\n<a href=\"https:\/\/www.minfin.fgov.be\/myminfin-web\/pages\/public\/fisconet\/document\/b760091c-75c8-45bc-96e2-02a9edfb1056\/2022%252FC%252F47#_2._Proc%c3%a9dure_1\">2. Proc\u00e9dure<\/a><\/p>\n<p><a href=\"https:\/\/www.minfin.fgov.be\/myminfin-web\/pages\/public\/fisconet\/document\/b760091c-75c8-45bc-96e2-02a9edfb1056\/2022%252FC%252F47#_IV._L%c3%a9gislation\">IV. L\u00e9gislation<\/a><br \/>\n<a href=\"https:\/\/www.minfin.fgov.be\/myminfin-web\/pages\/public\/fisconet\/document\/b760091c-75c8-45bc-96e2-02a9edfb1056\/2022%252FC%252F47#_V._Loi-programme_du\">V. Loi-programme du 27.12.2021 relative aux dispositions instaurant un r\u00e9gime sp\u00e9cial d&#8217;imposition pour les contribuables impatri\u00e9s et les chercheurs impatri\u00e9s<\/a><\/p>\n<\/div><\/div><\/div><\/div><\/div>\n","protected":false},"featured_media":0,"template":"","categories":[],"tags":[],"class_list":["post-43889","laws","type-laws","status-publish","hentry"],"acf":[],"yoast_head":"<!-- This site is optimized with the Yoast SEO plugin v27.5 - https:\/\/yoast.com\/product\/yoast-seo-wordpress\/ -->\n<title>Circulaire 2022\/C\/47 relative aux dispositions instaurant un r\u00e9gime sp\u00e9cial d\u2019imposition pour les contribuables impatri\u00e9s et les chercheurs impatri\u00e9s - e2.law<\/title>\n<meta name=\"robots\" content=\"index, follow, max-snippet:-1, max-image-preview:large, max-video-preview:-1\" \/>\n<link rel=\"canonical\" href=\"https:\/\/www.e2.law\/fr\/laws\/circulaire-2022-c-47-relative-aux-dispositions-instaurant-un-regime-special-dimposition-pour-les-contribuables-impatries-et-les-chercheurs-impatries\/\" \/>\n<meta property=\"og:locale\" content=\"fr_FR\" \/>\n<meta property=\"og:type\" content=\"article\" \/>\n<meta property=\"og:title\" content=\"Circulaire 2022\/C\/47 relative aux dispositions instaurant un r\u00e9gime sp\u00e9cial d\u2019imposition pour les contribuables impatri\u00e9s et les chercheurs impatri\u00e9s - e2.law\" \/>\n<meta property=\"og:url\" content=\"https:\/\/www.e2.law\/fr\/laws\/circulaire-2022-c-47-relative-aux-dispositions-instaurant-un-regime-special-dimposition-pour-les-contribuables-impatries-et-les-chercheurs-impatries\/\" \/>\n<meta property=\"og:site_name\" content=\"e2.law\" \/>\n<meta property=\"article:modified_time\" content=\"2024-06-06T06:27:12+00:00\" \/>\n<meta name=\"twitter:card\" content=\"summary_large_image\" \/>\n<meta name=\"twitter:label1\" content=\"Dur\u00e9e de lecture estim\u00e9e\" \/>\n\t<meta name=\"twitter:data1\" content=\"3 minutes\" \/>\n<script type=\"application\/ld+json\" class=\"yoast-schema-graph\">{\"@context\":\"https:\\\/\\\/schema.org\",\"@graph\":[{\"@type\":\"WebPage\",\"@id\":\"https:\\\/\\\/www.e2.law\\\/fr\\\/laws\\\/circulaire-2022-c-47-relative-aux-dispositions-instaurant-un-regime-special-dimposition-pour-les-contribuables-impatries-et-les-chercheurs-impatries\\\/\",\"url\":\"https:\\\/\\\/www.e2.law\\\/fr\\\/laws\\\/circulaire-2022-c-47-relative-aux-dispositions-instaurant-un-regime-special-dimposition-pour-les-contribuables-impatries-et-les-chercheurs-impatries\\\/\",\"name\":\"Circulaire 2022\\\/C\\\/47 relative aux dispositions instaurant un r\u00e9gime sp\u00e9cial d\u2019imposition pour les contribuables impatri\u00e9s et les chercheurs impatri\u00e9s - e2.law\",\"isPartOf\":{\"@id\":\"https:\\\/\\\/www.e2.law\\\/fr\\\/#website\"},\"datePublished\":\"2023-02-13T14:11:30+00:00\",\"dateModified\":\"2024-06-06T06:27:12+00:00\",\"breadcrumb\":{\"@id\":\"https:\\\/\\\/www.e2.law\\\/fr\\\/laws\\\/circulaire-2022-c-47-relative-aux-dispositions-instaurant-un-regime-special-dimposition-pour-les-contribuables-impatries-et-les-chercheurs-impatries\\\/#breadcrumb\"},\"inLanguage\":\"fr-FR\",\"potentialAction\":[{\"@type\":\"ReadAction\",\"target\":[\"https:\\\/\\\/www.e2.law\\\/fr\\\/laws\\\/circulaire-2022-c-47-relative-aux-dispositions-instaurant-un-regime-special-dimposition-pour-les-contribuables-impatries-et-les-chercheurs-impatries\\\/\"]}]},{\"@type\":\"BreadcrumbList\",\"@id\":\"https:\\\/\\\/www.e2.law\\\/fr\\\/laws\\\/circulaire-2022-c-47-relative-aux-dispositions-instaurant-un-regime-special-dimposition-pour-les-contribuables-impatries-et-les-chercheurs-impatries\\\/#breadcrumb\",\"itemListElement\":[{\"@type\":\"ListItem\",\"position\":1,\"name\":\"Home\",\"item\":\"https:\\\/\\\/www.e2.law\\\/fr\\\/home\\\/\"},{\"@type\":\"ListItem\",\"position\":2,\"name\":\"Circulaire 2022\\\/C\\\/47 relative aux dispositions instaurant un r\u00e9gime sp\u00e9cial d\u2019imposition pour les contribuables impatri\u00e9s et les chercheurs impatri\u00e9s\"}]},{\"@type\":\"WebSite\",\"@id\":\"https:\\\/\\\/www.e2.law\\\/fr\\\/#website\",\"url\":\"https:\\\/\\\/www.e2.law\\\/fr\\\/\",\"name\":\"e2.law\",\"description\":\"A Business Law Firm\",\"publisher\":{\"@id\":\"https:\\\/\\\/www.e2.law\\\/fr\\\/#organization\"},\"potentialAction\":[{\"@type\":\"SearchAction\",\"target\":{\"@type\":\"EntryPoint\",\"urlTemplate\":\"https:\\\/\\\/www.e2.law\\\/fr\\\/?s={search_term_string}\"},\"query-input\":{\"@type\":\"PropertyValueSpecification\",\"valueRequired\":true,\"valueName\":\"search_term_string\"}}],\"inLanguage\":\"fr-FR\"},{\"@type\":\"Organization\",\"@id\":\"https:\\\/\\\/www.e2.law\\\/fr\\\/#organization\",\"name\":\"E2.law\",\"url\":\"https:\\\/\\\/www.e2.law\\\/fr\\\/\",\"logo\":{\"@type\":\"ImageObject\",\"inLanguage\":\"fr-FR\",\"@id\":\"https:\\\/\\\/www.e2.law\\\/fr\\\/#\\\/schema\\\/logo\\\/image\\\/\",\"url\":\"https:\\\/\\\/www.e2.law\\\/wp-content\\\/uploads\\\/2018\\\/12\\\/logo-2.png\",\"contentUrl\":\"https:\\\/\\\/www.e2.law\\\/wp-content\\\/uploads\\\/2018\\\/12\\\/logo-2.png\",\"width\":152,\"height\":40,\"caption\":\"E2.law\"},\"image\":{\"@id\":\"https:\\\/\\\/www.e2.law\\\/fr\\\/#\\\/schema\\\/logo\\\/image\\\/\"},\"sameAs\":[\"https:\\\/\\\/www.linkedin.com\\\/company\\\/e2.law\"]}]}<\/script>\n<!-- \/ Yoast SEO plugin. -->","yoast_head_json":{"title":"Circulaire 2022\/C\/47 relative aux dispositions instaurant un r\u00e9gime sp\u00e9cial d\u2019imposition pour les contribuables impatri\u00e9s et les chercheurs impatri\u00e9s - e2.law","robots":{"index":"index","follow":"follow","max-snippet":"max-snippet:-1","max-image-preview":"max-image-preview:large","max-video-preview":"max-video-preview:-1"},"canonical":"https:\/\/www.e2.law\/fr\/laws\/circulaire-2022-c-47-relative-aux-dispositions-instaurant-un-regime-special-dimposition-pour-les-contribuables-impatries-et-les-chercheurs-impatries\/","og_locale":"fr_FR","og_type":"article","og_title":"Circulaire 2022\/C\/47 relative aux dispositions instaurant un r\u00e9gime sp\u00e9cial d\u2019imposition pour les contribuables impatri\u00e9s et les chercheurs impatri\u00e9s - e2.law","og_url":"https:\/\/www.e2.law\/fr\/laws\/circulaire-2022-c-47-relative-aux-dispositions-instaurant-un-regime-special-dimposition-pour-les-contribuables-impatries-et-les-chercheurs-impatries\/","og_site_name":"e2.law","article_modified_time":"2024-06-06T06:27:12+00:00","twitter_card":"summary_large_image","twitter_misc":{"Dur\u00e9e de lecture estim\u00e9e":"3 minutes"},"schema":{"@context":"https:\/\/schema.org","@graph":[{"@type":"WebPage","@id":"https:\/\/www.e2.law\/fr\/laws\/circulaire-2022-c-47-relative-aux-dispositions-instaurant-un-regime-special-dimposition-pour-les-contribuables-impatries-et-les-chercheurs-impatries\/","url":"https:\/\/www.e2.law\/fr\/laws\/circulaire-2022-c-47-relative-aux-dispositions-instaurant-un-regime-special-dimposition-pour-les-contribuables-impatries-et-les-chercheurs-impatries\/","name":"Circulaire 2022\/C\/47 relative aux dispositions instaurant un r\u00e9gime sp\u00e9cial d\u2019imposition pour les contribuables impatri\u00e9s et les chercheurs impatri\u00e9s - e2.law","isPartOf":{"@id":"https:\/\/www.e2.law\/fr\/#website"},"datePublished":"2023-02-13T14:11:30+00:00","dateModified":"2024-06-06T06:27:12+00:00","breadcrumb":{"@id":"https:\/\/www.e2.law\/fr\/laws\/circulaire-2022-c-47-relative-aux-dispositions-instaurant-un-regime-special-dimposition-pour-les-contribuables-impatries-et-les-chercheurs-impatries\/#breadcrumb"},"inLanguage":"fr-FR","potentialAction":[{"@type":"ReadAction","target":["https:\/\/www.e2.law\/fr\/laws\/circulaire-2022-c-47-relative-aux-dispositions-instaurant-un-regime-special-dimposition-pour-les-contribuables-impatries-et-les-chercheurs-impatries\/"]}]},{"@type":"BreadcrumbList","@id":"https:\/\/www.e2.law\/fr\/laws\/circulaire-2022-c-47-relative-aux-dispositions-instaurant-un-regime-special-dimposition-pour-les-contribuables-impatries-et-les-chercheurs-impatries\/#breadcrumb","itemListElement":[{"@type":"ListItem","position":1,"name":"Home","item":"https:\/\/www.e2.law\/fr\/home\/"},{"@type":"ListItem","position":2,"name":"Circulaire 2022\/C\/47 relative aux dispositions instaurant un r\u00e9gime sp\u00e9cial d\u2019imposition pour les contribuables impatri\u00e9s et les chercheurs impatri\u00e9s"}]},{"@type":"WebSite","@id":"https:\/\/www.e2.law\/fr\/#website","url":"https:\/\/www.e2.law\/fr\/","name":"e2.law","description":"A Business Law Firm","publisher":{"@id":"https:\/\/www.e2.law\/fr\/#organization"},"potentialAction":[{"@type":"SearchAction","target":{"@type":"EntryPoint","urlTemplate":"https:\/\/www.e2.law\/fr\/?s={search_term_string}"},"query-input":{"@type":"PropertyValueSpecification","valueRequired":true,"valueName":"search_term_string"}}],"inLanguage":"fr-FR"},{"@type":"Organization","@id":"https:\/\/www.e2.law\/fr\/#organization","name":"E2.law","url":"https:\/\/www.e2.law\/fr\/","logo":{"@type":"ImageObject","inLanguage":"fr-FR","@id":"https:\/\/www.e2.law\/fr\/#\/schema\/logo\/image\/","url":"https:\/\/www.e2.law\/wp-content\/uploads\/2018\/12\/logo-2.png","contentUrl":"https:\/\/www.e2.law\/wp-content\/uploads\/2018\/12\/logo-2.png","width":152,"height":40,"caption":"E2.law"},"image":{"@id":"https:\/\/www.e2.law\/fr\/#\/schema\/logo\/image\/"},"sameAs":["https:\/\/www.linkedin.com\/company\/e2.law"]}]}},"jetpack_sharing_enabled":true,"_links":{"self":[{"href":"https:\/\/www.e2.law\/fr\/wp-json\/wp\/v2\/laws\/43889","targetHints":{"allow":["GET"]}}],"collection":[{"href":"https:\/\/www.e2.law\/fr\/wp-json\/wp\/v2\/laws"}],"about":[{"href":"https:\/\/www.e2.law\/fr\/wp-json\/wp\/v2\/types\/laws"}],"wp:attachment":[{"href":"https:\/\/www.e2.law\/fr\/wp-json\/wp\/v2\/media?parent=43889"}],"wp:term":[{"taxonomy":"category","embeddable":true,"href":"https:\/\/www.e2.law\/fr\/wp-json\/wp\/v2\/categories?post=43889"},{"taxonomy":"post_tag","embeddable":true,"href":"https:\/\/www.e2.law\/fr\/wp-json\/wp\/v2\/tags?post=43889"}],"curies":[{"name":"wp","href":"https:\/\/api.w.org\/{rel}","templated":true}]}}