{"id":44557,"date":"2024-02-19T12:42:07","date_gmt":"2024-02-19T10:42:07","guid":{"rendered":"https:\/\/www.e2.law\/?post_type=laws&#038;p=44557"},"modified":"2024-05-03T10:23:49","modified_gmt":"2024-05-03T08:23:49","slug":"5-mars-2002-loi-concernant-les-conditions-de-travail-de-remuneration-et-demploi-en-cas-de-detachement-de-travailleurs-en-belgique-et-le-respect-de-celles-ci","status":"publish","type":"laws","link":"https:\/\/www.e2.law\/fr\/laws\/5-mars-2002-loi-concernant-les-conditions-de-travail-de-remuneration-et-demploi-en-cas-de-detachement-de-travailleurs-en-belgique-et-le-respect-de-celles-ci\/","title":{"rendered":"5 MARS 2002. &#8211; [Loi concernant les conditions de travail, de r\u00e9mun\u00e9ration et d&#8217;emploi en cas de d\u00e9tachement de travailleurs en Belgique et le respect de celles-ci.]"},"content":{"rendered":"<div class=\"fusion-fullwidth fullwidth-box fusion-builder-row-1 fusion-flex-container has-pattern-background has-mask-background nonhundred-percent-fullwidth non-hundred-percent-height-scrolling\" style=\"--awb-border-radius-top-left:0px;--awb-border-radius-top-right:0px;--awb-border-radius-bottom-right:0px;--awb-border-radius-bottom-left:0px;--awb-flex-wrap:wrap;\" ><div class=\"fusion-builder-row fusion-row fusion-flex-align-items-flex-start fusion-flex-content-wrap\" style=\"max-width:1144px;margin-left: calc(-4% \/ 2 );margin-right: calc(-4% \/ 2 );\"><div class=\"fusion-layout-column fusion_builder_column fusion-builder-column-0 fusion_builder_column_1_1 1_1 fusion-flex-column\" style=\"--awb-bg-size:cover;--awb-width-large:100%;--awb-margin-top-large:0px;--awb-spacing-right-large:1.92%;--awb-margin-bottom-large:20px;--awb-spacing-left-large:1.92%;--awb-width-medium:100%;--awb-order-medium:0;--awb-spacing-right-medium:1.92%;--awb-spacing-left-medium:1.92%;--awb-width-small:100%;--awb-order-small:0;--awb-spacing-right-small:1.92%;--awb-spacing-left-small:1.92%;\"><div class=\"fusion-column-wrapper fusion-column-has-shadow fusion-flex-justify-content-flex-start fusion-content-layout-column\"><div class=\"fusion-text fusion-text-1\"><p>Cette loi transpose la directive 96\/71\/CE.<\/p>\n<p>La directive ne vise pas les prestations de services effectu\u00e9s par une entreprise \u00e9tablie dans un Etat tiers.\u00a0 La directive s&#8217;appplique en effet uniquement aux entreprises \u00e9tablies dans un Etat membre et qui d\u00e9tachent des travailleurs sur le territoire d&#8217;un autre Etat membre dans le cadre d&#8217;une prestation de service transnationale.<\/p>\n<p>La loi belge octroie aux entreprises \u00e9tablies dans un Etat non-membre b\u00e9n\u00e9ficie des m\u00eames r\u00e8gles que celles \u00e9tablies dans l&#8217;UE en ce que l&#8217;employeur est vis\u00e9 comme &#8220;toutes personnes physiques ou morales qui occupent des travailleurs&#8221;.\u00a0 La loi belge \u00e9tend donc le champs d&#8217;application de la directive.<\/p>\n<p>Tant dans la directive que dans la loi belge, aucune discrimination n&#8217;est faite concernant la nationalit\u00e9 du travailleur.<\/p>\n<p>Dans la directive, la notion de travailleur d\u00e9tach\u00e9 fait exclusivement r\u00e9f\u00e9rence au d\u00e9tachement intra EU (&#8220;tout travailleur qui, pendant une p\u00e9riode limit\u00e9e, ex\u00e9cute son travail sur le territoire d\u2019un \u00c9tat membre autre que l\u2019\u00c9tat sur le territoire duquel il travaille habituellement&#8221;).\u00a0 A ce propos aussi, la loi belge va plus loin dans la mesure o\u00f9 elle vise elle par &#8220;travailleurs d\u00e9tach\u00e9s&#8221;: &#8220;les personnes vis\u00e9es au 1\u00b0 qui accomplissent temporairement des prestations de travail en Belgique et qui, soit travaillent habituellement sur le territoire d&#8217;un ou plusieurs pays autres que la Belgique, soit ont \u00e9t\u00e9 engag\u00e9es dans un pays autre que la Belgique&#8221;.<\/p>\n<\/div><div class=\"fusion-text fusion-text-2\"><p>&#8230;<\/p>\n<p><a href=\"https:\/\/www.ejustice.just.fgov.be\/cgi_loi\/loi_a1.pl?imgcn.x=69&amp;imgcn.y=8&amp;DETAIL=2002030530%2FF&amp;caller=list&amp;row_id=1&amp;numero=3&amp;rech=5&amp;cn=2002030530&amp;table_name=LOI&amp;nm=2002012455&amp;la=F&amp;chercher=t&amp;dt=LOI&amp;language=fr&amp;fr=f&amp;choix1=ET&amp;choix2=ET&amp;fromtab=loi_all&amp;sql=dt+contains++%27LOI%27+and+dd+%3D+date%272002-03-05%27and+actif+%3D+%27Y%27&amp;ddda=2002&amp;tri=dd+AS+RANK+&amp;trier=promulgation&amp;dddj=05&amp;dddm=03#Art.1\/1\" name=\"Art.2\">Art.<\/a>\u00a0<a href=\"https:\/\/www.ejustice.just.fgov.be\/cgi_loi\/loi_a1.pl?imgcn.x=69&amp;imgcn.y=8&amp;DETAIL=2002030530%2FF&amp;caller=list&amp;row_id=1&amp;numero=3&amp;rech=5&amp;cn=2002030530&amp;table_name=LOI&amp;nm=2002012455&amp;la=F&amp;chercher=t&amp;dt=LOI&amp;language=fr&amp;fr=f&amp;choix1=ET&amp;choix2=ET&amp;fromtab=loi_all&amp;sql=dt+contains++%27LOI%27+and+dd+%3D+date%272002-03-05%27and+actif+%3D+%27Y%27&amp;ddda=2002&amp;tri=dd+AS+RANK+&amp;trier=promulgation&amp;dddj=05&amp;dddm=03#Art.3\">2<\/a>.[<sup><span style=\"color: red;\"><a title=\"&lt;L 2016-12-11\/03, art. 7, 004; En vigueur : 30-12-2016&gt;\" href=\"https:\/\/www.ejustice.just.fgov.be\/cgi_loi\/loi_a1.pl?imgcn.x=69&amp;imgcn.y=8&amp;DETAIL=2002030530%2FF&amp;caller=list&amp;row_id=1&amp;numero=3&amp;rech=5&amp;cn=2002030530&amp;table_name=LOI&amp;nm=2002012455&amp;la=F&amp;chercher=t&amp;dt=LOI&amp;language=fr&amp;fr=f&amp;choix1=ET&amp;choix2=ET&amp;fromtab=loi_all&amp;sql=dt+contains++%27LOI%27+and+dd+%3D+date%272002-03-05%27and+actif+%3D+%27Y%27&amp;ddda=2002&amp;tri=dd+AS+RANK+&amp;trier=promulgation&amp;dddj=05&amp;dddm=03#t\">1<\/a><\/span><\/sup>\u00a0Pour l&#8217;application de la pr\u00e9sente loi, il faut entendre par :<br \/>\n1\u00b0 travailleurs : les personnes qui, en vertu d&#8217;un contrat, fournissent des prestations de travail, contre r\u00e9mun\u00e9ration et sous l&#8217;autorit\u00e9 d&#8217;une autre personne;<br \/>\n2\u00b0 travailleurs d\u00e9tach\u00e9s : les personnes vis\u00e9es au 1\u00b0 qui accomplissent temporairement des prestations de travail en Belgique et qui, soit travaillent habituellement sur le territoire d&#8217;un ou plusieurs pays autres que la Belgique, soit ont \u00e9t\u00e9 engag\u00e9es dans un pays autre que la Belgique.<br \/>\nAfin de d\u00e9terminer si ces personnes accomplissent temporairement une prestation de travail en Belgique, il y a lieu d&#8217;examiner tous les \u00e9l\u00e9ments de fait qui caract\u00e9risent leurs t\u00e2ches et leur situation. Ces \u00e9l\u00e9ments de faits peuvent comprendre notamment :<br \/>\na) les t\u00e2ches qui sont accomplies en Belgique pour une dur\u00e9e limit\u00e9e;<br \/>\nb) la date \u00e0 laquelle le d\u00e9tachement commence;<br \/>\nc) la situation pour le travailleur occup\u00e9 en Belgique d&#8217;\u00eatre ainsi d\u00e9tach\u00e9 dans un pays autre que celui dans lequel ou depuis lequel il accomplit habituellement son travail, conform\u00e9ment au r\u00e8glement (CE) n\u00b0 593\/2008 (Rome I) et\/ou \u00e0 la loi du 14 juillet 1987 portant approbation de la Convention sur la loi applicable aux obligations contractuelles, du Protocole et de deux D\u00e9clarations communes, faits \u00e0 Rome le 19 juin 1980;<br \/>\nd) le fait pour le travailleur ainsi occup\u00e9 en Belgique de retourner ou d&#8217;\u00eatre cens\u00e9 reprendre son activit\u00e9 dans le pays \u00e0 partir duquel il a \u00e9t\u00e9 d\u00e9tach\u00e9 vers la Belgique apr\u00e8s l&#8217;ach\u00e8vement des travaux ou au terme de la prestation de services pour lesquels il a \u00e9t\u00e9 d\u00e9tach\u00e9;<br \/>\ne) la nature des activit\u00e9s;<br \/>\nf) le voyage, la nourriture et l&#8217;h\u00e9bergement qui sont assur\u00e9s ou pris en charge par l&#8217;employeur d\u00e9tachant le travailleur et, le cas \u00e9ch\u00e9ant, la mani\u00e8re dont ils sont assur\u00e9s ou les modalit\u00e9s de leur prise en charge;<br \/>\ng) toute p\u00e9riode ant\u00e9rieure au cours de laquelle le poste a \u00e9t\u00e9 occup\u00e9 par le m\u00eame ou un autre travailleur d\u00e9tach\u00e9.<br \/>\nLe Roi peut, par arr\u00eat\u00e9 d\u00e9lib\u00e9r\u00e9 en Conseil des ministres, compl\u00e9ter la liste des \u00e9l\u00e9ments de faits pr\u00e9vue au 2\u00b0 ;<br \/>\n3\u00b0 employeurs : les personnes physiques ou morales qui occupent les travailleurs vis\u00e9s au 2\u00b0 et dont l&#8217;entreprise exerce r\u00e9ellement, dans un pays autre que la Belgique, des activit\u00e9s substantielles, c&#8217;est-\u00e0-dire des activit\u00e9s autres que celles relevant uniquement de la gestion interne ou administrative.<br \/>\nAfin de d\u00e9terminer si cette entreprise exerce r\u00e9ellement des activit\u00e9s substantielles, il y a lieu de proc\u00e9der \u00e0 une \u00e9valuation globale, portant sur une p\u00e9riode prolong\u00e9e, de tous les \u00e9l\u00e9ments de fait caract\u00e9risant les activit\u00e9s exerc\u00e9es par cette personne dans le pays o\u00f9 elles sont \u00e9tablies et, au besoin, en Belgique. Ces \u00e9l\u00e9ments de faits peuvent comporter notamment :<br \/>\na) le lieu o\u00f9 sont implant\u00e9s le si\u00e8ge statutaire et l&#8217;administration centrale de l&#8217;entreprise, o\u00f9 elle a des bureaux, paye des imp\u00f4ts et des cotisations sociales et, le cas \u00e9ch\u00e9ant, en conformit\u00e9 avec le droit national, est autoris\u00e9e \u00e0 exercer son activit\u00e9 ou est affili\u00e9e \u00e0 la chambre de commerce ou \u00e0 des organismes professionnels;<br \/>\nb) le lieu de recrutement des travailleurs d\u00e9tach\u00e9s et le lieu d&#8217;o\u00f9 ils sont d\u00e9tach\u00e9s;<br \/>\nc) le droit applicable aux contrats conclus par l&#8217;entreprise avec ses salari\u00e9s, d&#8217;une part, et avec ses clients, d&#8217;autre part;<br \/>\nd) le lieu o\u00f9 l&#8217;entreprise exerce l&#8217;essentiel de son activit\u00e9 commerciale et o\u00f9 elle emploie du personnel administratif;<br \/>\ne) le nombre de contrats ex\u00e9cut\u00e9s et\/ou le montant du chiffre d&#8217;affaires r\u00e9alis\u00e9 dans le pays d&#8217;\u00e9tablissement, en tenant compte de la situation particuli\u00e8re que connaissent, entre autres, les entreprises nouvellement constitu\u00e9es et les petites et moyennes entreprises.<br \/>\nLe Roi peut, par arr\u00eat\u00e9 d\u00e9lib\u00e9r\u00e9 en Conseil des ministres, compl\u00e9ter la liste des \u00e9l\u00e9ments de faits pr\u00e9vue au 3\u00b0.<br \/>\n&#8230;<\/p>\n<\/div><div class=\"fusion-text fusion-text-3\"><table border=\"1\" width=\"100%\">\n<tbody>\n<tr>\n<th align=\"center\" width=\"80%\"><span style=\"color: blue; font-size: x-large;\"><b>Table des mati\u00e8res<\/b><\/span><\/th>\n<th align=\"center\" bgcolor=\"#bcd9ff\" width=\"10%\"><a href=\"https:\/\/www.ejustice.just.fgov.be\/cgi_loi\/loi_a1.pl?imgcn.x=69&amp;imgcn.y=8&amp;DETAIL=2002030530%2FF&amp;caller=list&amp;row_id=1&amp;numero=3&amp;rech=5&amp;cn=2002030530&amp;table_name=LOI&amp;nm=2002012455&amp;la=F&amp;chercher=t&amp;dt=LOI&amp;language=fr&amp;fr=f&amp;choix1=ET&amp;choix2=ET&amp;fromtab=loi_all&amp;sql=dt+contains++%27LOI%27+and+dd+%3D+date%272002-03-05%27and+actif+%3D+%27Y%27&amp;ddda=2002&amp;tri=dd+AS+RANK+&amp;trier=promulgation&amp;dddj=05&amp;dddm=03#texte\">Texte<\/a><\/th>\n<th align=\"center\" bgcolor=\"#bcd9ff\" width=\"10%\"><a href=\"https:\/\/www.ejustice.just.fgov.be\/cgi_loi\/loi_a1.pl?imgcn.x=69&amp;imgcn.y=8&amp;DETAIL=2002030530%2FF&amp;caller=list&amp;row_id=1&amp;numero=3&amp;rech=5&amp;cn=2002030530&amp;table_name=LOI&amp;nm=2002012455&amp;la=F&amp;chercher=t&amp;dt=LOI&amp;language=fr&amp;fr=f&amp;choix1=ET&amp;choix2=ET&amp;fromtab=loi_all&amp;sql=dt+contains++%27LOI%27+and+dd+%3D+date%272002-03-05%27and+actif+%3D+%27Y%27&amp;ddda=2002&amp;tri=dd+AS+RANK+&amp;trier=promulgation&amp;dddj=05&amp;dddm=03#top\"><b>D\u00e9but<\/b><\/a><\/th>\n<\/tr>\n<tr>\n<th colspan=\"3\" align=\"left\" width=\"100%\"><a href=\"https:\/\/www.ejustice.just.fgov.be\/cgi_loi\/loi_a1.pl?imgcn.x=69&amp;imgcn.y=8&amp;DETAIL=2002030530%2FF&amp;caller=list&amp;row_id=1&amp;numero=3&amp;rech=5&amp;cn=2002030530&amp;table_name=LOI&amp;nm=2002012455&amp;la=F&amp;chercher=t&amp;dt=LOI&amp;language=fr&amp;fr=f&amp;choix1=ET&amp;choix2=ET&amp;fromtab=loi_all&amp;sql=dt+contains++%27LOI%27+and+dd+%3D+date%272002-03-05%27and+actif+%3D+%27Y%27&amp;ddda=2002&amp;tri=dd+AS+RANK+&amp;trier=promulgation&amp;dddj=05&amp;dddm=03#LNK0001\" name=\"LNKR0001\">CHAPITRE I.<\/a>\u00a0&#8211; Champ d&#8217;application.<br \/>\nArt. 1, 1\/1, 2-4<br \/>\n<a href=\"https:\/\/www.ejustice.just.fgov.be\/cgi_loi\/loi_a1.pl?imgcn.x=69&amp;imgcn.y=8&amp;DETAIL=2002030530%2FF&amp;caller=list&amp;row_id=1&amp;numero=3&amp;rech=5&amp;cn=2002030530&amp;table_name=LOI&amp;nm=2002012455&amp;la=F&amp;chercher=t&amp;dt=LOI&amp;language=fr&amp;fr=f&amp;choix1=ET&amp;choix2=ET&amp;fromtab=loi_all&amp;sql=dt+contains++%27LOI%27+and+dd+%3D+date%272002-03-05%27and+actif+%3D+%27Y%27&amp;ddda=2002&amp;tri=dd+AS+RANK+&amp;trier=promulgation&amp;dddj=05&amp;dddm=03#LNK0002\" name=\"LNKR0002\">CHAPITRE II.<\/a>\u00a0&#8211; R\u00e8gles applicables en cas de d\u00e9tachement de travailleurs en Belgique.<br \/>\nArt. 5-6, 6\/1, 7, 7\/1, 7\/1\/1, 7\/1\/2, 7\/1\/3, 7\/2, 7\/3, 8, 8bis, 8ter, 8quater<br \/>\n<a href=\"https:\/\/www.ejustice.just.fgov.be\/cgi_loi\/loi_a1.pl?imgcn.x=69&amp;imgcn.y=8&amp;DETAIL=2002030530%2FF&amp;caller=list&amp;row_id=1&amp;numero=3&amp;rech=5&amp;cn=2002030530&amp;table_name=LOI&amp;nm=2002012455&amp;la=F&amp;chercher=t&amp;dt=LOI&amp;language=fr&amp;fr=f&amp;choix1=ET&amp;choix2=ET&amp;fromtab=loi_all&amp;sql=dt+contains++%27LOI%27+and+dd+%3D+date%272002-03-05%27and+actif+%3D+%27Y%27&amp;ddda=2002&amp;tri=dd+AS+RANK+&amp;trier=promulgation&amp;dddj=05&amp;dddm=03#LNK0003\" name=\"LNKR0003\">CHAPITRE III.<\/a>\u00a0&#8211; Dispositions particuli\u00e8res.<br \/>\nArt. 9<br \/>\n<a href=\"https:\/\/www.ejustice.just.fgov.be\/cgi_loi\/loi_a1.pl?imgcn.x=69&amp;imgcn.y=8&amp;DETAIL=2002030530%2FF&amp;caller=list&amp;row_id=1&amp;numero=3&amp;rech=5&amp;cn=2002030530&amp;table_name=LOI&amp;nm=2002012455&amp;la=F&amp;chercher=t&amp;dt=LOI&amp;language=fr&amp;fr=f&amp;choix1=ET&amp;choix2=ET&amp;fromtab=loi_all&amp;sql=dt+contains++%27LOI%27+and+dd+%3D+date%272002-03-05%27and+actif+%3D+%27Y%27&amp;ddda=2002&amp;tri=dd+AS+RANK+&amp;trier=promulgation&amp;dddj=05&amp;dddm=03#LNK0005\" name=\"LNKR0005\">CHAPITRE III\/1.\u00a0<\/a>[<sup><span style=\"color: red;\">1<\/span><\/sup>\u00a0&#8211; Surveillance.]<sup><span style=\"color: red;\">1<\/span><\/sup><br \/>\nArt. 9\/1<br \/>\n<a href=\"https:\/\/www.ejustice.just.fgov.be\/cgi_loi\/loi_a1.pl?imgcn.x=69&amp;imgcn.y=8&amp;DETAIL=2002030530%2FF&amp;caller=list&amp;row_id=1&amp;numero=3&amp;rech=5&amp;cn=2002030530&amp;table_name=LOI&amp;nm=2002012455&amp;la=F&amp;chercher=t&amp;dt=LOI&amp;language=fr&amp;fr=f&amp;choix1=ET&amp;choix2=ET&amp;fromtab=loi_all&amp;sql=dt+contains++%27LOI%27+and+dd+%3D+date%272002-03-05%27and+actif+%3D+%27Y%27&amp;ddda=2002&amp;tri=dd+AS+RANK+&amp;trier=promulgation&amp;dddj=05&amp;dddm=03#LNK0004\" name=\"LNKR0004\">CHAPITRE IV.<\/a>\u00a0&#8211; Entr\u00e9e en vigueur.<br \/>\nArt. 10<\/th>\n<\/tr>\n<\/tbody>\n<\/table>\n<\/div><\/div><\/div><\/div><\/div>\n","protected":false},"featured_media":0,"template":"","categories":[],"tags":[1505],"class_list":["post-44557","laws","type-laws","status-publish","hentry","tag-ressources-humaines"],"acf":[],"yoast_head":"<!-- This site is optimized with the Yoast SEO plugin v27.5 - https:\/\/yoast.com\/product\/yoast-seo-wordpress\/ -->\n<title>5 MARS 2002. - [Loi concernant les conditions de travail, de r\u00e9mun\u00e9ration et d&#039;emploi en cas de d\u00e9tachement de travailleurs en Belgique et le respect de celles-ci.] - e2.law<\/title>\n<meta name=\"robots\" content=\"index, follow, max-snippet:-1, max-image-preview:large, max-video-preview:-1\" \/>\n<link rel=\"canonical\" href=\"https:\/\/www.e2.law\/fr\/laws\/5-mars-2002-loi-concernant-les-conditions-de-travail-de-remuneration-et-demploi-en-cas-de-detachement-de-travailleurs-en-belgique-et-le-respect-de-celles-ci\/\" \/>\n<meta property=\"og:locale\" content=\"fr_FR\" \/>\n<meta property=\"og:type\" content=\"article\" \/>\n<meta property=\"og:title\" content=\"5 MARS 2002. - [Loi concernant les conditions de travail, de r\u00e9mun\u00e9ration et d&#039;emploi en cas de d\u00e9tachement de travailleurs en Belgique et le respect de celles-ci.] - e2.law\" \/>\n<meta property=\"og:url\" content=\"https:\/\/www.e2.law\/fr\/laws\/5-mars-2002-loi-concernant-les-conditions-de-travail-de-remuneration-et-demploi-en-cas-de-detachement-de-travailleurs-en-belgique-et-le-respect-de-celles-ci\/\" \/>\n<meta property=\"og:site_name\" content=\"e2.law\" \/>\n<meta property=\"article:modified_time\" content=\"2024-05-03T08:23:49+00:00\" \/>\n<meta name=\"twitter:card\" content=\"summary_large_image\" \/>\n<meta name=\"twitter:label1\" content=\"Dur\u00e9e de lecture estim\u00e9e\" \/>\n\t<meta name=\"twitter:data1\" content=\"5 minutes\" \/>\n<script type=\"application\/ld+json\" class=\"yoast-schema-graph\">{\"@context\":\"https:\\\/\\\/schema.org\",\"@graph\":[{\"@type\":\"WebPage\",\"@id\":\"https:\\\/\\\/www.e2.law\\\/fr\\\/laws\\\/5-mars-2002-loi-concernant-les-conditions-de-travail-de-remuneration-et-demploi-en-cas-de-detachement-de-travailleurs-en-belgique-et-le-respect-de-celles-ci\\\/\",\"url\":\"https:\\\/\\\/www.e2.law\\\/fr\\\/laws\\\/5-mars-2002-loi-concernant-les-conditions-de-travail-de-remuneration-et-demploi-en-cas-de-detachement-de-travailleurs-en-belgique-et-le-respect-de-celles-ci\\\/\",\"name\":\"5 MARS 2002. - [Loi concernant les conditions de travail, de r\u00e9mun\u00e9ration et d'emploi en cas de d\u00e9tachement de travailleurs en Belgique et le respect de celles-ci.] - e2.law\",\"isPartOf\":{\"@id\":\"https:\\\/\\\/www.e2.law\\\/fr\\\/#website\"},\"datePublished\":\"2024-02-19T10:42:07+00:00\",\"dateModified\":\"2024-05-03T08:23:49+00:00\",\"breadcrumb\":{\"@id\":\"https:\\\/\\\/www.e2.law\\\/fr\\\/laws\\\/5-mars-2002-loi-concernant-les-conditions-de-travail-de-remuneration-et-demploi-en-cas-de-detachement-de-travailleurs-en-belgique-et-le-respect-de-celles-ci\\\/#breadcrumb\"},\"inLanguage\":\"fr-FR\",\"potentialAction\":[{\"@type\":\"ReadAction\",\"target\":[\"https:\\\/\\\/www.e2.law\\\/fr\\\/laws\\\/5-mars-2002-loi-concernant-les-conditions-de-travail-de-remuneration-et-demploi-en-cas-de-detachement-de-travailleurs-en-belgique-et-le-respect-de-celles-ci\\\/\"]}]},{\"@type\":\"BreadcrumbList\",\"@id\":\"https:\\\/\\\/www.e2.law\\\/fr\\\/laws\\\/5-mars-2002-loi-concernant-les-conditions-de-travail-de-remuneration-et-demploi-en-cas-de-detachement-de-travailleurs-en-belgique-et-le-respect-de-celles-ci\\\/#breadcrumb\",\"itemListElement\":[{\"@type\":\"ListItem\",\"position\":1,\"name\":\"Home\",\"item\":\"https:\\\/\\\/www.e2.law\\\/fr\\\/home\\\/\"},{\"@type\":\"ListItem\",\"position\":2,\"name\":\"5 MARS 2002. &#8211; [Loi concernant les conditions de travail, de r\u00e9mun\u00e9ration et d&#8217;emploi en cas de d\u00e9tachement de travailleurs en Belgique et le respect de celles-ci.]\"}]},{\"@type\":\"WebSite\",\"@id\":\"https:\\\/\\\/www.e2.law\\\/fr\\\/#website\",\"url\":\"https:\\\/\\\/www.e2.law\\\/fr\\\/\",\"name\":\"e2.law\",\"description\":\"A Business Law Firm\",\"publisher\":{\"@id\":\"https:\\\/\\\/www.e2.law\\\/fr\\\/#organization\"},\"potentialAction\":[{\"@type\":\"SearchAction\",\"target\":{\"@type\":\"EntryPoint\",\"urlTemplate\":\"https:\\\/\\\/www.e2.law\\\/fr\\\/?s={search_term_string}\"},\"query-input\":{\"@type\":\"PropertyValueSpecification\",\"valueRequired\":true,\"valueName\":\"search_term_string\"}}],\"inLanguage\":\"fr-FR\"},{\"@type\":\"Organization\",\"@id\":\"https:\\\/\\\/www.e2.law\\\/fr\\\/#organization\",\"name\":\"E2.law\",\"url\":\"https:\\\/\\\/www.e2.law\\\/fr\\\/\",\"logo\":{\"@type\":\"ImageObject\",\"inLanguage\":\"fr-FR\",\"@id\":\"https:\\\/\\\/www.e2.law\\\/fr\\\/#\\\/schema\\\/logo\\\/image\\\/\",\"url\":\"https:\\\/\\\/www.e2.law\\\/wp-content\\\/uploads\\\/2018\\\/12\\\/logo-2.png\",\"contentUrl\":\"https:\\\/\\\/www.e2.law\\\/wp-content\\\/uploads\\\/2018\\\/12\\\/logo-2.png\",\"width\":152,\"height\":40,\"caption\":\"E2.law\"},\"image\":{\"@id\":\"https:\\\/\\\/www.e2.law\\\/fr\\\/#\\\/schema\\\/logo\\\/image\\\/\"},\"sameAs\":[\"https:\\\/\\\/www.linkedin.com\\\/company\\\/e2.law\"]}]}<\/script>\n<!-- \/ Yoast SEO plugin. -->","yoast_head_json":{"title":"5 MARS 2002. - [Loi concernant les conditions de travail, de r\u00e9mun\u00e9ration et d'emploi en cas de d\u00e9tachement de travailleurs en Belgique et le respect de celles-ci.] - e2.law","robots":{"index":"index","follow":"follow","max-snippet":"max-snippet:-1","max-image-preview":"max-image-preview:large","max-video-preview":"max-video-preview:-1"},"canonical":"https:\/\/www.e2.law\/fr\/laws\/5-mars-2002-loi-concernant-les-conditions-de-travail-de-remuneration-et-demploi-en-cas-de-detachement-de-travailleurs-en-belgique-et-le-respect-de-celles-ci\/","og_locale":"fr_FR","og_type":"article","og_title":"5 MARS 2002. - [Loi concernant les conditions de travail, de r\u00e9mun\u00e9ration et d'emploi en cas de d\u00e9tachement de travailleurs en Belgique et le respect de celles-ci.] - e2.law","og_url":"https:\/\/www.e2.law\/fr\/laws\/5-mars-2002-loi-concernant-les-conditions-de-travail-de-remuneration-et-demploi-en-cas-de-detachement-de-travailleurs-en-belgique-et-le-respect-de-celles-ci\/","og_site_name":"e2.law","article_modified_time":"2024-05-03T08:23:49+00:00","twitter_card":"summary_large_image","twitter_misc":{"Dur\u00e9e de lecture estim\u00e9e":"5 minutes"},"schema":{"@context":"https:\/\/schema.org","@graph":[{"@type":"WebPage","@id":"https:\/\/www.e2.law\/fr\/laws\/5-mars-2002-loi-concernant-les-conditions-de-travail-de-remuneration-et-demploi-en-cas-de-detachement-de-travailleurs-en-belgique-et-le-respect-de-celles-ci\/","url":"https:\/\/www.e2.law\/fr\/laws\/5-mars-2002-loi-concernant-les-conditions-de-travail-de-remuneration-et-demploi-en-cas-de-detachement-de-travailleurs-en-belgique-et-le-respect-de-celles-ci\/","name":"5 MARS 2002. - [Loi concernant les conditions de travail, de r\u00e9mun\u00e9ration et d'emploi en cas de d\u00e9tachement de travailleurs en Belgique et le respect de celles-ci.] - e2.law","isPartOf":{"@id":"https:\/\/www.e2.law\/fr\/#website"},"datePublished":"2024-02-19T10:42:07+00:00","dateModified":"2024-05-03T08:23:49+00:00","breadcrumb":{"@id":"https:\/\/www.e2.law\/fr\/laws\/5-mars-2002-loi-concernant-les-conditions-de-travail-de-remuneration-et-demploi-en-cas-de-detachement-de-travailleurs-en-belgique-et-le-respect-de-celles-ci\/#breadcrumb"},"inLanguage":"fr-FR","potentialAction":[{"@type":"ReadAction","target":["https:\/\/www.e2.law\/fr\/laws\/5-mars-2002-loi-concernant-les-conditions-de-travail-de-remuneration-et-demploi-en-cas-de-detachement-de-travailleurs-en-belgique-et-le-respect-de-celles-ci\/"]}]},{"@type":"BreadcrumbList","@id":"https:\/\/www.e2.law\/fr\/laws\/5-mars-2002-loi-concernant-les-conditions-de-travail-de-remuneration-et-demploi-en-cas-de-detachement-de-travailleurs-en-belgique-et-le-respect-de-celles-ci\/#breadcrumb","itemListElement":[{"@type":"ListItem","position":1,"name":"Home","item":"https:\/\/www.e2.law\/fr\/home\/"},{"@type":"ListItem","position":2,"name":"5 MARS 2002. &#8211; [Loi concernant les conditions de travail, de r\u00e9mun\u00e9ration et d&#8217;emploi en cas de d\u00e9tachement de travailleurs en Belgique et le respect de celles-ci.]"}]},{"@type":"WebSite","@id":"https:\/\/www.e2.law\/fr\/#website","url":"https:\/\/www.e2.law\/fr\/","name":"e2.law","description":"A Business Law Firm","publisher":{"@id":"https:\/\/www.e2.law\/fr\/#organization"},"potentialAction":[{"@type":"SearchAction","target":{"@type":"EntryPoint","urlTemplate":"https:\/\/www.e2.law\/fr\/?s={search_term_string}"},"query-input":{"@type":"PropertyValueSpecification","valueRequired":true,"valueName":"search_term_string"}}],"inLanguage":"fr-FR"},{"@type":"Organization","@id":"https:\/\/www.e2.law\/fr\/#organization","name":"E2.law","url":"https:\/\/www.e2.law\/fr\/","logo":{"@type":"ImageObject","inLanguage":"fr-FR","@id":"https:\/\/www.e2.law\/fr\/#\/schema\/logo\/image\/","url":"https:\/\/www.e2.law\/wp-content\/uploads\/2018\/12\/logo-2.png","contentUrl":"https:\/\/www.e2.law\/wp-content\/uploads\/2018\/12\/logo-2.png","width":152,"height":40,"caption":"E2.law"},"image":{"@id":"https:\/\/www.e2.law\/fr\/#\/schema\/logo\/image\/"},"sameAs":["https:\/\/www.linkedin.com\/company\/e2.law"]}]}},"jetpack_sharing_enabled":true,"_links":{"self":[{"href":"https:\/\/www.e2.law\/fr\/wp-json\/wp\/v2\/laws\/44557","targetHints":{"allow":["GET"]}}],"collection":[{"href":"https:\/\/www.e2.law\/fr\/wp-json\/wp\/v2\/laws"}],"about":[{"href":"https:\/\/www.e2.law\/fr\/wp-json\/wp\/v2\/types\/laws"}],"wp:attachment":[{"href":"https:\/\/www.e2.law\/fr\/wp-json\/wp\/v2\/media?parent=44557"}],"wp:term":[{"taxonomy":"category","embeddable":true,"href":"https:\/\/www.e2.law\/fr\/wp-json\/wp\/v2\/categories?post=44557"},{"taxonomy":"post_tag","embeddable":true,"href":"https:\/\/www.e2.law\/fr\/wp-json\/wp\/v2\/tags?post=44557"}],"curies":[{"name":"wp","href":"https:\/\/api.w.org\/{rel}","templated":true}]}}