{"id":44558,"date":"2024-02-19T16:00:28","date_gmt":"2024-02-19T14:00:28","guid":{"rendered":"https:\/\/www.e2.law\/?post_type=laws&#038;p=44558"},"modified":"2024-06-04T09:48:15","modified_gmt":"2024-06-04T07:48:15","slug":"accord-de-cooperation","status":"publish","type":"laws","link":"https:\/\/www.e2.law\/fr\/laws\/accord-de-cooperation\/","title":{"rendered":"\u00a06 DECEMBRE 2018. &#8211; Accord de coop\u00e9ration portant sur la coordination des politiques d&#8217;octroi d&#8217;autorisations de travail et d&#8217;octroi du permis de s\u00e9jour, ainsi que les normes relatives \u00e0 l&#8217;emploi et au s\u00e9jour des travailleurs \u00e9trangers"},"content":{"rendered":"<div class=\"fusion-fullwidth fullwidth-box fusion-builder-row-1 fusion-flex-container has-pattern-background has-mask-background nonhundred-percent-fullwidth non-hundred-percent-height-scrolling\" style=\"--awb-border-radius-top-left:0px;--awb-border-radius-top-right:0px;--awb-border-radius-bottom-right:0px;--awb-border-radius-bottom-left:0px;--awb-flex-wrap:wrap;\" ><div class=\"fusion-builder-row fusion-row fusion-flex-align-items-flex-start fusion-flex-content-wrap\" style=\"max-width:1144px;margin-left: calc(-4% \/ 2 );margin-right: calc(-4% \/ 2 );\"><div class=\"fusion-layout-column fusion_builder_column fusion-builder-column-0 fusion_builder_column_1_1 1_1 fusion-flex-column\" style=\"--awb-bg-size:cover;--awb-width-large:100%;--awb-margin-top-large:0px;--awb-spacing-right-large:1.92%;--awb-margin-bottom-large:20px;--awb-spacing-left-large:1.92%;--awb-width-medium:100%;--awb-order-medium:0;--awb-spacing-right-medium:1.92%;--awb-spacing-left-medium:1.92%;--awb-width-small:100%;--awb-order-small:0;--awb-spacing-right-small:1.92%;--awb-spacing-left-small:1.92%;\"><div class=\"fusion-column-wrapper fusion-column-has-shadow fusion-flex-justify-content-flex-start fusion-content-layout-column\"><div class=\"fusion-text fusion-text-1\"><p><b>\u00a06 DECEMBRE 2018. &#8211; Accord de coop\u00e9ration entre <\/b><b>l&#8217;Etat f\u00e9d\u00e9ral, la R\u00e9gion wallonne, la R\u00e9gion flamande, la R\u00e9gion de Bruxelles-Capitale et la Communaut\u00e9 germanophone portant ex\u00e9cution \u00e0 l&#8217;accord de coop\u00e9ration du 2 f\u00e9vrier 2018 entre l&#8217;Etat f\u00e9d\u00e9ral, la R\u00e9gion wallonne, la R\u00e9gion flamande, la R\u00e9gion de Bruxelles-Capitale et la Communaut\u00e9 germanophone portant sur la coordination des politiques d&#8217;octroi d&#8217;autorisations de travail et d&#8217;octroi du permis de s\u00e9jour, ainsi que les normes relatives \u00e0 l&#8217;emploi et au s\u00e9jour des travailleurs \u00e9trangers<\/b><br \/>\n(NOTE : Consultation des versions ant\u00e9rieures \u00e0 partir du 18-07-2019 et mise \u00e0 jour au\u00a0<span style=\"color: red;\">18-07-2019<\/span>)<\/p>\n<\/div><div class=\"fusion-text fusion-text-2\"><table border=\"1\" width=\"100%\">\n<tbody>\n<tr>\n<th align=\"center\" width=\"80%\"><span style=\"color: blue; font-size: x-large;\"><b>Table des mati\u00e8res<\/b><\/span><\/th>\n<th align=\"center\" bgcolor=\"#bcd9ff\" width=\"10%\"><a href=\"https:\/\/www.ejustice.just.fgov.be\/cgi_loi\/loi_a1.pl?imgcn.x=89&amp;imgcn.y=16&amp;DETAIL=2018120644%2FF&amp;caller=list&amp;row_id=1&amp;numero=1&amp;rech=2&amp;cn=2018120644&amp;table_name=LOI&amp;nm=2019013569&amp;la=F&amp;chercher=t&amp;dt=ACCORD+DE+COOPERATION+%28NATIONAL%29&amp;language=fr&amp;fr=f&amp;choix1=ET&amp;choix2=ET&amp;fromtab=loi_all&amp;sql=dt+contains++%27ACCORD%27%2526+%27DE%27%2526+%27COOPERATION%27%2526+%27%28NATIONAL%29%27+and+dd+%3D+date%272018-12-06%27and+actif+%3D+%27Y%27&amp;ddda=2018&amp;tri=dd+AS+RANK+&amp;trier=promulgation&amp;dddj=06&amp;dddm=12#texte\">Texte<\/a><\/th>\n<th align=\"center\" bgcolor=\"#bcd9ff\" width=\"10%\"><a href=\"https:\/\/www.ejustice.just.fgov.be\/cgi_loi\/loi_a1.pl?imgcn.x=89&amp;imgcn.y=16&amp;DETAIL=2018120644%2FF&amp;caller=list&amp;row_id=1&amp;numero=1&amp;rech=2&amp;cn=2018120644&amp;table_name=LOI&amp;nm=2019013569&amp;la=F&amp;chercher=t&amp;dt=ACCORD+DE+COOPERATION+%28NATIONAL%29&amp;language=fr&amp;fr=f&amp;choix1=ET&amp;choix2=ET&amp;fromtab=loi_all&amp;sql=dt+contains++%27ACCORD%27%2526+%27DE%27%2526+%27COOPERATION%27%2526+%27%28NATIONAL%29%27+and+dd+%3D+date%272018-12-06%27and+actif+%3D+%27Y%27&amp;ddda=2018&amp;tri=dd+AS+RANK+&amp;trier=promulgation&amp;dddj=06&amp;dddm=12#top\"><b>D\u00e9but<\/b><\/a><\/th>\n<\/tr>\n<tr>\n<th colspan=\"3\" align=\"left\" width=\"100%\"><a href=\"https:\/\/www.ejustice.just.fgov.be\/cgi_loi\/loi_a1.pl?imgcn.x=89&amp;imgcn.y=16&amp;DETAIL=2018120644%2FF&amp;caller=list&amp;row_id=1&amp;numero=1&amp;rech=2&amp;cn=2018120644&amp;table_name=LOI&amp;nm=2019013569&amp;la=F&amp;chercher=t&amp;dt=ACCORD+DE+COOPERATION+%28NATIONAL%29&amp;language=fr&amp;fr=f&amp;choix1=ET&amp;choix2=ET&amp;fromtab=loi_all&amp;sql=dt+contains++%27ACCORD%27%2526+%27DE%27%2526+%27COOPERATION%27%2526+%27%28NATIONAL%29%27+and+dd+%3D+date%272018-12-06%27and+actif+%3D+%27Y%27&amp;ddda=2018&amp;tri=dd+AS+RANK+&amp;trier=promulgation&amp;dddj=06&amp;dddm=12#LNK0001\" name=\"LNKR0001\">TITRE Ier.<\/a>\u00a0&#8211; DISPOSITIONS GENERALES<br \/>\nArt. 1-5<br \/>\n<a href=\"https:\/\/www.ejustice.just.fgov.be\/cgi_loi\/loi_a1.pl?imgcn.x=89&amp;imgcn.y=16&amp;DETAIL=2018120644%2FF&amp;caller=list&amp;row_id=1&amp;numero=1&amp;rech=2&amp;cn=2018120644&amp;table_name=LOI&amp;nm=2019013569&amp;la=F&amp;chercher=t&amp;dt=ACCORD+DE+COOPERATION+%28NATIONAL%29&amp;language=fr&amp;fr=f&amp;choix1=ET&amp;choix2=ET&amp;fromtab=loi_all&amp;sql=dt+contains++%27ACCORD%27%2526+%27DE%27%2526+%27COOPERATION%27%2526+%27%28NATIONAL%29%27+and+dd+%3D+date%272018-12-06%27and+actif+%3D+%27Y%27&amp;ddda=2018&amp;tri=dd+AS+RANK+&amp;trier=promulgation&amp;dddj=06&amp;dddm=12#LNK0002\" name=\"LNKR0002\">TITRE II.<\/a>\u00a0&#8211; CATEGORIES DE PERMIS<br \/>\n<a href=\"https:\/\/www.ejustice.just.fgov.be\/cgi_loi\/loi_a1.pl?imgcn.x=89&amp;imgcn.y=16&amp;DETAIL=2018120644%2FF&amp;caller=list&amp;row_id=1&amp;numero=1&amp;rech=2&amp;cn=2018120644&amp;table_name=LOI&amp;nm=2019013569&amp;la=F&amp;chercher=t&amp;dt=ACCORD+DE+COOPERATION+%28NATIONAL%29&amp;language=fr&amp;fr=f&amp;choix1=ET&amp;choix2=ET&amp;fromtab=loi_all&amp;sql=dt+contains++%27ACCORD%27%2526+%27DE%27%2526+%27COOPERATION%27%2526+%27%28NATIONAL%29%27+and+dd+%3D+date%272018-12-06%27and+actif+%3D+%27Y%27&amp;ddda=2018&amp;tri=dd+AS+RANK+&amp;trier=promulgation&amp;dddj=06&amp;dddm=12#LNK0003\" name=\"LNKR0003\">Chapitre 1er.<\/a> &#8211; Carte bleue europ\u00e9enne pour le travailleur hautement qualifi\u00e9<br \/>\n<a href=\"https:\/\/www.ejustice.just.fgov.be\/cgi_loi\/loi_a1.pl?imgcn.x=89&amp;imgcn.y=16&amp;DETAIL=2018120644%2FF&amp;caller=list&amp;row_id=1&amp;numero=1&amp;rech=2&amp;cn=2018120644&amp;table_name=LOI&amp;nm=2019013569&amp;la=F&amp;chercher=t&amp;dt=ACCORD+DE+COOPERATION+%28NATIONAL%29&amp;language=fr&amp;fr=f&amp;choix1=ET&amp;choix2=ET&amp;fromtab=loi_all&amp;sql=dt+contains++%27ACCORD%27%2526+%27DE%27%2526+%27COOPERATION%27%2526+%27%28NATIONAL%29%27+and+dd+%3D+date%272018-12-06%27and+actif+%3D+%27Y%27&amp;ddda=2018&amp;tri=dd+AS+RANK+&amp;trier=promulgation&amp;dddj=06&amp;dddm=12#LNK0007\" name=\"LNKR0007\">Chapitre 2.<\/a>\u00a0&#8211; Permis pour travailleur saisonnier<br \/>\n<a href=\"https:\/\/www.ejustice.just.fgov.be\/cgi_loi\/loi_a1.pl?imgcn.x=89&amp;imgcn.y=16&amp;DETAIL=2018120644%2FF&amp;caller=list&amp;row_id=1&amp;numero=1&amp;rech=2&amp;cn=2018120644&amp;table_name=LOI&amp;nm=2019013569&amp;la=F&amp;chercher=t&amp;dt=ACCORD+DE+COOPERATION+%28NATIONAL%29&amp;language=fr&amp;fr=f&amp;choix1=ET&amp;choix2=ET&amp;fromtab=loi_all&amp;sql=dt+contains++%27ACCORD%27%2526+%27DE%27%2526+%27COOPERATION%27%2526+%27%28NATIONAL%29%27+and+dd+%3D+date%272018-12-06%27and+actif+%3D+%27Y%27&amp;ddda=2018&amp;tri=dd+AS+RANK+&amp;trier=promulgation&amp;dddj=06&amp;dddm=12#LNK0011\" name=\"LNKR0011\">Chapitre 3.<\/a>\u00a0&#8211; Permis pour personne faisant l&#8217;objet d&#8217;un transfert temporaire intragroupe et permis pour mobilit\u00e9 de longue dur\u00e9e &#8211; ICT<br \/>\n<a href=\"https:\/\/www.ejustice.just.fgov.be\/cgi_loi\/loi_a1.pl?imgcn.x=89&amp;imgcn.y=16&amp;DETAIL=2018120644%2FF&amp;caller=list&amp;row_id=1&amp;numero=1&amp;rech=2&amp;cn=2018120644&amp;table_name=LOI&amp;nm=2019013569&amp;la=F&amp;chercher=t&amp;dt=ACCORD+DE+COOPERATION+%28NATIONAL%29&amp;language=fr&amp;fr=f&amp;choix1=ET&amp;choix2=ET&amp;fromtab=loi_all&amp;sql=dt+contains++%27ACCORD%27%2526+%27DE%27%2526+%27COOPERATION%27%2526+%27%28NATIONAL%29%27+and+dd+%3D+date%272018-12-06%27and+actif+%3D+%27Y%27&amp;ddda=2018&amp;tri=dd+AS+RANK+&amp;trier=promulgation&amp;dddj=06&amp;dddm=12#LNK0012\" name=\"LNKR0012\"><\/a><a href=\"https:\/\/www.ejustice.just.fgov.be\/cgi_loi\/loi_a1.pl?imgcn.x=89&amp;imgcn.y=16&amp;DETAIL=2018120644%2FF&amp;caller=list&amp;row_id=1&amp;numero=1&amp;rech=2&amp;cn=2018120644&amp;table_name=LOI&amp;nm=2019013569&amp;la=F&amp;chercher=t&amp;dt=ACCORD+DE+COOPERATION+%28NATIONAL%29&amp;language=fr&amp;fr=f&amp;choix1=ET&amp;choix2=ET&amp;fromtab=loi_all&amp;sql=dt+contains++%27ACCORD%27%2526+%27DE%27%2526+%27COOPERATION%27%2526+%27%28NATIONAL%29%27+and+dd+%3D+date%272018-12-06%27and+actif+%3D+%27Y%27&amp;ddda=2018&amp;tri=dd+AS+RANK+&amp;trier=promulgation&amp;dddj=06&amp;dddm=12#LNK0015\" name=\"LNKR0015\">Chapitre 4.<\/a> &#8211; Permis pour un chercheur et permis pour mobilit\u00e9 de longue dur\u00e9e &#8211; chercheur<br \/>\n<a href=\"https:\/\/www.ejustice.just.fgov.be\/cgi_loi\/loi_a1.pl?imgcn.x=89&amp;imgcn.y=16&amp;DETAIL=2018120644%2FF&amp;caller=list&amp;row_id=1&amp;numero=1&amp;rech=2&amp;cn=2018120644&amp;table_name=LOI&amp;nm=2019013569&amp;la=F&amp;chercher=t&amp;dt=ACCORD+DE+COOPERATION+%28NATIONAL%29&amp;language=fr&amp;fr=f&amp;choix1=ET&amp;choix2=ET&amp;fromtab=loi_all&amp;sql=dt+contains++%27ACCORD%27%2526+%27DE%27%2526+%27COOPERATION%27%2526+%27%28NATIONAL%29%27+and+dd+%3D+date%272018-12-06%27and+actif+%3D+%27Y%27&amp;ddda=2018&amp;tri=dd+AS+RANK+&amp;trier=promulgation&amp;dddj=06&amp;dddm=12#LNK0019\" name=\"LNKR0019\">Chapitre 5.<\/a>\u00a0&#8211; Permis pour un stagiaire<br \/>\n<a href=\"https:\/\/www.ejustice.just.fgov.be\/cgi_loi\/loi_a1.pl?imgcn.x=89&amp;imgcn.y=16&amp;DETAIL=2018120644%2FF&amp;caller=list&amp;row_id=1&amp;numero=1&amp;rech=2&amp;cn=2018120644&amp;table_name=LOI&amp;nm=2019013569&amp;la=F&amp;chercher=t&amp;dt=ACCORD+DE+COOPERATION+%28NATIONAL%29&amp;language=fr&amp;fr=f&amp;choix1=ET&amp;choix2=ET&amp;fromtab=loi_all&amp;sql=dt+contains++%27ACCORD%27%2526+%27DE%27%2526+%27COOPERATION%27%2526+%27%28NATIONAL%29%27+and+dd+%3D+date%272018-12-06%27and+actif+%3D+%27Y%27&amp;ddda=2018&amp;tri=dd+AS+RANK+&amp;trier=promulgation&amp;dddj=06&amp;dddm=12#LNK0023\" name=\"LNKR0023\">Chapitre 6.<\/a> &#8211; Permis pour un volontaire dans le cadre du service volontaire europ\u00e9en<br \/>\n<a href=\"https:\/\/www.ejustice.just.fgov.be\/cgi_loi\/loi_a1.pl?imgcn.x=89&amp;imgcn.y=16&amp;DETAIL=2018120644%2FF&amp;caller=list&amp;row_id=1&amp;numero=1&amp;rech=2&amp;cn=2018120644&amp;table_name=LOI&amp;nm=2019013569&amp;la=F&amp;chercher=t&amp;dt=ACCORD+DE+COOPERATION+%28NATIONAL%29&amp;language=fr&amp;fr=f&amp;choix1=ET&amp;choix2=ET&amp;fromtab=loi_all&amp;sql=dt+contains++%27ACCORD%27%2526+%27DE%27%2526+%27COOPERATION%27%2526+%27%28NATIONAL%29%27+and+dd+%3D+date%272018-12-06%27and+actif+%3D+%27Y%27&amp;ddda=2018&amp;tri=dd+AS+RANK+&amp;trier=promulgation&amp;dddj=06&amp;dddm=12#LNK0027\" name=\"LNKR0027\">TITRE III.<\/a> &#8211; DISPOSITION FINALE<\/th>\n<\/tr>\n<\/tbody>\n<\/table>\n<\/div><\/div><\/div><\/div><\/div>\n","protected":false},"featured_media":0,"template":"","categories":[],"tags":[1505],"class_list":["post-44558","laws","type-laws","status-publish","hentry","tag-ressources-humaines"],"acf":[],"yoast_head":"<!-- This site is optimized with the Yoast SEO plugin v27.5 - https:\/\/yoast.com\/product\/yoast-seo-wordpress\/ -->\n<title>\u00a06 DECEMBRE 2018. - Accord de coop\u00e9ration portant sur la coordination des politiques d&#039;octroi d&#039;autorisations de travail et d&#039;octroi du permis de s\u00e9jour, ainsi que les normes relatives \u00e0 l&#039;emploi et au s\u00e9jour des travailleurs \u00e9trangers - e2.law<\/title>\n<meta name=\"robots\" content=\"index, follow, max-snippet:-1, max-image-preview:large, max-video-preview:-1\" \/>\n<link rel=\"canonical\" href=\"https:\/\/www.e2.law\/fr\/laws\/accord-de-cooperation\/\" \/>\n<meta property=\"og:locale\" content=\"fr_FR\" \/>\n<meta property=\"og:type\" content=\"article\" \/>\n<meta property=\"og:title\" content=\"\u00a06 DECEMBRE 2018. - Accord de coop\u00e9ration portant sur la coordination des politiques d&#039;octroi d&#039;autorisations de travail et d&#039;octroi du permis de s\u00e9jour, ainsi que les normes relatives \u00e0 l&#039;emploi et au s\u00e9jour des travailleurs \u00e9trangers - e2.law\" \/>\n<meta property=\"og:url\" content=\"https:\/\/www.e2.law\/fr\/laws\/accord-de-cooperation\/\" \/>\n<meta property=\"og:site_name\" content=\"e2.law\" \/>\n<meta property=\"article:modified_time\" content=\"2024-06-04T07:48:15+00:00\" \/>\n<meta name=\"twitter:card\" content=\"summary_large_image\" \/>\n<meta name=\"twitter:label1\" content=\"Dur\u00e9e de lecture estim\u00e9e\" \/>\n\t<meta name=\"twitter:data1\" content=\"1 minute\" \/>\n<script type=\"application\/ld+json\" class=\"yoast-schema-graph\">{\"@context\":\"https:\\\/\\\/schema.org\",\"@graph\":[{\"@type\":\"WebPage\",\"@id\":\"https:\\\/\\\/www.e2.law\\\/fr\\\/laws\\\/accord-de-cooperation\\\/\",\"url\":\"https:\\\/\\\/www.e2.law\\\/fr\\\/laws\\\/accord-de-cooperation\\\/\",\"name\":\"\u00a06 DECEMBRE 2018. - Accord de coop\u00e9ration portant sur la coordination des politiques d'octroi d'autorisations de travail et d'octroi du permis de s\u00e9jour, ainsi que les normes relatives \u00e0 l'emploi et au s\u00e9jour des travailleurs \u00e9trangers - e2.law\",\"isPartOf\":{\"@id\":\"https:\\\/\\\/www.e2.law\\\/fr\\\/#website\"},\"datePublished\":\"2024-02-19T14:00:28+00:00\",\"dateModified\":\"2024-06-04T07:48:15+00:00\",\"breadcrumb\":{\"@id\":\"https:\\\/\\\/www.e2.law\\\/fr\\\/laws\\\/accord-de-cooperation\\\/#breadcrumb\"},\"inLanguage\":\"fr-FR\",\"potentialAction\":[{\"@type\":\"ReadAction\",\"target\":[\"https:\\\/\\\/www.e2.law\\\/fr\\\/laws\\\/accord-de-cooperation\\\/\"]}]},{\"@type\":\"BreadcrumbList\",\"@id\":\"https:\\\/\\\/www.e2.law\\\/fr\\\/laws\\\/accord-de-cooperation\\\/#breadcrumb\",\"itemListElement\":[{\"@type\":\"ListItem\",\"position\":1,\"name\":\"Home\",\"item\":\"https:\\\/\\\/www.e2.law\\\/fr\\\/home\\\/\"},{\"@type\":\"ListItem\",\"position\":2,\"name\":\"\u00a06 DECEMBRE 2018. &#8211; Accord de coop\u00e9ration portant sur la coordination des politiques d&#8217;octroi d&#8217;autorisations de travail et d&#8217;octroi du permis de s\u00e9jour, ainsi que les normes relatives \u00e0 l&#8217;emploi et au s\u00e9jour des travailleurs \u00e9trangers\"}]},{\"@type\":\"WebSite\",\"@id\":\"https:\\\/\\\/www.e2.law\\\/fr\\\/#website\",\"url\":\"https:\\\/\\\/www.e2.law\\\/fr\\\/\",\"name\":\"e2.law\",\"description\":\"A Business Law Firm\",\"publisher\":{\"@id\":\"https:\\\/\\\/www.e2.law\\\/fr\\\/#organization\"},\"potentialAction\":[{\"@type\":\"SearchAction\",\"target\":{\"@type\":\"EntryPoint\",\"urlTemplate\":\"https:\\\/\\\/www.e2.law\\\/fr\\\/?s={search_term_string}\"},\"query-input\":{\"@type\":\"PropertyValueSpecification\",\"valueRequired\":true,\"valueName\":\"search_term_string\"}}],\"inLanguage\":\"fr-FR\"},{\"@type\":\"Organization\",\"@id\":\"https:\\\/\\\/www.e2.law\\\/fr\\\/#organization\",\"name\":\"E2.law\",\"url\":\"https:\\\/\\\/www.e2.law\\\/fr\\\/\",\"logo\":{\"@type\":\"ImageObject\",\"inLanguage\":\"fr-FR\",\"@id\":\"https:\\\/\\\/www.e2.law\\\/fr\\\/#\\\/schema\\\/logo\\\/image\\\/\",\"url\":\"https:\\\/\\\/www.e2.law\\\/wp-content\\\/uploads\\\/2018\\\/12\\\/logo-2.png\",\"contentUrl\":\"https:\\\/\\\/www.e2.law\\\/wp-content\\\/uploads\\\/2018\\\/12\\\/logo-2.png\",\"width\":152,\"height\":40,\"caption\":\"E2.law\"},\"image\":{\"@id\":\"https:\\\/\\\/www.e2.law\\\/fr\\\/#\\\/schema\\\/logo\\\/image\\\/\"},\"sameAs\":[\"https:\\\/\\\/www.linkedin.com\\\/company\\\/e2.law\"]}]}<\/script>\n<!-- \/ Yoast SEO plugin. -->","yoast_head_json":{"title":"\u00a06 DECEMBRE 2018. - Accord de coop\u00e9ration portant sur la coordination des politiques d'octroi d'autorisations de travail et d'octroi du permis de s\u00e9jour, ainsi que les normes relatives \u00e0 l'emploi et au s\u00e9jour des travailleurs \u00e9trangers - e2.law","robots":{"index":"index","follow":"follow","max-snippet":"max-snippet:-1","max-image-preview":"max-image-preview:large","max-video-preview":"max-video-preview:-1"},"canonical":"https:\/\/www.e2.law\/fr\/laws\/accord-de-cooperation\/","og_locale":"fr_FR","og_type":"article","og_title":"\u00a06 DECEMBRE 2018. - Accord de coop\u00e9ration portant sur la coordination des politiques d'octroi d'autorisations de travail et d'octroi du permis de s\u00e9jour, ainsi que les normes relatives \u00e0 l'emploi et au s\u00e9jour des travailleurs \u00e9trangers - e2.law","og_url":"https:\/\/www.e2.law\/fr\/laws\/accord-de-cooperation\/","og_site_name":"e2.law","article_modified_time":"2024-06-04T07:48:15+00:00","twitter_card":"summary_large_image","twitter_misc":{"Dur\u00e9e de lecture estim\u00e9e":"1 minute"},"schema":{"@context":"https:\/\/schema.org","@graph":[{"@type":"WebPage","@id":"https:\/\/www.e2.law\/fr\/laws\/accord-de-cooperation\/","url":"https:\/\/www.e2.law\/fr\/laws\/accord-de-cooperation\/","name":"\u00a06 DECEMBRE 2018. - Accord de coop\u00e9ration portant sur la coordination des politiques d'octroi d'autorisations de travail et d'octroi du permis de s\u00e9jour, ainsi que les normes relatives \u00e0 l'emploi et au s\u00e9jour des travailleurs \u00e9trangers - e2.law","isPartOf":{"@id":"https:\/\/www.e2.law\/fr\/#website"},"datePublished":"2024-02-19T14:00:28+00:00","dateModified":"2024-06-04T07:48:15+00:00","breadcrumb":{"@id":"https:\/\/www.e2.law\/fr\/laws\/accord-de-cooperation\/#breadcrumb"},"inLanguage":"fr-FR","potentialAction":[{"@type":"ReadAction","target":["https:\/\/www.e2.law\/fr\/laws\/accord-de-cooperation\/"]}]},{"@type":"BreadcrumbList","@id":"https:\/\/www.e2.law\/fr\/laws\/accord-de-cooperation\/#breadcrumb","itemListElement":[{"@type":"ListItem","position":1,"name":"Home","item":"https:\/\/www.e2.law\/fr\/home\/"},{"@type":"ListItem","position":2,"name":"\u00a06 DECEMBRE 2018. &#8211; Accord de coop\u00e9ration portant sur la coordination des politiques d&#8217;octroi d&#8217;autorisations de travail et d&#8217;octroi du permis de s\u00e9jour, ainsi que les normes relatives \u00e0 l&#8217;emploi et au s\u00e9jour des travailleurs \u00e9trangers"}]},{"@type":"WebSite","@id":"https:\/\/www.e2.law\/fr\/#website","url":"https:\/\/www.e2.law\/fr\/","name":"e2.law","description":"A Business Law Firm","publisher":{"@id":"https:\/\/www.e2.law\/fr\/#organization"},"potentialAction":[{"@type":"SearchAction","target":{"@type":"EntryPoint","urlTemplate":"https:\/\/www.e2.law\/fr\/?s={search_term_string}"},"query-input":{"@type":"PropertyValueSpecification","valueRequired":true,"valueName":"search_term_string"}}],"inLanguage":"fr-FR"},{"@type":"Organization","@id":"https:\/\/www.e2.law\/fr\/#organization","name":"E2.law","url":"https:\/\/www.e2.law\/fr\/","logo":{"@type":"ImageObject","inLanguage":"fr-FR","@id":"https:\/\/www.e2.law\/fr\/#\/schema\/logo\/image\/","url":"https:\/\/www.e2.law\/wp-content\/uploads\/2018\/12\/logo-2.png","contentUrl":"https:\/\/www.e2.law\/wp-content\/uploads\/2018\/12\/logo-2.png","width":152,"height":40,"caption":"E2.law"},"image":{"@id":"https:\/\/www.e2.law\/fr\/#\/schema\/logo\/image\/"},"sameAs":["https:\/\/www.linkedin.com\/company\/e2.law"]}]}},"jetpack_sharing_enabled":true,"_links":{"self":[{"href":"https:\/\/www.e2.law\/fr\/wp-json\/wp\/v2\/laws\/44558","targetHints":{"allow":["GET"]}}],"collection":[{"href":"https:\/\/www.e2.law\/fr\/wp-json\/wp\/v2\/laws"}],"about":[{"href":"https:\/\/www.e2.law\/fr\/wp-json\/wp\/v2\/types\/laws"}],"wp:attachment":[{"href":"https:\/\/www.e2.law\/fr\/wp-json\/wp\/v2\/media?parent=44558"}],"wp:term":[{"taxonomy":"category","embeddable":true,"href":"https:\/\/www.e2.law\/fr\/wp-json\/wp\/v2\/categories?post=44558"},{"taxonomy":"post_tag","embeddable":true,"href":"https:\/\/www.e2.law\/fr\/wp-json\/wp\/v2\/tags?post=44558"}],"curies":[{"name":"wp","href":"https:\/\/api.w.org\/{rel}","templated":true}]}}