{"id":44595,"date":"2024-03-01T15:49:58","date_gmt":"2024-03-01T13:49:58","guid":{"rendered":"https:\/\/www.e2.law\/?post_type=laws&#038;p=44595"},"modified":"2024-03-01T15:49:58","modified_gmt":"2024-03-01T13:49:58","slug":"24-juillet-1987-loi-sur-le-travail-temporaire-le-travail-interimaire-et-la-mise-de-travailleurs-a-la-disposition-dutilisateurs-2","status":"publish","type":"laws","link":"https:\/\/www.e2.law\/fr\/laws\/24-juillet-1987-loi-sur-le-travail-temporaire-le-travail-interimaire-et-la-mise-de-travailleurs-a-la-disposition-dutilisateurs-2\/","title":{"rendered":"24 JUILLET 1987. &#8211; Loi sur le travail temporaire, le travail int\u00e9rimaire et la mise de travailleurs \u00e0 la disposition d&#8217;utilisateurs"},"content":{"rendered":"<div class=\"fusion-fullwidth fullwidth-box fusion-builder-row-1 fusion-flex-container has-pattern-background has-mask-background nonhundred-percent-fullwidth non-hundred-percent-height-scrolling\" style=\"--awb-border-radius-top-left:0px;--awb-border-radius-top-right:0px;--awb-border-radius-bottom-right:0px;--awb-border-radius-bottom-left:0px;--awb-flex-wrap:wrap;\" ><div class=\"fusion-builder-row fusion-row fusion-flex-align-items-flex-start fusion-flex-content-wrap\" style=\"max-width:1144px;margin-left: calc(-4% \/ 2 );margin-right: calc(-4% \/ 2 );\"><div class=\"fusion-layout-column fusion_builder_column fusion-builder-column-0 fusion_builder_column_1_1 1_1 fusion-flex-column\" style=\"--awb-bg-size:cover;--awb-width-large:100%;--awb-margin-top-large:0px;--awb-spacing-right-large:1.92%;--awb-margin-bottom-large:20px;--awb-spacing-left-large:1.92%;--awb-width-medium:100%;--awb-order-medium:0;--awb-spacing-right-medium:1.92%;--awb-spacing-left-medium:1.92%;--awb-width-small:100%;--awb-order-small:0;--awb-spacing-right-small:1.92%;--awb-spacing-left-small:1.92%;\"><div class=\"fusion-column-wrapper fusion-column-has-shadow fusion-flex-justify-content-flex-start fusion-content-layout-column\"><div class=\"fusion-text fusion-text-1\"><table border=\"1\" width=\"100%\">\n<tbody>\n<tr>\n<th align=\"center\" width=\"80%\"><span style=\"color: blue; font-size: x-large;\"><b>Table des mati\u00e8res<\/b><\/span><\/th>\n<th align=\"center\" bgcolor=\"#bcd9ff\" width=\"10%\"><a href=\"https:\/\/www.ejustice.just.fgov.be\/eli\/loi\/1987\/07\/24\/1987012597\/justel#texte\">Texte<\/a><\/th>\n<th align=\"center\" bgcolor=\"#bcd9ff\" width=\"10%\"><a href=\"https:\/\/www.ejustice.just.fgov.be\/eli\/loi\/1987\/07\/24\/1987012597\/justel#top\"><b>D\u00e9but<\/b><\/a><\/th>\n<\/tr>\n<tr>\n<th colspan=\"3\" align=\"left\" width=\"100%\"><a href=\"https:\/\/www.ejustice.just.fgov.be\/eli\/loi\/1987\/07\/24\/1987012597\/justel#LNK0001\" name=\"LNKR0001\">CHAPITRE I.<\/a>\u00a0&#8211; R\u00e9glementation du travail temporaire et du contrat de travail pour l&#8217;ex\u00e9cution de travail temporaire.<br \/>\n<a href=\"https:\/\/www.ejustice.just.fgov.be\/eli\/loi\/1987\/07\/24\/1987012597\/justel#LNK0002\" name=\"LNKR0002\">Section 1.<\/a>\u00a0&#8211; Le travail temporaire.<br \/>\nArt. 1<br \/>\nArt. 1 COMMUNAUTE GERMANOPHONE<br \/>\n<a href=\"https:\/\/www.ejustice.just.fgov.be\/eli\/loi\/1987\/07\/24\/1987012597\/justel#LNK0003\" name=\"LNKR0003\">Section 2.<\/a>\u00a0&#8211; Le contrat de travail pour l&#8217;ex\u00e9cution de travail temporaire.<br \/>\nArt. 2-6<br \/>\n<a href=\"https:\/\/www.ejustice.just.fgov.be\/eli\/loi\/1987\/07\/24\/1987012597\/justel#LNK0004\" name=\"LNKR0004\">CHAPITRE II.<\/a>\u00a0&#8211; R\u00e9glementation du travail int\u00e9rimaire.<br \/>\n<a href=\"https:\/\/www.ejustice.just.fgov.be\/eli\/loi\/1987\/07\/24\/1987012597\/justel#LNK0005\" name=\"LNKR0005\">Section 1.<\/a>\u00a0&#8211; Contrat de travail int\u00e9rimaire.<br \/>\nArt. 7-8, 8bis, 8ter, 9, 9bis, 10, 10bis, 11-16<br \/>\n<a href=\"https:\/\/www.ejustice.just.fgov.be\/eli\/loi\/1987\/07\/24\/1987012597\/justel#LNK0006\" name=\"LNKR0006\">Section 2.<\/a>\u00a0&#8211; Contrat conclu entre l&#8217;entreprise de travail int\u00e9rimaire et l&#8217;utilisateur.<br \/>\nArt. 17-18<br \/>\n<a href=\"https:\/\/www.ejustice.just.fgov.be\/eli\/loi\/1987\/07\/24\/1987012597\/justel#LNK0007\" name=\"LNKR0007\">Section 3.<\/a>\u00a0&#8211; Obligations de l&#8217;utilisateur.<br \/>\nArt. 19-20, 20bis, 20ter, 20quater<br \/>\n<a href=\"https:\/\/www.ejustice.just.fgov.be\/eli\/loi\/1987\/07\/24\/1987012597\/justel#LNK0008\" name=\"LNKR0008\">Section 4.<\/a>\u00a0&#8211; R\u00e8glement de l&#8217;emploi d&#8217;int\u00e9rimaires.<br \/>\nArt. 21-24<br \/>\n<a href=\"https:\/\/www.ejustice.just.fgov.be\/eli\/loi\/1987\/07\/24\/1987012597\/justel#LNK0009\" name=\"LNKR0009\">Section 5.<\/a>\u00a0&#8211; Modalit\u00e9s particuli\u00e8res de la l\u00e9gislation du travail.<br \/>\nArt. 25-26<br \/>\n<a href=\"https:\/\/www.ejustice.just.fgov.be\/eli\/loi\/1987\/07\/24\/1987012597\/justel#LNK0010\" name=\"LNKR0010\">Section 6.<\/a>\u00a0&#8211; Commission paritaire pour le travail int\u00e9rimaire.<br \/>\nArt. 27-30<br \/>\n<a href=\"https:\/\/www.ejustice.just.fgov.be\/eli\/loi\/1987\/07\/24\/1987012597\/justel#LNK0011\" name=\"LNKR0011\">CHAPITRE III.<\/a>\u00a0&#8211; R\u00e9glementation de la mise de travailleurs \u00e0 la disposition d&#8217;utilisateurs.<br \/>\nArt. 31-32, 32bis<br \/>\nArt. 32bis COMMUNAUTE GERMANOPHONE<br \/>\n<a href=\"https:\/\/www.ejustice.just.fgov.be\/eli\/loi\/1987\/07\/24\/1987012597\/justel#LNK0012\" name=\"LNKR0012\">CHAPITRE IV.<\/a>\u00a0&#8211; Disposition g\u00e9n\u00e9rale.<br \/>\nArt. 33<br \/>\n<a href=\"https:\/\/www.ejustice.just.fgov.be\/eli\/loi\/1987\/07\/24\/1987012597\/justel#LNK0013\" name=\"LNKR0013\">CHAPITRE V.<\/a>\u00a0&#8211; Surveillance et p\u00e9nalit\u00e9s.<br \/>\n<a href=\"https:\/\/www.ejustice.just.fgov.be\/eli\/loi\/1987\/07\/24\/1987012597\/justel#LNK0019\" name=\"LNKR0019\">CHAPITRE V. REGION WALLONNE.<\/a>\u00a0<i>&#8211; Surveillance [<sup><span style=\"color: red;\">1<\/span><\/sup>\u00a0, p\u00e9nalit\u00e9s et amendes administratives]<sup><span style=\"color: red;\">1<\/span><\/sup>.<\/i><br \/>\n<a href=\"https:\/\/www.ejustice.just.fgov.be\/eli\/loi\/1987\/07\/24\/1987012597\/justel#LNK0014\" name=\"LNKR0014\">CHAPITRE V. REGION DE BRUXELLES-CAPITALE.<\/a>\u00a0<i>&#8211; Surveillance [<sup><span style=\"color: red;\">1<\/span><\/sup>\u00a0, p\u00e9nalit\u00e9s et amendes administratives]<sup><span style=\"color: red;\">1<\/span><\/sup>.<br \/>\n<a href=\"https:\/\/www.ejustice.just.fgov.be\/eli\/loi\/1987\/07\/24\/1987012597\/justel#LNK0015\" name=\"LNKR0015\">Section 1.<\/a>\u00a0&#8211; Surveillance.<br \/>\nArt. 34-35<br \/>\nArt. 35\/1 REGION WALLONNE<br \/>\nArt. 35\/1 REGION BRUXELLES-CAPITALE, 36-38<br \/>\n<a href=\"https:\/\/www.ejustice.just.fgov.be\/eli\/loi\/1987\/07\/24\/1987012597\/justel#LNK0016\" name=\"LNKR0016\">Section 2.<\/a>\u00a0&#8211; Dispositions p\u00e9nales.<br \/>\n<a href=\"https:\/\/www.ejustice.just.fgov.be\/eli\/loi\/1987\/07\/24\/1987012597\/justel#LNK0020\" name=\"LNKR0020\">Section 2. REGION WALLONNE.<\/a>\u00a0&#8211; Dispositions p\u00e9nales [<sup><span style=\"color: red;\">1<\/span><\/sup>\u00a0et amendes administratives]<sup><span style=\"color: red;\">1<\/span><\/sup>.<br \/>\nArt. 39<br \/>\nArt. 39 REGION WALLONNE<br \/>\n<a href=\"https:\/\/www.ejustice.just.fgov.be\/eli\/loi\/1987\/07\/24\/1987012597\/justel#LNK0017\" name=\"LNKR0017\">Section 2 REGION BRUXELLES-CAPITALE<\/a>\u00a0&#8211;\u00a0Dispositions p\u00e9nales [<sup><span style=\"color: red;\">1<\/span><\/sup>\u00a0et amendes administratives]<sup><span style=\"color: red;\">1<\/span><\/sup>.<br \/>\nArt. 39 REGION BRUXELLES-CAPITALE, 39bis, 39bis REGION BRUXELLES-CAPITALE, 40<br \/>\nArt. 40 REGION WALLONNE<br \/>\nArt. 41-44<br \/>\n<a href=\"https:\/\/www.ejustice.just.fgov.be\/eli\/loi\/1987\/07\/24\/1987012597\/justel#LNK0018\" name=\"LNKR0018\">CHAPITRE VI.<\/a>\u00a0&#8211; Dispositions finales.<br \/>\nArt. 45-49<\/i><\/th>\n<\/tr>\n<\/tbody>\n<\/table>\n<\/div><\/div><\/div><\/div><\/div>\n","protected":false},"featured_media":0,"template":"","categories":[],"tags":[],"class_list":["post-44595","laws","type-laws","status-publish","hentry"],"acf":[],"yoast_head":"<!-- This site is optimized with the Yoast SEO plugin v27.5 - https:\/\/yoast.com\/product\/yoast-seo-wordpress\/ -->\n<title>24 JUILLET 1987. - Loi sur le travail temporaire, le travail int\u00e9rimaire et la mise de travailleurs \u00e0 la disposition d&#039;utilisateurs - e2.law<\/title>\n<meta name=\"robots\" content=\"index, follow, max-snippet:-1, max-image-preview:large, max-video-preview:-1\" \/>\n<link rel=\"canonical\" href=\"https:\/\/www.e2.law\/fr\/laws\/24-juillet-1987-loi-sur-le-travail-temporaire-le-travail-interimaire-et-la-mise-de-travailleurs-a-la-disposition-dutilisateurs-2\/\" \/>\n<meta property=\"og:locale\" content=\"fr_FR\" \/>\n<meta property=\"og:type\" content=\"article\" \/>\n<meta property=\"og:title\" content=\"24 JUILLET 1987. - Loi sur le travail temporaire, le travail int\u00e9rimaire et la mise de travailleurs \u00e0 la disposition d&#039;utilisateurs - e2.law\" \/>\n<meta property=\"og:url\" content=\"https:\/\/www.e2.law\/fr\/laws\/24-juillet-1987-loi-sur-le-travail-temporaire-le-travail-interimaire-et-la-mise-de-travailleurs-a-la-disposition-dutilisateurs-2\/\" \/>\n<meta property=\"og:site_name\" content=\"e2.law\" \/>\n<meta name=\"twitter:card\" content=\"summary_large_image\" \/>\n<meta name=\"twitter:label1\" content=\"Dur\u00e9e de lecture estim\u00e9e\" \/>\n\t<meta name=\"twitter:data1\" content=\"2 minutes\" \/>\n<script type=\"application\/ld+json\" class=\"yoast-schema-graph\">{\"@context\":\"https:\\\/\\\/schema.org\",\"@graph\":[{\"@type\":\"WebPage\",\"@id\":\"https:\\\/\\\/www.e2.law\\\/fr\\\/laws\\\/24-juillet-1987-loi-sur-le-travail-temporaire-le-travail-interimaire-et-la-mise-de-travailleurs-a-la-disposition-dutilisateurs-2\\\/\",\"url\":\"https:\\\/\\\/www.e2.law\\\/fr\\\/laws\\\/24-juillet-1987-loi-sur-le-travail-temporaire-le-travail-interimaire-et-la-mise-de-travailleurs-a-la-disposition-dutilisateurs-2\\\/\",\"name\":\"24 JUILLET 1987. - Loi sur le travail temporaire, le travail int\u00e9rimaire et la mise de travailleurs \u00e0 la disposition d'utilisateurs - e2.law\",\"isPartOf\":{\"@id\":\"https:\\\/\\\/www.e2.law\\\/fr\\\/#website\"},\"datePublished\":\"2024-03-01T13:49:58+00:00\",\"breadcrumb\":{\"@id\":\"https:\\\/\\\/www.e2.law\\\/fr\\\/laws\\\/24-juillet-1987-loi-sur-le-travail-temporaire-le-travail-interimaire-et-la-mise-de-travailleurs-a-la-disposition-dutilisateurs-2\\\/#breadcrumb\"},\"inLanguage\":\"fr-FR\",\"potentialAction\":[{\"@type\":\"ReadAction\",\"target\":[\"https:\\\/\\\/www.e2.law\\\/fr\\\/laws\\\/24-juillet-1987-loi-sur-le-travail-temporaire-le-travail-interimaire-et-la-mise-de-travailleurs-a-la-disposition-dutilisateurs-2\\\/\"]}]},{\"@type\":\"BreadcrumbList\",\"@id\":\"https:\\\/\\\/www.e2.law\\\/fr\\\/laws\\\/24-juillet-1987-loi-sur-le-travail-temporaire-le-travail-interimaire-et-la-mise-de-travailleurs-a-la-disposition-dutilisateurs-2\\\/#breadcrumb\",\"itemListElement\":[{\"@type\":\"ListItem\",\"position\":1,\"name\":\"Home\",\"item\":\"https:\\\/\\\/www.e2.law\\\/fr\\\/home\\\/\"},{\"@type\":\"ListItem\",\"position\":2,\"name\":\"24 JUILLET 1987. &#8211; Loi sur le travail temporaire, le travail int\u00e9rimaire et la mise de travailleurs \u00e0 la disposition d&#8217;utilisateurs\"}]},{\"@type\":\"WebSite\",\"@id\":\"https:\\\/\\\/www.e2.law\\\/fr\\\/#website\",\"url\":\"https:\\\/\\\/www.e2.law\\\/fr\\\/\",\"name\":\"e2.law\",\"description\":\"A Business Law Firm\",\"publisher\":{\"@id\":\"https:\\\/\\\/www.e2.law\\\/fr\\\/#organization\"},\"potentialAction\":[{\"@type\":\"SearchAction\",\"target\":{\"@type\":\"EntryPoint\",\"urlTemplate\":\"https:\\\/\\\/www.e2.law\\\/fr\\\/?s={search_term_string}\"},\"query-input\":{\"@type\":\"PropertyValueSpecification\",\"valueRequired\":true,\"valueName\":\"search_term_string\"}}],\"inLanguage\":\"fr-FR\"},{\"@type\":\"Organization\",\"@id\":\"https:\\\/\\\/www.e2.law\\\/fr\\\/#organization\",\"name\":\"E2.law\",\"url\":\"https:\\\/\\\/www.e2.law\\\/fr\\\/\",\"logo\":{\"@type\":\"ImageObject\",\"inLanguage\":\"fr-FR\",\"@id\":\"https:\\\/\\\/www.e2.law\\\/fr\\\/#\\\/schema\\\/logo\\\/image\\\/\",\"url\":\"https:\\\/\\\/www.e2.law\\\/wp-content\\\/uploads\\\/2018\\\/12\\\/logo-2.png\",\"contentUrl\":\"https:\\\/\\\/www.e2.law\\\/wp-content\\\/uploads\\\/2018\\\/12\\\/logo-2.png\",\"width\":152,\"height\":40,\"caption\":\"E2.law\"},\"image\":{\"@id\":\"https:\\\/\\\/www.e2.law\\\/fr\\\/#\\\/schema\\\/logo\\\/image\\\/\"},\"sameAs\":[\"https:\\\/\\\/www.linkedin.com\\\/company\\\/e2.law\"]}]}<\/script>\n<!-- \/ Yoast SEO plugin. -->","yoast_head_json":{"title":"24 JUILLET 1987. - Loi sur le travail temporaire, le travail int\u00e9rimaire et la mise de travailleurs \u00e0 la disposition d'utilisateurs - e2.law","robots":{"index":"index","follow":"follow","max-snippet":"max-snippet:-1","max-image-preview":"max-image-preview:large","max-video-preview":"max-video-preview:-1"},"canonical":"https:\/\/www.e2.law\/fr\/laws\/24-juillet-1987-loi-sur-le-travail-temporaire-le-travail-interimaire-et-la-mise-de-travailleurs-a-la-disposition-dutilisateurs-2\/","og_locale":"fr_FR","og_type":"article","og_title":"24 JUILLET 1987. - Loi sur le travail temporaire, le travail int\u00e9rimaire et la mise de travailleurs \u00e0 la disposition d'utilisateurs - e2.law","og_url":"https:\/\/www.e2.law\/fr\/laws\/24-juillet-1987-loi-sur-le-travail-temporaire-le-travail-interimaire-et-la-mise-de-travailleurs-a-la-disposition-dutilisateurs-2\/","og_site_name":"e2.law","twitter_card":"summary_large_image","twitter_misc":{"Dur\u00e9e de lecture estim\u00e9e":"2 minutes"},"schema":{"@context":"https:\/\/schema.org","@graph":[{"@type":"WebPage","@id":"https:\/\/www.e2.law\/fr\/laws\/24-juillet-1987-loi-sur-le-travail-temporaire-le-travail-interimaire-et-la-mise-de-travailleurs-a-la-disposition-dutilisateurs-2\/","url":"https:\/\/www.e2.law\/fr\/laws\/24-juillet-1987-loi-sur-le-travail-temporaire-le-travail-interimaire-et-la-mise-de-travailleurs-a-la-disposition-dutilisateurs-2\/","name":"24 JUILLET 1987. - Loi sur le travail temporaire, le travail int\u00e9rimaire et la mise de travailleurs \u00e0 la disposition d'utilisateurs - e2.law","isPartOf":{"@id":"https:\/\/www.e2.law\/fr\/#website"},"datePublished":"2024-03-01T13:49:58+00:00","breadcrumb":{"@id":"https:\/\/www.e2.law\/fr\/laws\/24-juillet-1987-loi-sur-le-travail-temporaire-le-travail-interimaire-et-la-mise-de-travailleurs-a-la-disposition-dutilisateurs-2\/#breadcrumb"},"inLanguage":"fr-FR","potentialAction":[{"@type":"ReadAction","target":["https:\/\/www.e2.law\/fr\/laws\/24-juillet-1987-loi-sur-le-travail-temporaire-le-travail-interimaire-et-la-mise-de-travailleurs-a-la-disposition-dutilisateurs-2\/"]}]},{"@type":"BreadcrumbList","@id":"https:\/\/www.e2.law\/fr\/laws\/24-juillet-1987-loi-sur-le-travail-temporaire-le-travail-interimaire-et-la-mise-de-travailleurs-a-la-disposition-dutilisateurs-2\/#breadcrumb","itemListElement":[{"@type":"ListItem","position":1,"name":"Home","item":"https:\/\/www.e2.law\/fr\/home\/"},{"@type":"ListItem","position":2,"name":"24 JUILLET 1987. &#8211; Loi sur le travail temporaire, le travail int\u00e9rimaire et la mise de travailleurs \u00e0 la disposition d&#8217;utilisateurs"}]},{"@type":"WebSite","@id":"https:\/\/www.e2.law\/fr\/#website","url":"https:\/\/www.e2.law\/fr\/","name":"e2.law","description":"A Business Law Firm","publisher":{"@id":"https:\/\/www.e2.law\/fr\/#organization"},"potentialAction":[{"@type":"SearchAction","target":{"@type":"EntryPoint","urlTemplate":"https:\/\/www.e2.law\/fr\/?s={search_term_string}"},"query-input":{"@type":"PropertyValueSpecification","valueRequired":true,"valueName":"search_term_string"}}],"inLanguage":"fr-FR"},{"@type":"Organization","@id":"https:\/\/www.e2.law\/fr\/#organization","name":"E2.law","url":"https:\/\/www.e2.law\/fr\/","logo":{"@type":"ImageObject","inLanguage":"fr-FR","@id":"https:\/\/www.e2.law\/fr\/#\/schema\/logo\/image\/","url":"https:\/\/www.e2.law\/wp-content\/uploads\/2018\/12\/logo-2.png","contentUrl":"https:\/\/www.e2.law\/wp-content\/uploads\/2018\/12\/logo-2.png","width":152,"height":40,"caption":"E2.law"},"image":{"@id":"https:\/\/www.e2.law\/fr\/#\/schema\/logo\/image\/"},"sameAs":["https:\/\/www.linkedin.com\/company\/e2.law"]}]}},"jetpack_sharing_enabled":true,"_links":{"self":[{"href":"https:\/\/www.e2.law\/fr\/wp-json\/wp\/v2\/laws\/44595","targetHints":{"allow":["GET"]}}],"collection":[{"href":"https:\/\/www.e2.law\/fr\/wp-json\/wp\/v2\/laws"}],"about":[{"href":"https:\/\/www.e2.law\/fr\/wp-json\/wp\/v2\/types\/laws"}],"wp:attachment":[{"href":"https:\/\/www.e2.law\/fr\/wp-json\/wp\/v2\/media?parent=44595"}],"wp:term":[{"taxonomy":"category","embeddable":true,"href":"https:\/\/www.e2.law\/fr\/wp-json\/wp\/v2\/categories?post=44595"},{"taxonomy":"post_tag","embeddable":true,"href":"https:\/\/www.e2.law\/fr\/wp-json\/wp\/v2\/tags?post=44595"}],"curies":[{"name":"wp","href":"https:\/\/api.w.org\/{rel}","templated":true}]}}