{"id":32310,"date":"2021-12-10T18:36:30","date_gmt":"2021-12-10T16:36:30","guid":{"rendered":"https:\/\/www.e2.law\/?post_type=legalconcepts&#038;p=32310"},"modified":"2024-05-23T11:01:04","modified_gmt":"2024-05-23T09:01:04","slug":"donnees-a-caractere-personnel","status":"publish","type":"legalconcepts","link":"https:\/\/www.e2.law\/fr\/legalconcepts\/donnees-a-caractere-personnel\/","title":{"rendered":"Donn\u00e9es \u00e0 caract\u00e8re personnel"},"content":{"rendered":"<div class=\"fusion-fullwidth fullwidth-box fusion-builder-row-1 fusion-flex-container nonhundred-percent-fullwidth non-hundred-percent-height-scrolling\" style=\"--awb-border-radius-top-left:0px;--awb-border-radius-top-right:0px;--awb-border-radius-bottom-right:0px;--awb-border-radius-bottom-left:0px;--awb-flex-wrap:wrap;\" ><div class=\"fusion-builder-row fusion-row fusion-flex-align-items-flex-start fusion-flex-content-wrap\" style=\"max-width:1144px;margin-left: calc(-4% \/ 2 );margin-right: calc(-4% \/ 2 );\"><div class=\"fusion-layout-column fusion_builder_column fusion-builder-column-0 fusion_builder_column_1_1 1_1 fusion-flex-column\" style=\"--awb-bg-size:cover;--awb-width-large:100%;--awb-margin-top-large:0px;--awb-spacing-right-large:1.92%;--awb-margin-bottom-large:0px;--awb-spacing-left-large:1.92%;--awb-width-medium:100%;--awb-spacing-right-medium:1.92%;--awb-spacing-left-medium:1.92%;--awb-width-small:100%;--awb-spacing-right-small:1.92%;--awb-spacing-left-small:1.92%;\"><div class=\"fusion-column-wrapper fusion-flex-justify-content-flex-start fusion-content-layout-column\"><div class=\"fusion-text fusion-text-1\"><p>Le <a href=\"https:\/\/www.e2.law\/fr\/laws\/gdpr-general-data-protection-regulation\/\">RGPD<\/a> d\u00e9finit les donn\u00e9es \u00e0 caract\u00e8re personnel comme toute information se rapportant \u00e0 une personne physique identifi\u00e9e ou identifiable.<\/p>\n<p>Une personne peut \u00eatre identifi\u00e9e:<\/p>\n<ul>\n<li><strong>Directement<\/strong>: par son nom et son pr\u00e9nom<\/li>\n<li><strong>Indirectement<\/strong>: par un num\u00e9ro d&#8217;identification, ses donn\u00e9es de localisation, un identifiant en ligne, ou \u00e0 un ou plusieurs \u00e9l\u00e9ments sp\u00e9cifiques propres \u00e0 son identit\u00e9 physique, physiologique, g\u00e9n\u00e9tique, psychique, \u00e9conomique, culturelle ou sociale.<\/li>\n<\/ul>\n<blockquote>\n<p>Les donn\u00e9es qui permettent d\u2019identifier une personne de fa\u00e7on indirecte sont donc \u00e9galement des donn\u00e9es \u00e0 caract\u00e8re personnel. \u00a0Le concept de donn\u00e9es \u00e0 caract\u00e8re personnel est en ce sens plus large en Europe qu\u2019aux Etats-Unis.<\/p>\n<\/blockquote>\n<\/div><div class=\"accordian fusion-accordian\" style=\"--awb-border-size:1px;--awb-icon-size:13px;--awb-content-font-size:16px;--awb-icon-alignment:left;--awb-hover-color:#f9f9f9;--awb-border-color:#cccccc;--awb-background-color:#ffffff;--awb-divider-color:#e0dede;--awb-divider-hover-color:#e0dede;--awb-icon-color:#ffffff;--awb-title-color:#333333;--awb-content-color:#747474;--awb-icon-box-color:#333333;--awb-toggle-hover-accent-color:#0da74c;--awb-title-font-family:&quot;Roboto Slab&quot;;--awb-title-font-weight:300;--awb-title-font-style:normal;--awb-title-font-size:14px;--awb-content-font-family:&quot;PT Sans&quot;;--awb-content-font-style:normal;--awb-content-font-weight:400;\"><div class=\"panel-group fusion-toggle-icon-boxed\" id=\"accordion-32310-1\"><div class=\"fusion-panel panel-default panel-f820c422589333719 fusion-toggle-has-divider\" style=\"--awb-title-color:#333333;--awb-content-color:#747474;\"><div class=\"panel-heading\"><h4 class=\"panel-title toggle\" id=\"toggle_f820c422589333719\"><a aria-expanded=\"false\" aria-controls=\"f820c422589333719\" role=\"button\" data-toggle=\"collapse\" data-parent=\"#accordion-32310-1\" data-target=\"#f820c422589333719\" href=\"#f820c422589333719\"><span class=\"fusion-toggle-icon-wrapper\" aria-hidden=\"true\"><i class=\"fa-fusion-box active-icon awb-icon-minus\" aria-hidden=\"true\"><\/i><i class=\"fa-fusion-box inactive-icon awb-icon-plus\" aria-hidden=\"true\"><\/i><\/span><span class=\"fusion-toggle-heading\">Base l\u00e9gale<\/span><\/a><\/h4><\/div><div id=\"f820c422589333719\" class=\"panel-collapse collapse \" aria-labelledby=\"toggle_f820c422589333719\"><div class=\"panel-body toggle-content fusion-clearfix\">\n<p><a href=\"https:\/\/eur-lex.europa.eu\/legal-content\/FR\/TXT\/?uri=CELEX%3A32016R0679#d1e1559-1-1\">Article 4, 1 du RGPD<\/a><\/p>\n<\/div><\/div><\/div><\/div><\/div><\/div><\/div><\/div><\/div>\n","protected":false},"featured_media":43645,"template":"","categories":[141],"tags":[1506],"class_list":["post-32310","legalconcepts","type-legalconcepts","status-publish","has-post-thumbnail","hentry","category-non-classifiee","tag-rgpd"],"acf":[],"yoast_head":"<!-- This site is optimized with the Yoast SEO plugin v27.5 - https:\/\/yoast.com\/product\/yoast-seo-wordpress\/ -->\n<title>Donn\u00e9es \u00e0 caract\u00e8re personnel - e2.law<\/title>\n<meta name=\"description\" content=\"Le RGPD d\u00e9finit les donn\u00e9es \u00e0 caract\u00e8re personnel comme toute information se rapportant \u00e0 une personne physique identifi\u00e9e ou identifiable.\" \/>\n<meta name=\"robots\" content=\"index, follow, max-snippet:-1, max-image-preview:large, max-video-preview:-1\" \/>\n<link rel=\"canonical\" href=\"https:\/\/www.e2.law\/fr\/legalconcepts\/donnees-a-caractere-personnel\/\" \/>\n<meta property=\"og:locale\" content=\"fr_FR\" \/>\n<meta property=\"og:type\" content=\"article\" \/>\n<meta property=\"og:title\" content=\"Donn\u00e9es \u00e0 caract\u00e8re personnel - e2.law\" \/>\n<meta property=\"og:description\" content=\"Le RGPD d\u00e9finit les donn\u00e9es \u00e0 caract\u00e8re personnel comme toute information se rapportant \u00e0 une personne physique identifi\u00e9e ou identifiable.\" \/>\n<meta property=\"og:url\" content=\"https:\/\/www.e2.law\/fr\/legalconcepts\/donnees-a-caractere-personnel\/\" \/>\n<meta property=\"og:site_name\" content=\"e2.law\" \/>\n<meta property=\"article:modified_time\" content=\"2024-05-23T09:01:04+00:00\" \/>\n<meta property=\"og:image\" content=\"https:\/\/www.e2.law\/wp-content\/uploads\/2021\/12\/Donne\u0301es.png\" \/>\n\t<meta property=\"og:image:width\" content=\"800\" \/>\n\t<meta property=\"og:image:height\" content=\"800\" \/>\n\t<meta property=\"og:image:type\" content=\"image\/png\" \/>\n<meta name=\"twitter:card\" content=\"summary_large_image\" \/>\n<meta name=\"twitter:label1\" content=\"Dur\u00e9e de lecture estim\u00e9e\" \/>\n\t<meta name=\"twitter:data1\" content=\"1 minute\" \/>\n<script type=\"application\/ld+json\" class=\"yoast-schema-graph\">{\"@context\":\"https:\\\/\\\/schema.org\",\"@graph\":[{\"@type\":\"WebPage\",\"@id\":\"https:\\\/\\\/www.e2.law\\\/fr\\\/legalconcepts\\\/donnees-a-caractere-personnel\\\/\",\"url\":\"https:\\\/\\\/www.e2.law\\\/fr\\\/legalconcepts\\\/donnees-a-caractere-personnel\\\/\",\"name\":\"Donn\u00e9es \u00e0 caract\u00e8re personnel - e2.law\",\"isPartOf\":{\"@id\":\"https:\\\/\\\/www.e2.law\\\/fr\\\/#website\"},\"primaryImageOfPage\":{\"@id\":\"https:\\\/\\\/www.e2.law\\\/fr\\\/legalconcepts\\\/donnees-a-caractere-personnel\\\/#primaryimage\"},\"image\":{\"@id\":\"https:\\\/\\\/www.e2.law\\\/fr\\\/legalconcepts\\\/donnees-a-caractere-personnel\\\/#primaryimage\"},\"thumbnailUrl\":\"https:\\\/\\\/i0.wp.com\\\/www.e2.law\\\/wp-content\\\/uploads\\\/2021\\\/12\\\/Donne%CC%81es.png?fit=800%2C800&ssl=1\",\"datePublished\":\"2021-12-10T16:36:30+00:00\",\"dateModified\":\"2024-05-23T09:01:04+00:00\",\"description\":\"Le RGPD d\u00e9finit les donn\u00e9es \u00e0 caract\u00e8re personnel comme toute information se rapportant \u00e0 une personne physique identifi\u00e9e ou identifiable.\",\"breadcrumb\":{\"@id\":\"https:\\\/\\\/www.e2.law\\\/fr\\\/legalconcepts\\\/donnees-a-caractere-personnel\\\/#breadcrumb\"},\"inLanguage\":\"fr-FR\",\"potentialAction\":[{\"@type\":\"ReadAction\",\"target\":[\"https:\\\/\\\/www.e2.law\\\/fr\\\/legalconcepts\\\/donnees-a-caractere-personnel\\\/\"]}]},{\"@type\":\"ImageObject\",\"inLanguage\":\"fr-FR\",\"@id\":\"https:\\\/\\\/www.e2.law\\\/fr\\\/legalconcepts\\\/donnees-a-caractere-personnel\\\/#primaryimage\",\"url\":\"https:\\\/\\\/i0.wp.com\\\/www.e2.law\\\/wp-content\\\/uploads\\\/2021\\\/12\\\/Donne%CC%81es.png?fit=800%2C800&ssl=1\",\"contentUrl\":\"https:\\\/\\\/i0.wp.com\\\/www.e2.law\\\/wp-content\\\/uploads\\\/2021\\\/12\\\/Donne%CC%81es.png?fit=800%2C800&ssl=1\",\"width\":800,\"height\":800},{\"@type\":\"BreadcrumbList\",\"@id\":\"https:\\\/\\\/www.e2.law\\\/fr\\\/legalconcepts\\\/donnees-a-caractere-personnel\\\/#breadcrumb\",\"itemListElement\":[{\"@type\":\"ListItem\",\"position\":1,\"name\":\"Home\",\"item\":\"https:\\\/\\\/www.e2.law\\\/fr\\\/home\\\/\"},{\"@type\":\"ListItem\",\"position\":2,\"name\":\"Donn\u00e9es \u00e0 caract\u00e8re personnel\"}]},{\"@type\":\"WebSite\",\"@id\":\"https:\\\/\\\/www.e2.law\\\/fr\\\/#website\",\"url\":\"https:\\\/\\\/www.e2.law\\\/fr\\\/\",\"name\":\"e2.law\",\"description\":\"A Business Law Firm\",\"publisher\":{\"@id\":\"https:\\\/\\\/www.e2.law\\\/fr\\\/#organization\"},\"potentialAction\":[{\"@type\":\"SearchAction\",\"target\":{\"@type\":\"EntryPoint\",\"urlTemplate\":\"https:\\\/\\\/www.e2.law\\\/fr\\\/?s={search_term_string}\"},\"query-input\":{\"@type\":\"PropertyValueSpecification\",\"valueRequired\":true,\"valueName\":\"search_term_string\"}}],\"inLanguage\":\"fr-FR\"},{\"@type\":\"Organization\",\"@id\":\"https:\\\/\\\/www.e2.law\\\/fr\\\/#organization\",\"name\":\"E2.law\",\"url\":\"https:\\\/\\\/www.e2.law\\\/fr\\\/\",\"logo\":{\"@type\":\"ImageObject\",\"inLanguage\":\"fr-FR\",\"@id\":\"https:\\\/\\\/www.e2.law\\\/fr\\\/#\\\/schema\\\/logo\\\/image\\\/\",\"url\":\"https:\\\/\\\/www.e2.law\\\/wp-content\\\/uploads\\\/2018\\\/12\\\/logo-2.png\",\"contentUrl\":\"https:\\\/\\\/www.e2.law\\\/wp-content\\\/uploads\\\/2018\\\/12\\\/logo-2.png\",\"width\":152,\"height\":40,\"caption\":\"E2.law\"},\"image\":{\"@id\":\"https:\\\/\\\/www.e2.law\\\/fr\\\/#\\\/schema\\\/logo\\\/image\\\/\"},\"sameAs\":[\"https:\\\/\\\/www.linkedin.com\\\/company\\\/e2.law\"]}]}<\/script>\n<!-- \/ Yoast SEO plugin. -->","yoast_head_json":{"title":"Donn\u00e9es \u00e0 caract\u00e8re personnel - e2.law","description":"Le RGPD d\u00e9finit les donn\u00e9es \u00e0 caract\u00e8re personnel comme toute information se rapportant \u00e0 une personne physique identifi\u00e9e ou identifiable.","robots":{"index":"index","follow":"follow","max-snippet":"max-snippet:-1","max-image-preview":"max-image-preview:large","max-video-preview":"max-video-preview:-1"},"canonical":"https:\/\/www.e2.law\/fr\/legalconcepts\/donnees-a-caractere-personnel\/","og_locale":"fr_FR","og_type":"article","og_title":"Donn\u00e9es \u00e0 caract\u00e8re personnel - e2.law","og_description":"Le RGPD d\u00e9finit les donn\u00e9es \u00e0 caract\u00e8re personnel comme toute information se rapportant \u00e0 une personne physique identifi\u00e9e ou identifiable.","og_url":"https:\/\/www.e2.law\/fr\/legalconcepts\/donnees-a-caractere-personnel\/","og_site_name":"e2.law","article_modified_time":"2024-05-23T09:01:04+00:00","og_image":[{"width":800,"height":800,"url":"https:\/\/www.e2.law\/wp-content\/uploads\/2021\/12\/Donne\u0301es.png","type":"image\/png"}],"twitter_card":"summary_large_image","twitter_misc":{"Dur\u00e9e de lecture estim\u00e9e":"1 minute"},"schema":{"@context":"https:\/\/schema.org","@graph":[{"@type":"WebPage","@id":"https:\/\/www.e2.law\/fr\/legalconcepts\/donnees-a-caractere-personnel\/","url":"https:\/\/www.e2.law\/fr\/legalconcepts\/donnees-a-caractere-personnel\/","name":"Donn\u00e9es \u00e0 caract\u00e8re personnel - e2.law","isPartOf":{"@id":"https:\/\/www.e2.law\/fr\/#website"},"primaryImageOfPage":{"@id":"https:\/\/www.e2.law\/fr\/legalconcepts\/donnees-a-caractere-personnel\/#primaryimage"},"image":{"@id":"https:\/\/www.e2.law\/fr\/legalconcepts\/donnees-a-caractere-personnel\/#primaryimage"},"thumbnailUrl":"https:\/\/i0.wp.com\/www.e2.law\/wp-content\/uploads\/2021\/12\/Donne%CC%81es.png?fit=800%2C800&ssl=1","datePublished":"2021-12-10T16:36:30+00:00","dateModified":"2024-05-23T09:01:04+00:00","description":"Le RGPD d\u00e9finit les donn\u00e9es \u00e0 caract\u00e8re personnel comme toute information se rapportant \u00e0 une personne physique identifi\u00e9e ou identifiable.","breadcrumb":{"@id":"https:\/\/www.e2.law\/fr\/legalconcepts\/donnees-a-caractere-personnel\/#breadcrumb"},"inLanguage":"fr-FR","potentialAction":[{"@type":"ReadAction","target":["https:\/\/www.e2.law\/fr\/legalconcepts\/donnees-a-caractere-personnel\/"]}]},{"@type":"ImageObject","inLanguage":"fr-FR","@id":"https:\/\/www.e2.law\/fr\/legalconcepts\/donnees-a-caractere-personnel\/#primaryimage","url":"https:\/\/i0.wp.com\/www.e2.law\/wp-content\/uploads\/2021\/12\/Donne%CC%81es.png?fit=800%2C800&ssl=1","contentUrl":"https:\/\/i0.wp.com\/www.e2.law\/wp-content\/uploads\/2021\/12\/Donne%CC%81es.png?fit=800%2C800&ssl=1","width":800,"height":800},{"@type":"BreadcrumbList","@id":"https:\/\/www.e2.law\/fr\/legalconcepts\/donnees-a-caractere-personnel\/#breadcrumb","itemListElement":[{"@type":"ListItem","position":1,"name":"Home","item":"https:\/\/www.e2.law\/fr\/home\/"},{"@type":"ListItem","position":2,"name":"Donn\u00e9es \u00e0 caract\u00e8re personnel"}]},{"@type":"WebSite","@id":"https:\/\/www.e2.law\/fr\/#website","url":"https:\/\/www.e2.law\/fr\/","name":"e2.law","description":"A Business Law Firm","publisher":{"@id":"https:\/\/www.e2.law\/fr\/#organization"},"potentialAction":[{"@type":"SearchAction","target":{"@type":"EntryPoint","urlTemplate":"https:\/\/www.e2.law\/fr\/?s={search_term_string}"},"query-input":{"@type":"PropertyValueSpecification","valueRequired":true,"valueName":"search_term_string"}}],"inLanguage":"fr-FR"},{"@type":"Organization","@id":"https:\/\/www.e2.law\/fr\/#organization","name":"E2.law","url":"https:\/\/www.e2.law\/fr\/","logo":{"@type":"ImageObject","inLanguage":"fr-FR","@id":"https:\/\/www.e2.law\/fr\/#\/schema\/logo\/image\/","url":"https:\/\/www.e2.law\/wp-content\/uploads\/2018\/12\/logo-2.png","contentUrl":"https:\/\/www.e2.law\/wp-content\/uploads\/2018\/12\/logo-2.png","width":152,"height":40,"caption":"E2.law"},"image":{"@id":"https:\/\/www.e2.law\/fr\/#\/schema\/logo\/image\/"},"sameAs":["https:\/\/www.linkedin.com\/company\/e2.law"]}]}},"jetpack_sharing_enabled":true,"_links":{"self":[{"href":"https:\/\/www.e2.law\/fr\/wp-json\/wp\/v2\/legalconcepts\/32310","targetHints":{"allow":["GET"]}}],"collection":[{"href":"https:\/\/www.e2.law\/fr\/wp-json\/wp\/v2\/legalconcepts"}],"about":[{"href":"https:\/\/www.e2.law\/fr\/wp-json\/wp\/v2\/types\/legalconcepts"}],"wp:featuredmedia":[{"embeddable":true,"href":"https:\/\/www.e2.law\/fr\/wp-json\/wp\/v2\/media\/43645"}],"wp:attachment":[{"href":"https:\/\/www.e2.law\/fr\/wp-json\/wp\/v2\/media?parent=32310"}],"wp:term":[{"taxonomy":"category","embeddable":true,"href":"https:\/\/www.e2.law\/fr\/wp-json\/wp\/v2\/categories?post=32310"},{"taxonomy":"post_tag","embeddable":true,"href":"https:\/\/www.e2.law\/fr\/wp-json\/wp\/v2\/tags?post=32310"}],"curies":[{"name":"wp","href":"https:\/\/api.w.org\/{rel}","templated":true}]}}