{"id":32327,"date":"2021-12-14T17:05:59","date_gmt":"2021-12-14T15:05:59","guid":{"rendered":"https:\/\/www.e2.law\/?post_type=legalconcepts&#038;p=32327"},"modified":"2024-05-23T11:06:42","modified_gmt":"2024-05-23T09:06:42","slug":"le-traitement-de-donnees-personnelles","status":"publish","type":"legalconcepts","link":"https:\/\/www.e2.law\/fr\/legalconcepts\/le-traitement-de-donnees-personnelles\/","title":{"rendered":"Traitement de donn\u00e9es personnelles"},"content":{"rendered":"<div class=\"fusion-fullwidth fullwidth-box fusion-builder-row-1 fusion-flex-container nonhundred-percent-fullwidth non-hundred-percent-height-scrolling\" style=\"--awb-border-radius-top-left:0px;--awb-border-radius-top-right:0px;--awb-border-radius-bottom-right:0px;--awb-border-radius-bottom-left:0px;--awb-flex-wrap:wrap;\" ><div class=\"fusion-builder-row fusion-row fusion-flex-align-items-flex-start fusion-flex-content-wrap\" style=\"max-width:1144px;margin-left: calc(-4% \/ 2 );margin-right: calc(-4% \/ 2 );\"><div class=\"fusion-layout-column fusion_builder_column fusion-builder-column-0 fusion_builder_column_1_1 1_1 fusion-flex-column\" style=\"--awb-bg-size:cover;--awb-width-large:100%;--awb-margin-top-large:0px;--awb-spacing-right-large:1.92%;--awb-margin-bottom-large:0px;--awb-spacing-left-large:1.92%;--awb-width-medium:100%;--awb-spacing-right-medium:1.92%;--awb-spacing-left-medium:1.92%;--awb-width-small:100%;--awb-spacing-right-small:1.92%;--awb-spacing-left-small:1.92%;\"><div class=\"fusion-column-wrapper fusion-flex-justify-content-flex-start fusion-content-layout-column\"><div class=\"fusion-text fusion-text-1\"><p>Le <a href=\"https:\/\/eur-lex.europa.eu\/legal-content\/FR\/TXT\/HTML\/?uri=CELEX:32016R0679#d1e2228-1-1\">R\u00e8glement G\u00e9n\u00e9ral sur la Protection des Donn\u00e9es<\/a> d\u00e9finit le &#8220;traitement&#8221; comme toute op\u00e9ration appliqu\u00e9e \u00e0 des <a href=\"https:\/\/www.e2.law\/fr\/legalconcepts\/donnees-a-caractere-personnel\/\">donn\u00e9es \u00e0 caract\u00e8re personnel<\/a>, quel que soit le proc\u00e9d\u00e9 utilis\u00e9 :<\/p>\n<ul>\n<li>collecte<\/li>\n<li>enregistrement<\/li>\n<li>organisation<\/li>\n<li>conservation<\/li>\n<li>adaptation, modification<\/li>\n<li>extraction<\/li>\n<li>consultation<\/li>\n<li>utilisation<\/li>\n<li>communication<\/li>\n<li>rapprochement<\/li>\n<\/ul>\n<blockquote>\n<p>La notion de traitement est tr\u00e8s large. \u00a0Elle s\u2019\u00e9tend m\u00eame au traitement purement passif de donn\u00e9es, y compris le simple stockage de donn\u00e9es, m\u00eame crypt\u00e9e de fa\u00e7on \u00e0 ce que la personne conservant les donn\u00e9es ne soit pas en mesure d\u2019y acc\u00e9der et de les d\u00e9coder.<\/p>\n<\/blockquote>\n<\/div><\/div><\/div><\/div><\/div>\n","protected":false},"featured_media":43653,"template":"","categories":[141],"tags":[1506],"class_list":["post-32327","legalconcepts","type-legalconcepts","status-publish","has-post-thumbnail","hentry","category-non-classifiee","tag-rgpd"],"acf":[],"yoast_head":"<!-- This site is optimized with the Yoast SEO plugin v27.5 - https:\/\/yoast.com\/product\/yoast-seo-wordpress\/ -->\n<title>Traitement de donn\u00e9es personnelles - e2.law<\/title>\n<meta name=\"description\" content=\"Le RGPD d\u00e9finit le &quot;traitement&quot; comme toute op\u00e9ration appliqu\u00e9e \u00e0 des donn\u00e9es \u00e0 caract\u00e8re personnel, quel que soit le proc\u00e9d\u00e9 utilis\u00e9.\" \/>\n<meta name=\"robots\" content=\"index, follow, max-snippet:-1, max-image-preview:large, max-video-preview:-1\" \/>\n<link rel=\"canonical\" href=\"https:\/\/www.e2.law\/fr\/legalconcepts\/le-traitement-de-donnees-personnelles\/\" \/>\n<meta property=\"og:locale\" content=\"fr_FR\" \/>\n<meta property=\"og:type\" content=\"article\" \/>\n<meta property=\"og:title\" content=\"Traitement de donn\u00e9es personnelles - e2.law\" \/>\n<meta property=\"og:description\" content=\"Le RGPD d\u00e9finit le &quot;traitement&quot; comme toute op\u00e9ration appliqu\u00e9e \u00e0 des donn\u00e9es \u00e0 caract\u00e8re personnel, quel que soit le proc\u00e9d\u00e9 utilis\u00e9.\" \/>\n<meta property=\"og:url\" content=\"https:\/\/www.e2.law\/fr\/legalconcepts\/le-traitement-de-donnees-personnelles\/\" \/>\n<meta property=\"og:site_name\" content=\"e2.law\" \/>\n<meta property=\"article:modified_time\" content=\"2024-05-23T09:06:42+00:00\" \/>\n<meta property=\"og:image\" content=\"https:\/\/www.e2.law\/wp-content\/uploads\/2021\/12\/Traitement_De_Donne\u0301es_Personnelles.png\" \/>\n\t<meta property=\"og:image:width\" content=\"800\" \/>\n\t<meta property=\"og:image:height\" content=\"800\" \/>\n\t<meta property=\"og:image:type\" content=\"image\/png\" \/>\n<meta name=\"twitter:card\" content=\"summary_large_image\" \/>\n<meta name=\"twitter:label1\" content=\"Dur\u00e9e de lecture estim\u00e9e\" \/>\n\t<meta name=\"twitter:data1\" content=\"1 minute\" \/>\n<script type=\"application\/ld+json\" class=\"yoast-schema-graph\">{\"@context\":\"https:\\\/\\\/schema.org\",\"@graph\":[{\"@type\":\"WebPage\",\"@id\":\"https:\\\/\\\/www.e2.law\\\/fr\\\/legalconcepts\\\/le-traitement-de-donnees-personnelles\\\/\",\"url\":\"https:\\\/\\\/www.e2.law\\\/fr\\\/legalconcepts\\\/le-traitement-de-donnees-personnelles\\\/\",\"name\":\"Traitement de donn\u00e9es personnelles - e2.law\",\"isPartOf\":{\"@id\":\"https:\\\/\\\/www.e2.law\\\/fr\\\/#website\"},\"primaryImageOfPage\":{\"@id\":\"https:\\\/\\\/www.e2.law\\\/fr\\\/legalconcepts\\\/le-traitement-de-donnees-personnelles\\\/#primaryimage\"},\"image\":{\"@id\":\"https:\\\/\\\/www.e2.law\\\/fr\\\/legalconcepts\\\/le-traitement-de-donnees-personnelles\\\/#primaryimage\"},\"thumbnailUrl\":\"https:\\\/\\\/i0.wp.com\\\/www.e2.law\\\/wp-content\\\/uploads\\\/2021\\\/12\\\/Traitement_De_Donne%CC%81es_Personnelles.png?fit=800%2C800&ssl=1\",\"datePublished\":\"2021-12-14T15:05:59+00:00\",\"dateModified\":\"2024-05-23T09:06:42+00:00\",\"description\":\"Le RGPD d\u00e9finit le \\\"traitement\\\" comme toute op\u00e9ration appliqu\u00e9e \u00e0 des donn\u00e9es \u00e0 caract\u00e8re personnel, quel que soit le proc\u00e9d\u00e9 utilis\u00e9.\",\"breadcrumb\":{\"@id\":\"https:\\\/\\\/www.e2.law\\\/fr\\\/legalconcepts\\\/le-traitement-de-donnees-personnelles\\\/#breadcrumb\"},\"inLanguage\":\"fr-FR\",\"potentialAction\":[{\"@type\":\"ReadAction\",\"target\":[\"https:\\\/\\\/www.e2.law\\\/fr\\\/legalconcepts\\\/le-traitement-de-donnees-personnelles\\\/\"]}]},{\"@type\":\"ImageObject\",\"inLanguage\":\"fr-FR\",\"@id\":\"https:\\\/\\\/www.e2.law\\\/fr\\\/legalconcepts\\\/le-traitement-de-donnees-personnelles\\\/#primaryimage\",\"url\":\"https:\\\/\\\/i0.wp.com\\\/www.e2.law\\\/wp-content\\\/uploads\\\/2021\\\/12\\\/Traitement_De_Donne%CC%81es_Personnelles.png?fit=800%2C800&ssl=1\",\"contentUrl\":\"https:\\\/\\\/i0.wp.com\\\/www.e2.law\\\/wp-content\\\/uploads\\\/2021\\\/12\\\/Traitement_De_Donne%CC%81es_Personnelles.png?fit=800%2C800&ssl=1\",\"width\":800,\"height\":800},{\"@type\":\"BreadcrumbList\",\"@id\":\"https:\\\/\\\/www.e2.law\\\/fr\\\/legalconcepts\\\/le-traitement-de-donnees-personnelles\\\/#breadcrumb\",\"itemListElement\":[{\"@type\":\"ListItem\",\"position\":1,\"name\":\"Home\",\"item\":\"https:\\\/\\\/www.e2.law\\\/fr\\\/home\\\/\"},{\"@type\":\"ListItem\",\"position\":2,\"name\":\"Traitement de donn\u00e9es personnelles\"}]},{\"@type\":\"WebSite\",\"@id\":\"https:\\\/\\\/www.e2.law\\\/fr\\\/#website\",\"url\":\"https:\\\/\\\/www.e2.law\\\/fr\\\/\",\"name\":\"e2.law\",\"description\":\"A Business Law Firm\",\"publisher\":{\"@id\":\"https:\\\/\\\/www.e2.law\\\/fr\\\/#organization\"},\"potentialAction\":[{\"@type\":\"SearchAction\",\"target\":{\"@type\":\"EntryPoint\",\"urlTemplate\":\"https:\\\/\\\/www.e2.law\\\/fr\\\/?s={search_term_string}\"},\"query-input\":{\"@type\":\"PropertyValueSpecification\",\"valueRequired\":true,\"valueName\":\"search_term_string\"}}],\"inLanguage\":\"fr-FR\"},{\"@type\":\"Organization\",\"@id\":\"https:\\\/\\\/www.e2.law\\\/fr\\\/#organization\",\"name\":\"E2.law\",\"url\":\"https:\\\/\\\/www.e2.law\\\/fr\\\/\",\"logo\":{\"@type\":\"ImageObject\",\"inLanguage\":\"fr-FR\",\"@id\":\"https:\\\/\\\/www.e2.law\\\/fr\\\/#\\\/schema\\\/logo\\\/image\\\/\",\"url\":\"https:\\\/\\\/www.e2.law\\\/wp-content\\\/uploads\\\/2018\\\/12\\\/logo-2.png\",\"contentUrl\":\"https:\\\/\\\/www.e2.law\\\/wp-content\\\/uploads\\\/2018\\\/12\\\/logo-2.png\",\"width\":152,\"height\":40,\"caption\":\"E2.law\"},\"image\":{\"@id\":\"https:\\\/\\\/www.e2.law\\\/fr\\\/#\\\/schema\\\/logo\\\/image\\\/\"},\"sameAs\":[\"https:\\\/\\\/www.linkedin.com\\\/company\\\/e2.law\"]}]}<\/script>\n<!-- \/ Yoast SEO plugin. -->","yoast_head_json":{"title":"Traitement de donn\u00e9es personnelles - e2.law","description":"Le RGPD d\u00e9finit le \"traitement\" comme toute op\u00e9ration appliqu\u00e9e \u00e0 des donn\u00e9es \u00e0 caract\u00e8re personnel, quel que soit le proc\u00e9d\u00e9 utilis\u00e9.","robots":{"index":"index","follow":"follow","max-snippet":"max-snippet:-1","max-image-preview":"max-image-preview:large","max-video-preview":"max-video-preview:-1"},"canonical":"https:\/\/www.e2.law\/fr\/legalconcepts\/le-traitement-de-donnees-personnelles\/","og_locale":"fr_FR","og_type":"article","og_title":"Traitement de donn\u00e9es personnelles - e2.law","og_description":"Le RGPD d\u00e9finit le \"traitement\" comme toute op\u00e9ration appliqu\u00e9e \u00e0 des donn\u00e9es \u00e0 caract\u00e8re personnel, quel que soit le proc\u00e9d\u00e9 utilis\u00e9.","og_url":"https:\/\/www.e2.law\/fr\/legalconcepts\/le-traitement-de-donnees-personnelles\/","og_site_name":"e2.law","article_modified_time":"2024-05-23T09:06:42+00:00","og_image":[{"width":800,"height":800,"url":"https:\/\/www.e2.law\/wp-content\/uploads\/2021\/12\/Traitement_De_Donne\u0301es_Personnelles.png","type":"image\/png"}],"twitter_card":"summary_large_image","twitter_misc":{"Dur\u00e9e de lecture estim\u00e9e":"1 minute"},"schema":{"@context":"https:\/\/schema.org","@graph":[{"@type":"WebPage","@id":"https:\/\/www.e2.law\/fr\/legalconcepts\/le-traitement-de-donnees-personnelles\/","url":"https:\/\/www.e2.law\/fr\/legalconcepts\/le-traitement-de-donnees-personnelles\/","name":"Traitement de donn\u00e9es personnelles - e2.law","isPartOf":{"@id":"https:\/\/www.e2.law\/fr\/#website"},"primaryImageOfPage":{"@id":"https:\/\/www.e2.law\/fr\/legalconcepts\/le-traitement-de-donnees-personnelles\/#primaryimage"},"image":{"@id":"https:\/\/www.e2.law\/fr\/legalconcepts\/le-traitement-de-donnees-personnelles\/#primaryimage"},"thumbnailUrl":"https:\/\/i0.wp.com\/www.e2.law\/wp-content\/uploads\/2021\/12\/Traitement_De_Donne%CC%81es_Personnelles.png?fit=800%2C800&ssl=1","datePublished":"2021-12-14T15:05:59+00:00","dateModified":"2024-05-23T09:06:42+00:00","description":"Le RGPD d\u00e9finit le \"traitement\" comme toute op\u00e9ration appliqu\u00e9e \u00e0 des donn\u00e9es \u00e0 caract\u00e8re personnel, quel que soit le proc\u00e9d\u00e9 utilis\u00e9.","breadcrumb":{"@id":"https:\/\/www.e2.law\/fr\/legalconcepts\/le-traitement-de-donnees-personnelles\/#breadcrumb"},"inLanguage":"fr-FR","potentialAction":[{"@type":"ReadAction","target":["https:\/\/www.e2.law\/fr\/legalconcepts\/le-traitement-de-donnees-personnelles\/"]}]},{"@type":"ImageObject","inLanguage":"fr-FR","@id":"https:\/\/www.e2.law\/fr\/legalconcepts\/le-traitement-de-donnees-personnelles\/#primaryimage","url":"https:\/\/i0.wp.com\/www.e2.law\/wp-content\/uploads\/2021\/12\/Traitement_De_Donne%CC%81es_Personnelles.png?fit=800%2C800&ssl=1","contentUrl":"https:\/\/i0.wp.com\/www.e2.law\/wp-content\/uploads\/2021\/12\/Traitement_De_Donne%CC%81es_Personnelles.png?fit=800%2C800&ssl=1","width":800,"height":800},{"@type":"BreadcrumbList","@id":"https:\/\/www.e2.law\/fr\/legalconcepts\/le-traitement-de-donnees-personnelles\/#breadcrumb","itemListElement":[{"@type":"ListItem","position":1,"name":"Home","item":"https:\/\/www.e2.law\/fr\/home\/"},{"@type":"ListItem","position":2,"name":"Traitement de donn\u00e9es personnelles"}]},{"@type":"WebSite","@id":"https:\/\/www.e2.law\/fr\/#website","url":"https:\/\/www.e2.law\/fr\/","name":"e2.law","description":"A Business Law Firm","publisher":{"@id":"https:\/\/www.e2.law\/fr\/#organization"},"potentialAction":[{"@type":"SearchAction","target":{"@type":"EntryPoint","urlTemplate":"https:\/\/www.e2.law\/fr\/?s={search_term_string}"},"query-input":{"@type":"PropertyValueSpecification","valueRequired":true,"valueName":"search_term_string"}}],"inLanguage":"fr-FR"},{"@type":"Organization","@id":"https:\/\/www.e2.law\/fr\/#organization","name":"E2.law","url":"https:\/\/www.e2.law\/fr\/","logo":{"@type":"ImageObject","inLanguage":"fr-FR","@id":"https:\/\/www.e2.law\/fr\/#\/schema\/logo\/image\/","url":"https:\/\/www.e2.law\/wp-content\/uploads\/2018\/12\/logo-2.png","contentUrl":"https:\/\/www.e2.law\/wp-content\/uploads\/2018\/12\/logo-2.png","width":152,"height":40,"caption":"E2.law"},"image":{"@id":"https:\/\/www.e2.law\/fr\/#\/schema\/logo\/image\/"},"sameAs":["https:\/\/www.linkedin.com\/company\/e2.law"]}]}},"jetpack_sharing_enabled":true,"_links":{"self":[{"href":"https:\/\/www.e2.law\/fr\/wp-json\/wp\/v2\/legalconcepts\/32327","targetHints":{"allow":["GET"]}}],"collection":[{"href":"https:\/\/www.e2.law\/fr\/wp-json\/wp\/v2\/legalconcepts"}],"about":[{"href":"https:\/\/www.e2.law\/fr\/wp-json\/wp\/v2\/types\/legalconcepts"}],"wp:featuredmedia":[{"embeddable":true,"href":"https:\/\/www.e2.law\/fr\/wp-json\/wp\/v2\/media\/43653"}],"wp:attachment":[{"href":"https:\/\/www.e2.law\/fr\/wp-json\/wp\/v2\/media?parent=32327"}],"wp:term":[{"taxonomy":"category","embeddable":true,"href":"https:\/\/www.e2.law\/fr\/wp-json\/wp\/v2\/categories?post=32327"},{"taxonomy":"post_tag","embeddable":true,"href":"https:\/\/www.e2.law\/fr\/wp-json\/wp\/v2\/tags?post=32327"}],"curies":[{"name":"wp","href":"https:\/\/api.w.org\/{rel}","templated":true}]}}