{"id":12168,"date":"2018-12-15T11:17:37","date_gmt":"2018-12-15T11:17:37","guid":{"rendered":"https:\/\/www.e2.law\/?page_id=12168"},"modified":"2020-04-05T17:06:40","modified_gmt":"2020-04-05T15:06:40","slug":"mobilite-des-personnes","status":"publish","type":"page","link":"https:\/\/www.e2.law\/fr\/mobilite-des-personnes\/","title":{"rendered":"MOBILITE DES PERSONNES"},"content":{"rendered":"<p><div class=\"fusion-fullwidth fullwidth-box fusion-builder-row-1 nonhundred-percent-fullwidth non-hundred-percent-height-scrolling\" style=\"--awb-border-radius-top-left:0px;--awb-border-radius-top-right:0px;--awb-border-radius-bottom-right:0px;--awb-border-radius-bottom-left:0px;--awb-flex-wrap:wrap;\" ><div class=\"fusion-builder-row fusion-row\"><div class=\"fusion-layout-column fusion_builder_column fusion-builder-column-0 fusion_builder_column_1_1 1_1 fusion-one-full fusion-column-first fusion-column-last\" style=\"--awb-padding-top:20px;--awb-padding-right:20px;--awb-padding-bottom:20px;--awb-padding-left:20px;--awb-bg-size:cover;\"><div class=\"fusion-column-wrapper fusion-flex-column-wrapper-legacy\"><div class=\"fusion-sep-clear\"><\/div><div class=\"fusion-separator fusion-full-width-sep\" style=\"margin-left: auto;margin-right: auto;margin-top:20px;width:100%;\"><\/div><div class=\"fusion-sep-clear\"><\/div><div class=\"fusion-image-element fusion-image-align-center in-legacy-container\" style=\"text-align:center;--awb-max-width:100%;--awb-caption-title-font-family:var(--h2_typography-font-family);--awb-caption-title-font-weight:var(--h2_typography-font-weight);--awb-caption-title-font-style:var(--h2_typography-font-style);--awb-caption-title-size:var(--h2_typography-font-size);--awb-caption-title-transform:var(--h2_typography-text-transform);--awb-caption-title-line-height:var(--h2_typography-line-height);--awb-caption-title-letter-spacing:var(--h2_typography-letter-spacing);\"><div class=\"imageframe-align-center\"><span class=\" fusion-imageframe imageframe-none imageframe-1 hover-type-none\"><img decoding=\"async\" width=\"1351\" height=\"487\" title=\"7\" src=\"https:\/\/i0.wp.com\/www.e2.law\/wp-content\/uploads\/2018\/12\/7.jpg?fit=1351%2C487&ssl=1\" data-orig-src=\"https:\/\/www.e2.law\/wp-content\/uploads\/2018\/12\/7.jpg\" alt class=\"lazyload img-responsive wp-image-12199\" srcset=\"data:image\/svg+xml,%3Csvg%20xmlns%3D%27http%3A%2F%2Fwww.w3.org%2F2000%2Fsvg%27%20width%3D%271351%27%20height%3D%27487%27%20viewBox%3D%270%200%201351%20487%27%3E%3Crect%20width%3D%271351%27%20height%3D%27487%27%20fill-opacity%3D%220%22%2F%3E%3C%2Fsvg%3E\" data-srcset=\"https:\/\/i0.wp.com\/www.e2.law\/wp-content\/uploads\/2018\/12\/7.jpg?resize=200%2C72&amp;ssl=1 200w, https:\/\/i0.wp.com\/www.e2.law\/wp-content\/uploads\/2018\/12\/7.jpg?resize=300%2C108&amp;ssl=1 300w, https:\/\/i0.wp.com\/www.e2.law\/wp-content\/uploads\/2018\/12\/7.jpg?resize=400%2C144&amp;ssl=1 400w, https:\/\/i0.wp.com\/www.e2.law\/wp-content\/uploads\/2018\/12\/7.jpg?resize=500%2C180&amp;ssl=1 500w, https:\/\/i0.wp.com\/www.e2.law\/wp-content\/uploads\/2018\/12\/7.jpg?resize=600%2C216&amp;ssl=1 600w, https:\/\/i0.wp.com\/www.e2.law\/wp-content\/uploads\/2018\/12\/7.jpg?resize=700%2C252&amp;ssl=1 700w, https:\/\/i0.wp.com\/www.e2.law\/wp-content\/uploads\/2018\/12\/7.jpg?resize=768%2C277&amp;ssl=1 768w, https:\/\/i0.wp.com\/www.e2.law\/wp-content\/uploads\/2018\/12\/7.jpg?resize=800%2C288&amp;ssl=1 800w, https:\/\/i0.wp.com\/www.e2.law\/wp-content\/uploads\/2018\/12\/7.jpg?resize=1024%2C369&amp;ssl=1 1024w, https:\/\/i0.wp.com\/www.e2.law\/wp-content\/uploads\/2018\/12\/7.jpg?resize=1200%2C433&amp;ssl=1 1200w, https:\/\/i0.wp.com\/www.e2.law\/wp-content\/uploads\/2018\/12\/7.jpg?w=1351&amp;ssl=1 1351w\" data-sizes=\"auto\" data-orig-sizes=\"(max-width: 800px) 100vw, 1200px\" \/><\/span><\/div><\/div><div class=\"fusion-text fusion-text-1\"><div class=\"modal-body fusion-clearfix\">\n<div id=\"pu388833-50\" class=\"clearfix colelem\">\n<div id=\"u388833-50\" class=\"animate19 clearfix grpelem shared_content animated fadeInDown\" data-muse-uid=\"U388833\" data-muse-type=\"txt_frame\" data-ibe-flags=\"txtStyleSrc\" data-sizepolicy=\"fixed\" data-pintopage=\"page_fixedCenter\" data-content-guid=\"u388833-50_content\">\n<p id=\"u388833-6\">Dans ce contexte, la notion de mobilit\u00e9 d\u00e9signe l\u2019ensemble des actions li\u00e9es \u00e0 la migration des personnes \u00e0 travers le monde (et dans le domaine de l&#8217;entreprise, de la main d\u2019\u0153uvre).<\/p>\n<p>La mobilit\u00e9 tend \u00e0 se d\u00e9velopper par l&#8217;effet des repr\u00e9sentations diplomatiques, des firmes multinationales, ou dans le cadre du d\u00e9veloppement de start-ups \u00e0 l&#8217;\u00e9tranger.\u00a0 On la retrouve chez les \u00e9tudiants, qui peuvent effectuer tout ou partie de leurs \u00e9tudes \u00e0 l&#8217;\u00e9tranger, dans les carri\u00e8res scientifiques et, autre exemple, dans le domaine du sport (notamment le football).<\/p>\n<p id=\"u388833-9\">La mobilit\u00e9 des personnes est un domaine complexe couvrant l&#8217;ensemble des probl\u00e9matiques li\u00e9es \u00e0 l&#8217;envoi de travailleurs \u00e0 l&#8217;\u00e9tranger ou l&#8217;accueil de travailleurs \u00e9trangers.<\/p>\n<p id=\"u388833-13\">La mondialisation de l\u2019\u00e9conomie et la flexibilit\u00e9 du monde du travail, sans cesse croissante, ont pour effet d\u2019entra\u00eener une mobilit\u00e9 de travailleurs de plus en plus importante. Cette mobilit\u00e9 peut se manifester notamment par le biais d\u2019une expatriation ou d\u2019un d\u00e9tachement.<\/p>\n<p id=\"u388833-16\">L\u2019\u00e9volution de l\u2019Union Europ\u00e9enne oblige les personnes de prendre en compte les possibilit\u00e9s offerte par les \u00e9conomies des autres pays membre.<\/p>\n<p id=\"u388833-23\">Les \u00e9changes europ\u00e9ens entra\u00eenent l\u2019application de r\u00e8gles fiscales et sociales parfois complexes, souvent mal appr\u00e9hend\u00e9es.<\/p>\n<p id=\"u388833-26\">Les interrogations techniques qui se posent sont notamment :<\/p>\n<ul>\n<li>les activit\u00e9s \u00e0 l\u2019\u00e9tranger et le maintien de la protection sociale ;<\/li>\n<li>les aspects sociaux et fiscaux d\u2019un d\u00e9tachement ;<\/li>\n<li>le r\u00e9gime belge des cadres \u00e9trangers ;<\/li>\n<li>l\u2019organisation pratique d\u2019un salary split, le cas \u00e9ch\u00e9ant une expatriation.<\/li>\n<\/ul>\n<\/div>\n<\/div>\n<\/div>\n<\/div><div class=\"fusion-clearfix\"><\/div><\/div><\/div><\/div><\/div><div class=\"fusion-fullwidth fullwidth-box fusion-builder-row-2 nonhundred-percent-fullwidth non-hundred-percent-height-scrolling\" style=\"--awb-border-radius-top-left:0px;--awb-border-radius-top-right:0px;--awb-border-radius-bottom-right:0px;--awb-border-radius-bottom-left:0px;--awb-flex-wrap:wrap;\" ><div class=\"fusion-builder-row fusion-row\"><div class=\"fusion-layout-column fusion_builder_column fusion-builder-column-1 fusion_builder_column_1_2 1_2 fusion-one-half fusion-column-first\" style=\"--awb-bg-size:cover;width:50%;width:calc(50% - ( ( 4% ) * 0.5 ) );margin-right: 4%;\"><div class=\"fusion-column-wrapper fusion-flex-column-wrapper-legacy\"><div class=\"fusion-alignleft\"><a class=\"fusion-button button-flat button-medium button-default fusion-button-default button-1 fusion-button-default-span fusion-button-default-type\" target=\"_self\" href=\"https:\/\/www.e2.law\/e-composition\/commerce-international-et-mobilite-des-entreprises\/\"><span class=\"fusion-button-text awb-button__text awb-button__text--default fusion-button-text-right\">Previous<\/span><span class=\"fusion-button-icon-divider button-icon-divider-right\"><i class=\"fa-angle-left fas awb-button__icon awb-button__icon--default\" aria-hidden=\"true\"><\/i><\/span><\/a><\/div><div class=\"fusion-clearfix\"><\/div><\/div><\/div><div class=\"fusion-layout-column fusion_builder_column fusion-builder-column-2 fusion_builder_column_1_2 1_2 fusion-one-half fusion-column-last\" style=\"--awb-bg-size:cover;width:50%;width:calc(50% - ( ( 4% ) * 0.5 ) );\"><div class=\"fusion-column-wrapper fusion-flex-column-wrapper-legacy\"><div class=\"fusion-alignright\"><a class=\"fusion-button button-flat button-medium button-default fusion-button-default button-2 fusion-button-default-span fusion-button-default-type\" target=\"_self\" href=\"https:\/\/www.e2.law\/e-composition\/litiges-internationaux\/\"><span class=\"fusion-button-icon-divider button-icon-divider-left\"><i class=\"fa-angle-right fas awb-button__icon awb-button__icon--default\" aria-hidden=\"true\"><\/i><\/span><span class=\"fusion-button-text awb-button__text awb-button__text--default fusion-button-text-left\">Next<\/span><\/a><\/div><div class=\"fusion-clearfix\"><\/div><\/div><\/div><\/div><\/div><\/p>\n","protected":false},"excerpt":{"rendered":"","protected":false},"author":166,"featured_media":0,"parent":0,"menu_order":0,"comment_status":"closed","ping_status":"closed","template":"","meta":{"_acf_changed":false,"footnotes":""},"class_list":["post-12168","page","type-page","status-publish","hentry"],"acf":[],"yoast_head":"<!-- This site is optimized with the Yoast SEO plugin v27.5 - https:\/\/yoast.com\/product\/yoast-seo-wordpress\/ -->\n<title>MOBILITE DES PERSONNES - e2.law<\/title>\n<meta name=\"robots\" content=\"index, follow, max-snippet:-1, max-image-preview:large, max-video-preview:-1\" \/>\n<link rel=\"canonical\" href=\"https:\/\/www.e2.law\/fr\/mobilite-des-personnes\/\" \/>\n<meta property=\"og:locale\" content=\"fr_FR\" \/>\n<meta property=\"og:type\" content=\"article\" \/>\n<meta property=\"og:title\" content=\"MOBILITE DES PERSONNES - e2.law\" \/>\n<meta property=\"og:url\" content=\"https:\/\/www.e2.law\/fr\/mobilite-des-personnes\/\" \/>\n<meta property=\"og:site_name\" content=\"e2.law\" \/>\n<meta property=\"article:modified_time\" content=\"2020-04-05T15:06:40+00:00\" \/>\n<meta name=\"twitter:card\" content=\"summary_large_image\" \/>\n<meta name=\"twitter:label1\" content=\"Dur\u00e9e de lecture estim\u00e9e\" \/>\n\t<meta name=\"twitter:data1\" content=\"5 minutes\" \/>\n<script type=\"application\/ld+json\" class=\"yoast-schema-graph\">{\"@context\":\"https:\\\/\\\/schema.org\",\"@graph\":[{\"@type\":\"WebPage\",\"@id\":\"https:\\\/\\\/www.e2.law\\\/fr\\\/mobilite-des-personnes\\\/\",\"url\":\"https:\\\/\\\/www.e2.law\\\/fr\\\/mobilite-des-personnes\\\/\",\"name\":\"MOBILITE DES PERSONNES - e2.law\",\"isPartOf\":{\"@id\":\"https:\\\/\\\/www.e2.law\\\/fr\\\/#website\"},\"datePublished\":\"2018-12-15T11:17:37+00:00\",\"dateModified\":\"2020-04-05T15:06:40+00:00\",\"breadcrumb\":{\"@id\":\"https:\\\/\\\/www.e2.law\\\/fr\\\/mobilite-des-personnes\\\/#breadcrumb\"},\"inLanguage\":\"fr-FR\",\"potentialAction\":[{\"@type\":\"ReadAction\",\"target\":[\"https:\\\/\\\/www.e2.law\\\/fr\\\/mobilite-des-personnes\\\/\"]}]},{\"@type\":\"BreadcrumbList\",\"@id\":\"https:\\\/\\\/www.e2.law\\\/fr\\\/mobilite-des-personnes\\\/#breadcrumb\",\"itemListElement\":[{\"@type\":\"ListItem\",\"position\":1,\"name\":\"Home\",\"item\":\"https:\\\/\\\/www.e2.law\\\/fr\\\/home\\\/\"},{\"@type\":\"ListItem\",\"position\":2,\"name\":\"MOBILITE DES PERSONNES\"}]},{\"@type\":\"WebSite\",\"@id\":\"https:\\\/\\\/www.e2.law\\\/fr\\\/#website\",\"url\":\"https:\\\/\\\/www.e2.law\\\/fr\\\/\",\"name\":\"e2.law\",\"description\":\"A Business Law Firm\",\"publisher\":{\"@id\":\"https:\\\/\\\/www.e2.law\\\/fr\\\/#organization\"},\"potentialAction\":[{\"@type\":\"SearchAction\",\"target\":{\"@type\":\"EntryPoint\",\"urlTemplate\":\"https:\\\/\\\/www.e2.law\\\/fr\\\/?s={search_term_string}\"},\"query-input\":{\"@type\":\"PropertyValueSpecification\",\"valueRequired\":true,\"valueName\":\"search_term_string\"}}],\"inLanguage\":\"fr-FR\"},{\"@type\":\"Organization\",\"@id\":\"https:\\\/\\\/www.e2.law\\\/fr\\\/#organization\",\"name\":\"E2.law\",\"url\":\"https:\\\/\\\/www.e2.law\\\/fr\\\/\",\"logo\":{\"@type\":\"ImageObject\",\"inLanguage\":\"fr-FR\",\"@id\":\"https:\\\/\\\/www.e2.law\\\/fr\\\/#\\\/schema\\\/logo\\\/image\\\/\",\"url\":\"https:\\\/\\\/www.e2.law\\\/wp-content\\\/uploads\\\/2018\\\/12\\\/logo-2.png\",\"contentUrl\":\"https:\\\/\\\/www.e2.law\\\/wp-content\\\/uploads\\\/2018\\\/12\\\/logo-2.png\",\"width\":152,\"height\":40,\"caption\":\"E2.law\"},\"image\":{\"@id\":\"https:\\\/\\\/www.e2.law\\\/fr\\\/#\\\/schema\\\/logo\\\/image\\\/\"},\"sameAs\":[\"https:\\\/\\\/www.linkedin.com\\\/company\\\/e2.law\"]}]}<\/script>\n<!-- \/ Yoast SEO plugin. -->","yoast_head_json":{"title":"MOBILITE DES PERSONNES - e2.law","robots":{"index":"index","follow":"follow","max-snippet":"max-snippet:-1","max-image-preview":"max-image-preview:large","max-video-preview":"max-video-preview:-1"},"canonical":"https:\/\/www.e2.law\/fr\/mobilite-des-personnes\/","og_locale":"fr_FR","og_type":"article","og_title":"MOBILITE DES PERSONNES - e2.law","og_url":"https:\/\/www.e2.law\/fr\/mobilite-des-personnes\/","og_site_name":"e2.law","article_modified_time":"2020-04-05T15:06:40+00:00","twitter_card":"summary_large_image","twitter_misc":{"Dur\u00e9e de lecture estim\u00e9e":"5 minutes"},"schema":{"@context":"https:\/\/schema.org","@graph":[{"@type":"WebPage","@id":"https:\/\/www.e2.law\/fr\/mobilite-des-personnes\/","url":"https:\/\/www.e2.law\/fr\/mobilite-des-personnes\/","name":"MOBILITE DES PERSONNES - e2.law","isPartOf":{"@id":"https:\/\/www.e2.law\/fr\/#website"},"datePublished":"2018-12-15T11:17:37+00:00","dateModified":"2020-04-05T15:06:40+00:00","breadcrumb":{"@id":"https:\/\/www.e2.law\/fr\/mobilite-des-personnes\/#breadcrumb"},"inLanguage":"fr-FR","potentialAction":[{"@type":"ReadAction","target":["https:\/\/www.e2.law\/fr\/mobilite-des-personnes\/"]}]},{"@type":"BreadcrumbList","@id":"https:\/\/www.e2.law\/fr\/mobilite-des-personnes\/#breadcrumb","itemListElement":[{"@type":"ListItem","position":1,"name":"Home","item":"https:\/\/www.e2.law\/fr\/home\/"},{"@type":"ListItem","position":2,"name":"MOBILITE DES PERSONNES"}]},{"@type":"WebSite","@id":"https:\/\/www.e2.law\/fr\/#website","url":"https:\/\/www.e2.law\/fr\/","name":"e2.law","description":"A Business Law Firm","publisher":{"@id":"https:\/\/www.e2.law\/fr\/#organization"},"potentialAction":[{"@type":"SearchAction","target":{"@type":"EntryPoint","urlTemplate":"https:\/\/www.e2.law\/fr\/?s={search_term_string}"},"query-input":{"@type":"PropertyValueSpecification","valueRequired":true,"valueName":"search_term_string"}}],"inLanguage":"fr-FR"},{"@type":"Organization","@id":"https:\/\/www.e2.law\/fr\/#organization","name":"E2.law","url":"https:\/\/www.e2.law\/fr\/","logo":{"@type":"ImageObject","inLanguage":"fr-FR","@id":"https:\/\/www.e2.law\/fr\/#\/schema\/logo\/image\/","url":"https:\/\/www.e2.law\/wp-content\/uploads\/2018\/12\/logo-2.png","contentUrl":"https:\/\/www.e2.law\/wp-content\/uploads\/2018\/12\/logo-2.png","width":152,"height":40,"caption":"E2.law"},"image":{"@id":"https:\/\/www.e2.law\/fr\/#\/schema\/logo\/image\/"},"sameAs":["https:\/\/www.linkedin.com\/company\/e2.law"]}]}},"jetpack_sharing_enabled":true,"_links":{"self":[{"href":"https:\/\/www.e2.law\/fr\/wp-json\/wp\/v2\/pages\/12168","targetHints":{"allow":["GET"]}}],"collection":[{"href":"https:\/\/www.e2.law\/fr\/wp-json\/wp\/v2\/pages"}],"about":[{"href":"https:\/\/www.e2.law\/fr\/wp-json\/wp\/v2\/types\/page"}],"author":[{"embeddable":true,"href":"https:\/\/www.e2.law\/fr\/wp-json\/wp\/v2\/users\/166"}],"replies":[{"embeddable":true,"href":"https:\/\/www.e2.law\/fr\/wp-json\/wp\/v2\/comments?post=12168"}],"version-history":[{"count":0,"href":"https:\/\/www.e2.law\/fr\/wp-json\/wp\/v2\/pages\/12168\/revisions"}],"wp:attachment":[{"href":"https:\/\/www.e2.law\/fr\/wp-json\/wp\/v2\/media?parent=12168"}],"curies":[{"name":"wp","href":"https:\/\/api.w.org\/{rel}","templated":true}]}}