{"id":12220,"date":"2018-12-20T10:33:50","date_gmt":"2018-12-20T10:33:50","guid":{"rendered":"https:\/\/www.e2.law\/?page_id=12220"},"modified":"2019-07-09T10:50:51","modified_gmt":"2019-07-09T08:50:51","slug":"prevention-des-conflits-contentieux","status":"publish","type":"page","link":"https:\/\/www.e2.law\/fr\/prevention-des-conflits-contentieux\/","title":{"rendered":"PREVENTION DES CONFLITS &#8211; CONTENTIEUX"},"content":{"rendered":"<div class=\"fusion-fullwidth fullwidth-box fusion-builder-row-1 nonhundred-percent-fullwidth non-hundred-percent-height-scrolling\" style=\"--awb-border-radius-top-left:0px;--awb-border-radius-top-right:0px;--awb-border-radius-bottom-right:0px;--awb-border-radius-bottom-left:0px;--awb-flex-wrap:wrap;\" ><div class=\"fusion-builder-row fusion-row\"><div class=\"fusion-layout-column fusion_builder_column fusion-builder-column-0 fusion_builder_column_1_1 1_1 fusion-one-full fusion-column-first fusion-column-last\" style=\"--awb-padding-top:20px;--awb-padding-right:20px;--awb-padding-bottom:20px;--awb-padding-left:20px;--awb-bg-size:cover;\"><div class=\"fusion-column-wrapper fusion-flex-column-wrapper-legacy\"><div class=\"fusion-alignright\"><a class=\"fusion-button button-flat fusion-button-default-size button-default fusion-button-default button-1 fusion-button-default-span fusion-button-default-type\" target=\"_self\" href=\"https:\/\/www.e2.law\/services\/\"><span class=\"fusion-button-text awb-button__text awb-button__text--default\">Back to Services<\/span><\/a><\/div><div class=\"fusion-sep-clear\"><\/div><div class=\"fusion-separator fusion-full-width-sep\" style=\"margin-left: auto;margin-right: auto;margin-top:20px;width:100%;\"><\/div><div class=\"fusion-sep-clear\"><\/div><div class=\"fusion-image-element fusion-image-align-center in-legacy-container\" style=\"text-align:center;--awb-max-width:100%;--awb-caption-title-font-family:var(--h2_typography-font-family);--awb-caption-title-font-weight:var(--h2_typography-font-weight);--awb-caption-title-font-style:var(--h2_typography-font-style);--awb-caption-title-size:var(--h2_typography-font-size);--awb-caption-title-transform:var(--h2_typography-text-transform);--awb-caption-title-line-height:var(--h2_typography-line-height);--awb-caption-title-letter-spacing:var(--h2_typography-letter-spacing);\"><div class=\"imageframe-align-center\"><span class=\" fusion-imageframe imageframe-none imageframe-1 hover-type-none\"><img decoding=\"async\" width=\"1348\" height=\"441\" title=\"Screenshot_24\" src=\"https:\/\/i0.wp.com\/www.e2.law\/wp-content\/uploads\/2018\/12\/Screenshot_24.jpg?fit=1348%2C441&ssl=1\" data-orig-src=\"https:\/\/www.e2.law\/wp-content\/uploads\/2018\/12\/Screenshot_24.jpg\" alt class=\"lazyload img-responsive wp-image-14197\" srcset=\"data:image\/svg+xml,%3Csvg%20xmlns%3D%27http%3A%2F%2Fwww.w3.org%2F2000%2Fsvg%27%20width%3D%271348%27%20height%3D%27441%27%20viewBox%3D%270%200%201348%20441%27%3E%3Crect%20width%3D%271348%27%20height%3D%27441%27%20fill-opacity%3D%220%22%2F%3E%3C%2Fsvg%3E\" data-srcset=\"https:\/\/i0.wp.com\/www.e2.law\/wp-content\/uploads\/2018\/12\/Screenshot_24.jpg?resize=200%2C65&amp;ssl=1 200w, https:\/\/i0.wp.com\/www.e2.law\/wp-content\/uploads\/2018\/12\/Screenshot_24.jpg?resize=300%2C98&amp;ssl=1 300w, https:\/\/i0.wp.com\/www.e2.law\/wp-content\/uploads\/2018\/12\/Screenshot_24.jpg?resize=400%2C131&amp;ssl=1 400w, https:\/\/i0.wp.com\/www.e2.law\/wp-content\/uploads\/2018\/12\/Screenshot_24.jpg?resize=500%2C164&amp;ssl=1 500w, https:\/\/i0.wp.com\/www.e2.law\/wp-content\/uploads\/2018\/12\/Screenshot_24.jpg?resize=600%2C196&amp;ssl=1 600w, https:\/\/i0.wp.com\/www.e2.law\/wp-content\/uploads\/2018\/12\/Screenshot_24.jpg?resize=700%2C229&amp;ssl=1 700w, https:\/\/i0.wp.com\/www.e2.law\/wp-content\/uploads\/2018\/12\/Screenshot_24.jpg?resize=768%2C251&amp;ssl=1 768w, https:\/\/i0.wp.com\/www.e2.law\/wp-content\/uploads\/2018\/12\/Screenshot_24.jpg?resize=800%2C262&amp;ssl=1 800w, https:\/\/i0.wp.com\/www.e2.law\/wp-content\/uploads\/2018\/12\/Screenshot_24.jpg?resize=1024%2C335&amp;ssl=1 1024w, https:\/\/i0.wp.com\/www.e2.law\/wp-content\/uploads\/2018\/12\/Screenshot_24.jpg?resize=1200%2C393&amp;ssl=1 1200w, https:\/\/i0.wp.com\/www.e2.law\/wp-content\/uploads\/2018\/12\/Screenshot_24.jpg?w=1348&amp;ssl=1 1348w\" data-sizes=\"auto\" data-orig-sizes=\"(max-width: 800px) 100vw, 1200px\" \/><\/span><\/div><\/div><div class=\"fusion-text fusion-text-1\"><div id=\"pu274616\" class=\"clearfix colelem\">\n<div id=\"u274628-8\" class=\"animate19 clearfix grpelem shared_content animated fadeInDown\" data-muse-uid=\"U274628\" data-muse-type=\"txt_frame\" data-ibe-flags=\"txtStyleSrc\" data-sizepolicy=\"fixed\" data-pintopage=\"page_fixedCenter\" data-leftadjustmentdoneby=\"pu274616\" data-content-guid=\"u274628-8_content\">\n<p id=\"u274628-2\">Pour H\u00e9raclite, un philosophe pr\u00e9socratique n\u00e9 en Gr\u00e8ce au VI\u00e8 si\u00e8ce avant JC, &#8220;Le conflit constant des contraires est d\u00e9fini comme le p\u00e8re de toutes choses&#8221;.<\/p>\n<p id=\"u274628-5\">Le perspective d&#8217;un diff\u00e9rend commercial est le risque in\u00e9vitable des affaires.\u00a0 Celui-ci re\u00e7oit g\u00e9n\u00e9ralement une connotation n\u00e9gative.\u00a0 En lui-m\u00eame, un diff\u00e9rend n&#8217;est pourtant ni mauvais ni bon.\u00a0 Il peut d&#8217;ailleurs indiquer la n\u00e9cessit\u00e9 d&#8217;une \u00e9volution et peut m\u00eame \u00eatre une source d&#8217;opportunit\u00e9, et mener \u00e0 une nouvelle situation d&#8217;\u00e9quilibre, meilleure pour les parties.<\/p>\n<\/div>\n<\/div>\n<div id=\"pu274609-120\" class=\"clearfix colelem\">\n<div id=\"u274609-120\" class=\"animate19 clearfix grpelem shared_content animated fadeInDown\" data-muse-uid=\"U274609\" data-muse-type=\"txt_frame\" data-ibe-flags=\"txtStyleSrc\" data-sizepolicy=\"fixed\" data-pintopage=\"page_fixedCenter\" data-content-guid=\"u274609-120_content\">\n<p id=\"u274609-2\">Si le conflit re\u00e7oit cette connotation g\u00e9n\u00e9ralement n\u00e9gative, c&#8217;est en raison de l&#8217;ampleur des co\u00fbts financiers et \u00e9motionnels qu&#8217;il implique trop souvent, lorsque les parties peinent \u00e0 le r\u00e9gler.\u00a0 Ces c\u00f4uts sont g\u00e9n\u00e9ralement plus \u00e0 voir comme le sympt\u00f4me d&#8217;une mauvaise gestion du conflit que comme caus\u00e9s par les qualit\u00e9s intrins\u00e8ques de celui-ci. En d\u00e9finitive, ce qui est n\u00e9gatif c&#8217;est un conflit qui est mal g\u00e9r\u00e9.\u00a0\u00a0 Car c&#8217;est dans ses conditions qu&#8217;il d\u00e9g\u00e9n\u00e8re, sort du contr\u00f4le raisonnable de l&#8217;entreprise et produit autant plus de d\u00e9g\u00e2ts collat\u00e9raux\u00a0 que l&#8217;enjeu est important pour celle-ci.<\/p>\n<ol id=\"u274609-7\" class=\"list0 nls-None\">\n<li id=\"u274609-6\"><span id=\"u274609-5\">Pr\u00e9vention et gestion d&#8217;un conflit<\/span><\/li>\n<\/ol>\n<p id=\"u274609-12\">Une bonne gestion de conflit commence <span id=\"u274609-10\">d&#8217;abord<\/span> par une attention raisonnable \u00e0 tenter de le pr\u00e9venir.\u00a0 A cet effet, il est recommand\u00e9 d&#8217;adopter une politique commerciale et contractuelle conforme aux ambitions et aux capacit\u00e9s de l&#8217;entreprise.<\/p>\n<p id=\"u274609-15\">Voici donc une &#8220;check-list&#8221; dont le respect permet de r\u00e9duire le risque de voir d\u00e9g\u00e9n\u00e9rer un litige.<\/p>\n<p id=\"u274609-18\">Un entreprise doit agir de fa\u00e7on prudente et diligente, \u00e0 tous les stades<\/p>\n<ul id=\"u274609-55\" class=\"list0 nls-None\">\n<li id=\"u274609-21\">Lors de la conclusion d&#8217;un contrat:\n<ul>\n<li>par la recherche d&#8217;un \u00e9quilibre des obligations r\u00e9ciproques et de l&#8217;\u00e9valuation de la probabilit\u00e9 que chacune des parties ex\u00e9cute convenablement ses prestations compte des factures intrins\u00e8ques et extrins\u00e8ques.<\/li>\n<li>par la d\u00e9termination des domaines pour lesquelles une protection particuli\u00e8re est n\u00e9cessaire et dans la n\u00e9gociation de garanties adapt\u00e9es et efficaces, si n\u00e9cessaire (dans le m\u00eame temps, dans certains cas, il n&#8217;est pas n\u00e9cessairement sain de tout pr\u00e9voir dans la mesure o\u00f9 cela pourrait figer le contrat et emp\u00eacher les parties de trouver une issue favorable).<\/li>\n<li>par la recheche des assurances ad\u00e9quates, qu&#8217;il s&#8217;agisse de la responsabilit\u00e9 civile (extracontractuelle et, quand c&#8217;est possible, contractuelle, en d\u00e9fendant, et quand c&#8217;est possible en d\u00e9fendant), ainsi qu&#8217;une assurance protection juridique.<\/li>\n<\/ul>\n<\/li>\n<li id=\"u274609-39\">Dans l&#8217;ex\u00e9cution d&#8217;un contrat :par une attention particuli\u00e8re :\n<ul>\n<li>\u00e0 tenir l&#8217;\u00e9valuation juridique de tout changement de circonstance, et l&#8217;examen de l&#8217;opportunit\u00e9 d&#8217;adapter sa strat\u00e9gie commerciale;<\/li>\n<li>\u00e0 respecter les formalit\u00e9s des contrats (par exemple, si la modification d&#8217;un contrat requiert une signature d&#8217;un addendum par les repr\u00e9sentants l\u00e9gaux des parties, il y a lieu de respecter cette formalit\u00e9);<\/li>\n<li>\u00e0 r\u00e9agir \u00e0 temps et de fa\u00e7on adapt\u00e9e en cas d&#8217;inex\u00e9cution et de risque r\u00e9el d&#8217;inex\u00e9cution., eu \u00e9gard notamment aux m\u00e9canismes contractuels de r\u00e9glement des diff\u00e9rents.<\/li>\n<\/ul>\n<\/li>\n<li id=\"u274609-54\">A tout moment:\n<ul id=\"u274609-64\" class=\"list1\">\n<li id=\"u274609-59\">avoir une politique compliance et formation adapt\u00e9e, au sein de l&#8217;entreprise, document\u00e9e \u00e0 l&#8217;attention du staff ;<\/li>\n<li id=\"u274609-61\">organiser et maintenir des archives consultables pendant plusieurs ann\u00e9es, documentant les phases clefs de la formation et de l&#8217;ex\u00e9cution du contrat, car ceci aura, en cas de litige, un int\u00e9r\u00eat pratique r\u00e9el dans la possibilit\u00e9 pour l&#8217;entreprise de prouver ce qu&#8217;elle pr\u00e9tend;<\/li>\n<li id=\"u274609-63\">avoir \u00e0 l&#8217;esprit les \u00e9l\u00e9ments mentionn\u00e9s plus bas, caract\u00e9risant la phase o\u00f9 le litige s&#8217;av\u00e8rerait insoluble (infra).<\/li>\n<\/ul>\n<\/li>\n<\/ul>\n<p id=\"u274609-69\">Le r\u00f4le premier d&#8217;un avocat \u00e9tant de concilier les parties, interroger son conseil permettra \u00e0 l&#8217;entreprise d&#8217;avoir un avis ext\u00e9rieur en m\u00eame que de se voir rappeler des \u00e9l\u00e9ments juridiques importants sous-jacents \u00e0 la relation commerciale en cause.\u00a0 Cette \u00e9clairages permettra souvent aux d\u00e9cideurs de parvenir spontan\u00e9ment \u00e0 une r\u00e9solution amiable du diff\u00e9rends.<\/p>\n<p id=\"u274609-72\">R\u00e9soudre un diff\u00e9rend de fa\u00e7on amiable requiert un contrat, pr\u00e9cisant la mesure dans laquelle l&#8217;arrangement choisi par les parties modifie voire met fin \u00e0 la relation entre le partie quant \u00e0 leur litige ou quant \u00e0 l&#8217;ensemble de leurs obligations.\u00a0 Requ\u00e9rir le conseil d&#8217;un cabinet d&#8217;avocat est hautement recommand\u00e9 \u00e0 cette fin.\u00a0 Celui-ci pourra d&#8217;ailleurs, \u00e0 cette occasion, attirer l&#8217;attention de l&#8217;entreprise sur des \u00e9l\u00e9ments n\u00e9cessaires ou utiles \u00e0 prendre en consid\u00e9ration pour v\u00e9ritablement mettre fin au litige, comme par exemple sur l&#8217;opportunit\u00e9 de d\u00e9tailer les modalit\u00e9s\u00a0 d&#8217;ex\u00e9cution de la transaction.<\/p>\n<p id=\"u274609-76\"><span id=\"u274609-75\">2. Optimisation et gestion du contentieux<\/span><\/p>\n<p id=\"u274609-79\">Dans le langage Le terme \u00ab contentieux \u00bb recouvre plusieurs significations :<\/p>\n<ul id=\"u274609-82\" class=\"list0 nls-None\">\n<li id=\"u274609-81\">\u00ab \u00catre en contentieux avec quelqu&#8217;un \u00bb peut signifier l&#8217;\u00e9tat de querelle, de blocage relationnel r\u00e9sultant de l&#8217;existence d&#8217;un diff\u00e9rend entre deux ou plusieurs parties. Celles-ci sont en profond d\u00e9saccord sur une m\u00eame question et n&#8217;arrivent pas spontan\u00e9ment \u00e0 r\u00e9soudre ce diff\u00e9rend : Les adversaires sont dans un \u00e9tat de tension manifeste . Chacun campe sur ses positions et n&#8217;entend pas c\u00e9der \u00e0 la partie adverse.<\/li>\n<\/ul>\n<ul id=\"u274609-85\" class=\"list0 nls-None\">\n<li id=\"u274609-84\">\u00ab Aller en contentieux ou mettre au contentieux \u00bb signifie qu&#8217;un particulier ou une organisation entend porter un litige ou un conflit devant les tribunaux, g\u00e9n\u00e9ralement faute d&#8217;avoir pu le r\u00e9soudre \u00e0 l&#8217;amiable.<\/li>\n<\/ul>\n<p id=\"u274609-90\">Le terme contentieux caract\u00e9rise donc cette situation du conflit qui<span id=\"u274609-88\"> <\/span>s&#8217;av\u00e8re insoluble amiablement, il y a lieu d&#8217;\u00e9valuer un certain nombre d&#8217;\u00e9l\u00e9ments:<\/p>\n<ul id=\"u274609-101\" class=\"list0 nls-None\">\n<li id=\"u274609-92\">la r\u00e9alit\u00e9 de l&#8217;enjeu r\u00e9el pour l&#8217;entreprise (en identifiant les motifs \u00e9motionnels),<\/li>\n<li id=\"u274609-94\">l&#8217;objectif pouvant \u00eatre attendu du recours au tribunaux judiciaires ou arbitraux,<\/li>\n<li id=\"u274609-96\">les chances de succ\u00e8s d&#8217;une issue judiciaire,<\/li>\n<li id=\"u274609-98\">les co\u00fbts internes (co\u00fbts d&#8217;opportunit\u00e9, &#8230;) et externes (avocats, frais de justice,etc&#8230;) de la conduite du litige,<\/li>\n<li id=\"u274609-100\">l&#8217;effet d&#8217;un litige quant \u00e0 la capacit\u00e9 de n\u00e9gocier une solution amiable.<\/li>\n<\/ul>\n<p id=\"u274609-104\">Pour appr\u00e9cier tous ces \u00e9l\u00e9ments ainsi que pour assurer la repr\u00e9sentation en justice, un avoat est interlocuteur de choix.<\/p>\n<p id=\"u274609-109\">S&#8217;il dispose dans de nombreux cas du monopole de la plaidoirie et est rompu aux proc\u00e9dures judiciaires, l&#8217;avocat n&#8217;est pas le partenaire obligatoire pour toutes les d\u00e9marches \u00e0 effectuer.\u00a0 Il peut en effet \u00eatre envisag\u00e9 par une entreprise de faire participer des membres de son staff \u00e0 la gestion d&#8217;un litige judiciaire voire de participer d&#8217;une certaine fa\u00e7on \u00e0 la pr\u00e9paration des actes de proc\u00e9dure et des audiences <span id=\"u274609-107\">[Lien vers participation}<\/span>.<\/p>\n<p id=\"u274609-112\">Dans la mesure du possible, E\u00b2.law peut encadrer l&#8217;entreprise \u00e0 cet \u00e9gard si c&#8217;est souhait\u00e9 par l&#8217;entreprise, ou prendre en charge la totalit\u00e9 de la gestion du contentieux.<\/p>\n<\/div>\n<\/div>\n<\/div><div class=\"fusion-clearfix\"><\/div><\/div><\/div><\/div><\/div>\n","protected":false},"excerpt":{"rendered":"","protected":false},"author":166,"featured_media":0,"parent":0,"menu_order":0,"comment_status":"closed","ping_status":"closed","template":"","meta":{"_acf_changed":false,"footnotes":""},"class_list":["post-12220","page","type-page","status-publish","hentry"],"acf":[],"yoast_head":"<!-- This site is optimized with the Yoast SEO plugin v27.5 - https:\/\/yoast.com\/product\/yoast-seo-wordpress\/ -->\n<title>PREVENTION DES CONFLITS - CONTENTIEUX - e2.law<\/title>\n<meta name=\"robots\" content=\"index, follow, max-snippet:-1, max-image-preview:large, max-video-preview:-1\" \/>\n<link rel=\"canonical\" href=\"https:\/\/www.e2.law\/fr\/prevention-des-conflits-contentieux\/\" \/>\n<meta property=\"og:locale\" content=\"fr_FR\" \/>\n<meta property=\"og:type\" content=\"article\" \/>\n<meta property=\"og:title\" content=\"PREVENTION DES CONFLITS - CONTENTIEUX - e2.law\" \/>\n<meta property=\"og:url\" content=\"https:\/\/www.e2.law\/fr\/prevention-des-conflits-contentieux\/\" \/>\n<meta property=\"og:site_name\" content=\"e2.law\" \/>\n<meta property=\"article:modified_time\" content=\"2019-07-09T08:50:51+00:00\" \/>\n<meta name=\"twitter:card\" content=\"summary_large_image\" \/>\n<meta name=\"twitter:label1\" content=\"Dur\u00e9e de lecture estim\u00e9e\" \/>\n\t<meta name=\"twitter:data1\" content=\"7 minutes\" \/>\n<script type=\"application\/ld+json\" class=\"yoast-schema-graph\">{\"@context\":\"https:\\\/\\\/schema.org\",\"@graph\":[{\"@type\":\"WebPage\",\"@id\":\"https:\\\/\\\/www.e2.law\\\/fr\\\/prevention-des-conflits-contentieux\\\/\",\"url\":\"https:\\\/\\\/www.e2.law\\\/fr\\\/prevention-des-conflits-contentieux\\\/\",\"name\":\"PREVENTION DES CONFLITS - CONTENTIEUX - e2.law\",\"isPartOf\":{\"@id\":\"https:\\\/\\\/www.e2.law\\\/fr\\\/#website\"},\"datePublished\":\"2018-12-20T10:33:50+00:00\",\"dateModified\":\"2019-07-09T08:50:51+00:00\",\"breadcrumb\":{\"@id\":\"https:\\\/\\\/www.e2.law\\\/fr\\\/prevention-des-conflits-contentieux\\\/#breadcrumb\"},\"inLanguage\":\"fr-FR\",\"potentialAction\":[{\"@type\":\"ReadAction\",\"target\":[\"https:\\\/\\\/www.e2.law\\\/fr\\\/prevention-des-conflits-contentieux\\\/\"]}]},{\"@type\":\"BreadcrumbList\",\"@id\":\"https:\\\/\\\/www.e2.law\\\/fr\\\/prevention-des-conflits-contentieux\\\/#breadcrumb\",\"itemListElement\":[{\"@type\":\"ListItem\",\"position\":1,\"name\":\"Home\",\"item\":\"https:\\\/\\\/www.e2.law\\\/fr\\\/home\\\/\"},{\"@type\":\"ListItem\",\"position\":2,\"name\":\"PREVENTION DES CONFLITS &#8211; CONTENTIEUX\"}]},{\"@type\":\"WebSite\",\"@id\":\"https:\\\/\\\/www.e2.law\\\/fr\\\/#website\",\"url\":\"https:\\\/\\\/www.e2.law\\\/fr\\\/\",\"name\":\"e2.law\",\"description\":\"A Business Law Firm\",\"publisher\":{\"@id\":\"https:\\\/\\\/www.e2.law\\\/fr\\\/#organization\"},\"potentialAction\":[{\"@type\":\"SearchAction\",\"target\":{\"@type\":\"EntryPoint\",\"urlTemplate\":\"https:\\\/\\\/www.e2.law\\\/fr\\\/?s={search_term_string}\"},\"query-input\":{\"@type\":\"PropertyValueSpecification\",\"valueRequired\":true,\"valueName\":\"search_term_string\"}}],\"inLanguage\":\"fr-FR\"},{\"@type\":\"Organization\",\"@id\":\"https:\\\/\\\/www.e2.law\\\/fr\\\/#organization\",\"name\":\"E2.law\",\"url\":\"https:\\\/\\\/www.e2.law\\\/fr\\\/\",\"logo\":{\"@type\":\"ImageObject\",\"inLanguage\":\"fr-FR\",\"@id\":\"https:\\\/\\\/www.e2.law\\\/fr\\\/#\\\/schema\\\/logo\\\/image\\\/\",\"url\":\"https:\\\/\\\/www.e2.law\\\/wp-content\\\/uploads\\\/2018\\\/12\\\/logo-2.png\",\"contentUrl\":\"https:\\\/\\\/www.e2.law\\\/wp-content\\\/uploads\\\/2018\\\/12\\\/logo-2.png\",\"width\":152,\"height\":40,\"caption\":\"E2.law\"},\"image\":{\"@id\":\"https:\\\/\\\/www.e2.law\\\/fr\\\/#\\\/schema\\\/logo\\\/image\\\/\"},\"sameAs\":[\"https:\\\/\\\/www.linkedin.com\\\/company\\\/e2.law\"]}]}<\/script>\n<!-- \/ Yoast SEO plugin. -->","yoast_head_json":{"title":"PREVENTION DES CONFLITS - CONTENTIEUX - e2.law","robots":{"index":"index","follow":"follow","max-snippet":"max-snippet:-1","max-image-preview":"max-image-preview:large","max-video-preview":"max-video-preview:-1"},"canonical":"https:\/\/www.e2.law\/fr\/prevention-des-conflits-contentieux\/","og_locale":"fr_FR","og_type":"article","og_title":"PREVENTION DES CONFLITS - CONTENTIEUX - e2.law","og_url":"https:\/\/www.e2.law\/fr\/prevention-des-conflits-contentieux\/","og_site_name":"e2.law","article_modified_time":"2019-07-09T08:50:51+00:00","twitter_card":"summary_large_image","twitter_misc":{"Dur\u00e9e de lecture estim\u00e9e":"7 minutes"},"schema":{"@context":"https:\/\/schema.org","@graph":[{"@type":"WebPage","@id":"https:\/\/www.e2.law\/fr\/prevention-des-conflits-contentieux\/","url":"https:\/\/www.e2.law\/fr\/prevention-des-conflits-contentieux\/","name":"PREVENTION DES CONFLITS - CONTENTIEUX - e2.law","isPartOf":{"@id":"https:\/\/www.e2.law\/fr\/#website"},"datePublished":"2018-12-20T10:33:50+00:00","dateModified":"2019-07-09T08:50:51+00:00","breadcrumb":{"@id":"https:\/\/www.e2.law\/fr\/prevention-des-conflits-contentieux\/#breadcrumb"},"inLanguage":"fr-FR","potentialAction":[{"@type":"ReadAction","target":["https:\/\/www.e2.law\/fr\/prevention-des-conflits-contentieux\/"]}]},{"@type":"BreadcrumbList","@id":"https:\/\/www.e2.law\/fr\/prevention-des-conflits-contentieux\/#breadcrumb","itemListElement":[{"@type":"ListItem","position":1,"name":"Home","item":"https:\/\/www.e2.law\/fr\/home\/"},{"@type":"ListItem","position":2,"name":"PREVENTION DES CONFLITS &#8211; CONTENTIEUX"}]},{"@type":"WebSite","@id":"https:\/\/www.e2.law\/fr\/#website","url":"https:\/\/www.e2.law\/fr\/","name":"e2.law","description":"A Business Law Firm","publisher":{"@id":"https:\/\/www.e2.law\/fr\/#organization"},"potentialAction":[{"@type":"SearchAction","target":{"@type":"EntryPoint","urlTemplate":"https:\/\/www.e2.law\/fr\/?s={search_term_string}"},"query-input":{"@type":"PropertyValueSpecification","valueRequired":true,"valueName":"search_term_string"}}],"inLanguage":"fr-FR"},{"@type":"Organization","@id":"https:\/\/www.e2.law\/fr\/#organization","name":"E2.law","url":"https:\/\/www.e2.law\/fr\/","logo":{"@type":"ImageObject","inLanguage":"fr-FR","@id":"https:\/\/www.e2.law\/fr\/#\/schema\/logo\/image\/","url":"https:\/\/www.e2.law\/wp-content\/uploads\/2018\/12\/logo-2.png","contentUrl":"https:\/\/www.e2.law\/wp-content\/uploads\/2018\/12\/logo-2.png","width":152,"height":40,"caption":"E2.law"},"image":{"@id":"https:\/\/www.e2.law\/fr\/#\/schema\/logo\/image\/"},"sameAs":["https:\/\/www.linkedin.com\/company\/e2.law"]}]}},"jetpack_sharing_enabled":true,"_links":{"self":[{"href":"https:\/\/www.e2.law\/fr\/wp-json\/wp\/v2\/pages\/12220","targetHints":{"allow":["GET"]}}],"collection":[{"href":"https:\/\/www.e2.law\/fr\/wp-json\/wp\/v2\/pages"}],"about":[{"href":"https:\/\/www.e2.law\/fr\/wp-json\/wp\/v2\/types\/page"}],"author":[{"embeddable":true,"href":"https:\/\/www.e2.law\/fr\/wp-json\/wp\/v2\/users\/166"}],"replies":[{"embeddable":true,"href":"https:\/\/www.e2.law\/fr\/wp-json\/wp\/v2\/comments?post=12220"}],"version-history":[{"count":0,"href":"https:\/\/www.e2.law\/fr\/wp-json\/wp\/v2\/pages\/12220\/revisions"}],"wp:attachment":[{"href":"https:\/\/www.e2.law\/fr\/wp-json\/wp\/v2\/media?parent=12220"}],"curies":[{"name":"wp","href":"https:\/\/api.w.org\/{rel}","templated":true}]}}