{"id":20282,"date":"2019-07-10T16:26:28","date_gmt":"2019-07-10T14:26:28","guid":{"rendered":"https:\/\/www.e2.law\/timeline-alert\/"},"modified":"2020-04-07T12:21:23","modified_gmt":"2020-04-07T10:21:23","slug":"timeline-alert","status":"publish","type":"page","link":"https:\/\/www.e2.law\/fr\/timeline-alert\/","title":{"rendered":"Chronologie des alertes"},"content":{"rendered":"<div class=\"fusion-fullwidth fullwidth-box fusion-builder-row-1 nonhundred-percent-fullwidth non-hundred-percent-height-scrolling\" style=\"--awb-border-radius-top-left:0px;--awb-border-radius-top-right:0px;--awb-border-radius-bottom-right:0px;--awb-border-radius-bottom-left:0px;--awb-flex-wrap:wrap;\" ><div class=\"fusion-builder-row fusion-row\"><div class=\"fusion-layout-column fusion_builder_column fusion-builder-column-0 fusion_builder_column_1_1 1_1 fusion-one-full fusion-column-first fusion-column-last\" style=\"--awb-bg-size:cover;\"><div class=\"fusion-column-wrapper fusion-flex-column-wrapper-legacy\"><div class=\"fusion-blog-shortcode fusion-blog-shortcode-1 fusion-blog-archive fusion-blog-layout-timeline-wrapper fusion-blog-pagination\"><div class=\"fusion-posts-container fusion-posts-container-pagination fusion-no-meta-info fusion-blog-rollover\" data-pages=\"7\"><div class=\"fusion-timeline-icon\"><i class=\"awb-icon-bubbles\" style=\"color:#ebeaea;\" aria-hidden=\"true\"><\/i><\/div><div class=\"fusion-blog-layout-timeline fusion-clearfix\"><div class=\"fusion-timeline-line\" style=\"border-left:1px solid #ebeaea;border-right:1px solid #ebeaea;\"><\/div><h3 class=\"fusion-timeline-date\" style=\"background-color:#ebeaea;\">d\u00e9cembre 2020<\/h3><div class=\"fusion-collapse-month\"><article id=\"blog-1-post-27894\" style=\"border-color:#ebeaea;\" class=\"fusion-post-timeline fusion-sticky fusion-clearfix fusion-left-column post-27894 post type-post status-publish format-standard has-post-thumbnail hentry category-non-classifiee tag-e-shop tag-news tag-procedure\">\n<div class=\"fusion-post-wrapper\" style=\"background-color:rgba(255,255,255,0);\">\n\n\t\t\t<div class=\"fusion-flexslider flexslider fusion-flexslider-loading fusion-post-slideshow\" style=\"border-color:#ebeaea;\">\n\t\t<ul class=\"slides\">\n\t\t\t\n\t\t\t\t\t\t\t\t\t\t\t\t\t\t<li><div  class=\"fusion-image-wrapper\" aria-haspopup=\"true\">\n\t\t\t\t<img decoding=\"async\" width=\"800\" height=\"800\" src=\"data:image\/svg+xml,%3Csvg%20xmlns%3D%27http%3A%2F%2Fwww.w3.org%2F2000%2Fsvg%27%20width%3D%27800%27%20height%3D%27800%27%20viewBox%3D%270%200%20800%20800%27%3E%3Crect%20width%3D%27800%27%20height%3D%27800%27%20fill-opacity%3D%220%22%2F%3E%3C%2Fsvg%3E\" class=\"attachment-full size-full lazyload wp-post-image\" alt=\"\" data-orig-src=\"https:\/\/i0.wp.com\/www.e2.law\/wp-content\/uploads\/2020\/12\/Re%CC%81tractation-2.png?fit=800%2C800&amp;ssl=1\" \/><div class=\"fusion-rollover\">\n\t<div class=\"fusion-rollover-content\">\n\n\t\t\t\t\t\t\t\t\t\t\t\t\t\t<a class=\"fusion-rollover-link\" href=\"https:\/\/www.e2.law\/fr\/2020\/12\/28\/le-droit-de-retractation-2\/\">Le droit de r\u00e9tractation<\/a>\n\t\t\t\n\t\t\t\t\t\t\t\t\t\t\t\t\t\t\n\t\t\t\t\t\t\t\t\n\t\t\t\t\t\t\t\t\t\t\t\t\t<div class=\"fusion-rollover-sep\"><\/div>\n\t\t\t\t\n\t\t\t\t\t\t\t\t\t\t\t\t\t\t\t\t\t\t<a class=\"fusion-rollover-gallery\" href=\"https:\/\/i0.wp.com\/www.e2.law\/wp-content\/uploads\/2020\/12\/Re%CC%81tractation-2.png?fit=800%2C800&ssl=1\" data-options=\"\" data-id=\"27894\" data-rel=\"iLightbox[gallery]\" data-title=\"Re\u0301tractation 2\" data-caption=\"\">\n\t\t\t\t\t\tGalerie\t\t\t\t\t<\/a>\n\t\t\t\t\t\t\t\t\t\t\t\t\t\t\n\t\t\n\t\t\t\t\t\t\t\t\t\t\t\t<h4 class=\"fusion-rollover-title\">\n\t\t\t\t\t<a class=\"fusion-rollover-title-link\" href=\"https:\/\/www.e2.law\/fr\/2020\/12\/28\/le-droit-de-retractation-2\/\">\n\t\t\t\t\t\tLe droit de r\u00e9tractation\t\t\t\t\t<\/a>\n\t\t\t\t<\/h4>\n\t\t\t\n\t\t\t\t\t\t\t\t\t\t<div class=\"fusion-rollover-categories\"><a href=\"https:\/\/www.e2.law\/fr\/category\/non-classifiee\/\" rel=\"tag\">Non classifi\u00e9(e)<\/a><\/div>\t\t\t\t\t\n\t\t\n\t\t\t\t\t\t<a class=\"fusion-link-wrapper\" href=\"https:\/\/www.e2.law\/fr\/2020\/12\/28\/le-droit-de-retractation-2\/\" aria-label=\"Le droit de r\u00e9tractation\"><\/a>\n\t<\/div>\n<\/div>\n<\/div>\n<\/li>\n\t\t\t\n\t\t\t\n\t\t\t\t\t\t\t\t\t\t\t\t\t\t\t\t\t\t\t\t\t\t\t\t\t\t\t\t\t\t\t\t\t\t\t\t\t\t\t\t\t\t\t\t\t\t\t\t\t\t\t\t\t\t\t\t\t\t\t\t\t\t\t\t\t\t\t\t<\/ul>\n\t<\/div>\n\t<div class=\"fusion-post-content-wrapper\" style=\"padding:30px 25px 20px 25px;\"><div class=\"fusion-post-content post-content\"><div class=\"fusion-timeline-circle\" style=\"background-color:#ebeaea;\"><\/div><div class=\"fusion-timeline-arrow\" style=\"color:#ebeaea;\"><\/div><h2 class=\"blog-shortcode-post-title entry-title\">Le droit de r\u00e9tractation<\/h2><div class=\"fusion-post-content-container\"><p> Un consommateur qui a conclu un contrat \u00e0 distance  [...]<\/p><\/div><\/div><\/div><div class=\"fusion-clearfix\"><\/div><\/div>\n<\/article>\n<\/div><h3 class=\"fusion-timeline-date\" style=\"background-color:#ebeaea;\">ao\u00fbt 2025<\/h3><div class=\"fusion-collapse-month\"><article id=\"blog-1-post-44807\" style=\"border-color:#ebeaea;\" class=\"fusion-post-timeline fusion-clearfix fusion-right-column post-44807 post type-post status-publish format-standard has-post-thumbnail hentry category-non-classifiee tag-events\">\n<div class=\"fusion-post-wrapper\" style=\"background-color:rgba(255,255,255,0);\">\n\n\t\t\t<div class=\"fusion-flexslider flexslider fusion-flexslider-loading fusion-post-slideshow\" style=\"border-color:#ebeaea;\">\n\t\t<ul class=\"slides\">\n\t\t\t\n\t\t\t\t\t\t\t\t\t\t\t\t\t\t<li><div  class=\"fusion-image-wrapper\" aria-haspopup=\"true\">\n\t\t\t\t<img decoding=\"async\" width=\"2503\" height=\"1316\" src=\"https:\/\/i0.wp.com\/www.e2.law\/wp-content\/uploads\/2025\/08\/STW_banner_LinkedIn_avec_photo.jpg?fit=2503%2C1316&amp;ssl=1\" class=\"attachment-full size-full lazyload wp-post-image\" alt=\"\" srcset=\"data:image\/svg+xml,%3Csvg%20xmlns%3D%27http%3A%2F%2Fwww.w3.org%2F2000%2Fsvg%27%20width%3D%272503%27%20height%3D%271316%27%20viewBox%3D%270%200%202503%201316%27%3E%3Crect%20width%3D%272503%27%20height%3D%271316%27%20fill-opacity%3D%220%22%2F%3E%3C%2Fsvg%3E\" data-orig-src=\"https:\/\/i0.wp.com\/www.e2.law\/wp-content\/uploads\/2025\/08\/STW_banner_LinkedIn_avec_photo.jpg?fit=2503%2C1316&amp;ssl=1\" data-srcset=\"https:\/\/i0.wp.com\/www.e2.law\/wp-content\/uploads\/2025\/08\/STW_banner_LinkedIn_avec_photo.jpg?resize=200%2C105&amp;ssl=1 200w, https:\/\/i0.wp.com\/www.e2.law\/wp-content\/uploads\/2025\/08\/STW_banner_LinkedIn_avec_photo.jpg?resize=300%2C158&amp;ssl=1 300w, https:\/\/i0.wp.com\/www.e2.law\/wp-content\/uploads\/2025\/08\/STW_banner_LinkedIn_avec_photo.jpg?resize=400%2C210&amp;ssl=1 400w, https:\/\/i0.wp.com\/www.e2.law\/wp-content\/uploads\/2025\/08\/STW_banner_LinkedIn_avec_photo.jpg?resize=500%2C263&amp;ssl=1 500w, https:\/\/i0.wp.com\/www.e2.law\/wp-content\/uploads\/2025\/08\/STW_banner_LinkedIn_avec_photo.jpg?resize=600%2C315&amp;ssl=1 600w, https:\/\/i0.wp.com\/www.e2.law\/wp-content\/uploads\/2025\/08\/STW_banner_LinkedIn_avec_photo.jpg?resize=700%2C368&amp;ssl=1 700w, https:\/\/i0.wp.com\/www.e2.law\/wp-content\/uploads\/2025\/08\/STW_banner_LinkedIn_avec_photo.jpg?resize=768%2C404&amp;ssl=1 768w, https:\/\/i0.wp.com\/www.e2.law\/wp-content\/uploads\/2025\/08\/STW_banner_LinkedIn_avec_photo.jpg?resize=800%2C421&amp;ssl=1 800w, https:\/\/i0.wp.com\/www.e2.law\/wp-content\/uploads\/2025\/08\/STW_banner_LinkedIn_avec_photo.jpg?resize=1024%2C538&amp;ssl=1 1024w, https:\/\/i0.wp.com\/www.e2.law\/wp-content\/uploads\/2025\/08\/STW_banner_LinkedIn_avec_photo.jpg?resize=1200%2C631&amp;ssl=1 1200w, https:\/\/i0.wp.com\/www.e2.law\/wp-content\/uploads\/2025\/08\/STW_banner_LinkedIn_avec_photo.jpg?resize=1536%2C808&amp;ssl=1 1536w, https:\/\/i0.wp.com\/www.e2.law\/wp-content\/uploads\/2025\/08\/STW_banner_LinkedIn_avec_photo.jpg?w=2200&amp;ssl=1 2200w, https:\/\/i0.wp.com\/www.e2.law\/wp-content\/uploads\/2025\/08\/STW_banner_LinkedIn_avec_photo.jpg?fit=2503%2C1316&amp;ssl=1 2503w\" data-sizes=\"auto\" \/><div class=\"fusion-rollover\">\n\t<div class=\"fusion-rollover-content\">\n\n\t\t\t\t\t\t\t\t\t\t\t\t\t\t<a class=\"fusion-rollover-link\" href=\"https:\/\/www.e2.law\/fr\/2025\/08\/20\/20-11-2025-a-lln-la-transmission-dentreprises-pour-tous-en-petit-comite\/\">20.11.2025 \u00e0 LLN &#8211; La transmission d&#8217;entreprises pour tous en petit comit\u00e9<\/a>\n\t\t\t\n\t\t\t\t\t\t\t\t\t\t\t\t\t\t\n\t\t\t\t\t\t\t\t\n\t\t\t\t\t\t\t\t\t\t\t\t\t<div class=\"fusion-rollover-sep\"><\/div>\n\t\t\t\t\n\t\t\t\t\t\t\t\t\t\t\t\t\t\t\t\t\t\t<a class=\"fusion-rollover-gallery\" href=\"https:\/\/i0.wp.com\/www.e2.law\/wp-content\/uploads\/2025\/08\/STW_banner_LinkedIn_avec_photo.jpg?fit=2503%2C1316&ssl=1\" data-options=\"\" data-id=\"44807\" data-rel=\"iLightbox[gallery]\" data-title=\"STW_banner_LinkedIn_avec_photo\" data-caption=\"\">\n\t\t\t\t\t\tGalerie\t\t\t\t\t<\/a>\n\t\t\t\t\t\t\t\t\t\t\t\t\t\t\n\t\t\n\t\t\t\t\t\t\t\t\t\t\t\t<h4 class=\"fusion-rollover-title\">\n\t\t\t\t\t<a class=\"fusion-rollover-title-link\" href=\"https:\/\/www.e2.law\/fr\/2025\/08\/20\/20-11-2025-a-lln-la-transmission-dentreprises-pour-tous-en-petit-comite\/\">\n\t\t\t\t\t\t20.11.2025 \u00e0 LLN &#8211; La transmission d&#8217;entreprises pour tous en petit comit\u00e9\t\t\t\t\t<\/a>\n\t\t\t\t<\/h4>\n\t\t\t\n\t\t\t\t\t\t\t\t\t\t<div class=\"fusion-rollover-categories\"><a href=\"https:\/\/www.e2.law\/fr\/category\/non-classifiee\/\" rel=\"tag\">Non classifi\u00e9(e)<\/a><\/div>\t\t\t\t\t\n\t\t\n\t\t\t\t\t\t<a class=\"fusion-link-wrapper\" href=\"https:\/\/www.e2.law\/fr\/2025\/08\/20\/20-11-2025-a-lln-la-transmission-dentreprises-pour-tous-en-petit-comite\/\" aria-label=\"20.11.2025 \u00e0 LLN &#8211; La transmission d&#8217;entreprises pour tous en petit comit\u00e9\"><\/a>\n\t<\/div>\n<\/div>\n<\/div>\n<\/li>\n\t\t\t\n\t\t\t\n\t\t\t\t\t\t\t\t\t\t\t\t\t\t\t\t\t\t\t\t\t\t\t\t\t\t\t\t\t\t\t\t\t\t\t\t\t\t\t\t\t\t\t\t\t\t\t\t\t\t\t\t\t\t\t\t\t\t\t\t\t\t\t\t\t\t\t\t<\/ul>\n\t<\/div>\n\t<div class=\"fusion-post-content-wrapper\" style=\"padding:30px 25px 20px 25px;\"><div class=\"fusion-post-content post-content\"><div class=\"fusion-timeline-circle\" style=\"background-color:#ebeaea;\"><\/div><div class=\"fusion-timeline-arrow\" style=\"color:#ebeaea;\"><\/div><h2 class=\"blog-shortcode-post-title entry-title\">20.11.2025 \u00e0 LLN &#8211; La transmission d&#8217;entreprises pour tous en petit comit\u00e9<\/h2><div class=\"fusion-post-content-container\"><p> Un aper\u00e7u didactique et convivial d'un sujet essentiel pour  [...]<\/p><\/div><\/div><\/div><div class=\"fusion-clearfix\"><\/div><\/div>\n<\/article>\n<\/div><h3 class=\"fusion-timeline-date\" style=\"background-color:#ebeaea;\">ao\u00fbt 2024<\/h3><div class=\"fusion-collapse-month\"><article id=\"blog-1-post-44750\" style=\"border-color:#ebeaea;\" class=\"fusion-post-timeline fusion-clearfix fusion-left-column post-44750 post type-post status-publish format-standard hentry category-non-classifiee\">\n<div class=\"fusion-post-wrapper\" style=\"background-color:rgba(255,255,255,0);\">\n\n<div class=\"fusion-post-content-wrapper\" style=\"padding:30px 25px 20px 25px;\"><div class=\"fusion-post-content post-content\"><div class=\"fusion-timeline-circle\" style=\"background-color:#ebeaea;\"><\/div><div class=\"fusion-timeline-arrow\" style=\"color:#ebeaea;\"><\/div><h2 class=\"blog-shortcode-post-title entry-title\">Tous les th\u00e8mes class\u00e9s par ordre alphab\u00e9tique<\/h2><div class=\"fusion-post-content-container\"><p>    <\/p><\/div><\/div><\/div><div class=\"fusion-clearfix\"><\/div><\/div>\n<\/article>\n<\/div><h3 class=\"fusion-timeline-date\" style=\"background-color:#ebeaea;\">mai 2024<\/h3><div class=\"fusion-collapse-month\"><article id=\"blog-1-post-44699\" style=\"border-color:#ebeaea;\" class=\"fusion-post-timeline fusion-clearfix fusion-right-column post-44699 post type-post status-publish format-standard hentry category-non-classifiee\">\n<div class=\"fusion-post-wrapper\" style=\"background-color:rgba(255,255,255,0);\">\n\n<div class=\"fusion-post-content-wrapper\" style=\"padding:30px 25px 20px 25px;\"><div class=\"fusion-post-content post-content\"><div class=\"fusion-timeline-circle\" style=\"background-color:#ebeaea;\"><\/div><div class=\"fusion-timeline-arrow\" style=\"color:#ebeaea;\"><\/div><h2 class=\"blog-shortcode-post-title entry-title\">Slicing Pie Model<\/h2><div class=\"fusion-post-content-container\"><p> Le Slicing pie Model est une formule de calcul  [...]<\/p><\/div><\/div><\/div><div class=\"fusion-clearfix\"><\/div><\/div>\n<\/article>\n<\/div><h3 class=\"fusion-timeline-date\" style=\"background-color:#ebeaea;\">octobre 2023<\/h3><div class=\"fusion-collapse-month\"><article id=\"blog-1-post-44507\" style=\"border-color:#ebeaea;\" class=\"fusion-post-timeline fusion-clearfix fusion-left-column post-44507 post type-post status-publish format-standard hentry category-non-classifiee\">\n<div class=\"fusion-post-wrapper\" style=\"background-color:rgba(255,255,255,0);\">\n\n<div class=\"fusion-post-content-wrapper\" style=\"padding:30px 25px 20px 25px;\"><div class=\"fusion-post-content post-content\"><div class=\"fusion-timeline-circle\" style=\"background-color:#ebeaea;\"><\/div><div class=\"fusion-timeline-arrow\" style=\"color:#ebeaea;\"><\/div><h2 class=\"blog-shortcode-post-title entry-title\">La dur\u00e9e de la convention de confidentialit\u00e9<\/h2><div class=\"fusion-post-content-container\"><p>La question de la dur\u00e9e de la convention de confidentialit\u00e9  [...]<\/p><\/div><\/div><\/div><div class=\"fusion-clearfix\"><\/div><\/div>\n<\/article>\n<\/div><h3 class=\"fusion-timeline-date\" style=\"background-color:#ebeaea;\">ao\u00fbt 2023<\/h3><div class=\"fusion-collapse-month\"><article id=\"blog-1-post-44312\" style=\"border-color:#ebeaea;\" class=\"fusion-post-timeline fusion-clearfix fusion-right-column post-44312 post type-post status-publish format-standard has-post-thumbnail hentry category-non-classifiee tag-events\">\n<div class=\"fusion-post-wrapper\" style=\"background-color:rgba(255,255,255,0);\">\n\n\t\t\t<div class=\"fusion-flexslider flexslider fusion-flexslider-loading fusion-post-slideshow\" style=\"border-color:#ebeaea;\">\n\t\t<ul class=\"slides\">\n\t\t\t\n\t\t\t\t\t\t\t\t\t\t\t\t\t\t<li><div  class=\"fusion-image-wrapper\" aria-haspopup=\"true\">\n\t\t\t\t<img decoding=\"async\" width=\"600\" height=\"403\" src=\"https:\/\/i0.wp.com\/www.e2.law\/wp-content\/uploads\/2023\/08\/logoAvocat.be_.png?fit=600%2C403&amp;ssl=1\" class=\"attachment-full size-full lazyload wp-post-image\" alt=\"\" srcset=\"data:image\/svg+xml,%3Csvg%20xmlns%3D%27http%3A%2F%2Fwww.w3.org%2F2000%2Fsvg%27%20width%3D%27600%27%20height%3D%27403%27%20viewBox%3D%270%200%20600%20403%27%3E%3Crect%20width%3D%27600%27%20height%3D%27403%27%20fill-opacity%3D%220%22%2F%3E%3C%2Fsvg%3E\" data-orig-src=\"https:\/\/i0.wp.com\/www.e2.law\/wp-content\/uploads\/2023\/08\/logoAvocat.be_.png?fit=600%2C403&amp;ssl=1\" data-srcset=\"https:\/\/i0.wp.com\/www.e2.law\/wp-content\/uploads\/2023\/08\/logoAvocat.be_.png?resize=200%2C134&amp;ssl=1 200w, https:\/\/i0.wp.com\/www.e2.law\/wp-content\/uploads\/2023\/08\/logoAvocat.be_.png?resize=300%2C202&amp;ssl=1 300w, https:\/\/i0.wp.com\/www.e2.law\/wp-content\/uploads\/2023\/08\/logoAvocat.be_.png?resize=400%2C269&amp;ssl=1 400w, https:\/\/i0.wp.com\/www.e2.law\/wp-content\/uploads\/2023\/08\/logoAvocat.be_.png?resize=500%2C336&amp;ssl=1 500w, https:\/\/i0.wp.com\/www.e2.law\/wp-content\/uploads\/2023\/08\/logoAvocat.be_.png?fit=600%2C403&amp;ssl=1 600w\" data-sizes=\"auto\" \/><div class=\"fusion-rollover\">\n\t<div class=\"fusion-rollover-content\">\n\n\t\t\t\t\t\t\t\t\t\t\t\t\t\t<a class=\"fusion-rollover-link\" href=\"https:\/\/www.e2.law\/fr\/2023\/08\/17\/44312\/\">23.08.2023 &#8211; Dix fa\u00e7ons d\u2019am\u00e9liorer sa pratique juridique gr\u00e2ce au legal design<\/a>\n\t\t\t\n\t\t\t\t\t\t\t\t\t\t\t\t\t\t\n\t\t\t\t\t\t\t\t\n\t\t\t\t\t\t\t\t\t\t\t\t\t<div class=\"fusion-rollover-sep\"><\/div>\n\t\t\t\t\n\t\t\t\t\t\t\t\t\t\t\t\t\t\t\t\t\t\t<a class=\"fusion-rollover-gallery\" href=\"https:\/\/i0.wp.com\/www.e2.law\/wp-content\/uploads\/2023\/08\/logoAvocat.be_.png?fit=600%2C403&ssl=1\" data-options=\"\" data-id=\"44312\" data-rel=\"iLightbox[gallery]\" data-title=\"logoAvocat.be\" data-caption=\"\">\n\t\t\t\t\t\tGalerie\t\t\t\t\t<\/a>\n\t\t\t\t\t\t\t\t\t\t\t\t\t\t\n\t\t\n\t\t\t\t\t\t\t\t\t\t\t\t<h4 class=\"fusion-rollover-title\">\n\t\t\t\t\t<a class=\"fusion-rollover-title-link\" href=\"https:\/\/www.e2.law\/fr\/2023\/08\/17\/44312\/\">\n\t\t\t\t\t\t23.08.2023 &#8211; Dix fa\u00e7ons d\u2019am\u00e9liorer sa pratique juridique gr\u00e2ce au legal design\t\t\t\t\t<\/a>\n\t\t\t\t<\/h4>\n\t\t\t\n\t\t\t\t\t\t\t\t\t\t<div class=\"fusion-rollover-categories\"><a href=\"https:\/\/www.e2.law\/fr\/category\/non-classifiee\/\" rel=\"tag\">Non classifi\u00e9(e)<\/a><\/div>\t\t\t\t\t\n\t\t\n\t\t\t\t\t\t<a class=\"fusion-link-wrapper\" href=\"https:\/\/www.e2.law\/fr\/2023\/08\/17\/44312\/\" aria-label=\"23.08.2023 &#8211; Dix fa\u00e7ons d\u2019am\u00e9liorer sa pratique juridique gr\u00e2ce au legal design\"><\/a>\n\t<\/div>\n<\/div>\n<\/div>\n<\/li>\n\t\t\t\n\t\t\t\n\t\t\t\t\t\t\t\t\t\t\t\t\t\t\t\t\t\t\t\t\t\t\t\t\t\t\t\t\t\t\t\t\t\t\t\t\t\t\t\t\t\t\t\t\t\t\t\t\t\t\t\t\t\t\t\t\t\t\t\t\t\t\t\t\t\t\t\t<\/ul>\n\t<\/div>\n\t<div class=\"fusion-post-content-wrapper\" style=\"padding:30px 25px 20px 25px;\"><div class=\"fusion-post-content post-content\"><div class=\"fusion-timeline-circle\" style=\"background-color:#ebeaea;\"><\/div><div class=\"fusion-timeline-arrow\" style=\"color:#ebeaea;\"><\/div><h2 class=\"blog-shortcode-post-title entry-title\">23.08.2023 &#8211; Dix fa\u00e7ons d\u2019am\u00e9liorer sa pratique juridique gr\u00e2ce au legal design<\/h2><div class=\"fusion-post-content-container\"><p> Cet atelier vous est propos\u00e9 en\u00a0pr\u00e9sentiel\u00a0au Ch\u00e2teau de Courri\u00e8re.  [...]<\/p><\/div><\/div><\/div><div class=\"fusion-clearfix\"><\/div><\/div>\n<\/article>\n<\/div><h3 class=\"fusion-timeline-date\" style=\"background-color:#ebeaea;\">avril 2023<\/h3><div class=\"fusion-collapse-month\"><article id=\"blog-1-post-29513\" style=\"border-color:#ebeaea;\" class=\"fusion-post-timeline fusion-clearfix fusion-left-column post-29513 post type-post status-publish format-standard hentry category-non-classifiee\">\n<div class=\"fusion-post-wrapper\" style=\"background-color:rgba(255,255,255,0);\">\n\n<div class=\"fusion-post-content-wrapper\" style=\"padding:30px 25px 20px 25px;\"><div class=\"fusion-post-content post-content\"><div class=\"fusion-timeline-circle\" style=\"background-color:#ebeaea;\"><\/div><div class=\"fusion-timeline-arrow\" style=\"color:#ebeaea;\"><\/div><h2 class=\"blog-shortcode-post-title entry-title\">Terms of Use<\/h2><div class=\"fusion-post-content-container\"><p>GENERAL TERMS AND CONDITIONS e\u00b2.law is a law firm located  [...]<\/p><\/div><\/div><\/div><div class=\"fusion-clearfix\"><\/div><\/div>\n<\/article>\n<\/div><h3 class=\"fusion-timeline-date\" style=\"background-color:#ebeaea;\">mars 2023<\/h3><div class=\"fusion-collapse-month\"><article id=\"blog-1-post-44043\" style=\"border-color:#ebeaea;\" class=\"fusion-post-timeline fusion-clearfix fusion-right-column post-44043 post type-post status-publish format-standard has-post-thumbnail hentry category-non-classifiee\">\n<div class=\"fusion-post-wrapper\" style=\"background-color:rgba(255,255,255,0);\">\n\n\t\t\t<div class=\"fusion-flexslider flexslider fusion-flexslider-loading fusion-post-slideshow\" style=\"border-color:#ebeaea;\">\n\t\t<ul class=\"slides\">\n\t\t\t\n\t\t\t\t\t\t\t\t\t\t\t\t\t\t<li><div  class=\"fusion-image-wrapper\" aria-haspopup=\"true\">\n\t\t\t\t<img decoding=\"async\" width=\"800\" height=\"800\" src=\"https:\/\/i0.wp.com\/www.e2.law\/wp-content\/uploads\/2022\/05\/Sanction.png?fit=800%2C800&amp;ssl=1\" class=\"attachment-full size-full lazyload wp-post-image\" alt=\"\" srcset=\"data:image\/svg+xml,%3Csvg%20xmlns%3D%27http%3A%2F%2Fwww.w3.org%2F2000%2Fsvg%27%20width%3D%27800%27%20height%3D%27800%27%20viewBox%3D%270%200%20800%20800%27%3E%3Crect%20width%3D%27800%27%20height%3D%27800%27%20fill-opacity%3D%220%22%2F%3E%3C%2Fsvg%3E\" data-orig-src=\"https:\/\/i0.wp.com\/www.e2.law\/wp-content\/uploads\/2022\/05\/Sanction.png?fit=800%2C800&amp;ssl=1\" data-srcset=\"https:\/\/i0.wp.com\/www.e2.law\/wp-content\/uploads\/2022\/05\/Sanction.png?resize=66%2C66&amp;ssl=1 66w, https:\/\/i0.wp.com\/www.e2.law\/wp-content\/uploads\/2022\/05\/Sanction.png?resize=100%2C100&amp;ssl=1 100w, https:\/\/i0.wp.com\/www.e2.law\/wp-content\/uploads\/2022\/05\/Sanction.png?resize=150%2C150&amp;ssl=1 150w, https:\/\/i0.wp.com\/www.e2.law\/wp-content\/uploads\/2022\/05\/Sanction.png?resize=200%2C200&amp;ssl=1 200w, https:\/\/i0.wp.com\/www.e2.law\/wp-content\/uploads\/2022\/05\/Sanction.png?resize=300%2C300&amp;ssl=1 300w, https:\/\/i0.wp.com\/www.e2.law\/wp-content\/uploads\/2022\/05\/Sanction.png?resize=400%2C400&amp;ssl=1 400w, https:\/\/i0.wp.com\/www.e2.law\/wp-content\/uploads\/2022\/05\/Sanction.png?resize=500%2C500&amp;ssl=1 500w, https:\/\/i0.wp.com\/www.e2.law\/wp-content\/uploads\/2022\/05\/Sanction.png?resize=600%2C600&amp;ssl=1 600w, https:\/\/i0.wp.com\/www.e2.law\/wp-content\/uploads\/2022\/05\/Sanction.png?resize=700%2C700&amp;ssl=1 700w, https:\/\/i0.wp.com\/www.e2.law\/wp-content\/uploads\/2022\/05\/Sanction.png?resize=768%2C768&amp;ssl=1 768w, https:\/\/i0.wp.com\/www.e2.law\/wp-content\/uploads\/2022\/05\/Sanction.png?fit=800%2C800&amp;ssl=1 800w\" data-sizes=\"auto\" \/><div class=\"fusion-rollover\">\n\t<div class=\"fusion-rollover-content\">\n\n\t\t\t\t\t\t\t\t\t\t\t\t\t\t<a class=\"fusion-rollover-link\" href=\"https:\/\/www.e2.law\/fr\/2023\/03\/21\/clause-darbitrage-et-mesures-conservatoires\/\">Clause d&#8217;arbitrage et mesures conservatoires<\/a>\n\t\t\t\n\t\t\t\t\t\t\t\t\t\t\t\t\t\t\n\t\t\t\t\t\t\t\t\n\t\t\t\t\t\t\t\t\t\t\t\t\t<div class=\"fusion-rollover-sep\"><\/div>\n\t\t\t\t\n\t\t\t\t\t\t\t\t\t\t\t\t\t\t\t\t\t\t<a class=\"fusion-rollover-gallery\" href=\"https:\/\/i0.wp.com\/www.e2.law\/wp-content\/uploads\/2022\/05\/Sanction.png?fit=800%2C800&ssl=1\" data-options=\"\" data-id=\"44043\" data-rel=\"iLightbox[gallery]\" data-title=\"Sanction\" data-caption=\"\">\n\t\t\t\t\t\tGalerie\t\t\t\t\t<\/a>\n\t\t\t\t\t\t\t\t\t\t\t\t\t\t\n\t\t\n\t\t\t\t\t\t\t\t\t\t\t\t<h4 class=\"fusion-rollover-title\">\n\t\t\t\t\t<a class=\"fusion-rollover-title-link\" href=\"https:\/\/www.e2.law\/fr\/2023\/03\/21\/clause-darbitrage-et-mesures-conservatoires\/\">\n\t\t\t\t\t\tClause d&#8217;arbitrage et mesures conservatoires\t\t\t\t\t<\/a>\n\t\t\t\t<\/h4>\n\t\t\t\n\t\t\t\t\t\t\t\t\t\t<div class=\"fusion-rollover-categories\"><a href=\"https:\/\/www.e2.law\/fr\/category\/non-classifiee\/\" rel=\"tag\">Non classifi\u00e9(e)<\/a><\/div>\t\t\t\t\t\n\t\t\n\t\t\t\t\t\t<a class=\"fusion-link-wrapper\" href=\"https:\/\/www.e2.law\/fr\/2023\/03\/21\/clause-darbitrage-et-mesures-conservatoires\/\" aria-label=\"Clause d&#8217;arbitrage et mesures conservatoires\"><\/a>\n\t<\/div>\n<\/div>\n<\/div>\n<\/li>\n\t\t\t\n\t\t\t\n\t\t\t\t\t\t\t\t\t\t\t\t\t\t\t\t\t\t\t\t\t\t\t\t\t\t\t\t\t\t\t\t\t\t\t\t\t\t\t\t\t\t\t\t\t\t\t\t\t\t\t\t\t\t\t\t\t\t\t\t\t\t\t\t\t\t\t\t<\/ul>\n\t<\/div>\n\t<div class=\"fusion-post-content-wrapper\" style=\"padding:30px 25px 20px 25px;\"><div class=\"fusion-post-content post-content\"><div class=\"fusion-timeline-circle\" style=\"background-color:#ebeaea;\"><\/div><div class=\"fusion-timeline-arrow\" style=\"color:#ebeaea;\"><\/div><h2 class=\"blog-shortcode-post-title entry-title\">Clause d&#8217;arbitrage et mesures conservatoires<\/h2><div class=\"fusion-post-content-container\"><p> L\u2019insertion d\u2019une clause d\u2019arbitrage dans un contrat a pour  [...]<\/p><\/div><\/div><\/div><div class=\"fusion-clearfix\"><\/div><\/div>\n<\/article>\n<article id=\"blog-1-post-44037\" style=\"border-color:#ebeaea;\" class=\"fusion-post-timeline fusion-clearfix fusion-left-column post-44037 post type-post status-publish format-standard has-post-thumbnail hentry category-non-classifiee\">\n<div class=\"fusion-post-wrapper\" style=\"background-color:rgba(255,255,255,0);\">\n\n\t\t\t<div class=\"fusion-flexslider flexslider fusion-flexslider-loading fusion-post-slideshow\" style=\"border-color:#ebeaea;\">\n\t\t<ul class=\"slides\">\n\t\t\t\n\t\t\t\t\t\t\t\t\t\t\t\t\t\t<li><div  class=\"fusion-image-wrapper\" aria-haspopup=\"true\">\n\t\t\t\t<img decoding=\"async\" width=\"800\" height=\"800\" src=\"https:\/\/i0.wp.com\/www.e2.law\/wp-content\/uploads\/2020\/03\/Faillite.png?fit=800%2C800&amp;ssl=1\" class=\"attachment-full size-full lazyload wp-post-image\" alt=\"\" srcset=\"data:image\/svg+xml,%3Csvg%20xmlns%3D%27http%3A%2F%2Fwww.w3.org%2F2000%2Fsvg%27%20width%3D%27800%27%20height%3D%27800%27%20viewBox%3D%270%200%20800%20800%27%3E%3Crect%20width%3D%27800%27%20height%3D%27800%27%20fill-opacity%3D%220%22%2F%3E%3C%2Fsvg%3E\" data-orig-src=\"https:\/\/i0.wp.com\/www.e2.law\/wp-content\/uploads\/2020\/03\/Faillite.png?fit=800%2C800&amp;ssl=1\" data-srcset=\"https:\/\/i0.wp.com\/www.e2.law\/wp-content\/uploads\/2020\/03\/Faillite.png?resize=66%2C66&amp;ssl=1 66w, https:\/\/i0.wp.com\/www.e2.law\/wp-content\/uploads\/2020\/03\/Faillite.png?resize=100%2C100&amp;ssl=1 100w, https:\/\/i0.wp.com\/www.e2.law\/wp-content\/uploads\/2020\/03\/Faillite.png?resize=150%2C150&amp;ssl=1 150w, https:\/\/i0.wp.com\/www.e2.law\/wp-content\/uploads\/2020\/03\/Faillite.png?resize=200%2C200&amp;ssl=1 200w, https:\/\/i0.wp.com\/www.e2.law\/wp-content\/uploads\/2020\/03\/Faillite.png?resize=300%2C300&amp;ssl=1 300w, https:\/\/i0.wp.com\/www.e2.law\/wp-content\/uploads\/2020\/03\/Faillite.png?resize=400%2C400&amp;ssl=1 400w, https:\/\/i0.wp.com\/www.e2.law\/wp-content\/uploads\/2020\/03\/Faillite.png?resize=500%2C500&amp;ssl=1 500w, https:\/\/i0.wp.com\/www.e2.law\/wp-content\/uploads\/2020\/03\/Faillite.png?resize=600%2C600&amp;ssl=1 600w, https:\/\/i0.wp.com\/www.e2.law\/wp-content\/uploads\/2020\/03\/Faillite.png?resize=700%2C700&amp;ssl=1 700w, https:\/\/i0.wp.com\/www.e2.law\/wp-content\/uploads\/2020\/03\/Faillite.png?resize=768%2C768&amp;ssl=1 768w, https:\/\/i0.wp.com\/www.e2.law\/wp-content\/uploads\/2020\/03\/Faillite.png?fit=800%2C800&amp;ssl=1 800w\" data-sizes=\"auto\" \/><div class=\"fusion-rollover\">\n\t<div class=\"fusion-rollover-content\">\n\n\t\t\t\t\t\t\t\t\t\t\t\t\t\t<a class=\"fusion-rollover-link\" href=\"https:\/\/www.e2.law\/fr\/2023\/03\/21\/les-droits-de-souscription-sont-ils-saisissables\/\">Les droits de souscription sont-ils saisissables ?<\/a>\n\t\t\t\n\t\t\t\t\t\t\t\t\t\t\t\t\t\t\n\t\t\t\t\t\t\t\t\n\t\t\t\t\t\t\t\t\t\t\t\t\t<div class=\"fusion-rollover-sep\"><\/div>\n\t\t\t\t\n\t\t\t\t\t\t\t\t\t\t\t\t\t\t\t\t\t\t<a class=\"fusion-rollover-gallery\" href=\"https:\/\/i0.wp.com\/www.e2.law\/wp-content\/uploads\/2020\/03\/Faillite.png?fit=800%2C800&ssl=1\" data-options=\"\" data-id=\"44037\" data-rel=\"iLightbox[gallery]\" data-title=\"Faillite\" data-caption=\"\">\n\t\t\t\t\t\tGalerie\t\t\t\t\t<\/a>\n\t\t\t\t\t\t\t\t\t\t\t\t\t\t\n\t\t\n\t\t\t\t\t\t\t\t\t\t\t\t<h4 class=\"fusion-rollover-title\">\n\t\t\t\t\t<a class=\"fusion-rollover-title-link\" href=\"https:\/\/www.e2.law\/fr\/2023\/03\/21\/les-droits-de-souscription-sont-ils-saisissables\/\">\n\t\t\t\t\t\tLes droits de souscription sont-ils saisissables ?\t\t\t\t\t<\/a>\n\t\t\t\t<\/h4>\n\t\t\t\n\t\t\t\t\t\t\t\t\t\t<div class=\"fusion-rollover-categories\"><a href=\"https:\/\/www.e2.law\/fr\/category\/non-classifiee\/\" rel=\"tag\">Non classifi\u00e9(e)<\/a><\/div>\t\t\t\t\t\n\t\t\n\t\t\t\t\t\t<a class=\"fusion-link-wrapper\" href=\"https:\/\/www.e2.law\/fr\/2023\/03\/21\/les-droits-de-souscription-sont-ils-saisissables\/\" aria-label=\"Les droits de souscription sont-ils saisissables ?\"><\/a>\n\t<\/div>\n<\/div>\n<\/div>\n<\/li>\n\t\t\t\n\t\t\t\n\t\t\t\t\t\t\t\t\t\t\t\t\t\t\t\t\t\t\t\t\t\t\t\t\t\t\t\t\t\t\t\t\t\t\t\t\t\t\t\t\t\t\t\t\t\t\t\t\t\t\t\t\t\t\t\t\t\t\t\t\t\t\t\t\t\t\t\t<\/ul>\n\t<\/div>\n\t<div class=\"fusion-post-content-wrapper\" style=\"padding:30px 25px 20px 25px;\"><div class=\"fusion-post-content post-content\"><div class=\"fusion-timeline-circle\" style=\"background-color:#ebeaea;\"><\/div><div class=\"fusion-timeline-arrow\" style=\"color:#ebeaea;\"><\/div><h2 class=\"blog-shortcode-post-title entry-title\">Les droits de souscription sont-ils saisissables ?<\/h2><div class=\"fusion-post-content-container\"><p>Comme d\u00e9velopp\u00e9 dans notre article d\u00e9di\u00e9, les titres soci\u00e9taires peuvent  [...]<\/p><\/div><\/div><\/div><div class=\"fusion-clearfix\"><\/div><\/div>\n<\/article>\n<\/div><h3 class=\"fusion-timeline-date\" style=\"background-color:#ebeaea;\">f\u00e9vrier 2023<\/h3><div class=\"fusion-collapse-month\"><article id=\"blog-1-post-44009\" style=\"border-color:#ebeaea;\" class=\"fusion-post-timeline fusion-clearfix fusion-right-column post-44009 post type-post status-publish format-standard has-post-thumbnail hentry category-non-classifiee tag-contrat-de-travail tag-contrat tag-ressources-humaines\">\n<div class=\"fusion-post-wrapper\" style=\"background-color:rgba(255,255,255,0);\">\n\n\t\t\t<div class=\"fusion-flexslider flexslider fusion-flexslider-loading fusion-post-slideshow\" style=\"border-color:#ebeaea;\">\n\t\t<ul class=\"slides\">\n\t\t\t\n\t\t\t\t\t\t\t\t\t\t\t\t\t\t<li><div  class=\"fusion-image-wrapper\" aria-haspopup=\"true\">\n\t\t\t\t<img decoding=\"async\" width=\"800\" height=\"800\" src=\"https:\/\/i0.wp.com\/www.e2.law\/wp-content\/uploads\/2019\/07\/Alerte.png?fit=800%2C800&amp;ssl=1\" class=\"attachment-full size-full lazyload wp-post-image\" alt=\"\" srcset=\"data:image\/svg+xml,%3Csvg%20xmlns%3D%27http%3A%2F%2Fwww.w3.org%2F2000%2Fsvg%27%20width%3D%27800%27%20height%3D%27800%27%20viewBox%3D%270%200%20800%20800%27%3E%3Crect%20width%3D%27800%27%20height%3D%27800%27%20fill-opacity%3D%220%22%2F%3E%3C%2Fsvg%3E\" data-orig-src=\"https:\/\/i0.wp.com\/www.e2.law\/wp-content\/uploads\/2019\/07\/Alerte.png?fit=800%2C800&amp;ssl=1\" data-srcset=\"https:\/\/i0.wp.com\/www.e2.law\/wp-content\/uploads\/2019\/07\/Alerte.png?resize=66%2C66&amp;ssl=1 66w, https:\/\/i0.wp.com\/www.e2.law\/wp-content\/uploads\/2019\/07\/Alerte.png?resize=100%2C100&amp;ssl=1 100w, https:\/\/i0.wp.com\/www.e2.law\/wp-content\/uploads\/2019\/07\/Alerte.png?resize=150%2C150&amp;ssl=1 150w, https:\/\/i0.wp.com\/www.e2.law\/wp-content\/uploads\/2019\/07\/Alerte.png?resize=200%2C200&amp;ssl=1 200w, https:\/\/i0.wp.com\/www.e2.law\/wp-content\/uploads\/2019\/07\/Alerte.png?resize=300%2C300&amp;ssl=1 300w, https:\/\/i0.wp.com\/www.e2.law\/wp-content\/uploads\/2019\/07\/Alerte.png?resize=400%2C400&amp;ssl=1 400w, https:\/\/i0.wp.com\/www.e2.law\/wp-content\/uploads\/2019\/07\/Alerte.png?resize=500%2C500&amp;ssl=1 500w, https:\/\/i0.wp.com\/www.e2.law\/wp-content\/uploads\/2019\/07\/Alerte.png?resize=600%2C600&amp;ssl=1 600w, https:\/\/i0.wp.com\/www.e2.law\/wp-content\/uploads\/2019\/07\/Alerte.png?resize=700%2C700&amp;ssl=1 700w, https:\/\/i0.wp.com\/www.e2.law\/wp-content\/uploads\/2019\/07\/Alerte.png?resize=768%2C768&amp;ssl=1 768w, https:\/\/i0.wp.com\/www.e2.law\/wp-content\/uploads\/2019\/07\/Alerte.png?fit=800%2C800&amp;ssl=1 800w\" data-sizes=\"auto\" \/><div class=\"fusion-rollover\">\n\t<div class=\"fusion-rollover-content\">\n\n\t\t\t\t\t\t\t\t\t\t\t\t\t\t<a class=\"fusion-rollover-link\" href=\"https:\/\/www.e2.law\/fr\/2023\/02\/27\/la-problematique-des-faux-independants\/\">La requalification du contrat d&#8217;entreprise en contrat de travail<\/a>\n\t\t\t\n\t\t\t\t\t\t\t\t\t\t\t\t\t\t\n\t\t\t\t\t\t\t\t\n\t\t\t\t\t\t\t\t\t\t\t\t\t<div class=\"fusion-rollover-sep\"><\/div>\n\t\t\t\t\n\t\t\t\t\t\t\t\t\t\t\t\t\t\t\t\t\t\t<a class=\"fusion-rollover-gallery\" href=\"https:\/\/i0.wp.com\/www.e2.law\/wp-content\/uploads\/2019\/07\/Alerte.png?fit=800%2C800&ssl=1\" data-options=\"\" data-id=\"44009\" data-rel=\"iLightbox[gallery]\" data-title=\"Alerte\" data-caption=\"\">\n\t\t\t\t\t\tGalerie\t\t\t\t\t<\/a>\n\t\t\t\t\t\t\t\t\t\t\t\t\t\t\n\t\t\n\t\t\t\t\t\t\t\t\t\t\t\t<h4 class=\"fusion-rollover-title\">\n\t\t\t\t\t<a class=\"fusion-rollover-title-link\" href=\"https:\/\/www.e2.law\/fr\/2023\/02\/27\/la-problematique-des-faux-independants\/\">\n\t\t\t\t\t\tLa requalification du contrat d&#8217;entreprise en contrat de travail\t\t\t\t\t<\/a>\n\t\t\t\t<\/h4>\n\t\t\t\n\t\t\t\t\t\t\t\t\t\t<div class=\"fusion-rollover-categories\"><a href=\"https:\/\/www.e2.law\/fr\/category\/non-classifiee\/\" rel=\"tag\">Non classifi\u00e9(e)<\/a><\/div>\t\t\t\t\t\n\t\t\n\t\t\t\t\t\t<a class=\"fusion-link-wrapper\" href=\"https:\/\/www.e2.law\/fr\/2023\/02\/27\/la-problematique-des-faux-independants\/\" aria-label=\"La requalification du contrat d&#8217;entreprise en contrat de travail\"><\/a>\n\t<\/div>\n<\/div>\n<\/div>\n<\/li>\n\t\t\t\n\t\t\t\n\t\t\t\t\t\t\t\t\t\t\t\t\t\t\t\t\t\t\t\t\t\t\t\t\t\t\t\t\t\t\t\t\t\t\t\t\t\t\t\t\t\t\t\t\t\t\t\t\t\t\t\t\t\t\t\t\t\t\t\t\t\t\t\t\t\t\t\t<\/ul>\n\t<\/div>\n\t<div class=\"fusion-post-content-wrapper\" style=\"padding:30px 25px 20px 25px;\"><div class=\"fusion-post-content post-content\"><div class=\"fusion-timeline-circle\" style=\"background-color:#ebeaea;\"><\/div><div class=\"fusion-timeline-arrow\" style=\"color:#ebeaea;\"><\/div><h2 class=\"blog-shortcode-post-title entry-title\">La requalification du contrat d&#8217;entreprise en contrat de travail<\/h2><div class=\"fusion-post-content-container\"><p> On qualifie de \"faux ind\u00e9pendant\" le travailleur d\u00e9clar\u00e9 comme  [...]<\/p><\/div><\/div><\/div><div class=\"fusion-clearfix\"><\/div><\/div>\n<\/article>\n<article id=\"blog-1-post-43984\" style=\"border-color:#ebeaea;\" class=\"fusion-post-timeline fusion-clearfix fusion-left-column post-43984 post type-post status-publish format-standard has-post-thumbnail hentry category-non-classifiee tag-assemblee-generale-fr tag-asbl-fr tag-non-marchand\">\n<div class=\"fusion-post-wrapper\" style=\"background-color:rgba(255,255,255,0);\">\n\n\t\t\t<div class=\"fusion-flexslider flexslider fusion-flexslider-loading fusion-post-slideshow\" style=\"border-color:#ebeaea;\">\n\t\t<ul class=\"slides\">\n\t\t\t\n\t\t\t\t\t\t\t\t\t\t\t\t\t\t<li><div  class=\"fusion-image-wrapper\" aria-haspopup=\"true\">\n\t\t\t\t<img decoding=\"async\" width=\"800\" height=\"800\" src=\"data:image\/svg+xml,%3Csvg%20xmlns%3D%27http%3A%2F%2Fwww.w3.org%2F2000%2Fsvg%27%20width%3D%27800%27%20height%3D%27800%27%20viewBox%3D%270%200%20800%20800%27%3E%3Crect%20width%3D%27800%27%20height%3D%27800%27%20fill-opacity%3D%220%22%2F%3E%3C%2Fsvg%3E\" class=\"attachment-full size-full lazyload wp-post-image\" alt=\"\" data-orig-src=\"https:\/\/i0.wp.com\/www.e2.law\/wp-content\/uploads\/2023\/02\/Assemble%CC%81e_Ge%CC%81ne%CC%81rale_.png?fit=800%2C800&amp;ssl=1\" \/><div class=\"fusion-rollover\">\n\t<div class=\"fusion-rollover-content\">\n\n\t\t\t\t\t\t\t\t\t\t\t\t\t\t<a class=\"fusion-rollover-link\" href=\"https:\/\/www.e2.law\/fr\/2023\/02\/21\/lassemblee-generale-de-lasbl\/\">L&#8217;assembl\u00e9e g\u00e9n\u00e9rale de l&#8217;ASBL<\/a>\n\t\t\t\n\t\t\t\t\t\t\t\t\t\t\t\t\t\t\n\t\t\t\t\t\t\t\t\n\t\t\t\t\t\t\t\t\t\t\t\t\t<div class=\"fusion-rollover-sep\"><\/div>\n\t\t\t\t\n\t\t\t\t\t\t\t\t\t\t\t\t\t\t\t\t\t\t<a class=\"fusion-rollover-gallery\" href=\"https:\/\/i0.wp.com\/www.e2.law\/wp-content\/uploads\/2023\/02\/Assemble%CC%81e_Ge%CC%81ne%CC%81rale_.png?fit=800%2C800&ssl=1\" data-options=\"\" data-id=\"43984\" data-rel=\"iLightbox[gallery]\" data-title=\"Assemble\u0301e_Ge\u0301ne\u0301rale_\" data-caption=\"\">\n\t\t\t\t\t\tGalerie\t\t\t\t\t<\/a>\n\t\t\t\t\t\t\t\t\t\t\t\t\t\t\n\t\t\n\t\t\t\t\t\t\t\t\t\t\t\t<h4 class=\"fusion-rollover-title\">\n\t\t\t\t\t<a class=\"fusion-rollover-title-link\" href=\"https:\/\/www.e2.law\/fr\/2023\/02\/21\/lassemblee-generale-de-lasbl\/\">\n\t\t\t\t\t\tL&#8217;assembl\u00e9e g\u00e9n\u00e9rale de l&#8217;ASBL\t\t\t\t\t<\/a>\n\t\t\t\t<\/h4>\n\t\t\t\n\t\t\t\t\t\t\t\t\t\t<div class=\"fusion-rollover-categories\"><a href=\"https:\/\/www.e2.law\/fr\/category\/non-classifiee\/\" rel=\"tag\">Non classifi\u00e9(e)<\/a><\/div>\t\t\t\t\t\n\t\t\n\t\t\t\t\t\t<a class=\"fusion-link-wrapper\" href=\"https:\/\/www.e2.law\/fr\/2023\/02\/21\/lassemblee-generale-de-lasbl\/\" aria-label=\"L&#8217;assembl\u00e9e g\u00e9n\u00e9rale de l&#8217;ASBL\"><\/a>\n\t<\/div>\n<\/div>\n<\/div>\n<\/li>\n\t\t\t\n\t\t\t\n\t\t\t\t\t\t\t\t\t\t\t\t\t\t\t\t\t\t\t\t\t\t\t\t\t\t\t\t\t\t\t\t\t\t\t\t\t\t\t\t\t\t\t\t\t\t\t\t\t\t\t\t\t\t\t\t\t\t\t\t\t\t\t\t\t\t\t\t<\/ul>\n\t<\/div>\n\t<div class=\"fusion-post-content-wrapper\" style=\"padding:30px 25px 20px 25px;\"><div class=\"fusion-post-content post-content\"><div class=\"fusion-timeline-circle\" style=\"background-color:#ebeaea;\"><\/div><div class=\"fusion-timeline-arrow\" style=\"color:#ebeaea;\"><\/div><h2 class=\"blog-shortcode-post-title entry-title\">L&#8217;assembl\u00e9e g\u00e9n\u00e9rale de l&#8217;ASBL<\/h2><div class=\"fusion-post-content-container\"><p> L'assembl\u00e9e g\u00e9n\u00e9rale d'une ASBL est compos\u00e9e de ses membres  [...]<\/p><\/div><\/div><\/div><div class=\"fusion-clearfix\"><\/div><\/div>\n<\/article>\n<article id=\"blog-1-post-43946\" style=\"border-color:#ebeaea;\" class=\"fusion-post-timeline fusion-clearfix fusion-right-column post-43946 post type-post status-publish format-standard has-post-thumbnail hentry category-non-classifiee tag-non-marchand\">\n<div class=\"fusion-post-wrapper\" style=\"background-color:rgba(255,255,255,0);\">\n\n\t\t\t<div class=\"fusion-flexslider flexslider fusion-flexslider-loading fusion-post-slideshow\" style=\"border-color:#ebeaea;\">\n\t\t<ul class=\"slides\">\n\t\t\t\n\t\t\t\t\t\t\t\t\t\t\t\t\t\t<li><div  class=\"fusion-image-wrapper\" aria-haspopup=\"true\">\n\t\t\t\t<img decoding=\"async\" width=\"800\" height=\"800\" src=\"data:image\/svg+xml,%3Csvg%20xmlns%3D%27http%3A%2F%2Fwww.w3.org%2F2000%2Fsvg%27%20width%3D%27800%27%20height%3D%27800%27%20viewBox%3D%270%200%20800%20800%27%3E%3Crect%20width%3D%27800%27%20height%3D%27800%27%20fill-opacity%3D%220%22%2F%3E%3C%2Fsvg%3E\" class=\"attachment-full size-full lazyload wp-post-image\" alt=\"\" data-orig-src=\"https:\/\/i0.wp.com\/www.e2.law\/wp-content\/uploads\/2023\/02\/Assemble%CC%81e_Ge%CC%81ne%CC%81rale_.png?fit=800%2C800&amp;ssl=1\" \/><div class=\"fusion-rollover\">\n\t<div class=\"fusion-rollover-content\">\n\n\t\t\t\t\t\t\t\t\t\t\t\t\t\t<a class=\"fusion-rollover-link\" href=\"https:\/\/www.e2.law\/fr\/2023\/02\/21\/les-membres-dune-asbl\/\">Les membres d&#8217;une ASBL<\/a>\n\t\t\t\n\t\t\t\t\t\t\t\t\t\t\t\t\t\t\n\t\t\t\t\t\t\t\t\n\t\t\t\t\t\t\t\t\t\t\t\t\t<div class=\"fusion-rollover-sep\"><\/div>\n\t\t\t\t\n\t\t\t\t\t\t\t\t\t\t\t\t\t\t\t\t\t\t<a class=\"fusion-rollover-gallery\" href=\"https:\/\/i0.wp.com\/www.e2.law\/wp-content\/uploads\/2023\/02\/Assemble%CC%81e_Ge%CC%81ne%CC%81rale_.png?fit=800%2C800&ssl=1\" data-options=\"\" data-id=\"43946\" data-rel=\"iLightbox[gallery]\" data-title=\"Assemble\u0301e_Ge\u0301ne\u0301rale_\" data-caption=\"\">\n\t\t\t\t\t\tGalerie\t\t\t\t\t<\/a>\n\t\t\t\t\t\t\t\t\t\t\t\t\t\t\n\t\t\n\t\t\t\t\t\t\t\t\t\t\t\t<h4 class=\"fusion-rollover-title\">\n\t\t\t\t\t<a class=\"fusion-rollover-title-link\" href=\"https:\/\/www.e2.law\/fr\/2023\/02\/21\/les-membres-dune-asbl\/\">\n\t\t\t\t\t\tLes membres d&#8217;une ASBL\t\t\t\t\t<\/a>\n\t\t\t\t<\/h4>\n\t\t\t\n\t\t\t\t\t\t\t\t\t\t<div class=\"fusion-rollover-categories\"><a href=\"https:\/\/www.e2.law\/fr\/category\/non-classifiee\/\" rel=\"tag\">Non classifi\u00e9(e)<\/a><\/div>\t\t\t\t\t\n\t\t\n\t\t\t\t\t\t<a class=\"fusion-link-wrapper\" href=\"https:\/\/www.e2.law\/fr\/2023\/02\/21\/les-membres-dune-asbl\/\" aria-label=\"Les membres d&#8217;une ASBL\"><\/a>\n\t<\/div>\n<\/div>\n<\/div>\n<\/li>\n\t\t\t\n\t\t\t\n\t\t\t\t\t\t\t\t\t\t\t\t\t\t\t\t\t\t\t\t\t\t\t\t\t\t\t\t\t\t\t\t\t\t\t\t\t\t\t\t\t\t\t\t\t\t\t\t\t\t\t\t\t\t\t\t\t\t\t\t\t\t\t\t\t\t\t\t<\/ul>\n\t<\/div>\n\t<div class=\"fusion-post-content-wrapper\" style=\"padding:30px 25px 20px 25px;\"><div class=\"fusion-post-content post-content\"><div class=\"fusion-timeline-circle\" style=\"background-color:#ebeaea;\"><\/div><div class=\"fusion-timeline-arrow\" style=\"color:#ebeaea;\"><\/div><h2 class=\"blog-shortcode-post-title entry-title\">Les membres d&#8217;une ASBL<\/h2><div class=\"fusion-post-content-container\"><p>L'ASBL est compos\u00e9e de membres qui, ensemble, forment l'assembl\u00e9e g\u00e9n\u00e9rale  [...]<\/p><\/div><\/div><\/div><div class=\"fusion-clearfix\"><\/div><\/div>\n<\/article>\n<article id=\"blog-1-post-43786\" style=\"border-color:#ebeaea;\" class=\"fusion-post-timeline fusion-clearfix fusion-left-column post-43786 post type-post status-publish format-standard has-post-thumbnail hentry category-non-classifiee tag-remuneration\">\n<div class=\"fusion-post-wrapper\" style=\"background-color:rgba(255,255,255,0);\">\n\n\t\t\t<div class=\"fusion-flexslider flexslider fusion-flexslider-loading fusion-post-slideshow\" style=\"border-color:#ebeaea;\">\n\t\t<ul class=\"slides\">\n\t\t\t\n\t\t\t\t\t\t\t\t\t\t\t\t\t\t<li><div  class=\"fusion-image-wrapper\" aria-haspopup=\"true\">\n\t\t\t\t<img decoding=\"async\" width=\"800\" height=\"800\" src=\"https:\/\/i0.wp.com\/www.e2.law\/wp-content\/uploads\/2022\/05\/Pause.png?fit=800%2C800&amp;ssl=1\" class=\"attachment-full size-full lazyload wp-post-image\" alt=\"\" srcset=\"data:image\/svg+xml,%3Csvg%20xmlns%3D%27http%3A%2F%2Fwww.w3.org%2F2000%2Fsvg%27%20width%3D%27800%27%20height%3D%27800%27%20viewBox%3D%270%200%20800%20800%27%3E%3Crect%20width%3D%27800%27%20height%3D%27800%27%20fill-opacity%3D%220%22%2F%3E%3C%2Fsvg%3E\" data-orig-src=\"https:\/\/i0.wp.com\/www.e2.law\/wp-content\/uploads\/2022\/05\/Pause.png?fit=800%2C800&amp;ssl=1\" data-srcset=\"https:\/\/i0.wp.com\/www.e2.law\/wp-content\/uploads\/2022\/05\/Pause.png?resize=66%2C66&amp;ssl=1 66w, https:\/\/i0.wp.com\/www.e2.law\/wp-content\/uploads\/2022\/05\/Pause.png?resize=100%2C100&amp;ssl=1 100w, https:\/\/i0.wp.com\/www.e2.law\/wp-content\/uploads\/2022\/05\/Pause.png?resize=150%2C150&amp;ssl=1 150w, https:\/\/i0.wp.com\/www.e2.law\/wp-content\/uploads\/2022\/05\/Pause.png?resize=200%2C200&amp;ssl=1 200w, https:\/\/i0.wp.com\/www.e2.law\/wp-content\/uploads\/2022\/05\/Pause.png?resize=300%2C300&amp;ssl=1 300w, https:\/\/i0.wp.com\/www.e2.law\/wp-content\/uploads\/2022\/05\/Pause.png?resize=400%2C400&amp;ssl=1 400w, https:\/\/i0.wp.com\/www.e2.law\/wp-content\/uploads\/2022\/05\/Pause.png?resize=500%2C500&amp;ssl=1 500w, https:\/\/i0.wp.com\/www.e2.law\/wp-content\/uploads\/2022\/05\/Pause.png?resize=600%2C600&amp;ssl=1 600w, https:\/\/i0.wp.com\/www.e2.law\/wp-content\/uploads\/2022\/05\/Pause.png?resize=700%2C700&amp;ssl=1 700w, https:\/\/i0.wp.com\/www.e2.law\/wp-content\/uploads\/2022\/05\/Pause.png?resize=768%2C768&amp;ssl=1 768w, https:\/\/i0.wp.com\/www.e2.law\/wp-content\/uploads\/2022\/05\/Pause.png?fit=800%2C800&amp;ssl=1 800w\" data-sizes=\"auto\" \/><div class=\"fusion-rollover\">\n\t<div class=\"fusion-rollover-content\">\n\n\t\t\t\t\t\t\t\t\t\t\t\t\t\t<a class=\"fusion-rollover-link\" href=\"https:\/\/www.e2.law\/fr\/2023\/02\/09\/comment-introduire-une-demande-de-conge-parental\/\">Comment introduire une demande de cong\u00e9 parental ?<\/a>\n\t\t\t\n\t\t\t\t\t\t\t\t\t\t\t\t\t\t\n\t\t\t\t\t\t\t\t\n\t\t\t\t\t\t\t\t\t\t\t\t\t<div class=\"fusion-rollover-sep\"><\/div>\n\t\t\t\t\n\t\t\t\t\t\t\t\t\t\t\t\t\t\t\t\t\t\t<a class=\"fusion-rollover-gallery\" href=\"https:\/\/i0.wp.com\/www.e2.law\/wp-content\/uploads\/2022\/05\/Pause.png?fit=800%2C800&ssl=1\" data-options=\"\" data-id=\"43786\" data-rel=\"iLightbox[gallery]\" data-title=\"Pause\" data-caption=\"\">\n\t\t\t\t\t\tGalerie\t\t\t\t\t<\/a>\n\t\t\t\t\t\t\t\t\t\t\t\t\t\t\n\t\t\n\t\t\t\t\t\t\t\t\t\t\t\t<h4 class=\"fusion-rollover-title\">\n\t\t\t\t\t<a class=\"fusion-rollover-title-link\" href=\"https:\/\/www.e2.law\/fr\/2023\/02\/09\/comment-introduire-une-demande-de-conge-parental\/\">\n\t\t\t\t\t\tComment introduire une demande de cong\u00e9 parental ?\t\t\t\t\t<\/a>\n\t\t\t\t<\/h4>\n\t\t\t\n\t\t\t\t\t\t\t\t\t\t<div class=\"fusion-rollover-categories\"><a href=\"https:\/\/www.e2.law\/fr\/category\/non-classifiee\/\" rel=\"tag\">Non classifi\u00e9(e)<\/a><\/div>\t\t\t\t\t\n\t\t\n\t\t\t\t\t\t<a class=\"fusion-link-wrapper\" href=\"https:\/\/www.e2.law\/fr\/2023\/02\/09\/comment-introduire-une-demande-de-conge-parental\/\" aria-label=\"Comment introduire une demande de cong\u00e9 parental ?\"><\/a>\n\t<\/div>\n<\/div>\n<\/div>\n<\/li>\n\t\t\t\n\t\t\t\n\t\t\t\t\t\t\t\t\t\t\t\t\t\t\t\t\t\t\t\t\t\t\t\t\t\t\t\t\t\t\t\t\t\t\t\t\t\t\t\t\t\t\t\t\t\t\t\t\t\t\t\t\t\t\t\t\t\t\t\t\t\t\t\t\t\t\t\t<\/ul>\n\t<\/div>\n\t<div class=\"fusion-post-content-wrapper\" style=\"padding:30px 25px 20px 25px;\"><div class=\"fusion-post-content post-content\"><div class=\"fusion-timeline-circle\" style=\"background-color:#ebeaea;\"><\/div><div class=\"fusion-timeline-arrow\" style=\"color:#ebeaea;\"><\/div><h2 class=\"blog-shortcode-post-title entry-title\">Comment introduire une demande de cong\u00e9 parental ?<\/h2><div class=\"fusion-post-content-container\"><p> Comment introduire une demande de cong\u00e9 parental aupr\u00e8s de  [...]<\/p><\/div><\/div><\/div><div class=\"fusion-clearfix\"><\/div><\/div>\n<\/article>\n<article id=\"blog-1-post-42843\" style=\"border-color:#ebeaea;\" class=\"fusion-post-timeline fusion-clearfix fusion-right-column post-42843 post type-post status-publish format-standard has-post-thumbnail hentry category-non-classifiee tag-contrat-de-travail tag-preavis tag-rupture\">\n<div class=\"fusion-post-wrapper\" style=\"background-color:rgba(255,255,255,0);\">\n\n\t\t\t<div class=\"fusion-flexslider flexslider fusion-flexslider-loading fusion-post-slideshow\" style=\"border-color:#ebeaea;\">\n\t\t<ul class=\"slides\">\n\t\t\t\n\t\t\t\t\t\t\t\t\t\t\t\t\t\t<li><div  class=\"fusion-image-wrapper\" aria-haspopup=\"true\">\n\t\t\t\t<img decoding=\"async\" width=\"800\" height=\"800\" src=\"https:\/\/i0.wp.com\/www.e2.law\/wp-content\/uploads\/2022\/10\/Contrat_Rompu-2.png?fit=800%2C800&amp;ssl=1\" class=\"attachment-full size-full lazyload wp-post-image\" alt=\"\" srcset=\"data:image\/svg+xml,%3Csvg%20xmlns%3D%27http%3A%2F%2Fwww.w3.org%2F2000%2Fsvg%27%20width%3D%27800%27%20height%3D%27800%27%20viewBox%3D%270%200%20800%20800%27%3E%3Crect%20width%3D%27800%27%20height%3D%27800%27%20fill-opacity%3D%220%22%2F%3E%3C%2Fsvg%3E\" data-orig-src=\"https:\/\/i0.wp.com\/www.e2.law\/wp-content\/uploads\/2022\/10\/Contrat_Rompu-2.png?fit=800%2C800&amp;ssl=1\" data-srcset=\"https:\/\/i0.wp.com\/www.e2.law\/wp-content\/uploads\/2022\/10\/Contrat_Rompu-2.png?resize=66%2C66&amp;ssl=1 66w, https:\/\/i0.wp.com\/www.e2.law\/wp-content\/uploads\/2022\/10\/Contrat_Rompu-2.png?resize=100%2C100&amp;ssl=1 100w, https:\/\/i0.wp.com\/www.e2.law\/wp-content\/uploads\/2022\/10\/Contrat_Rompu-2.png?resize=150%2C150&amp;ssl=1 150w, https:\/\/i0.wp.com\/www.e2.law\/wp-content\/uploads\/2022\/10\/Contrat_Rompu-2.png?resize=200%2C200&amp;ssl=1 200w, https:\/\/i0.wp.com\/www.e2.law\/wp-content\/uploads\/2022\/10\/Contrat_Rompu-2.png?resize=300%2C300&amp;ssl=1 300w, https:\/\/i0.wp.com\/www.e2.law\/wp-content\/uploads\/2022\/10\/Contrat_Rompu-2.png?resize=400%2C400&amp;ssl=1 400w, https:\/\/i0.wp.com\/www.e2.law\/wp-content\/uploads\/2022\/10\/Contrat_Rompu-2.png?resize=500%2C500&amp;ssl=1 500w, https:\/\/i0.wp.com\/www.e2.law\/wp-content\/uploads\/2022\/10\/Contrat_Rompu-2.png?resize=600%2C600&amp;ssl=1 600w, https:\/\/i0.wp.com\/www.e2.law\/wp-content\/uploads\/2022\/10\/Contrat_Rompu-2.png?resize=700%2C700&amp;ssl=1 700w, https:\/\/i0.wp.com\/www.e2.law\/wp-content\/uploads\/2022\/10\/Contrat_Rompu-2.png?resize=768%2C768&amp;ssl=1 768w, https:\/\/i0.wp.com\/www.e2.law\/wp-content\/uploads\/2022\/10\/Contrat_Rompu-2.png?fit=800%2C800&amp;ssl=1 800w\" data-sizes=\"auto\" \/><div class=\"fusion-rollover\">\n\t<div class=\"fusion-rollover-content\">\n\n\t\t\t\t\t\t\t\t\t\t\t\t\t\t<a class=\"fusion-rollover-link\" href=\"https:\/\/www.e2.law\/fr\/2023\/02\/08\/la-rupture-du-contrat-de-travail\/\">La rupture du contrat de travail<\/a>\n\t\t\t\n\t\t\t\t\t\t\t\t\t\t\t\t\t\t\n\t\t\t\t\t\t\t\t\n\t\t\t\t\t\t\t\t\t\t\t\t\t<div class=\"fusion-rollover-sep\"><\/div>\n\t\t\t\t\n\t\t\t\t\t\t\t\t\t\t\t\t\t\t\t\t\t\t<a class=\"fusion-rollover-gallery\" href=\"https:\/\/i0.wp.com\/www.e2.law\/wp-content\/uploads\/2022\/10\/Contrat_Rompu-2.png?fit=800%2C800&ssl=1\" data-options=\"\" data-id=\"42843\" data-rel=\"iLightbox[gallery]\" data-title=\"Contrat_Rompu 2\" data-caption=\"\">\n\t\t\t\t\t\tGalerie\t\t\t\t\t<\/a>\n\t\t\t\t\t\t\t\t\t\t\t\t\t\t\n\t\t\n\t\t\t\t\t\t\t\t\t\t\t\t<h4 class=\"fusion-rollover-title\">\n\t\t\t\t\t<a class=\"fusion-rollover-title-link\" href=\"https:\/\/www.e2.law\/fr\/2023\/02\/08\/la-rupture-du-contrat-de-travail\/\">\n\t\t\t\t\t\tLa rupture du contrat de travail\t\t\t\t\t<\/a>\n\t\t\t\t<\/h4>\n\t\t\t\n\t\t\t\t\t\t\t\t\t\t<div class=\"fusion-rollover-categories\"><a href=\"https:\/\/www.e2.law\/fr\/category\/non-classifiee\/\" rel=\"tag\">Non classifi\u00e9(e)<\/a><\/div>\t\t\t\t\t\n\t\t\n\t\t\t\t\t\t<a class=\"fusion-link-wrapper\" href=\"https:\/\/www.e2.law\/fr\/2023\/02\/08\/la-rupture-du-contrat-de-travail\/\" aria-label=\"La rupture du contrat de travail\"><\/a>\n\t<\/div>\n<\/div>\n<\/div>\n<\/li>\n\t\t\t\n\t\t\t\n\t\t\t\t\t\t\t\t\t\t\t\t\t\t\t\t\t\t\t\t\t\t\t\t\t\t\t\t\t\t\t\t\t\t\t\t\t\t\t\t\t\t\t\t\t\t\t\t\t\t\t\t\t\t\t\t\t\t\t\t\t\t\t\t\t\t\t\t<\/ul>\n\t<\/div>\n\t<div class=\"fusion-post-content-wrapper\" style=\"padding:30px 25px 20px 25px;\"><div class=\"fusion-post-content post-content\"><div class=\"fusion-timeline-circle\" style=\"background-color:#ebeaea;\"><\/div><div class=\"fusion-timeline-arrow\" style=\"color:#ebeaea;\"><\/div><h2 class=\"blog-shortcode-post-title entry-title\">La rupture du contrat de travail<\/h2><div class=\"fusion-post-content-container\"><p>Le contrat de travail \u00e0 dur\u00e9e ind\u00e9termin\u00e9e prend fin de  [...]<\/p><\/div><\/div><\/div><div class=\"fusion-clearfix\"><\/div><\/div>\n<\/article>\n<article id=\"blog-1-post-43612\" style=\"border-color:#ebeaea;\" class=\"fusion-post-timeline fusion-clearfix fusion-left-column post-43612 post type-post status-publish format-standard has-post-thumbnail hentry category-non-classifiee tag-contrat\">\n<div class=\"fusion-post-wrapper\" style=\"background-color:rgba(255,255,255,0);\">\n\n\t\t\t<div class=\"fusion-flexslider flexslider fusion-flexslider-loading fusion-post-slideshow\" style=\"border-color:#ebeaea;\">\n\t\t<ul class=\"slides\">\n\t\t\t\n\t\t\t\t\t\t\t\t\t\t\t\t\t\t<li><div  class=\"fusion-image-wrapper\" aria-haspopup=\"true\">\n\t\t\t\t<img decoding=\"async\" width=\"800\" height=\"800\" src=\"data:image\/svg+xml,%3Csvg%20xmlns%3D%27http%3A%2F%2Fwww.w3.org%2F2000%2Fsvg%27%20width%3D%27800%27%20height%3D%27800%27%20viewBox%3D%270%200%20800%20800%27%3E%3Crect%20width%3D%27800%27%20height%3D%27800%27%20fill-opacity%3D%220%22%2F%3E%3C%2Fsvg%3E\" class=\"attachment-full size-full lazyload wp-post-image\" alt=\"\" data-orig-src=\"https:\/\/i0.wp.com\/www.e2.law\/wp-content\/uploads\/2023\/02\/Conditions_Ge%CC%81ne%CC%81rales.png?fit=800%2C800&amp;ssl=1\" \/><div class=\"fusion-rollover\">\n\t<div class=\"fusion-rollover-content\">\n\n\t\t\t\t\t\t\t\t\t\t\t\t\t\t<a class=\"fusion-rollover-link\" href=\"https:\/\/www.e2.law\/fr\/2023\/02\/03\/lopposabilite-des-conditions-generales-au-dos-dune-facture\/\">L&#8217;opposabilit\u00e9 des conditions g\u00e9n\u00e9rales au dos d&#8217;une facture<\/a>\n\t\t\t\n\t\t\t\t\t\t\t\t\t\t\t\t\t\t\n\t\t\t\t\t\t\t\t\n\t\t\t\t\t\t\t\t\t\t\t\t\t<div class=\"fusion-rollover-sep\"><\/div>\n\t\t\t\t\n\t\t\t\t\t\t\t\t\t\t\t\t\t\t\t\t\t\t<a class=\"fusion-rollover-gallery\" href=\"https:\/\/i0.wp.com\/www.e2.law\/wp-content\/uploads\/2023\/02\/Conditions_Ge%CC%81ne%CC%81rales.png?fit=800%2C800&ssl=1\" data-options=\"\" data-id=\"43612\" data-rel=\"iLightbox[gallery]\" data-title=\"Conditions_Ge\u0301ne\u0301rales\" data-caption=\"\">\n\t\t\t\t\t\tGalerie\t\t\t\t\t<\/a>\n\t\t\t\t\t\t\t\t\t\t\t\t\t\t\n\t\t\n\t\t\t\t\t\t\t\t\t\t\t\t<h4 class=\"fusion-rollover-title\">\n\t\t\t\t\t<a class=\"fusion-rollover-title-link\" href=\"https:\/\/www.e2.law\/fr\/2023\/02\/03\/lopposabilite-des-conditions-generales-au-dos-dune-facture\/\">\n\t\t\t\t\t\tL&#8217;opposabilit\u00e9 des conditions g\u00e9n\u00e9rales au dos d&#8217;une facture\t\t\t\t\t<\/a>\n\t\t\t\t<\/h4>\n\t\t\t\n\t\t\t\t\t\t\t\t\t\t<div class=\"fusion-rollover-categories\"><a href=\"https:\/\/www.e2.law\/fr\/category\/non-classifiee\/\" rel=\"tag\">Non classifi\u00e9(e)<\/a><\/div>\t\t\t\t\t\n\t\t\n\t\t\t\t\t\t<a class=\"fusion-link-wrapper\" href=\"https:\/\/www.e2.law\/fr\/2023\/02\/03\/lopposabilite-des-conditions-generales-au-dos-dune-facture\/\" aria-label=\"L&#8217;opposabilit\u00e9 des conditions g\u00e9n\u00e9rales au dos d&#8217;une facture\"><\/a>\n\t<\/div>\n<\/div>\n<\/div>\n<\/li>\n\t\t\t\n\t\t\t\n\t\t\t\t\t\t\t\t\t\t\t\t\t\t\t\t\t\t\t\t\t\t\t\t\t\t\t\t\t\t\t\t\t\t\t\t\t\t\t\t\t\t\t\t\t\t\t\t\t\t\t\t\t\t\t\t\t\t\t\t\t\t\t\t\t\t\t\t<\/ul>\n\t<\/div>\n\t<div class=\"fusion-post-content-wrapper\" style=\"padding:30px 25px 20px 25px;\"><div class=\"fusion-post-content post-content\"><div class=\"fusion-timeline-circle\" style=\"background-color:#ebeaea;\"><\/div><div class=\"fusion-timeline-arrow\" style=\"color:#ebeaea;\"><\/div><h2 class=\"blog-shortcode-post-title entry-title\">L&#8217;opposabilit\u00e9 des conditions g\u00e9n\u00e9rales au dos d&#8217;une facture<\/h2><div class=\"fusion-post-content-container\"><p> Les conditions g\u00e9n\u00e9rales qui figurent au dos d'un facture  [...]<\/p><\/div><\/div><\/div><div class=\"fusion-clearfix\"><\/div><\/div>\n<\/article>\n<article id=\"blog-1-post-43605\" style=\"border-color:#ebeaea;\" class=\"fusion-post-timeline fusion-clearfix fusion-right-column post-43605 post type-post status-publish format-standard has-post-thumbnail hentry category-non-classifiee tag-contrat\">\n<div class=\"fusion-post-wrapper\" style=\"background-color:rgba(255,255,255,0);\">\n\n\t\t\t<div class=\"fusion-flexslider flexslider fusion-flexslider-loading fusion-post-slideshow\" style=\"border-color:#ebeaea;\">\n\t\t<ul class=\"slides\">\n\t\t\t\n\t\t\t\t\t\t\t\t\t\t\t\t\t\t<li><div  class=\"fusion-image-wrapper\" aria-haspopup=\"true\">\n\t\t\t\t<img decoding=\"async\" width=\"800\" height=\"800\" src=\"data:image\/svg+xml,%3Csvg%20xmlns%3D%27http%3A%2F%2Fwww.w3.org%2F2000%2Fsvg%27%20width%3D%27800%27%20height%3D%27800%27%20viewBox%3D%270%200%20800%20800%27%3E%3Crect%20width%3D%27800%27%20height%3D%27800%27%20fill-opacity%3D%220%22%2F%3E%3C%2Fsvg%3E\" class=\"attachment-full size-full lazyload wp-post-image\" alt=\"\" data-orig-src=\"https:\/\/i0.wp.com\/www.e2.law\/wp-content\/uploads\/2023\/02\/Conditions_Ge%CC%81ne%CC%81rales.png?fit=800%2C800&amp;ssl=1\" \/><div class=\"fusion-rollover\">\n\t<div class=\"fusion-rollover-content\">\n\n\t\t\t\t\t\t\t\t\t\t\t\t\t\t<a class=\"fusion-rollover-link\" href=\"https:\/\/www.e2.law\/fr\/2023\/02\/03\/lopposabilite-des-conditions-generales\/\">L&#8217;opposabilit\u00e9 des conditions g\u00e9n\u00e9rales<\/a>\n\t\t\t\n\t\t\t\t\t\t\t\t\t\t\t\t\t\t\n\t\t\t\t\t\t\t\t\n\t\t\t\t\t\t\t\t\t\t\t\t\t<div class=\"fusion-rollover-sep\"><\/div>\n\t\t\t\t\n\t\t\t\t\t\t\t\t\t\t\t\t\t\t\t\t\t\t<a class=\"fusion-rollover-gallery\" href=\"https:\/\/i0.wp.com\/www.e2.law\/wp-content\/uploads\/2023\/02\/Conditions_Ge%CC%81ne%CC%81rales.png?fit=800%2C800&ssl=1\" data-options=\"\" data-id=\"43605\" data-rel=\"iLightbox[gallery]\" data-title=\"Conditions_Ge\u0301ne\u0301rales\" data-caption=\"\">\n\t\t\t\t\t\tGalerie\t\t\t\t\t<\/a>\n\t\t\t\t\t\t\t\t\t\t\t\t\t\t\n\t\t\n\t\t\t\t\t\t\t\t\t\t\t\t<h4 class=\"fusion-rollover-title\">\n\t\t\t\t\t<a class=\"fusion-rollover-title-link\" href=\"https:\/\/www.e2.law\/fr\/2023\/02\/03\/lopposabilite-des-conditions-generales\/\">\n\t\t\t\t\t\tL&#8217;opposabilit\u00e9 des conditions g\u00e9n\u00e9rales\t\t\t\t\t<\/a>\n\t\t\t\t<\/h4>\n\t\t\t\n\t\t\t\t\t\t\t\t\t\t<div class=\"fusion-rollover-categories\"><a href=\"https:\/\/www.e2.law\/fr\/category\/non-classifiee\/\" rel=\"tag\">Non classifi\u00e9(e)<\/a><\/div>\t\t\t\t\t\n\t\t\n\t\t\t\t\t\t<a class=\"fusion-link-wrapper\" href=\"https:\/\/www.e2.law\/fr\/2023\/02\/03\/lopposabilite-des-conditions-generales\/\" aria-label=\"L&#8217;opposabilit\u00e9 des conditions g\u00e9n\u00e9rales\"><\/a>\n\t<\/div>\n<\/div>\n<\/div>\n<\/li>\n\t\t\t\n\t\t\t\n\t\t\t\t\t\t\t\t\t\t\t\t\t\t\t\t\t\t\t\t\t\t\t\t\t\t\t\t\t\t\t\t\t\t\t\t\t\t\t\t\t\t\t\t\t\t\t\t\t\t\t\t\t\t\t\t\t\t\t\t\t\t\t\t\t\t\t\t<\/ul>\n\t<\/div>\n\t<div class=\"fusion-post-content-wrapper\" style=\"padding:30px 25px 20px 25px;\"><div class=\"fusion-post-content post-content\"><div class=\"fusion-timeline-circle\" style=\"background-color:#ebeaea;\"><\/div><div class=\"fusion-timeline-arrow\" style=\"color:#ebeaea;\"><\/div><h2 class=\"blog-shortcode-post-title entry-title\">L&#8217;opposabilit\u00e9 des conditions g\u00e9n\u00e9rales<\/h2><div class=\"fusion-post-content-container\"><p>     Comment s\u2019assurer que les conditions  [...]<\/p><\/div><\/div><\/div><div class=\"fusion-clearfix\"><\/div><\/div>\n<\/article>\n<\/div><h3 class=\"fusion-timeline-date\" style=\"background-color:#ebeaea;\">janvier 2023<\/h3><div class=\"fusion-collapse-month\"><article id=\"blog-1-post-43547\" style=\"border-color:#ebeaea;\" class=\"fusion-post-timeline fusion-clearfix fusion-left-column post-43547 post type-post status-publish format-standard has-post-thumbnail hentry category-non-classifiee tag-contrat tag-bail\">\n<div class=\"fusion-post-wrapper\" style=\"background-color:rgba(255,255,255,0);\">\n\n\t\t\t<div class=\"fusion-flexslider flexslider fusion-flexslider-loading fusion-post-slideshow\" style=\"border-color:#ebeaea;\">\n\t\t<ul class=\"slides\">\n\t\t\t\n\t\t\t\t\t\t\t\t\t\t\t\t\t\t<li><div  class=\"fusion-image-wrapper\" aria-haspopup=\"true\">\n\t\t\t\t<img decoding=\"async\" width=\"800\" height=\"800\" src=\"https:\/\/i0.wp.com\/www.e2.law\/wp-content\/uploads\/2023\/01\/Contrat_De_Bail.png?fit=800%2C800&amp;ssl=1\" class=\"attachment-full size-full lazyload wp-post-image\" alt=\"\" srcset=\"data:image\/svg+xml,%3Csvg%20xmlns%3D%27http%3A%2F%2Fwww.w3.org%2F2000%2Fsvg%27%20width%3D%27800%27%20height%3D%27800%27%20viewBox%3D%270%200%20800%20800%27%3E%3Crect%20width%3D%27800%27%20height%3D%27800%27%20fill-opacity%3D%220%22%2F%3E%3C%2Fsvg%3E\" data-orig-src=\"https:\/\/i0.wp.com\/www.e2.law\/wp-content\/uploads\/2023\/01\/Contrat_De_Bail.png?fit=800%2C800&amp;ssl=1\" data-srcset=\"https:\/\/i0.wp.com\/www.e2.law\/wp-content\/uploads\/2023\/01\/Contrat_De_Bail.png?resize=66%2C66&amp;ssl=1 66w, https:\/\/i0.wp.com\/www.e2.law\/wp-content\/uploads\/2023\/01\/Contrat_De_Bail.png?resize=100%2C100&amp;ssl=1 100w, https:\/\/i0.wp.com\/www.e2.law\/wp-content\/uploads\/2023\/01\/Contrat_De_Bail.png?resize=150%2C150&amp;ssl=1 150w, https:\/\/i0.wp.com\/www.e2.law\/wp-content\/uploads\/2023\/01\/Contrat_De_Bail.png?resize=200%2C200&amp;ssl=1 200w, https:\/\/i0.wp.com\/www.e2.law\/wp-content\/uploads\/2023\/01\/Contrat_De_Bail.png?resize=300%2C300&amp;ssl=1 300w, https:\/\/i0.wp.com\/www.e2.law\/wp-content\/uploads\/2023\/01\/Contrat_De_Bail.png?resize=400%2C400&amp;ssl=1 400w, https:\/\/i0.wp.com\/www.e2.law\/wp-content\/uploads\/2023\/01\/Contrat_De_Bail.png?resize=500%2C500&amp;ssl=1 500w, https:\/\/i0.wp.com\/www.e2.law\/wp-content\/uploads\/2023\/01\/Contrat_De_Bail.png?resize=600%2C600&amp;ssl=1 600w, https:\/\/i0.wp.com\/www.e2.law\/wp-content\/uploads\/2023\/01\/Contrat_De_Bail.png?resize=700%2C700&amp;ssl=1 700w, https:\/\/i0.wp.com\/www.e2.law\/wp-content\/uploads\/2023\/01\/Contrat_De_Bail.png?resize=768%2C768&amp;ssl=1 768w, https:\/\/i0.wp.com\/www.e2.law\/wp-content\/uploads\/2023\/01\/Contrat_De_Bail.png?fit=800%2C800&amp;ssl=1 800w\" data-sizes=\"auto\" \/><div class=\"fusion-rollover\">\n\t<div class=\"fusion-rollover-content\">\n\n\t\t\t\t\t\t\t\t\t\t\t\t\t\t<a class=\"fusion-rollover-link\" href=\"https:\/\/www.e2.law\/fr\/2023\/01\/17\/le-bail-est-il-un-contrat-intuitu-personae\/\">Le bail est-il un contrat intuitu personae ?<\/a>\n\t\t\t\n\t\t\t\t\t\t\t\t\t\t\t\t\t\t\n\t\t\t\t\t\t\t\t\n\t\t\t\t\t\t\t\t\t\t\t\t\t<div class=\"fusion-rollover-sep\"><\/div>\n\t\t\t\t\n\t\t\t\t\t\t\t\t\t\t\t\t\t\t\t\t\t\t<a class=\"fusion-rollover-gallery\" href=\"https:\/\/i0.wp.com\/www.e2.law\/wp-content\/uploads\/2023\/01\/Contrat_De_Bail.png?fit=800%2C800&ssl=1\" data-options=\"\" data-id=\"43547\" data-rel=\"iLightbox[gallery]\" data-title=\"Contrat_De_Bail\" data-caption=\"\">\n\t\t\t\t\t\tGalerie\t\t\t\t\t<\/a>\n\t\t\t\t\t\t\t\t\t\t\t\t\t\t\n\t\t\n\t\t\t\t\t\t\t\t\t\t\t\t<h4 class=\"fusion-rollover-title\">\n\t\t\t\t\t<a class=\"fusion-rollover-title-link\" href=\"https:\/\/www.e2.law\/fr\/2023\/01\/17\/le-bail-est-il-un-contrat-intuitu-personae\/\">\n\t\t\t\t\t\tLe bail est-il un contrat intuitu personae ?\t\t\t\t\t<\/a>\n\t\t\t\t<\/h4>\n\t\t\t\n\t\t\t\t\t\t\t\t\t\t<div class=\"fusion-rollover-categories\"><a href=\"https:\/\/www.e2.law\/fr\/category\/non-classifiee\/\" rel=\"tag\">Non classifi\u00e9(e)<\/a><\/div>\t\t\t\t\t\n\t\t\n\t\t\t\t\t\t<a class=\"fusion-link-wrapper\" href=\"https:\/\/www.e2.law\/fr\/2023\/01\/17\/le-bail-est-il-un-contrat-intuitu-personae\/\" aria-label=\"Le bail est-il un contrat intuitu personae ?\"><\/a>\n\t<\/div>\n<\/div>\n<\/div>\n<\/li>\n\t\t\t\n\t\t\t\n\t\t\t\t\t\t\t\t\t\t\t\t\t\t\t\t\t\t\t\t\t\t\t\t\t\t\t\t\t\t\t\t\t\t\t\t\t\t\t\t\t\t\t\t\t\t\t\t\t\t\t\t\t\t\t\t\t\t\t\t\t\t\t\t\t\t\t\t<\/ul>\n\t<\/div>\n\t<div class=\"fusion-post-content-wrapper\" style=\"padding:30px 25px 20px 25px;\"><div class=\"fusion-post-content post-content\"><div class=\"fusion-timeline-circle\" style=\"background-color:#ebeaea;\"><\/div><div class=\"fusion-timeline-arrow\" style=\"color:#ebeaea;\"><\/div><h2 class=\"blog-shortcode-post-title entry-title\">Le bail est-il un contrat intuitu personae ?<\/h2><div class=\"fusion-post-content-container\"><p> Un contrat intuitu personae est un contrat dans lequel  [...]<\/p><\/div><\/div><\/div><div class=\"fusion-clearfix\"><\/div><\/div>\n<\/article>\n<article id=\"blog-1-post-43496\" style=\"border-color:#ebeaea;\" class=\"fusion-post-timeline fusion-clearfix fusion-right-column post-43496 post type-post status-publish format-standard has-post-thumbnail hentry category-non-classifiee tag-locataire tag-bail-commercial tag-bail\">\n<div class=\"fusion-post-wrapper\" style=\"background-color:rgba(255,255,255,0);\">\n\n\t\t\t<div class=\"fusion-flexslider flexslider fusion-flexslider-loading fusion-post-slideshow\" style=\"border-color:#ebeaea;\">\n\t\t<ul class=\"slides\">\n\t\t\t\n\t\t\t\t\t\t\t\t\t\t\t\t\t\t<li><div  class=\"fusion-image-wrapper\" aria-haspopup=\"true\">\n\t\t\t\t<img decoding=\"async\" width=\"800\" height=\"800\" src=\"https:\/\/i0.wp.com\/www.e2.law\/wp-content\/uploads\/2023\/01\/Contrat_De_Bail_Commercial.png?fit=800%2C800&amp;ssl=1\" class=\"attachment-full size-full lazyload wp-post-image\" alt=\"\" srcset=\"data:image\/svg+xml,%3Csvg%20xmlns%3D%27http%3A%2F%2Fwww.w3.org%2F2000%2Fsvg%27%20width%3D%27800%27%20height%3D%27800%27%20viewBox%3D%270%200%20800%20800%27%3E%3Crect%20width%3D%27800%27%20height%3D%27800%27%20fill-opacity%3D%220%22%2F%3E%3C%2Fsvg%3E\" data-orig-src=\"https:\/\/i0.wp.com\/www.e2.law\/wp-content\/uploads\/2023\/01\/Contrat_De_Bail_Commercial.png?fit=800%2C800&amp;ssl=1\" data-srcset=\"https:\/\/i0.wp.com\/www.e2.law\/wp-content\/uploads\/2023\/01\/Contrat_De_Bail_Commercial.png?resize=66%2C66&amp;ssl=1 66w, https:\/\/i0.wp.com\/www.e2.law\/wp-content\/uploads\/2023\/01\/Contrat_De_Bail_Commercial.png?resize=100%2C100&amp;ssl=1 100w, https:\/\/i0.wp.com\/www.e2.law\/wp-content\/uploads\/2023\/01\/Contrat_De_Bail_Commercial.png?resize=150%2C150&amp;ssl=1 150w, https:\/\/i0.wp.com\/www.e2.law\/wp-content\/uploads\/2023\/01\/Contrat_De_Bail_Commercial.png?resize=200%2C200&amp;ssl=1 200w, https:\/\/i0.wp.com\/www.e2.law\/wp-content\/uploads\/2023\/01\/Contrat_De_Bail_Commercial.png?resize=300%2C300&amp;ssl=1 300w, https:\/\/i0.wp.com\/www.e2.law\/wp-content\/uploads\/2023\/01\/Contrat_De_Bail_Commercial.png?resize=400%2C400&amp;ssl=1 400w, https:\/\/i0.wp.com\/www.e2.law\/wp-content\/uploads\/2023\/01\/Contrat_De_Bail_Commercial.png?resize=500%2C500&amp;ssl=1 500w, https:\/\/i0.wp.com\/www.e2.law\/wp-content\/uploads\/2023\/01\/Contrat_De_Bail_Commercial.png?resize=600%2C600&amp;ssl=1 600w, https:\/\/i0.wp.com\/www.e2.law\/wp-content\/uploads\/2023\/01\/Contrat_De_Bail_Commercial.png?resize=700%2C700&amp;ssl=1 700w, https:\/\/i0.wp.com\/www.e2.law\/wp-content\/uploads\/2023\/01\/Contrat_De_Bail_Commercial.png?resize=768%2C768&amp;ssl=1 768w, https:\/\/i0.wp.com\/www.e2.law\/wp-content\/uploads\/2023\/01\/Contrat_De_Bail_Commercial.png?fit=800%2C800&amp;ssl=1 800w\" data-sizes=\"auto\" \/><div class=\"fusion-rollover\">\n\t<div class=\"fusion-rollover-content\">\n\n\t\t\t\t\t\t\t\t\t\t\t\t\t\t<a class=\"fusion-rollover-link\" href=\"https:\/\/www.e2.law\/fr\/2023\/01\/11\/la-duree-du-bail-commercial\/\">La dur\u00e9e du bail commercial<\/a>\n\t\t\t\n\t\t\t\t\t\t\t\t\t\t\t\t\t\t\n\t\t\t\t\t\t\t\t\n\t\t\t\t\t\t\t\t\t\t\t\t\t<div class=\"fusion-rollover-sep\"><\/div>\n\t\t\t\t\n\t\t\t\t\t\t\t\t\t\t\t\t\t\t\t\t\t\t<a class=\"fusion-rollover-gallery\" href=\"https:\/\/i0.wp.com\/www.e2.law\/wp-content\/uploads\/2023\/01\/Contrat_De_Bail_Commercial.png?fit=800%2C800&ssl=1\" data-options=\"\" data-id=\"43496\" data-rel=\"iLightbox[gallery]\" data-title=\"Contrat_De_Bail_Commercial\" data-caption=\"\">\n\t\t\t\t\t\tGalerie\t\t\t\t\t<\/a>\n\t\t\t\t\t\t\t\t\t\t\t\t\t\t\n\t\t\n\t\t\t\t\t\t\t\t\t\t\t\t<h4 class=\"fusion-rollover-title\">\n\t\t\t\t\t<a class=\"fusion-rollover-title-link\" href=\"https:\/\/www.e2.law\/fr\/2023\/01\/11\/la-duree-du-bail-commercial\/\">\n\t\t\t\t\t\tLa dur\u00e9e du bail commercial\t\t\t\t\t<\/a>\n\t\t\t\t<\/h4>\n\t\t\t\n\t\t\t\t\t\t\t\t\t\t<div class=\"fusion-rollover-categories\"><a href=\"https:\/\/www.e2.law\/fr\/category\/non-classifiee\/\" rel=\"tag\">Non classifi\u00e9(e)<\/a><\/div>\t\t\t\t\t\n\t\t\n\t\t\t\t\t\t<a class=\"fusion-link-wrapper\" href=\"https:\/\/www.e2.law\/fr\/2023\/01\/11\/la-duree-du-bail-commercial\/\" aria-label=\"La dur\u00e9e du bail commercial\"><\/a>\n\t<\/div>\n<\/div>\n<\/div>\n<\/li>\n\t\t\t\n\t\t\t\n\t\t\t\t\t\t\t\t\t\t\t\t\t\t\t\t\t\t\t\t\t\t\t\t\t\t\t\t\t\t\t\t\t\t\t\t\t\t\t\t\t\t\t\t\t\t\t\t\t\t\t\t\t\t\t\t\t\t\t\t\t\t\t\t\t\t\t\t<\/ul>\n\t<\/div>\n\t<div class=\"fusion-post-content-wrapper\" style=\"padding:30px 25px 20px 25px;\"><div class=\"fusion-post-content post-content\"><div class=\"fusion-timeline-circle\" style=\"background-color:#ebeaea;\"><\/div><div class=\"fusion-timeline-arrow\" style=\"color:#ebeaea;\"><\/div><h2 class=\"blog-shortcode-post-title entry-title\">La dur\u00e9e du bail commercial<\/h2><div class=\"fusion-post-content-container\"><p> Le bail commercial est en principe conclu pour une  [...]<\/p><\/div><\/div><\/div><div class=\"fusion-clearfix\"><\/div><\/div>\n<\/article>\n<\/div><h3 class=\"fusion-timeline-date\" style=\"background-color:#ebeaea;\">d\u00e9cembre 2022<\/h3><div class=\"fusion-collapse-month\"><article id=\"blog-1-post-43444\" style=\"border-color:#ebeaea;\" class=\"fusion-post-timeline fusion-clearfix fusion-left-column post-43444 post type-post status-publish format-standard has-post-thumbnail hentry category-non-classifiee tag-societe-a-responsabilite-limitee\">\n<div class=\"fusion-post-wrapper\" style=\"background-color:rgba(255,255,255,0);\">\n\n\t\t\t<div class=\"fusion-flexslider flexslider fusion-flexslider-loading fusion-post-slideshow\" style=\"border-color:#ebeaea;\">\n\t\t<ul class=\"slides\">\n\t\t\t\n\t\t\t\t\t\t\t\t\t\t\t\t\t\t<li><div  class=\"fusion-image-wrapper\" aria-haspopup=\"true\">\n\t\t\t\t<img decoding=\"async\" width=\"800\" height=\"800\" src=\"https:\/\/i0.wp.com\/www.e2.law\/wp-content\/uploads\/2022\/12\/Argent_2-2.png?fit=800%2C800&amp;ssl=1\" class=\"attachment-full size-full lazyload wp-post-image\" alt=\"\" srcset=\"data:image\/svg+xml,%3Csvg%20xmlns%3D%27http%3A%2F%2Fwww.w3.org%2F2000%2Fsvg%27%20width%3D%27800%27%20height%3D%27800%27%20viewBox%3D%270%200%20800%20800%27%3E%3Crect%20width%3D%27800%27%20height%3D%27800%27%20fill-opacity%3D%220%22%2F%3E%3C%2Fsvg%3E\" data-orig-src=\"https:\/\/i0.wp.com\/www.e2.law\/wp-content\/uploads\/2022\/12\/Argent_2-2.png?fit=800%2C800&amp;ssl=1\" data-srcset=\"https:\/\/i0.wp.com\/www.e2.law\/wp-content\/uploads\/2022\/12\/Argent_2-2.png?resize=66%2C66&amp;ssl=1 66w, https:\/\/i0.wp.com\/www.e2.law\/wp-content\/uploads\/2022\/12\/Argent_2-2.png?resize=100%2C100&amp;ssl=1 100w, https:\/\/i0.wp.com\/www.e2.law\/wp-content\/uploads\/2022\/12\/Argent_2-2.png?resize=150%2C150&amp;ssl=1 150w, https:\/\/i0.wp.com\/www.e2.law\/wp-content\/uploads\/2022\/12\/Argent_2-2.png?resize=200%2C200&amp;ssl=1 200w, https:\/\/i0.wp.com\/www.e2.law\/wp-content\/uploads\/2022\/12\/Argent_2-2.png?resize=300%2C300&amp;ssl=1 300w, https:\/\/i0.wp.com\/www.e2.law\/wp-content\/uploads\/2022\/12\/Argent_2-2.png?resize=400%2C400&amp;ssl=1 400w, https:\/\/i0.wp.com\/www.e2.law\/wp-content\/uploads\/2022\/12\/Argent_2-2.png?resize=500%2C500&amp;ssl=1 500w, https:\/\/i0.wp.com\/www.e2.law\/wp-content\/uploads\/2022\/12\/Argent_2-2.png?resize=600%2C600&amp;ssl=1 600w, https:\/\/i0.wp.com\/www.e2.law\/wp-content\/uploads\/2022\/12\/Argent_2-2.png?resize=700%2C700&amp;ssl=1 700w, https:\/\/i0.wp.com\/www.e2.law\/wp-content\/uploads\/2022\/12\/Argent_2-2.png?resize=768%2C768&amp;ssl=1 768w, https:\/\/i0.wp.com\/www.e2.law\/wp-content\/uploads\/2022\/12\/Argent_2-2.png?fit=800%2C800&amp;ssl=1 800w\" data-sizes=\"auto\" \/><div class=\"fusion-rollover\">\n\t<div class=\"fusion-rollover-content\">\n\n\t\t\t\t\t\t\t\t\t\t\t\t\t\t<a class=\"fusion-rollover-link\" href=\"https:\/\/www.e2.law\/fr\/2022\/12\/15\/recuperer-un-apport-en-capital-fait-dans-une-sprl-apres-la-reforme-du-csa\/\">R\u00e9cup\u00e9rer un apport en capital fait dans une SPRL apr\u00e8s la r\u00e9forme du CSA<\/a>\n\t\t\t\n\t\t\t\t\t\t\t\t\t\t\t\t\t\t\n\t\t\t\t\t\t\t\t\n\t\t\t\t\t\t\t\t\t\t\t\t\t<div class=\"fusion-rollover-sep\"><\/div>\n\t\t\t\t\n\t\t\t\t\t\t\t\t\t\t\t\t\t\t\t\t\t\t<a class=\"fusion-rollover-gallery\" href=\"https:\/\/i0.wp.com\/www.e2.law\/wp-content\/uploads\/2022\/12\/Argent_2-2.png?fit=800%2C800&ssl=1\" data-options=\"\" data-id=\"43444\" data-rel=\"iLightbox[gallery]\" data-title=\"Argent_2 2\" data-caption=\"\">\n\t\t\t\t\t\tGalerie\t\t\t\t\t<\/a>\n\t\t\t\t\t\t\t\t\t\t\t\t\t\t\n\t\t\n\t\t\t\t\t\t\t\t\t\t\t\t<h4 class=\"fusion-rollover-title\">\n\t\t\t\t\t<a class=\"fusion-rollover-title-link\" href=\"https:\/\/www.e2.law\/fr\/2022\/12\/15\/recuperer-un-apport-en-capital-fait-dans-une-sprl-apres-la-reforme-du-csa\/\">\n\t\t\t\t\t\tR\u00e9cup\u00e9rer un apport en capital fait dans une SPRL apr\u00e8s la r\u00e9forme du CSA\t\t\t\t\t<\/a>\n\t\t\t\t<\/h4>\n\t\t\t\n\t\t\t\t\t\t\t\t\t\t<div class=\"fusion-rollover-categories\"><a href=\"https:\/\/www.e2.law\/fr\/category\/non-classifiee\/\" rel=\"tag\">Non classifi\u00e9(e)<\/a><\/div>\t\t\t\t\t\n\t\t\n\t\t\t\t\t\t<a class=\"fusion-link-wrapper\" href=\"https:\/\/www.e2.law\/fr\/2022\/12\/15\/recuperer-un-apport-en-capital-fait-dans-une-sprl-apres-la-reforme-du-csa\/\" aria-label=\"R\u00e9cup\u00e9rer un apport en capital fait dans une SPRL apr\u00e8s la r\u00e9forme du CSA\"><\/a>\n\t<\/div>\n<\/div>\n<\/div>\n<\/li>\n\t\t\t\n\t\t\t\n\t\t\t\t\t\t\t\t\t\t\t\t\t\t\t\t\t\t\t\t\t\t\t\t\t\t\t\t\t\t\t\t\t\t\t\t\t\t\t\t\t\t\t\t\t\t\t\t\t\t\t\t\t\t\t\t\t\t\t\t\t\t\t\t\t\t\t\t<\/ul>\n\t<\/div>\n\t<div class=\"fusion-post-content-wrapper\" style=\"padding:30px 25px 20px 25px;\"><div class=\"fusion-post-content post-content\"><div class=\"fusion-timeline-circle\" style=\"background-color:#ebeaea;\"><\/div><div class=\"fusion-timeline-arrow\" style=\"color:#ebeaea;\"><\/div><h2 class=\"blog-shortcode-post-title entry-title\">R\u00e9cup\u00e9rer un apport en capital fait dans une SPRL apr\u00e8s la r\u00e9forme du CSA<\/h2><div class=\"fusion-post-content-container\"><p>Le nouveau code des soci\u00e9t\u00e9s et des associations a fait  [...]<\/p><\/div><\/div><\/div><div class=\"fusion-clearfix\"><\/div><\/div>\n<\/article>\n<\/div><h3 class=\"fusion-timeline-date\" style=\"background-color:#ebeaea;\">novembre 2022<\/h3><div class=\"fusion-collapse-month\"><article id=\"blog-1-post-43159\" style=\"border-color:#ebeaea;\" class=\"fusion-post-timeline fusion-clearfix fusion-right-column post-43159 post type-post status-publish format-standard has-post-thumbnail hentry category-non-classifiee\">\n<div class=\"fusion-post-wrapper\" style=\"background-color:rgba(255,255,255,0);\">\n\n\t\t\t<div class=\"fusion-flexslider flexslider fusion-flexslider-loading fusion-post-slideshow\" style=\"border-color:#ebeaea;\">\n\t\t<ul class=\"slides\">\n\t\t\t\n\t\t\t\t\t\t\t\t\t\t\t\t\t\t<li><div  class=\"fusion-image-wrapper\" aria-haspopup=\"true\">\n\t\t\t\t<img decoding=\"async\" width=\"400\" height=\"400\" src=\"https:\/\/i0.wp.com\/www.e2.law\/wp-content\/uploads\/2022\/10\/F8C745F1-9588-40E8-8AC9-1261222FD16D.jpeg?fit=400%2C400&amp;ssl=1\" class=\"attachment-full size-full lazyload wp-post-image\" alt=\"\" srcset=\"data:image\/svg+xml,%3Csvg%20xmlns%3D%27http%3A%2F%2Fwww.w3.org%2F2000%2Fsvg%27%20width%3D%27400%27%20height%3D%27400%27%20viewBox%3D%270%200%20400%20400%27%3E%3Crect%20width%3D%27400%27%20height%3D%27400%27%20fill-opacity%3D%220%22%2F%3E%3C%2Fsvg%3E\" data-orig-src=\"https:\/\/i0.wp.com\/www.e2.law\/wp-content\/uploads\/2022\/10\/F8C745F1-9588-40E8-8AC9-1261222FD16D.jpeg?fit=400%2C400&amp;ssl=1\" data-srcset=\"https:\/\/i0.wp.com\/www.e2.law\/wp-content\/uploads\/2022\/10\/F8C745F1-9588-40E8-8AC9-1261222FD16D.jpeg?resize=66%2C66&amp;ssl=1 66w, https:\/\/i0.wp.com\/www.e2.law\/wp-content\/uploads\/2022\/10\/F8C745F1-9588-40E8-8AC9-1261222FD16D.jpeg?resize=100%2C100&amp;ssl=1 100w, https:\/\/i0.wp.com\/www.e2.law\/wp-content\/uploads\/2022\/10\/F8C745F1-9588-40E8-8AC9-1261222FD16D.jpeg?resize=150%2C150&amp;ssl=1 150w, https:\/\/i0.wp.com\/www.e2.law\/wp-content\/uploads\/2022\/10\/F8C745F1-9588-40E8-8AC9-1261222FD16D.jpeg?resize=200%2C200&amp;ssl=1 200w, https:\/\/i0.wp.com\/www.e2.law\/wp-content\/uploads\/2022\/10\/F8C745F1-9588-40E8-8AC9-1261222FD16D.jpeg?resize=300%2C300&amp;ssl=1 300w, https:\/\/i0.wp.com\/www.e2.law\/wp-content\/uploads\/2022\/10\/F8C745F1-9588-40E8-8AC9-1261222FD16D.jpeg?fit=400%2C400&amp;ssl=1 400w\" data-sizes=\"auto\" \/><div class=\"fusion-rollover\">\n\t<div class=\"fusion-rollover-content\">\n\n\t\t\t\t\t\t\t\t\t\t\t\t\t\t<a class=\"fusion-rollover-link\" href=\"https:\/\/www.e2.law\/fr\/2022\/11\/21\/comptes-de-closing-vs-locked-box\/\">Comptes de closing VS Locked-box<\/a>\n\t\t\t\n\t\t\t\t\t\t\t\t\t\t\t\t\t\t\n\t\t\t\t\t\t\t\t\n\t\t\t\t\t\t\t\t\t\t\t\t\t<div class=\"fusion-rollover-sep\"><\/div>\n\t\t\t\t\n\t\t\t\t\t\t\t\t\t\t\t\t\t\t\t\t\t\t<a class=\"fusion-rollover-gallery\" href=\"https:\/\/i0.wp.com\/www.e2.law\/wp-content\/uploads\/2022\/10\/F8C745F1-9588-40E8-8AC9-1261222FD16D.jpeg?fit=400%2C400&ssl=1\" data-options=\"\" data-id=\"43159\" data-rel=\"iLightbox[gallery]\" data-title=\"F8C745F1-9588-40E8-8AC9-1261222FD16D\" data-caption=\"\">\n\t\t\t\t\t\tGalerie\t\t\t\t\t<\/a>\n\t\t\t\t\t\t\t\t\t\t\t\t\t\t\n\t\t\n\t\t\t\t\t\t\t\t\t\t\t\t<h4 class=\"fusion-rollover-title\">\n\t\t\t\t\t<a class=\"fusion-rollover-title-link\" href=\"https:\/\/www.e2.law\/fr\/2022\/11\/21\/comptes-de-closing-vs-locked-box\/\">\n\t\t\t\t\t\tComptes de closing VS Locked-box\t\t\t\t\t<\/a>\n\t\t\t\t<\/h4>\n\t\t\t\n\t\t\t\t\t\t\t\t\t\t<div class=\"fusion-rollover-categories\"><a href=\"https:\/\/www.e2.law\/fr\/category\/non-classifiee\/\" rel=\"tag\">Non classifi\u00e9(e)<\/a><\/div>\t\t\t\t\t\n\t\t\n\t\t\t\t\t\t<a class=\"fusion-link-wrapper\" href=\"https:\/\/www.e2.law\/fr\/2022\/11\/21\/comptes-de-closing-vs-locked-box\/\" aria-label=\"Comptes de closing VS Locked-box\"><\/a>\n\t<\/div>\n<\/div>\n<\/div>\n<\/li>\n\t\t\t\n\t\t\t\n\t\t\t\t\t\t\t\t\t\t\t\t\t\t\t\t\t\t\t\t\t\t\t\t\t\t\t\t\t\t\t\t\t\t\t\t\t\t\t\t\t\t\t\t\t\t\t\t\t\t\t\t\t\t\t\t\t\t\t\t\t\t\t\t\t\t\t\t<\/ul>\n\t<\/div>\n\t<div class=\"fusion-post-content-wrapper\" style=\"padding:30px 25px 20px 25px;\"><div class=\"fusion-post-content post-content\"><div class=\"fusion-timeline-circle\" style=\"background-color:#ebeaea;\"><\/div><div class=\"fusion-timeline-arrow\" style=\"color:#ebeaea;\"><\/div><h2 class=\"blog-shortcode-post-title entry-title\">Comptes de closing VS Locked-box<\/h2><div class=\"fusion-post-content-container\"><p> Voici une comparaison des avantages et inconv\u00e9nients de deux  [...]<\/p><\/div><\/div><\/div><div class=\"fusion-clearfix\"><\/div><\/div>\n<\/article>\n<article id=\"blog-1-post-43023\" style=\"border-color:#ebeaea;\" class=\"fusion-post-timeline fusion-clearfix fusion-left-column post-43023 post type-post status-publish format-standard has-post-thumbnail hentry category-non-classifiee tag-events\">\n<div class=\"fusion-post-wrapper\" style=\"background-color:rgba(255,255,255,0);\">\n\n\t\t\t<div class=\"fusion-flexslider flexslider fusion-flexslider-loading fusion-post-slideshow\" style=\"border-color:#ebeaea;\">\n\t\t<ul class=\"slides\">\n\t\t\t\n\t\t\t\t\t\t\t\t\t\t\t\t\t\t<li><div  class=\"fusion-image-wrapper\" aria-haspopup=\"true\">\n\t\t\t\t<img decoding=\"async\" width=\"2284\" height=\"1955\" src=\"https:\/\/i0.wp.com\/www.e2.law\/wp-content\/uploads\/2022\/11\/e2-events.jpg?fit=2284%2C1955&amp;ssl=1\" class=\"attachment-full size-full lazyload wp-post-image\" alt=\"\" srcset=\"data:image\/svg+xml,%3Csvg%20xmlns%3D%27http%3A%2F%2Fwww.w3.org%2F2000%2Fsvg%27%20width%3D%272284%27%20height%3D%271955%27%20viewBox%3D%270%200%202284%201955%27%3E%3Crect%20width%3D%272284%27%20height%3D%271955%27%20fill-opacity%3D%220%22%2F%3E%3C%2Fsvg%3E\" data-orig-src=\"https:\/\/i0.wp.com\/www.e2.law\/wp-content\/uploads\/2022\/11\/e2-events.jpg?fit=2284%2C1955&amp;ssl=1\" data-srcset=\"https:\/\/i0.wp.com\/www.e2.law\/wp-content\/uploads\/2022\/11\/e2-events.jpg?resize=200%2C171&amp;ssl=1 200w, https:\/\/i0.wp.com\/www.e2.law\/wp-content\/uploads\/2022\/11\/e2-events.jpg?resize=300%2C257&amp;ssl=1 300w, https:\/\/i0.wp.com\/www.e2.law\/wp-content\/uploads\/2022\/11\/e2-events.jpg?resize=400%2C342&amp;ssl=1 400w, https:\/\/i0.wp.com\/www.e2.law\/wp-content\/uploads\/2022\/11\/e2-events.jpg?resize=500%2C428&amp;ssl=1 500w, https:\/\/i0.wp.com\/www.e2.law\/wp-content\/uploads\/2022\/11\/e2-events.jpg?resize=600%2C514&amp;ssl=1 600w, https:\/\/i0.wp.com\/www.e2.law\/wp-content\/uploads\/2022\/11\/e2-events.jpg?resize=700%2C599&amp;ssl=1 700w, https:\/\/i0.wp.com\/www.e2.law\/wp-content\/uploads\/2022\/11\/e2-events.jpg?resize=768%2C657&amp;ssl=1 768w, https:\/\/i0.wp.com\/www.e2.law\/wp-content\/uploads\/2022\/11\/e2-events.jpg?resize=800%2C685&amp;ssl=1 800w, https:\/\/i0.wp.com\/www.e2.law\/wp-content\/uploads\/2022\/11\/e2-events.jpg?resize=1024%2C876&amp;ssl=1 1024w, https:\/\/i0.wp.com\/www.e2.law\/wp-content\/uploads\/2022\/11\/e2-events.jpg?resize=1200%2C1027&amp;ssl=1 1200w, https:\/\/i0.wp.com\/www.e2.law\/wp-content\/uploads\/2022\/11\/e2-events.jpg?resize=1536%2C1315&amp;ssl=1 1536w, https:\/\/i0.wp.com\/www.e2.law\/wp-content\/uploads\/2022\/11\/e2-events.jpg?w=2200&amp;ssl=1 2200w, https:\/\/i0.wp.com\/www.e2.law\/wp-content\/uploads\/2022\/11\/e2-events.jpg?fit=2284%2C1955&amp;ssl=1 2284w\" data-sizes=\"auto\" \/><div class=\"fusion-rollover\">\n\t<div class=\"fusion-rollover-content\">\n\n\t\t\t\t\t\t\t\t\t\t\t\t\t\t<a class=\"fusion-rollover-link\" href=\"https:\/\/www.e2.law\/fr\/2022\/11\/03\/the-transfer-of-business-for-all-in-small-committee\/\">Events! 17.11.2022 &#8211; Le transfert d&#8217;entreprise pour tous en petit comit\u00e9<\/a>\n\t\t\t\n\t\t\t\t\t\t\t\t\t\t\t\t\t\t\n\t\t\t\t\t\t\t\t\n\t\t\t\t\t\t\t\t\t\t\t\t\t<div class=\"fusion-rollover-sep\"><\/div>\n\t\t\t\t\n\t\t\t\t\t\t\t\t\t\t\t\t\t\t\t\t\t\t<a class=\"fusion-rollover-gallery\" href=\"https:\/\/i0.wp.com\/www.e2.law\/wp-content\/uploads\/2022\/11\/e2-events.jpg?fit=2284%2C1955&ssl=1\" data-options=\"\" data-id=\"43023\" data-rel=\"iLightbox[gallery]\" data-title=\"e2 events\" data-caption=\"\">\n\t\t\t\t\t\tGalerie\t\t\t\t\t<\/a>\n\t\t\t\t\t\t\t\t\t\t\t\t\t\t\n\t\t\n\t\t\t\t\t\t\t\t\t\t\t\t<h4 class=\"fusion-rollover-title\">\n\t\t\t\t\t<a class=\"fusion-rollover-title-link\" href=\"https:\/\/www.e2.law\/fr\/2022\/11\/03\/the-transfer-of-business-for-all-in-small-committee\/\">\n\t\t\t\t\t\tEvents! 17.11.2022 &#8211; Le transfert d&#8217;entreprise pour tous en petit comit\u00e9\t\t\t\t\t<\/a>\n\t\t\t\t<\/h4>\n\t\t\t\n\t\t\t\t\t\t\t\t\t\t<div class=\"fusion-rollover-categories\"><a href=\"https:\/\/www.e2.law\/fr\/category\/non-classifiee\/\" rel=\"tag\">Non classifi\u00e9(e)<\/a><\/div>\t\t\t\t\t\n\t\t\n\t\t\t\t\t\t<a class=\"fusion-link-wrapper\" href=\"https:\/\/www.e2.law\/fr\/2022\/11\/03\/the-transfer-of-business-for-all-in-small-committee\/\" aria-label=\"Events! 17.11.2022 &#8211; Le transfert d&#8217;entreprise pour tous en petit comit\u00e9\"><\/a>\n\t<\/div>\n<\/div>\n<\/div>\n<\/li>\n\t\t\t\n\t\t\t\n\t\t\t\t\t\t\t\t\t\t\t\t\t\t\t\t\t\t\t\t\t\t\t\t\t\t\t\t\t\t\t\t\t\t\t\t\t\t\t\t\t\t\t\t\t\t\t\t\t\t\t\t\t\t\t\t\t\t\t\t\t\t\t\t\t\t\t\t<\/ul>\n\t<\/div>\n\t<div class=\"fusion-post-content-wrapper\" style=\"padding:30px 25px 20px 25px;\"><div class=\"fusion-post-content post-content\"><div class=\"fusion-timeline-circle\" style=\"background-color:#ebeaea;\"><\/div><div class=\"fusion-timeline-arrow\" style=\"color:#ebeaea;\"><\/div><h2 class=\"blog-shortcode-post-title entry-title\">Events! 17.11.2022 &#8211; Le transfert d&#8217;entreprise pour tous en petit comit\u00e9<\/h2><div class=\"fusion-post-content-container\"><p> Un aper\u00e7u didactique et convivial d'un sujet essentiel pour  [...]<\/p><\/div><\/div><\/div><div class=\"fusion-clearfix\"><\/div><\/div>\n<\/article>\n<\/div><h3 class=\"fusion-timeline-date\" style=\"background-color:#ebeaea;\">octobre 2022<\/h3><div class=\"fusion-collapse-month\"><article id=\"blog-1-post-42859\" style=\"border-color:#ebeaea;\" class=\"fusion-post-timeline fusion-clearfix fusion-right-column post-42859 post type-post status-publish format-standard has-post-thumbnail hentry category-non-classifiee tag-licenciement tag-preavis tag-rupture\">\n<div class=\"fusion-post-wrapper\" style=\"background-color:rgba(255,255,255,0);\">\n\n\t\t\t<div class=\"fusion-flexslider flexslider fusion-flexslider-loading fusion-post-slideshow\" style=\"border-color:#ebeaea;\">\n\t\t<ul class=\"slides\">\n\t\t\t\n\t\t\t\t\t\t\t\t\t\t\t\t\t\t<li><div  class=\"fusion-image-wrapper\" aria-haspopup=\"true\">\n\t\t\t\t<img decoding=\"async\" width=\"800\" height=\"800\" src=\"data:image\/svg+xml,%3Csvg%20xmlns%3D%27http%3A%2F%2Fwww.w3.org%2F2000%2Fsvg%27%20width%3D%27800%27%20height%3D%27800%27%20viewBox%3D%270%200%20800%20800%27%3E%3Crect%20width%3D%27800%27%20height%3D%27800%27%20fill-opacity%3D%220%22%2F%3E%3C%2Fsvg%3E\" class=\"attachment-full size-full lazyload wp-post-image\" alt=\"\" data-orig-src=\"https:\/\/i0.wp.com\/www.e2.law\/wp-content\/uploads\/2022\/10\/De%CC%81lai.png?fit=800%2C800&amp;ssl=1\" \/><div class=\"fusion-rollover\">\n\t<div class=\"fusion-rollover-content\">\n\n\t\t\t\t\t\t\t\t\t\t\t\t\t\t<a class=\"fusion-rollover-link\" href=\"https:\/\/www.e2.law\/fr\/2022\/10\/03\/comment-calculer-un-delai-de-preavis-en-vue-de-la-rupture-du-contrat-de-travail-dun-employe\/\">Comment calculer un d\u00e9lai de pr\u00e9avis en vue de la rupture du contrat de travail d&#8217;un employ\u00e9 ?<\/a>\n\t\t\t\n\t\t\t\t\t\t\t\t\t\t\t\t\t\t\n\t\t\t\t\t\t\t\t\n\t\t\t\t\t\t\t\t\t\t\t\t\t<div class=\"fusion-rollover-sep\"><\/div>\n\t\t\t\t\n\t\t\t\t\t\t\t\t\t\t\t\t\t\t\t\t\t\t<a class=\"fusion-rollover-gallery\" href=\"https:\/\/i0.wp.com\/www.e2.law\/wp-content\/uploads\/2022\/10\/De%CC%81lai.png?fit=800%2C800&ssl=1\" data-options=\"\" data-id=\"42859\" data-rel=\"iLightbox[gallery]\" data-title=\"De\u0301lai\" data-caption=\"\">\n\t\t\t\t\t\tGalerie\t\t\t\t\t<\/a>\n\t\t\t\t\t\t\t\t\t\t\t\t\t\t\n\t\t\n\t\t\t\t\t\t\t\t\t\t\t\t<h4 class=\"fusion-rollover-title\">\n\t\t\t\t\t<a class=\"fusion-rollover-title-link\" href=\"https:\/\/www.e2.law\/fr\/2022\/10\/03\/comment-calculer-un-delai-de-preavis-en-vue-de-la-rupture-du-contrat-de-travail-dun-employe\/\">\n\t\t\t\t\t\tComment calculer un d\u00e9lai de pr\u00e9avis en vue de la rupture du contrat de travail d&#8217;un employ\u00e9 ?\t\t\t\t\t<\/a>\n\t\t\t\t<\/h4>\n\t\t\t\n\t\t\t\t\t\t\t\t\t\t<div class=\"fusion-rollover-categories\"><a href=\"https:\/\/www.e2.law\/fr\/category\/non-classifiee\/\" rel=\"tag\">Non classifi\u00e9(e)<\/a><\/div>\t\t\t\t\t\n\t\t\n\t\t\t\t\t\t<a class=\"fusion-link-wrapper\" href=\"https:\/\/www.e2.law\/fr\/2022\/10\/03\/comment-calculer-un-delai-de-preavis-en-vue-de-la-rupture-du-contrat-de-travail-dun-employe\/\" aria-label=\"Comment calculer un d\u00e9lai de pr\u00e9avis en vue de la rupture du contrat de travail d&#8217;un employ\u00e9 ?\"><\/a>\n\t<\/div>\n<\/div>\n<\/div>\n<\/li>\n\t\t\t\n\t\t\t\n\t\t\t\t\t\t\t\t\t\t\t\t\t\t\t\t\t\t\t\t\t\t\t\t\t\t\t\t\t\t\t\t\t\t\t\t\t\t\t\t\t\t\t\t\t\t\t\t\t\t\t\t\t\t\t\t\t\t\t\t\t\t\t\t\t\t\t\t<\/ul>\n\t<\/div>\n\t<div class=\"fusion-post-content-wrapper\" style=\"padding:30px 25px 20px 25px;\"><div class=\"fusion-post-content post-content\"><div class=\"fusion-timeline-circle\" style=\"background-color:#ebeaea;\"><\/div><div class=\"fusion-timeline-arrow\" style=\"color:#ebeaea;\"><\/div><h2 class=\"blog-shortcode-post-title entry-title\">Comment calculer un d\u00e9lai de pr\u00e9avis en vue de la rupture du contrat de travail d&#8217;un employ\u00e9 ?<\/h2><div class=\"fusion-post-content-container\"><p>Comment calculer un d\u00e9lai de pr\u00e9avis en vue de la  [...]<\/p><\/div><\/div><\/div><div class=\"fusion-clearfix\"><\/div><\/div>\n<\/article>\n<\/div><h3 class=\"fusion-timeline-date\" style=\"background-color:#ebeaea;\">septembre 2022<\/h3><div class=\"fusion-collapse-month\"><article id=\"blog-1-post-42805\" style=\"border-color:#ebeaea;\" class=\"fusion-post-timeline fusion-clearfix fusion-left-column post-42805 post type-post status-publish format-standard hentry category-non-classifiee tag-societe-a-responsabilite-limitee\">\n<div class=\"fusion-post-wrapper\" style=\"background-color:rgba(255,255,255,0);\">\n\n<div class=\"fusion-post-content-wrapper\" style=\"padding:30px 25px 20px 25px;\"><div class=\"fusion-post-content post-content\"><div class=\"fusion-timeline-circle\" style=\"background-color:#ebeaea;\"><\/div><div class=\"fusion-timeline-arrow\" style=\"color:#ebeaea;\"><\/div><h2 class=\"blog-shortcode-post-title entry-title\">Quelles sont les limitations au pouvoir de l&#8217;organe d&#8217;administration ?<\/h2><div class=\"fusion-post-content-container\"><p>Limitations \u00ab\u00a0internes\u00a0\u00bb Des restrictions peuvent affecter les pouvoirs des administrateurs  [...]<\/p><\/div><\/div><\/div><div class=\"fusion-clearfix\"><\/div><\/div>\n<\/article>\n<\/div><h3 class=\"fusion-timeline-date\" style=\"background-color:#ebeaea;\">ao\u00fbt 2022<\/h3><div class=\"fusion-collapse-month\"><article id=\"blog-1-post-42681\" style=\"border-color:#ebeaea;\" class=\"fusion-post-timeline fusion-clearfix fusion-right-column post-42681 post type-post status-publish format-standard has-post-thumbnail hentry category-non-classifiee tag-pacte\">\n<div class=\"fusion-post-wrapper\" style=\"background-color:rgba(255,255,255,0);\">\n\n\t\t\t<div class=\"fusion-flexslider flexslider fusion-flexslider-loading fusion-post-slideshow\" style=\"border-color:#ebeaea;\">\n\t\t<ul class=\"slides\">\n\t\t\t\n\t\t\t\t\t\t\t\t\t\t\t\t\t\t<li><div  class=\"fusion-image-wrapper\" aria-haspopup=\"true\">\n\t\t\t\t<img decoding=\"async\" width=\"800\" height=\"800\" src=\"https:\/\/i0.wp.com\/www.e2.law\/wp-content\/uploads\/2022\/08\/Date-de-contrat.png?fit=800%2C800&amp;ssl=1\" class=\"attachment-full size-full lazyload wp-post-image\" alt=\"\" srcset=\"data:image\/svg+xml,%3Csvg%20xmlns%3D%27http%3A%2F%2Fwww.w3.org%2F2000%2Fsvg%27%20width%3D%27800%27%20height%3D%27800%27%20viewBox%3D%270%200%20800%20800%27%3E%3Crect%20width%3D%27800%27%20height%3D%27800%27%20fill-opacity%3D%220%22%2F%3E%3C%2Fsvg%3E\" data-orig-src=\"https:\/\/i0.wp.com\/www.e2.law\/wp-content\/uploads\/2022\/08\/Date-de-contrat.png?fit=800%2C800&amp;ssl=1\" data-srcset=\"https:\/\/i0.wp.com\/www.e2.law\/wp-content\/uploads\/2022\/08\/Date-de-contrat.png?resize=66%2C66&amp;ssl=1 66w, https:\/\/i0.wp.com\/www.e2.law\/wp-content\/uploads\/2022\/08\/Date-de-contrat.png?resize=100%2C100&amp;ssl=1 100w, https:\/\/i0.wp.com\/www.e2.law\/wp-content\/uploads\/2022\/08\/Date-de-contrat.png?resize=150%2C150&amp;ssl=1 150w, https:\/\/i0.wp.com\/www.e2.law\/wp-content\/uploads\/2022\/08\/Date-de-contrat.png?resize=200%2C200&amp;ssl=1 200w, https:\/\/i0.wp.com\/www.e2.law\/wp-content\/uploads\/2022\/08\/Date-de-contrat.png?resize=300%2C300&amp;ssl=1 300w, https:\/\/i0.wp.com\/www.e2.law\/wp-content\/uploads\/2022\/08\/Date-de-contrat.png?resize=400%2C400&amp;ssl=1 400w, https:\/\/i0.wp.com\/www.e2.law\/wp-content\/uploads\/2022\/08\/Date-de-contrat.png?resize=500%2C500&amp;ssl=1 500w, https:\/\/i0.wp.com\/www.e2.law\/wp-content\/uploads\/2022\/08\/Date-de-contrat.png?resize=600%2C600&amp;ssl=1 600w, https:\/\/i0.wp.com\/www.e2.law\/wp-content\/uploads\/2022\/08\/Date-de-contrat.png?resize=700%2C700&amp;ssl=1 700w, https:\/\/i0.wp.com\/www.e2.law\/wp-content\/uploads\/2022\/08\/Date-de-contrat.png?resize=768%2C768&amp;ssl=1 768w, https:\/\/i0.wp.com\/www.e2.law\/wp-content\/uploads\/2022\/08\/Date-de-contrat.png?fit=800%2C800&amp;ssl=1 800w\" data-sizes=\"auto\" \/><div class=\"fusion-rollover\">\n\t<div class=\"fusion-rollover-content\">\n\n\t\t\t\t\t\t\t\t\t\t\t\t\t\t<a class=\"fusion-rollover-link\" href=\"https:\/\/www.e2.law\/fr\/2022\/08\/30\/la-duree-du-pacte-dactionnaire-et-de-ses-clauses\/\">La dur\u00e9e du pacte d&#8217;actionnaire et de ses clauses<\/a>\n\t\t\t\n\t\t\t\t\t\t\t\t\t\t\t\t\t\t\n\t\t\t\t\t\t\t\t\n\t\t\t\t\t\t\t\t\t\t\t\t\t<div class=\"fusion-rollover-sep\"><\/div>\n\t\t\t\t\n\t\t\t\t\t\t\t\t\t\t\t\t\t\t\t\t\t\t<a class=\"fusion-rollover-gallery\" href=\"https:\/\/i0.wp.com\/www.e2.law\/wp-content\/uploads\/2022\/08\/Date-de-contrat.png?fit=800%2C800&ssl=1\" data-options=\"\" data-id=\"42681\" data-rel=\"iLightbox[gallery]\" data-title=\"Date de contrat\" data-caption=\"\">\n\t\t\t\t\t\tGalerie\t\t\t\t\t<\/a>\n\t\t\t\t\t\t\t\t\t\t\t\t\t\t\n\t\t\n\t\t\t\t\t\t\t\t\t\t\t\t<h4 class=\"fusion-rollover-title\">\n\t\t\t\t\t<a class=\"fusion-rollover-title-link\" href=\"https:\/\/www.e2.law\/fr\/2022\/08\/30\/la-duree-du-pacte-dactionnaire-et-de-ses-clauses\/\">\n\t\t\t\t\t\tLa dur\u00e9e du pacte d&#8217;actionnaire et de ses clauses\t\t\t\t\t<\/a>\n\t\t\t\t<\/h4>\n\t\t\t\n\t\t\t\t\t\t\t\t\t\t<div class=\"fusion-rollover-categories\"><a href=\"https:\/\/www.e2.law\/fr\/category\/non-classifiee\/\" rel=\"tag\">Non classifi\u00e9(e)<\/a><\/div>\t\t\t\t\t\n\t\t\n\t\t\t\t\t\t<a class=\"fusion-link-wrapper\" href=\"https:\/\/www.e2.law\/fr\/2022\/08\/30\/la-duree-du-pacte-dactionnaire-et-de-ses-clauses\/\" aria-label=\"La dur\u00e9e du pacte d&#8217;actionnaire et de ses clauses\"><\/a>\n\t<\/div>\n<\/div>\n<\/div>\n<\/li>\n\t\t\t\n\t\t\t\n\t\t\t\t\t\t\t\t\t\t\t\t\t\t\t\t\t\t\t\t\t\t\t\t\t\t\t\t\t\t\t\t\t\t\t\t\t\t\t\t\t\t\t\t\t\t\t\t\t\t\t\t\t\t\t\t\t\t\t\t\t\t\t\t\t\t\t\t<\/ul>\n\t<\/div>\n\t<div class=\"fusion-post-content-wrapper\" style=\"padding:30px 25px 20px 25px;\"><div class=\"fusion-post-content post-content\"><div class=\"fusion-timeline-circle\" style=\"background-color:#ebeaea;\"><\/div><div class=\"fusion-timeline-arrow\" style=\"color:#ebeaea;\"><\/div><h2 class=\"blog-shortcode-post-title entry-title\">La dur\u00e9e du pacte d&#8217;actionnaire et de ses clauses<\/h2><div class=\"fusion-post-content-container\"><p>G\u00e9n\u00e9ralement, le pacte sera conclu pour une dizaine d'ann\u00e9es, mais  [...]<\/p><\/div><\/div><\/div><div class=\"fusion-clearfix\"><\/div><\/div>\n<\/article>\n<article id=\"blog-1-post-42673\" style=\"border-color:#ebeaea;\" class=\"fusion-post-timeline fusion-clearfix fusion-left-column post-42673 post type-post status-publish format-standard has-post-thumbnail hentry category-gerer-les-conflits tag-pacte\">\n<div class=\"fusion-post-wrapper\" style=\"background-color:rgba(255,255,255,0);\">\n\n\t\t\t<div class=\"fusion-flexslider flexslider fusion-flexslider-loading fusion-post-slideshow\" style=\"border-color:#ebeaea;\">\n\t\t<ul class=\"slides\">\n\t\t\t\n\t\t\t\t\t\t\t\t\t\t\t\t\t\t<li><div  class=\"fusion-image-wrapper\" aria-haspopup=\"true\">\n\t\t\t\t<img decoding=\"async\" width=\"800\" height=\"800\" src=\"https:\/\/i0.wp.com\/www.e2.law\/wp-content\/uploads\/2022\/08\/Conflit.png?fit=800%2C800&amp;ssl=1\" class=\"attachment-full size-full lazyload wp-post-image\" alt=\"\" srcset=\"data:image\/svg+xml,%3Csvg%20xmlns%3D%27http%3A%2F%2Fwww.w3.org%2F2000%2Fsvg%27%20width%3D%27800%27%20height%3D%27800%27%20viewBox%3D%270%200%20800%20800%27%3E%3Crect%20width%3D%27800%27%20height%3D%27800%27%20fill-opacity%3D%220%22%2F%3E%3C%2Fsvg%3E\" data-orig-src=\"https:\/\/i0.wp.com\/www.e2.law\/wp-content\/uploads\/2022\/08\/Conflit.png?fit=800%2C800&amp;ssl=1\" data-srcset=\"https:\/\/i0.wp.com\/www.e2.law\/wp-content\/uploads\/2022\/08\/Conflit.png?resize=66%2C66&amp;ssl=1 66w, https:\/\/i0.wp.com\/www.e2.law\/wp-content\/uploads\/2022\/08\/Conflit.png?resize=100%2C100&amp;ssl=1 100w, https:\/\/i0.wp.com\/www.e2.law\/wp-content\/uploads\/2022\/08\/Conflit.png?resize=150%2C150&amp;ssl=1 150w, https:\/\/i0.wp.com\/www.e2.law\/wp-content\/uploads\/2022\/08\/Conflit.png?resize=200%2C200&amp;ssl=1 200w, https:\/\/i0.wp.com\/www.e2.law\/wp-content\/uploads\/2022\/08\/Conflit.png?resize=300%2C300&amp;ssl=1 300w, https:\/\/i0.wp.com\/www.e2.law\/wp-content\/uploads\/2022\/08\/Conflit.png?resize=400%2C400&amp;ssl=1 400w, https:\/\/i0.wp.com\/www.e2.law\/wp-content\/uploads\/2022\/08\/Conflit.png?resize=500%2C500&amp;ssl=1 500w, https:\/\/i0.wp.com\/www.e2.law\/wp-content\/uploads\/2022\/08\/Conflit.png?resize=600%2C600&amp;ssl=1 600w, https:\/\/i0.wp.com\/www.e2.law\/wp-content\/uploads\/2022\/08\/Conflit.png?resize=700%2C700&amp;ssl=1 700w, https:\/\/i0.wp.com\/www.e2.law\/wp-content\/uploads\/2022\/08\/Conflit.png?resize=768%2C768&amp;ssl=1 768w, https:\/\/i0.wp.com\/www.e2.law\/wp-content\/uploads\/2022\/08\/Conflit.png?fit=800%2C800&amp;ssl=1 800w\" data-sizes=\"auto\" \/><div class=\"fusion-rollover\">\n\t<div class=\"fusion-rollover-content\">\n\n\t\t\t\t\t\t\t\t\t\t\t\t\t\t<a class=\"fusion-rollover-link\" href=\"https:\/\/www.e2.law\/fr\/2022\/08\/29\/mecanisme-de-resolution-dune-impasse-dans-la-prise-de-decision\/\">M\u00e9canismes de r\u00e9solution d&#8217;une impasse dans la prise de d\u00e9cision<\/a>\n\t\t\t\n\t\t\t\t\t\t\t\t\t\t\t\t\t\t\n\t\t\t\t\t\t\t\t\n\t\t\t\t\t\t\t\t\t\t\t\t\t<div class=\"fusion-rollover-sep\"><\/div>\n\t\t\t\t\n\t\t\t\t\t\t\t\t\t\t\t\t\t\t\t\t\t\t<a class=\"fusion-rollover-gallery\" href=\"https:\/\/i0.wp.com\/www.e2.law\/wp-content\/uploads\/2022\/08\/Conflit.png?fit=800%2C800&ssl=1\" data-options=\"\" data-id=\"42673\" data-rel=\"iLightbox[gallery]\" data-title=\"Conflit\" data-caption=\"\">\n\t\t\t\t\t\tGalerie\t\t\t\t\t<\/a>\n\t\t\t\t\t\t\t\t\t\t\t\t\t\t\n\t\t\n\t\t\t\t\t\t\t\t\t\t\t\t<h4 class=\"fusion-rollover-title\">\n\t\t\t\t\t<a class=\"fusion-rollover-title-link\" href=\"https:\/\/www.e2.law\/fr\/2022\/08\/29\/mecanisme-de-resolution-dune-impasse-dans-la-prise-de-decision\/\">\n\t\t\t\t\t\tM\u00e9canismes de r\u00e9solution d&#8217;une impasse dans la prise de d\u00e9cision\t\t\t\t\t<\/a>\n\t\t\t\t<\/h4>\n\t\t\t\n\t\t\t\t\t\t\t\t\t\t<div class=\"fusion-rollover-categories\"><a href=\"https:\/\/www.e2.law\/fr\/category\/gerer-les-conflits\/\" rel=\"tag\">G\u00e9rer les conflits<\/a><\/div>\t\t\t\t\t\n\t\t\n\t\t\t\t\t\t<a class=\"fusion-link-wrapper\" href=\"https:\/\/www.e2.law\/fr\/2022\/08\/29\/mecanisme-de-resolution-dune-impasse-dans-la-prise-de-decision\/\" aria-label=\"M\u00e9canismes de r\u00e9solution d&#8217;une impasse dans la prise de d\u00e9cision\"><\/a>\n\t<\/div>\n<\/div>\n<\/div>\n<\/li>\n\t\t\t\n\t\t\t\n\t\t\t\t\t\t\t\t\t\t\t\t\t\t\t\t\t\t\t\t\t\t\t\t\t\t\t\t\t\t\t\t\t\t\t\t\t\t\t\t\t\t\t\t\t\t\t\t\t\t\t\t\t\t\t\t\t\t\t\t\t\t\t\t\t\t\t\t<\/ul>\n\t<\/div>\n\t<div class=\"fusion-post-content-wrapper\" style=\"padding:30px 25px 20px 25px;\"><div class=\"fusion-post-content post-content\"><div class=\"fusion-timeline-circle\" style=\"background-color:#ebeaea;\"><\/div><div class=\"fusion-timeline-arrow\" style=\"color:#ebeaea;\"><\/div><h2 class=\"blog-shortcode-post-title entry-title\">M\u00e9canismes de r\u00e9solution d&#8217;une impasse dans la prise de d\u00e9cision<\/h2><div class=\"fusion-post-content-container\"><p><\/p><p>Ceci vise les clauses permettant d\u2019assurer aux actionnaires, dont le  [...]<\/p><\/div><\/div><\/div><div class=\"fusion-clearfix\"><\/div><\/div>\n<\/article>\n<article id=\"blog-1-post-42650\" style=\"border-color:#ebeaea;\" class=\"fusion-post-timeline fusion-clearfix fusion-right-column post-42650 post type-post status-publish format-standard has-post-thumbnail hentry category-non-classifiee tag-pacte tag-actionnaire tag-procedure\">\n<div class=\"fusion-post-wrapper\" style=\"background-color:rgba(255,255,255,0);\">\n\n\t\t\t<div class=\"fusion-flexslider flexslider fusion-flexslider-loading fusion-post-slideshow\" style=\"border-color:#ebeaea;\">\n\t\t<ul class=\"slides\">\n\t\t\t\n\t\t\t\t\t\t\t\t\t\t\t\t\t\t<li><div  class=\"fusion-image-wrapper\" aria-haspopup=\"true\">\n\t\t\t\t<img decoding=\"async\" width=\"800\" height=\"800\" src=\"https:\/\/i0.wp.com\/www.e2.law\/wp-content\/uploads\/2022\/02\/Contrat.png?fit=800%2C800&amp;ssl=1\" class=\"attachment-full size-full lazyload wp-post-image\" alt=\"\" srcset=\"data:image\/svg+xml,%3Csvg%20xmlns%3D%27http%3A%2F%2Fwww.w3.org%2F2000%2Fsvg%27%20width%3D%27800%27%20height%3D%27800%27%20viewBox%3D%270%200%20800%20800%27%3E%3Crect%20width%3D%27800%27%20height%3D%27800%27%20fill-opacity%3D%220%22%2F%3E%3C%2Fsvg%3E\" data-orig-src=\"https:\/\/i0.wp.com\/www.e2.law\/wp-content\/uploads\/2022\/02\/Contrat.png?fit=800%2C800&amp;ssl=1\" data-srcset=\"https:\/\/i0.wp.com\/www.e2.law\/wp-content\/uploads\/2022\/02\/Contrat.png?resize=66%2C66&amp;ssl=1 66w, https:\/\/i0.wp.com\/www.e2.law\/wp-content\/uploads\/2022\/02\/Contrat.png?resize=100%2C100&amp;ssl=1 100w, https:\/\/i0.wp.com\/www.e2.law\/wp-content\/uploads\/2022\/02\/Contrat.png?resize=150%2C150&amp;ssl=1 150w, https:\/\/i0.wp.com\/www.e2.law\/wp-content\/uploads\/2022\/02\/Contrat.png?resize=200%2C200&amp;ssl=1 200w, https:\/\/i0.wp.com\/www.e2.law\/wp-content\/uploads\/2022\/02\/Contrat.png?resize=300%2C300&amp;ssl=1 300w, https:\/\/i0.wp.com\/www.e2.law\/wp-content\/uploads\/2022\/02\/Contrat.png?resize=400%2C400&amp;ssl=1 400w, https:\/\/i0.wp.com\/www.e2.law\/wp-content\/uploads\/2022\/02\/Contrat.png?resize=500%2C500&amp;ssl=1 500w, https:\/\/i0.wp.com\/www.e2.law\/wp-content\/uploads\/2022\/02\/Contrat.png?resize=600%2C600&amp;ssl=1 600w, https:\/\/i0.wp.com\/www.e2.law\/wp-content\/uploads\/2022\/02\/Contrat.png?resize=700%2C700&amp;ssl=1 700w, https:\/\/i0.wp.com\/www.e2.law\/wp-content\/uploads\/2022\/02\/Contrat.png?resize=768%2C768&amp;ssl=1 768w, https:\/\/i0.wp.com\/www.e2.law\/wp-content\/uploads\/2022\/02\/Contrat.png?fit=800%2C800&amp;ssl=1 800w\" data-sizes=\"auto\" \/><div class=\"fusion-rollover\">\n\t<div class=\"fusion-rollover-content\">\n\n\t\t\t\t\t\t\t\t\t\t\t\t\t\t<a class=\"fusion-rollover-link\" href=\"https:\/\/www.e2.law\/fr\/2022\/08\/28\/pacte-dactionnaire-droit-applicable-et-juridictions-competentes\/\">Pacte d&#8217;actionnaire : droit applicable et juridictions comp\u00e9tentes<\/a>\n\t\t\t\n\t\t\t\t\t\t\t\t\t\t\t\t\t\t\n\t\t\t\t\t\t\t\t\n\t\t\t\t\t\t\t\t\t\t\t\t\t<div class=\"fusion-rollover-sep\"><\/div>\n\t\t\t\t\n\t\t\t\t\t\t\t\t\t\t\t\t\t\t\t\t\t\t<a class=\"fusion-rollover-gallery\" href=\"https:\/\/i0.wp.com\/www.e2.law\/wp-content\/uploads\/2022\/02\/Contrat.png?fit=800%2C800&ssl=1\" data-options=\"\" data-id=\"42650\" data-rel=\"iLightbox[gallery]\" data-title=\"Contrat\" data-caption=\"\">\n\t\t\t\t\t\tGalerie\t\t\t\t\t<\/a>\n\t\t\t\t\t\t\t\t\t\t\t\t\t\t\n\t\t\n\t\t\t\t\t\t\t\t\t\t\t\t<h4 class=\"fusion-rollover-title\">\n\t\t\t\t\t<a class=\"fusion-rollover-title-link\" href=\"https:\/\/www.e2.law\/fr\/2022\/08\/28\/pacte-dactionnaire-droit-applicable-et-juridictions-competentes\/\">\n\t\t\t\t\t\tPacte d&#8217;actionnaire : droit applicable et juridictions comp\u00e9tentes\t\t\t\t\t<\/a>\n\t\t\t\t<\/h4>\n\t\t\t\n\t\t\t\t\t\t\t\t\t\t<div class=\"fusion-rollover-categories\"><a href=\"https:\/\/www.e2.law\/fr\/category\/non-classifiee\/\" rel=\"tag\">Non classifi\u00e9(e)<\/a><\/div>\t\t\t\t\t\n\t\t\n\t\t\t\t\t\t<a class=\"fusion-link-wrapper\" href=\"https:\/\/www.e2.law\/fr\/2022\/08\/28\/pacte-dactionnaire-droit-applicable-et-juridictions-competentes\/\" aria-label=\"Pacte d&#8217;actionnaire : droit applicable et juridictions comp\u00e9tentes\"><\/a>\n\t<\/div>\n<\/div>\n<\/div>\n<\/li>\n\t\t\t\n\t\t\t\n\t\t\t\t\t\t\t\t\t\t\t\t\t\t\t\t\t\t\t\t\t\t\t\t\t\t\t\t\t\t\t\t\t\t\t\t\t\t\t\t\t\t\t\t\t\t\t\t\t\t\t\t\t\t\t\t\t\t\t\t\t\t\t\t\t\t\t\t<\/ul>\n\t<\/div>\n\t<div class=\"fusion-post-content-wrapper\" style=\"padding:30px 25px 20px 25px;\"><div class=\"fusion-post-content post-content\"><div class=\"fusion-timeline-circle\" style=\"background-color:#ebeaea;\"><\/div><div class=\"fusion-timeline-arrow\" style=\"color:#ebeaea;\"><\/div><h2 class=\"blog-shortcode-post-title entry-title\">Pacte d&#8217;actionnaire : droit applicable et juridictions comp\u00e9tentes<\/h2><div class=\"fusion-post-content-container\"><p> En pratique, dans la majorit\u00e9 des cas, un pacte  [...]<\/p><\/div><\/div><\/div><div class=\"fusion-clearfix\"><\/div><\/div>\n<\/article>\n<\/div><\/div><\/div><div class=\"pagination clearfix\"><span class=\"current\">1<\/span><a href=\"https:\/\/www.e2.law\/fr\/wp-json\/wp\/v2\/pages\/20282\/page\/2\/\" class=\"inactive\">2<\/a><a class=\"pagination-next\" rel=\"next\" href=\"https:\/\/www.e2.law\/fr\/wp-json\/wp\/v2\/pages\/20282\/page\/2\/\"><span class=\"page-text\">Suivant<\/span><span class=\"page-next\"><\/span><\/a><\/div><div class=\"fusion-clearfix\"><\/div><\/div><div class=\"fusion-clearfix\"><\/div><\/div><\/div><\/div><\/div>\n","protected":false},"excerpt":{"rendered":"","protected":false},"author":166,"featured_media":0,"parent":0,"menu_order":0,"comment_status":"closed","ping_status":"closed","template":"","meta":{"_acf_changed":false,"footnotes":""},"class_list":["post-20282","page","type-page","status-publish","hentry"],"acf":[],"yoast_head":"<!-- This site is optimized with the Yoast SEO plugin v27.5 - https:\/\/yoast.com\/product\/yoast-seo-wordpress\/ -->\n<title>Chronologie des alertes - e2.law<\/title>\n<meta name=\"robots\" content=\"index, follow, max-snippet:-1, max-image-preview:large, max-video-preview:-1\" \/>\n<link rel=\"canonical\" href=\"https:\/\/www.e2.law\/fr\/timeline-alert\/\" \/>\n<meta property=\"og:locale\" content=\"fr_FR\" \/>\n<meta property=\"og:type\" content=\"article\" \/>\n<meta property=\"og:title\" content=\"Chronologie des alertes - e2.law\" \/>\n<meta property=\"og:url\" content=\"https:\/\/www.e2.law\/fr\/timeline-alert\/\" \/>\n<meta property=\"og:site_name\" content=\"e2.law\" \/>\n<meta property=\"article:modified_time\" content=\"2020-04-07T10:21:23+00:00\" \/>\n<meta name=\"twitter:card\" content=\"summary_large_image\" \/>\n<meta name=\"twitter:label1\" content=\"Dur\u00e9e de lecture estim\u00e9e\" \/>\n\t<meta name=\"twitter:data1\" content=\"1 minute\" \/>\n<script type=\"application\/ld+json\" class=\"yoast-schema-graph\">{\"@context\":\"https:\\\/\\\/schema.org\",\"@graph\":[{\"@type\":\"WebPage\",\"@id\":\"https:\\\/\\\/www.e2.law\\\/fr\\\/timeline-alert\\\/\",\"url\":\"https:\\\/\\\/www.e2.law\\\/fr\\\/timeline-alert\\\/\",\"name\":\"Chronologie des alertes - e2.law\",\"isPartOf\":{\"@id\":\"https:\\\/\\\/www.e2.law\\\/fr\\\/#website\"},\"datePublished\":\"2019-07-10T14:26:28+00:00\",\"dateModified\":\"2020-04-07T10:21:23+00:00\",\"breadcrumb\":{\"@id\":\"https:\\\/\\\/www.e2.law\\\/fr\\\/timeline-alert\\\/#breadcrumb\"},\"inLanguage\":\"fr-FR\",\"potentialAction\":[{\"@type\":\"ReadAction\",\"target\":[\"https:\\\/\\\/www.e2.law\\\/fr\\\/timeline-alert\\\/\"]}]},{\"@type\":\"BreadcrumbList\",\"@id\":\"https:\\\/\\\/www.e2.law\\\/fr\\\/timeline-alert\\\/#breadcrumb\",\"itemListElement\":[{\"@type\":\"ListItem\",\"position\":1,\"name\":\"Home\",\"item\":\"https:\\\/\\\/www.e2.law\\\/fr\\\/home\\\/\"},{\"@type\":\"ListItem\",\"position\":2,\"name\":\"Chronologie des alertes\"}]},{\"@type\":\"WebSite\",\"@id\":\"https:\\\/\\\/www.e2.law\\\/fr\\\/#website\",\"url\":\"https:\\\/\\\/www.e2.law\\\/fr\\\/\",\"name\":\"e2.law\",\"description\":\"A Business Law Firm\",\"publisher\":{\"@id\":\"https:\\\/\\\/www.e2.law\\\/fr\\\/#organization\"},\"potentialAction\":[{\"@type\":\"SearchAction\",\"target\":{\"@type\":\"EntryPoint\",\"urlTemplate\":\"https:\\\/\\\/www.e2.law\\\/fr\\\/?s={search_term_string}\"},\"query-input\":{\"@type\":\"PropertyValueSpecification\",\"valueRequired\":true,\"valueName\":\"search_term_string\"}}],\"inLanguage\":\"fr-FR\"},{\"@type\":\"Organization\",\"@id\":\"https:\\\/\\\/www.e2.law\\\/fr\\\/#organization\",\"name\":\"E2.law\",\"url\":\"https:\\\/\\\/www.e2.law\\\/fr\\\/\",\"logo\":{\"@type\":\"ImageObject\",\"inLanguage\":\"fr-FR\",\"@id\":\"https:\\\/\\\/www.e2.law\\\/fr\\\/#\\\/schema\\\/logo\\\/image\\\/\",\"url\":\"https:\\\/\\\/www.e2.law\\\/wp-content\\\/uploads\\\/2018\\\/12\\\/logo-2.png\",\"contentUrl\":\"https:\\\/\\\/www.e2.law\\\/wp-content\\\/uploads\\\/2018\\\/12\\\/logo-2.png\",\"width\":152,\"height\":40,\"caption\":\"E2.law\"},\"image\":{\"@id\":\"https:\\\/\\\/www.e2.law\\\/fr\\\/#\\\/schema\\\/logo\\\/image\\\/\"},\"sameAs\":[\"https:\\\/\\\/www.linkedin.com\\\/company\\\/e2.law\"]}]}<\/script>\n<!-- \/ Yoast SEO plugin. -->","yoast_head_json":{"title":"Chronologie des alertes - e2.law","robots":{"index":"index","follow":"follow","max-snippet":"max-snippet:-1","max-image-preview":"max-image-preview:large","max-video-preview":"max-video-preview:-1"},"canonical":"https:\/\/www.e2.law\/fr\/timeline-alert\/","og_locale":"fr_FR","og_type":"article","og_title":"Chronologie des alertes - e2.law","og_url":"https:\/\/www.e2.law\/fr\/timeline-alert\/","og_site_name":"e2.law","article_modified_time":"2020-04-07T10:21:23+00:00","twitter_card":"summary_large_image","twitter_misc":{"Dur\u00e9e de lecture estim\u00e9e":"1 minute"},"schema":{"@context":"https:\/\/schema.org","@graph":[{"@type":"WebPage","@id":"https:\/\/www.e2.law\/fr\/timeline-alert\/","url":"https:\/\/www.e2.law\/fr\/timeline-alert\/","name":"Chronologie des alertes - e2.law","isPartOf":{"@id":"https:\/\/www.e2.law\/fr\/#website"},"datePublished":"2019-07-10T14:26:28+00:00","dateModified":"2020-04-07T10:21:23+00:00","breadcrumb":{"@id":"https:\/\/www.e2.law\/fr\/timeline-alert\/#breadcrumb"},"inLanguage":"fr-FR","potentialAction":[{"@type":"ReadAction","target":["https:\/\/www.e2.law\/fr\/timeline-alert\/"]}]},{"@type":"BreadcrumbList","@id":"https:\/\/www.e2.law\/fr\/timeline-alert\/#breadcrumb","itemListElement":[{"@type":"ListItem","position":1,"name":"Home","item":"https:\/\/www.e2.law\/fr\/home\/"},{"@type":"ListItem","position":2,"name":"Chronologie des alertes"}]},{"@type":"WebSite","@id":"https:\/\/www.e2.law\/fr\/#website","url":"https:\/\/www.e2.law\/fr\/","name":"e2.law","description":"A Business Law Firm","publisher":{"@id":"https:\/\/www.e2.law\/fr\/#organization"},"potentialAction":[{"@type":"SearchAction","target":{"@type":"EntryPoint","urlTemplate":"https:\/\/www.e2.law\/fr\/?s={search_term_string}"},"query-input":{"@type":"PropertyValueSpecification","valueRequired":true,"valueName":"search_term_string"}}],"inLanguage":"fr-FR"},{"@type":"Organization","@id":"https:\/\/www.e2.law\/fr\/#organization","name":"E2.law","url":"https:\/\/www.e2.law\/fr\/","logo":{"@type":"ImageObject","inLanguage":"fr-FR","@id":"https:\/\/www.e2.law\/fr\/#\/schema\/logo\/image\/","url":"https:\/\/www.e2.law\/wp-content\/uploads\/2018\/12\/logo-2.png","contentUrl":"https:\/\/www.e2.law\/wp-content\/uploads\/2018\/12\/logo-2.png","width":152,"height":40,"caption":"E2.law"},"image":{"@id":"https:\/\/www.e2.law\/fr\/#\/schema\/logo\/image\/"},"sameAs":["https:\/\/www.linkedin.com\/company\/e2.law"]}]}},"jetpack_sharing_enabled":true,"_links":{"self":[{"href":"https:\/\/www.e2.law\/fr\/wp-json\/wp\/v2\/pages\/20282","targetHints":{"allow":["GET"]}}],"collection":[{"href":"https:\/\/www.e2.law\/fr\/wp-json\/wp\/v2\/pages"}],"about":[{"href":"https:\/\/www.e2.law\/fr\/wp-json\/wp\/v2\/types\/page"}],"author":[{"embeddable":true,"href":"https:\/\/www.e2.law\/fr\/wp-json\/wp\/v2\/users\/166"}],"replies":[{"embeddable":true,"href":"https:\/\/www.e2.law\/fr\/wp-json\/wp\/v2\/comments?post=20282"}],"version-history":[{"count":0,"href":"https:\/\/www.e2.law\/fr\/wp-json\/wp\/v2\/pages\/20282\/revisions"}],"wp:attachment":[{"href":"https:\/\/www.e2.law\/fr\/wp-json\/wp\/v2\/media?parent=20282"}],"curies":[{"name":"wp","href":"https:\/\/api.w.org\/{rel}","templated":true}]}}