{"id":30419,"date":"2021-04-26T17:27:26","date_gmt":"2021-04-26T15:27:26","guid":{"rendered":"https:\/\/www.e2.law\/?post_type=proceedings&#038;p=30419"},"modified":"2021-04-26T17:27:26","modified_gmt":"2021-04-26T15:27:26","slug":"procedure-en-responsabilite-pour-faute-grave","status":"publish","type":"proceedings","link":"https:\/\/www.e2.law\/fr\/proceedings\/procedure-en-responsabilite-pour-faute-grave\/","title":{"rendered":"Proc\u00e9dure en responsabilit\u00e9 pour faute grave"},"content":{"rendered":"<ol>\n<li>Si\u00e8ge de la mati\u00e8re:\u00a0 (<a href=\"https:\/\/www.ejustice.just.fgov.be\/cgi_loi\/loi_a1.pl?language=fr&amp;la=F&amp;cn=2013022819&amp;table_name=loi&amp;&amp;caller=list&amp;F&amp;fromtab=loi&amp;tri=dd+AS+RANK&amp;rech=1&amp;numero=1&amp;sql=(text+contains+(%27%27))#Art.XX.225\"> XX.225<\/a>)<a href=\"#_ftn1\" name=\"_ftnref1\"><strong>[1]<\/strong><\/a><\/li>\n<\/ol>\n<ul>\n<li><u>Contre<\/u> : tout dirigeant de personnes morales qui ont commis une faute grave et caract\u00e9ris\u00e9e<a href=\"#_ftn2\" name=\"_ftnref2\">[2]<\/a>.<\/li>\n<\/ul>\n<p><em>Exception pour les petites entreprises, c\u2019est-\u00e0-dire une entreprise qui au cours des trois exercices qui pr\u00e9c\u00e8dent la faillite, un chiffre d\u2019affaires moyen inf\u00e9rieur \u00e0 620.000 euros HTVA et lorsque le total du bilan du dernier exercice n\u2019a pas d\u00e9pass\u00e9 370.000 euros.<\/em><\/p>\n<p>Il y a lieu d\u2019entendre par faute grave \u00ab\u00a0celle qu\u2019un dirigeant raisonnablement prudent et diligent n\u2019aurait pas commise et qui heurte les normes essentielles \u00e0 la vie en soci\u00e9t\u00e9\u00a0\u00bb. La faute grave doit \u00eatre caract\u00e9ris\u00e9e, \u00ab\u00a0l\u2019acte incrimin\u00e9 doit pouvoir \u00eatre per\u00e7u comme gravement fautif par tout homme raisonnable\u00a0\u00bb<a href=\"#_ftn3\" name=\"_ftnref3\">[3]<\/a>.<\/p>\n<ul>\n<li><u>Peut \u00eatre introduite par<\/u>: un cr\u00e9ancier l\u00e9s\u00e9 ou le curateur.<\/li>\n<li><\/li>\n<\/ul>\n<p><a href=\"#_ftnref1\" name=\"_ftn1\">[1]<\/a> Brijs, S., De Smet, K. et Jacmain, S., \u00ab Responsabilit\u00e9 des administrateurs et interdiction professionnelle dans le droit des faillites r\u00e9form\u00e9 \u00bb, In foro, 2018\/1, n\u00b0 58, p. 6-16 (DLEX)<\/p>\n<p><a href=\"#_ftnref2\" name=\"_ftn2\"><\/a>\u00a0<a href=\"#_ftnref3\" name=\"_ftn3\">[3]<\/a> Goffin, J.-F., \u00ab Chapitre 8 &#8211; La responsabilit\u00e9 des dirigeants dans l\u2019entreprise en difficult\u00e9 et en faillite \u00bb in Responsabilit\u00e9s des dirigeants de soci\u00e9t\u00e9s, 3e \u00e9dition, Bruxelles, Larcier, 2012, p. 264<\/p>\n","protected":false},"featured_media":0,"template":"","categories":[141],"tags":[],"class_list":["post-30419","proceedings","type-proceedings","status-publish","hentry","category-non-classifiee"],"acf":[],"yoast_head":"<!-- This site is optimized with the Yoast SEO plugin v27.5 - https:\/\/yoast.com\/product\/yoast-seo-wordpress\/ -->\n<title>Proc\u00e9dure en responsabilit\u00e9 pour faute grave - e2.law<\/title>\n<meta name=\"robots\" content=\"index, follow, max-snippet:-1, max-image-preview:large, max-video-preview:-1\" \/>\n<link rel=\"canonical\" href=\"https:\/\/www.e2.law\/fr\/proceedings\/procedure-en-responsabilite-pour-faute-grave\/\" \/>\n<meta property=\"og:locale\" content=\"fr_FR\" \/>\n<meta property=\"og:type\" content=\"article\" \/>\n<meta property=\"og:title\" content=\"Proc\u00e9dure en responsabilit\u00e9 pour faute grave - e2.law\" \/>\n<meta property=\"og:description\" content=\"Si\u00e8ge de la mati\u00e8re:\u00a0 ( XX.225)[1] Contre : tout dirigeant de personnes morales qui ont commis une faute grave et caract\u00e9ris\u00e9e[2]. Exception pour les petites entreprises, c\u2019est-\u00e0-dire une entreprise qui au cours des trois exercices qui pr\u00e9c\u00e8dent la faillite, un chiffre d\u2019affaires moyen inf\u00e9rieur \u00e0 620.000 euros HTVA et lorsque le total du bilan du dernier  [...]\" \/>\n<meta property=\"og:url\" content=\"https:\/\/www.e2.law\/fr\/proceedings\/procedure-en-responsabilite-pour-faute-grave\/\" \/>\n<meta property=\"og:site_name\" content=\"e2.law\" \/>\n<meta name=\"twitter:card\" content=\"summary_large_image\" \/>\n<meta name=\"twitter:label1\" content=\"Dur\u00e9e de lecture estim\u00e9e\" \/>\n\t<meta name=\"twitter:data1\" content=\"1 minute\" \/>\n<script type=\"application\/ld+json\" class=\"yoast-schema-graph\">{\"@context\":\"https:\\\/\\\/schema.org\",\"@graph\":[{\"@type\":\"WebPage\",\"@id\":\"https:\\\/\\\/www.e2.law\\\/fr\\\/proceedings\\\/procedure-en-responsabilite-pour-faute-grave\\\/\",\"url\":\"https:\\\/\\\/www.e2.law\\\/fr\\\/proceedings\\\/procedure-en-responsabilite-pour-faute-grave\\\/\",\"name\":\"Proc\u00e9dure en responsabilit\u00e9 pour faute grave - e2.law\",\"isPartOf\":{\"@id\":\"https:\\\/\\\/www.e2.law\\\/fr\\\/#website\"},\"datePublished\":\"2021-04-26T15:27:26+00:00\",\"breadcrumb\":{\"@id\":\"https:\\\/\\\/www.e2.law\\\/fr\\\/proceedings\\\/procedure-en-responsabilite-pour-faute-grave\\\/#breadcrumb\"},\"inLanguage\":\"fr-FR\",\"potentialAction\":[{\"@type\":\"ReadAction\",\"target\":[\"https:\\\/\\\/www.e2.law\\\/fr\\\/proceedings\\\/procedure-en-responsabilite-pour-faute-grave\\\/\"]}]},{\"@type\":\"BreadcrumbList\",\"@id\":\"https:\\\/\\\/www.e2.law\\\/fr\\\/proceedings\\\/procedure-en-responsabilite-pour-faute-grave\\\/#breadcrumb\",\"itemListElement\":[{\"@type\":\"ListItem\",\"position\":1,\"name\":\"Home\",\"item\":\"https:\\\/\\\/www.e2.law\\\/fr\\\/home\\\/\"},{\"@type\":\"ListItem\",\"position\":2,\"name\":\"Proc\u00e9dure en responsabilit\u00e9 pour faute grave\"}]},{\"@type\":\"WebSite\",\"@id\":\"https:\\\/\\\/www.e2.law\\\/fr\\\/#website\",\"url\":\"https:\\\/\\\/www.e2.law\\\/fr\\\/\",\"name\":\"e2.law\",\"description\":\"A Business Law Firm\",\"publisher\":{\"@id\":\"https:\\\/\\\/www.e2.law\\\/fr\\\/#organization\"},\"potentialAction\":[{\"@type\":\"SearchAction\",\"target\":{\"@type\":\"EntryPoint\",\"urlTemplate\":\"https:\\\/\\\/www.e2.law\\\/fr\\\/?s={search_term_string}\"},\"query-input\":{\"@type\":\"PropertyValueSpecification\",\"valueRequired\":true,\"valueName\":\"search_term_string\"}}],\"inLanguage\":\"fr-FR\"},{\"@type\":\"Organization\",\"@id\":\"https:\\\/\\\/www.e2.law\\\/fr\\\/#organization\",\"name\":\"E2.law\",\"url\":\"https:\\\/\\\/www.e2.law\\\/fr\\\/\",\"logo\":{\"@type\":\"ImageObject\",\"inLanguage\":\"fr-FR\",\"@id\":\"https:\\\/\\\/www.e2.law\\\/fr\\\/#\\\/schema\\\/logo\\\/image\\\/\",\"url\":\"https:\\\/\\\/www.e2.law\\\/wp-content\\\/uploads\\\/2018\\\/12\\\/logo-2.png\",\"contentUrl\":\"https:\\\/\\\/www.e2.law\\\/wp-content\\\/uploads\\\/2018\\\/12\\\/logo-2.png\",\"width\":152,\"height\":40,\"caption\":\"E2.law\"},\"image\":{\"@id\":\"https:\\\/\\\/www.e2.law\\\/fr\\\/#\\\/schema\\\/logo\\\/image\\\/\"},\"sameAs\":[\"https:\\\/\\\/www.linkedin.com\\\/company\\\/e2.law\"]}]}<\/script>\n<!-- \/ Yoast SEO plugin. -->","yoast_head_json":{"title":"Proc\u00e9dure en responsabilit\u00e9 pour faute grave - e2.law","robots":{"index":"index","follow":"follow","max-snippet":"max-snippet:-1","max-image-preview":"max-image-preview:large","max-video-preview":"max-video-preview:-1"},"canonical":"https:\/\/www.e2.law\/fr\/proceedings\/procedure-en-responsabilite-pour-faute-grave\/","og_locale":"fr_FR","og_type":"article","og_title":"Proc\u00e9dure en responsabilit\u00e9 pour faute grave - e2.law","og_description":"Si\u00e8ge de la mati\u00e8re:\u00a0 ( XX.225)[1] Contre : tout dirigeant de personnes morales qui ont commis une faute grave et caract\u00e9ris\u00e9e[2]. Exception pour les petites entreprises, c\u2019est-\u00e0-dire une entreprise qui au cours des trois exercices qui pr\u00e9c\u00e8dent la faillite, un chiffre d\u2019affaires moyen inf\u00e9rieur \u00e0 620.000 euros HTVA et lorsque le total du bilan du dernier  [...]","og_url":"https:\/\/www.e2.law\/fr\/proceedings\/procedure-en-responsabilite-pour-faute-grave\/","og_site_name":"e2.law","twitter_card":"summary_large_image","twitter_misc":{"Dur\u00e9e de lecture estim\u00e9e":"1 minute"},"schema":{"@context":"https:\/\/schema.org","@graph":[{"@type":"WebPage","@id":"https:\/\/www.e2.law\/fr\/proceedings\/procedure-en-responsabilite-pour-faute-grave\/","url":"https:\/\/www.e2.law\/fr\/proceedings\/procedure-en-responsabilite-pour-faute-grave\/","name":"Proc\u00e9dure en responsabilit\u00e9 pour faute grave - e2.law","isPartOf":{"@id":"https:\/\/www.e2.law\/fr\/#website"},"datePublished":"2021-04-26T15:27:26+00:00","breadcrumb":{"@id":"https:\/\/www.e2.law\/fr\/proceedings\/procedure-en-responsabilite-pour-faute-grave\/#breadcrumb"},"inLanguage":"fr-FR","potentialAction":[{"@type":"ReadAction","target":["https:\/\/www.e2.law\/fr\/proceedings\/procedure-en-responsabilite-pour-faute-grave\/"]}]},{"@type":"BreadcrumbList","@id":"https:\/\/www.e2.law\/fr\/proceedings\/procedure-en-responsabilite-pour-faute-grave\/#breadcrumb","itemListElement":[{"@type":"ListItem","position":1,"name":"Home","item":"https:\/\/www.e2.law\/fr\/home\/"},{"@type":"ListItem","position":2,"name":"Proc\u00e9dure en responsabilit\u00e9 pour faute grave"}]},{"@type":"WebSite","@id":"https:\/\/www.e2.law\/fr\/#website","url":"https:\/\/www.e2.law\/fr\/","name":"e2.law","description":"A Business Law Firm","publisher":{"@id":"https:\/\/www.e2.law\/fr\/#organization"},"potentialAction":[{"@type":"SearchAction","target":{"@type":"EntryPoint","urlTemplate":"https:\/\/www.e2.law\/fr\/?s={search_term_string}"},"query-input":{"@type":"PropertyValueSpecification","valueRequired":true,"valueName":"search_term_string"}}],"inLanguage":"fr-FR"},{"@type":"Organization","@id":"https:\/\/www.e2.law\/fr\/#organization","name":"E2.law","url":"https:\/\/www.e2.law\/fr\/","logo":{"@type":"ImageObject","inLanguage":"fr-FR","@id":"https:\/\/www.e2.law\/fr\/#\/schema\/logo\/image\/","url":"https:\/\/www.e2.law\/wp-content\/uploads\/2018\/12\/logo-2.png","contentUrl":"https:\/\/www.e2.law\/wp-content\/uploads\/2018\/12\/logo-2.png","width":152,"height":40,"caption":"E2.law"},"image":{"@id":"https:\/\/www.e2.law\/fr\/#\/schema\/logo\/image\/"},"sameAs":["https:\/\/www.linkedin.com\/company\/e2.law"]}]}},"jetpack_sharing_enabled":true,"_links":{"self":[{"href":"https:\/\/www.e2.law\/fr\/wp-json\/wp\/v2\/proceedings\/30419","targetHints":{"allow":["GET"]}}],"collection":[{"href":"https:\/\/www.e2.law\/fr\/wp-json\/wp\/v2\/proceedings"}],"about":[{"href":"https:\/\/www.e2.law\/fr\/wp-json\/wp\/v2\/types\/proceedings"}],"wp:attachment":[{"href":"https:\/\/www.e2.law\/fr\/wp-json\/wp\/v2\/media?parent=30419"}],"wp:term":[{"taxonomy":"category","embeddable":true,"href":"https:\/\/www.e2.law\/fr\/wp-json\/wp\/v2\/categories?post=30419"},{"taxonomy":"post_tag","embeddable":true,"href":"https:\/\/www.e2.law\/fr\/wp-json\/wp\/v2\/tags?post=30419"}],"curies":[{"name":"wp","href":"https:\/\/api.w.org\/{rel}","templated":true}]}}