{"id":32287,"date":"2021-12-08T10:43:58","date_gmt":"2021-12-08T08:43:58","guid":{"rendered":"https:\/\/www.e2.law\/?post_type=proceedings&#038;p=32287"},"modified":"2024-05-07T12:10:22","modified_gmt":"2024-05-07T10:10:22","slug":"la-procedure-en-rectification-des-decisions-de-justice","status":"publish","type":"proceedings","link":"https:\/\/www.e2.law\/fr\/proceedings\/la-procedure-en-rectification-des-decisions-de-justice\/","title":{"rendered":"La proc\u00e9dure en rectification des d\u00e9cisions de justice"},"content":{"rendered":"<div class=\"fusion-fullwidth fullwidth-box fusion-builder-row-1 fusion-flex-container nonhundred-percent-fullwidth non-hundred-percent-height-scrolling\" style=\"--awb-border-radius-top-left:0px;--awb-border-radius-top-right:0px;--awb-border-radius-bottom-right:0px;--awb-border-radius-bottom-left:0px;--awb-flex-wrap:wrap;\" ><div class=\"fusion-builder-row fusion-row fusion-flex-align-items-flex-start fusion-flex-content-wrap\" style=\"max-width:1144px;margin-left: calc(-4% \/ 2 );margin-right: calc(-4% \/ 2 );\"><div class=\"fusion-layout-column fusion_builder_column fusion-builder-column-0 fusion_builder_column_1_1 1_1 fusion-flex-column\" style=\"--awb-bg-size:cover;--awb-width-large:100%;--awb-margin-top-large:0px;--awb-spacing-right-large:1.92%;--awb-margin-bottom-large:0px;--awb-spacing-left-large:1.92%;--awb-width-medium:100%;--awb-spacing-right-medium:1.92%;--awb-spacing-left-medium:1.92%;--awb-width-small:100%;--awb-spacing-right-small:1.92%;--awb-spacing-left-small:1.92%;\"><div class=\"fusion-column-wrapper fusion-flex-justify-content-flex-start fusion-content-layout-column\"><div class=\"fusion-text fusion-text-1\"><p><a href=\"https:\/\/www.ejustice.just.fgov.be\/cgi_loi\/loi_a1.pl?language=fr&amp;la=F&amp;table_name=loi&amp;cn=1967101004&amp;&amp;caller=list&amp;F&amp;fromtab=loi&amp;tri=dd+AS+RANK&amp;rech=1&amp;numero=1&amp;sql=(text+contains+(%27%27))#Art.794\">L\u2019article 794 du Code judiciaire<\/a> permet au juge qui a commis une erreur de calcul ou mat\u00e9rielle manifeste ou toute lacune manifeste (autre qu\u2019omission de statuer sur un chef de demande) de rectifier la d\u00e9cision rendue.<\/p>\n<blockquote>\n<p>Exemple de lacune manifeste : un juge oublie un mot ou omet de reproduire dans le dispositif un montant sur lequel il a statu\u00e9 dans les motifs du jugement.<\/p>\n<\/blockquote>\n<p><span class=\"e2_law_shortcode_input1438955786\"><div class=\"rcp_restricted\"><p>This content is restricted to subscribers<\/p>\n<\/div><\/span><\/p>\n<\/div><div class=\"accordian fusion-accordian\" style=\"--awb-border-size:1px;--awb-icon-size:13px;--awb-content-font-size:16px;--awb-icon-alignment:left;--awb-hover-color:#f9f9f9;--awb-border-color:#cccccc;--awb-background-color:#ffffff;--awb-divider-color:#e0dede;--awb-divider-hover-color:#e0dede;--awb-icon-color:#ffffff;--awb-title-color:#333333;--awb-content-color:#747474;--awb-icon-box-color:#333333;--awb-toggle-hover-accent-color:#0da74c;--awb-title-font-family:&quot;Roboto Slab&quot;;--awb-title-font-weight:300;--awb-title-font-style:normal;--awb-title-font-size:14px;--awb-content-font-family:&quot;PT Sans&quot;;--awb-content-font-style:normal;--awb-content-font-weight:400;\"><div class=\"panel-group fusion-toggle-icon-boxed\" id=\"accordion-32287-1\"><div class=\"fusion-panel panel-default panel-fa37fabef9eb668e6 fusion-toggle-has-divider\"><div class=\"panel-heading\"><h4 class=\"panel-title toggle\" id=\"toggle_fa37fabef9eb668e6\"><a aria-expanded=\"false\" aria-controls=\"fa37fabef9eb668e6\" role=\"button\" data-toggle=\"collapse\" data-parent=\"#accordion-32287-1\" data-target=\"#fa37fabef9eb668e6\" href=\"#fa37fabef9eb668e6\"><span class=\"fusion-toggle-icon-wrapper\" aria-hidden=\"true\"><i class=\"fa-fusion-box active-icon awb-icon-minus\" aria-hidden=\"true\"><\/i><i class=\"fa-fusion-box inactive-icon awb-icon-plus\" aria-hidden=\"true\"><\/i><\/span><span class=\"fusion-toggle-heading\">Juridiction comp\u00e9tente<\/span><\/a><\/h4><\/div><div id=\"fa37fabef9eb668e6\" class=\"panel-collapse collapse \" aria-labelledby=\"toggle_fa37fabef9eb668e6\"><div class=\"panel-body toggle-content fusion-clearfix\">\n<p>Le juge qui a rendu la d\u00e9cision, ou la juridiction \u00e0 laquelle la d\u00e9cision est d\u00e9f\u00e9r\u00e9e (<a href=\"https:\/\/www.ejustice.just.fgov.be\/cgi_loi\/loi_a1.pl?language=fr&amp;la=F&amp;table_name=loi&amp;cn=1967101004&amp;&amp;caller=list&amp;F&amp;fromtab=loi&amp;tri=dd+AS+RANK&amp;rech=1&amp;numero=1&amp;sql=(text+contains+(%27%27))#Art.795\">article 795<\/a>).<\/p>\n<\/div><\/div><\/div><div class=\"fusion-panel panel-default panel-fa0075adb1fb511b9 fusion-toggle-has-divider\"><div class=\"panel-heading\"><h4 class=\"panel-title toggle\" id=\"toggle_fa0075adb1fb511b9\"><a aria-expanded=\"false\" aria-controls=\"fa0075adb1fb511b9\" role=\"button\" data-toggle=\"collapse\" data-parent=\"#accordion-32287-1\" data-target=\"#fa0075adb1fb511b9\" href=\"#fa0075adb1fb511b9\"><span class=\"fusion-toggle-icon-wrapper\" aria-hidden=\"true\"><i class=\"fa-fusion-box active-icon awb-icon-minus\" aria-hidden=\"true\"><\/i><i class=\"fa-fusion-box inactive-icon awb-icon-plus\" aria-hidden=\"true\"><\/i><\/span><span class=\"fusion-toggle-heading\">Conditions de forme<\/span><\/a><\/h4><\/div><div id=\"fa0075adb1fb511b9\" class=\"panel-collapse collapse \" aria-labelledby=\"toggle_fa0075adb1fb511b9\"><div class=\"panel-body toggle-content fusion-clearfix\">\n<ul>\n<li><strong>Mode d\u2019introduction<\/strong>. Introduite soit par requ\u00eate contradictoire (<a href=\"https:\/\/www.ejustice.just.fgov.be\/cgi_loi\/loi_a1.pl?language=fr&amp;la=F&amp;table_name=loi&amp;cn=1967101004&amp;&amp;caller=list&amp;F&amp;fromtab=loi&amp;tri=dd+AS+RANK&amp;rech=1&amp;numero=1&amp;sql=(text+contains+(%27%27))#Art.1034bis\">article 1034bis<\/a> et article <a href=\"https:\/\/www.ejustice.just.fgov.be\/cgi_loi\/loi_a1.pl?language=fr&amp;la=F&amp;table_name=loi&amp;cn=1967101004&amp;&amp;caller=list&amp;F&amp;fromtab=loi&amp;tri=dd+AS+RANK&amp;rech=1&amp;numero=1&amp;sql=(text+contains+(%27%27))#Art.1034sexies\">1034sexies<\/a>), soit par requ\u00eate conjointe (<a href=\"https:\/\/www.ejustice.just.fgov.be\/cgi_loi\/loi_a1.pl?language=fr&amp;la=F&amp;table_name=loi&amp;cn=1967101004&amp;&amp;caller=list&amp;F&amp;fromtab=loi&amp;tri=dd+AS+RANK&amp;rech=1&amp;numero=1&amp;sql=(text+contains+(%27%27))#Art.706\">article 706<\/a>) (<a href=\"https:\/\/www.ejustice.just.fgov.be\/cgi_loi\/loi_a1.pl?language=fr&amp;la=F&amp;table_name=loi&amp;cn=1967101004&amp;&amp;caller=list&amp;F&amp;fromtab=loi&amp;tri=dd+AS+RANK&amp;rech=1&amp;numero=1&amp;sql=(text+contains+(%27%27))#Art.796\">article 796<\/a>).Le juge peut \u00e9galement d\u00e9cider rectifier d\u2019office la d\u00e9cision.<\/li>\n<li><strong>Consignation d\u2019une somme d\u2019argent au greffe<\/strong>. Le demandeur doit consigner le montant des frais et d\u00e9pens au greffe. Si la d\u00e9cision est accueillie, la somme consign\u00e9e est restitu\u00e9e au demandeur.Dans le cas contraire, les frais et d\u00e9pens peuvent \u00eatre mis en tout ou en partie \u00e0 charge du demandeur et son pr\u00e9lev\u00e9s sur le montant consign\u00e9 (article 801).<\/li>\n<\/ul>\n<\/div><\/div><\/div><div class=\"fusion-panel panel-default panel-3798f7c5f441cac2b fusion-toggle-has-divider\"><div class=\"panel-heading\"><h4 class=\"panel-title toggle\" id=\"toggle_3798f7c5f441cac2b\"><a aria-expanded=\"false\" aria-controls=\"3798f7c5f441cac2b\" role=\"button\" data-toggle=\"collapse\" data-parent=\"#accordion-32287-1\" data-target=\"#3798f7c5f441cac2b\" href=\"#3798f7c5f441cac2b\"><span class=\"fusion-toggle-icon-wrapper\" aria-hidden=\"true\"><i class=\"fa-fusion-box active-icon awb-icon-minus\" aria-hidden=\"true\"><\/i><i class=\"fa-fusion-box inactive-icon awb-icon-plus\" aria-hidden=\"true\"><\/i><\/span><span class=\"fusion-toggle-heading\">Conditions de fond<\/span><\/a><\/h4><\/div><div id=\"3798f7c5f441cac2b\" class=\"panel-collapse collapse \" aria-labelledby=\"toggle_3798f7c5f441cac2b\"><div class=\"panel-body toggle-content fusion-clearfix\">\n<p>La d\u00e9cision ne doit pas d\u00e9j\u00e0 avoir fait l\u2019objet d\u2019une rectification.<\/p>\n<\/div><\/div><\/div><div class=\"fusion-panel panel-default panel-236580d1cba6928b2 fusion-toggle-has-divider\"><div class=\"panel-heading\"><h4 class=\"panel-title toggle\" id=\"toggle_236580d1cba6928b2\"><a aria-expanded=\"false\" aria-controls=\"236580d1cba6928b2\" role=\"button\" data-toggle=\"collapse\" data-parent=\"#accordion-32287-1\" data-target=\"#236580d1cba6928b2\" href=\"#236580d1cba6928b2\"><span class=\"fusion-toggle-icon-wrapper\" aria-hidden=\"true\"><i class=\"fa-fusion-box active-icon awb-icon-minus\" aria-hidden=\"true\"><\/i><i class=\"fa-fusion-box inactive-icon awb-icon-plus\" aria-hidden=\"true\"><\/i><\/span><span class=\"fusion-toggle-heading\">D\u00e9lais<\/span><\/a><\/h4><\/div><div id=\"236580d1cba6928b2\" class=\"panel-collapse collapse \" aria-labelledby=\"toggle_236580d1cba6928b2\"><div class=\"panel-body toggle-content fusion-clearfix\">\n<p>Pas de d\u00e9lai maximum, le juge peut toujours intervenir, m\u00eame lorsque la d\u00e9cision est pass\u00e9e en force de chose jug\u00e9e.<\/p>\n<p>Le juge ne peut n\u00e9anmoins plus rectifier une d\u00e9cision qui a \u00e9t\u00e9 entreprise (<a href=\"https:\/\/www.ejustice.just.fgov.be\/cgi_loi\/loi_a1.pl?language=fr&amp;la=F&amp;table_name=loi&amp;cn=1967101004&amp;&amp;caller=list&amp;F&amp;fromtab=loi&amp;tri=dd+AS+RANK&amp;rech=1&amp;numero=1&amp;sql=(text+contains+(%27%27))#Art.799\">article 799<\/a>).<\/p>\n<\/div><\/div><\/div><div class=\"fusion-panel panel-default panel-abea6832e79e887d2 fusion-toggle-has-divider\"><div class=\"panel-heading\"><h4 class=\"panel-title toggle\" id=\"toggle_abea6832e79e887d2\"><a aria-expanded=\"false\" aria-controls=\"abea6832e79e887d2\" role=\"button\" data-toggle=\"collapse\" data-parent=\"#accordion-32287-1\" data-target=\"#abea6832e79e887d2\" href=\"#abea6832e79e887d2\"><span class=\"fusion-toggle-icon-wrapper\" aria-hidden=\"true\"><i class=\"fa-fusion-box active-icon awb-icon-minus\" aria-hidden=\"true\"><\/i><i class=\"fa-fusion-box inactive-icon awb-icon-plus\" aria-hidden=\"true\"><\/i><\/span><span class=\"fusion-toggle-heading\">Comparution des parties<\/span><\/a><\/h4><\/div><div id=\"abea6832e79e887d2\" class=\"panel-collapse collapse \" aria-labelledby=\"toggle_abea6832e79e887d2\"><div class=\"panel-body toggle-content fusion-clearfix\">\n<p>Aucune disposition du Code judiciaire ne pr\u00e9voit d\u2019obligation pour le juge d\u2019entendre les parties.<\/p>\n<p>Le juge peut convoquer les parties pour les entendre mais n&#8217;y est pas oblig\u00e9.<\/p>\n<\/div><\/div><\/div><div class=\"fusion-panel panel-default panel-9569979e2f67e9f08 fusion-toggle-has-divider\"><div class=\"panel-heading\"><h4 class=\"panel-title toggle\" id=\"toggle_9569979e2f67e9f08\"><a aria-expanded=\"false\" aria-controls=\"9569979e2f67e9f08\" role=\"button\" data-toggle=\"collapse\" data-parent=\"#accordion-32287-1\" data-target=\"#9569979e2f67e9f08\" href=\"#9569979e2f67e9f08\"><span class=\"fusion-toggle-icon-wrapper\" aria-hidden=\"true\"><i class=\"fa-fusion-box active-icon awb-icon-minus\" aria-hidden=\"true\"><\/i><i class=\"fa-fusion-box inactive-icon awb-icon-plus\" aria-hidden=\"true\"><\/i><\/span><span class=\"fusion-toggle-heading\">D\u00e9cision rendue<\/span><\/a><\/h4><\/div><div id=\"9569979e2f67e9f08\" class=\"panel-collapse collapse \" aria-labelledby=\"toggle_9569979e2f67e9f08\"><div class=\"panel-body toggle-content fusion-clearfix\">\n<p>La d\u00e9cision rectificative est mentionn\u00e9e en marge de la d\u00e9cision initiale (<a href=\"https:\/\/www.ejustice.just.fgov.be\/cgi_loi\/loi_a1.pl?language=fr&amp;la=F&amp;table_name=loi&amp;cn=1967101004&amp;&amp;caller=list&amp;F&amp;fromtab=loi&amp;tri=dd+AS+RANK&amp;rech=1&amp;numero=1&amp;sql=(text+contains+(%27%27))#Art.800\">article 800<\/a>).<\/p>\n<\/div><\/div><\/div><div class=\"fusion-panel panel-default panel-f177dd64466c7301a fusion-toggle-has-divider\"><div class=\"panel-heading\"><h4 class=\"panel-title toggle\" id=\"toggle_f177dd64466c7301a\"><a aria-expanded=\"false\" aria-controls=\"f177dd64466c7301a\" role=\"button\" data-toggle=\"collapse\" data-parent=\"#accordion-32287-1\" data-target=\"#f177dd64466c7301a\" href=\"#f177dd64466c7301a\"><span class=\"fusion-toggle-icon-wrapper\" aria-hidden=\"true\"><i class=\"fa-fusion-box active-icon awb-icon-minus\" aria-hidden=\"true\"><\/i><i class=\"fa-fusion-box inactive-icon awb-icon-plus\" aria-hidden=\"true\"><\/i><\/span><span class=\"fusion-toggle-heading\">Recours contre la d\u00e9cision rectificatrice<\/span><\/a><\/h4><\/div><div id=\"f177dd64466c7301a\" class=\"panel-collapse collapse \" aria-labelledby=\"toggle_f177dd64466c7301a\"><div class=\"panel-body toggle-content fusion-clearfix\">\n<p>La d\u00e9cision initiale et la d\u00e9cision r\u00e9paratrice sont li\u00e9es. Si la d\u00e9cision initiale \u00e9tait susceptible d\u2019appel, la d\u00e9cision r\u00e9paratrice le sera aussi, quand bien m\u00eame la premi\u00e8re serait pass\u00e9e en force de chose jug\u00e9e avant que la deuxi\u00e8me ne soit rendue.<\/p>\n<p>A l\u2019inverse, si la d\u00e9cision initiale \u00e9tait pass\u00e9e en force de chose jug\u00e9e, la d\u00e9cision r\u00e9paratrice sera elle aussi d\u00e9finitive.<\/p>\n<\/div><\/div><\/div><\/div><\/div><\/div><\/div><\/div><\/div>\n","protected":false},"featured_media":0,"template":"","categories":[141],"tags":[1376],"class_list":["post-32287","proceedings","type-proceedings","status-publish","hentry","category-non-classifiee","tag-procedure"],"acf":[],"yoast_head":"<!-- This site is optimized with the Yoast SEO plugin v27.5 - https:\/\/yoast.com\/product\/yoast-seo-wordpress\/ -->\n<title>La proc\u00e9dure en rectification des d\u00e9cisions de justice - e2.law<\/title>\n<meta name=\"description\" content=\"L\u2019article 794 du Code judiciaire permet au juge qui a commis une erreur de calcul, une erreur mat\u00e9rielle manifeste ou toute lacune manifeste de rectifier la d\u00e9cision rendue.\" \/>\n<meta name=\"robots\" content=\"index, follow, max-snippet:-1, max-image-preview:large, max-video-preview:-1\" \/>\n<link rel=\"canonical\" href=\"https:\/\/www.e2.law\/fr\/proceedings\/la-procedure-en-rectification-des-decisions-de-justice\/\" \/>\n<meta property=\"og:locale\" content=\"fr_FR\" \/>\n<meta property=\"og:type\" content=\"article\" \/>\n<meta property=\"og:title\" content=\"La proc\u00e9dure en rectification des d\u00e9cisions de justice - e2.law\" \/>\n<meta property=\"og:description\" content=\"L\u2019article 794 du Code judiciaire permet au juge qui a commis une erreur de calcul, une erreur mat\u00e9rielle manifeste ou toute lacune manifeste de rectifier la d\u00e9cision rendue.\" \/>\n<meta property=\"og:url\" content=\"https:\/\/www.e2.law\/fr\/proceedings\/la-procedure-en-rectification-des-decisions-de-justice\/\" \/>\n<meta property=\"og:site_name\" content=\"e2.law\" \/>\n<meta property=\"article:modified_time\" content=\"2024-05-07T10:10:22+00:00\" \/>\n<meta name=\"twitter:card\" content=\"summary_large_image\" \/>\n<meta name=\"twitter:label1\" content=\"Dur\u00e9e de lecture estim\u00e9e\" \/>\n\t<meta name=\"twitter:data1\" content=\"2 minutes\" \/>\n<script type=\"application\/ld+json\" class=\"yoast-schema-graph\">{\"@context\":\"https:\\\/\\\/schema.org\",\"@graph\":[{\"@type\":\"WebPage\",\"@id\":\"https:\\\/\\\/www.e2.law\\\/fr\\\/proceedings\\\/la-procedure-en-rectification-des-decisions-de-justice\\\/\",\"url\":\"https:\\\/\\\/www.e2.law\\\/fr\\\/proceedings\\\/la-procedure-en-rectification-des-decisions-de-justice\\\/\",\"name\":\"La proc\u00e9dure en rectification des d\u00e9cisions de justice - e2.law\",\"isPartOf\":{\"@id\":\"https:\\\/\\\/www.e2.law\\\/fr\\\/#website\"},\"datePublished\":\"2021-12-08T08:43:58+00:00\",\"dateModified\":\"2024-05-07T10:10:22+00:00\",\"description\":\"L\u2019article 794 du Code judiciaire permet au juge qui a commis une erreur de calcul, une erreur mat\u00e9rielle manifeste ou toute lacune manifeste de rectifier la d\u00e9cision rendue.\",\"breadcrumb\":{\"@id\":\"https:\\\/\\\/www.e2.law\\\/fr\\\/proceedings\\\/la-procedure-en-rectification-des-decisions-de-justice\\\/#breadcrumb\"},\"inLanguage\":\"fr-FR\",\"potentialAction\":[{\"@type\":\"ReadAction\",\"target\":[\"https:\\\/\\\/www.e2.law\\\/fr\\\/proceedings\\\/la-procedure-en-rectification-des-decisions-de-justice\\\/\"]}]},{\"@type\":\"BreadcrumbList\",\"@id\":\"https:\\\/\\\/www.e2.law\\\/fr\\\/proceedings\\\/la-procedure-en-rectification-des-decisions-de-justice\\\/#breadcrumb\",\"itemListElement\":[{\"@type\":\"ListItem\",\"position\":1,\"name\":\"Home\",\"item\":\"https:\\\/\\\/www.e2.law\\\/fr\\\/home\\\/\"},{\"@type\":\"ListItem\",\"position\":2,\"name\":\"La proc\u00e9dure en rectification des d\u00e9cisions de justice\"}]},{\"@type\":\"WebSite\",\"@id\":\"https:\\\/\\\/www.e2.law\\\/fr\\\/#website\",\"url\":\"https:\\\/\\\/www.e2.law\\\/fr\\\/\",\"name\":\"e2.law\",\"description\":\"A Business Law Firm\",\"publisher\":{\"@id\":\"https:\\\/\\\/www.e2.law\\\/fr\\\/#organization\"},\"potentialAction\":[{\"@type\":\"SearchAction\",\"target\":{\"@type\":\"EntryPoint\",\"urlTemplate\":\"https:\\\/\\\/www.e2.law\\\/fr\\\/?s={search_term_string}\"},\"query-input\":{\"@type\":\"PropertyValueSpecification\",\"valueRequired\":true,\"valueName\":\"search_term_string\"}}],\"inLanguage\":\"fr-FR\"},{\"@type\":\"Organization\",\"@id\":\"https:\\\/\\\/www.e2.law\\\/fr\\\/#organization\",\"name\":\"E2.law\",\"url\":\"https:\\\/\\\/www.e2.law\\\/fr\\\/\",\"logo\":{\"@type\":\"ImageObject\",\"inLanguage\":\"fr-FR\",\"@id\":\"https:\\\/\\\/www.e2.law\\\/fr\\\/#\\\/schema\\\/logo\\\/image\\\/\",\"url\":\"https:\\\/\\\/www.e2.law\\\/wp-content\\\/uploads\\\/2018\\\/12\\\/logo-2.png\",\"contentUrl\":\"https:\\\/\\\/www.e2.law\\\/wp-content\\\/uploads\\\/2018\\\/12\\\/logo-2.png\",\"width\":152,\"height\":40,\"caption\":\"E2.law\"},\"image\":{\"@id\":\"https:\\\/\\\/www.e2.law\\\/fr\\\/#\\\/schema\\\/logo\\\/image\\\/\"},\"sameAs\":[\"https:\\\/\\\/www.linkedin.com\\\/company\\\/e2.law\"]}]}<\/script>\n<!-- \/ Yoast SEO plugin. -->","yoast_head_json":{"title":"La proc\u00e9dure en rectification des d\u00e9cisions de justice - e2.law","description":"L\u2019article 794 du Code judiciaire permet au juge qui a commis une erreur de calcul, une erreur mat\u00e9rielle manifeste ou toute lacune manifeste de rectifier la d\u00e9cision rendue.","robots":{"index":"index","follow":"follow","max-snippet":"max-snippet:-1","max-image-preview":"max-image-preview:large","max-video-preview":"max-video-preview:-1"},"canonical":"https:\/\/www.e2.law\/fr\/proceedings\/la-procedure-en-rectification-des-decisions-de-justice\/","og_locale":"fr_FR","og_type":"article","og_title":"La proc\u00e9dure en rectification des d\u00e9cisions de justice - e2.law","og_description":"L\u2019article 794 du Code judiciaire permet au juge qui a commis une erreur de calcul, une erreur mat\u00e9rielle manifeste ou toute lacune manifeste de rectifier la d\u00e9cision rendue.","og_url":"https:\/\/www.e2.law\/fr\/proceedings\/la-procedure-en-rectification-des-decisions-de-justice\/","og_site_name":"e2.law","article_modified_time":"2024-05-07T10:10:22+00:00","twitter_card":"summary_large_image","twitter_misc":{"Dur\u00e9e de lecture estim\u00e9e":"2 minutes"},"schema":{"@context":"https:\/\/schema.org","@graph":[{"@type":"WebPage","@id":"https:\/\/www.e2.law\/fr\/proceedings\/la-procedure-en-rectification-des-decisions-de-justice\/","url":"https:\/\/www.e2.law\/fr\/proceedings\/la-procedure-en-rectification-des-decisions-de-justice\/","name":"La proc\u00e9dure en rectification des d\u00e9cisions de justice - e2.law","isPartOf":{"@id":"https:\/\/www.e2.law\/fr\/#website"},"datePublished":"2021-12-08T08:43:58+00:00","dateModified":"2024-05-07T10:10:22+00:00","description":"L\u2019article 794 du Code judiciaire permet au juge qui a commis une erreur de calcul, une erreur mat\u00e9rielle manifeste ou toute lacune manifeste de rectifier la d\u00e9cision rendue.","breadcrumb":{"@id":"https:\/\/www.e2.law\/fr\/proceedings\/la-procedure-en-rectification-des-decisions-de-justice\/#breadcrumb"},"inLanguage":"fr-FR","potentialAction":[{"@type":"ReadAction","target":["https:\/\/www.e2.law\/fr\/proceedings\/la-procedure-en-rectification-des-decisions-de-justice\/"]}]},{"@type":"BreadcrumbList","@id":"https:\/\/www.e2.law\/fr\/proceedings\/la-procedure-en-rectification-des-decisions-de-justice\/#breadcrumb","itemListElement":[{"@type":"ListItem","position":1,"name":"Home","item":"https:\/\/www.e2.law\/fr\/home\/"},{"@type":"ListItem","position":2,"name":"La proc\u00e9dure en rectification des d\u00e9cisions de justice"}]},{"@type":"WebSite","@id":"https:\/\/www.e2.law\/fr\/#website","url":"https:\/\/www.e2.law\/fr\/","name":"e2.law","description":"A Business Law Firm","publisher":{"@id":"https:\/\/www.e2.law\/fr\/#organization"},"potentialAction":[{"@type":"SearchAction","target":{"@type":"EntryPoint","urlTemplate":"https:\/\/www.e2.law\/fr\/?s={search_term_string}"},"query-input":{"@type":"PropertyValueSpecification","valueRequired":true,"valueName":"search_term_string"}}],"inLanguage":"fr-FR"},{"@type":"Organization","@id":"https:\/\/www.e2.law\/fr\/#organization","name":"E2.law","url":"https:\/\/www.e2.law\/fr\/","logo":{"@type":"ImageObject","inLanguage":"fr-FR","@id":"https:\/\/www.e2.law\/fr\/#\/schema\/logo\/image\/","url":"https:\/\/www.e2.law\/wp-content\/uploads\/2018\/12\/logo-2.png","contentUrl":"https:\/\/www.e2.law\/wp-content\/uploads\/2018\/12\/logo-2.png","width":152,"height":40,"caption":"E2.law"},"image":{"@id":"https:\/\/www.e2.law\/fr\/#\/schema\/logo\/image\/"},"sameAs":["https:\/\/www.linkedin.com\/company\/e2.law"]}]}},"jetpack_sharing_enabled":true,"_links":{"self":[{"href":"https:\/\/www.e2.law\/fr\/wp-json\/wp\/v2\/proceedings\/32287","targetHints":{"allow":["GET"]}}],"collection":[{"href":"https:\/\/www.e2.law\/fr\/wp-json\/wp\/v2\/proceedings"}],"about":[{"href":"https:\/\/www.e2.law\/fr\/wp-json\/wp\/v2\/types\/proceedings"}],"wp:attachment":[{"href":"https:\/\/www.e2.law\/fr\/wp-json\/wp\/v2\/media?parent=32287"}],"wp:term":[{"taxonomy":"category","embeddable":true,"href":"https:\/\/www.e2.law\/fr\/wp-json\/wp\/v2\/categories?post=32287"},{"taxonomy":"post_tag","embeddable":true,"href":"https:\/\/www.e2.law\/fr\/wp-json\/wp\/v2\/tags?post=32287"}],"curies":[{"name":"wp","href":"https:\/\/api.w.org\/{rel}","templated":true}]}}