{"id":43598,"date":"2023-02-02T15:21:12","date_gmt":"2023-02-02T13:21:12","guid":{"rendered":"https:\/\/www.e2.law\/?post_type=proceedings&#038;p=43598"},"modified":"2024-05-23T11:09:58","modified_gmt":"2024-05-23T09:09:58","slug":"la-procedure-comme-en-refere","status":"publish","type":"proceedings","link":"https:\/\/www.e2.law\/fr\/proceedings\/la-procedure-comme-en-refere\/","title":{"rendered":"Les proc\u00e9dures &#8220;comme en r\u00e9f\u00e9r\u00e9&#8221;"},"content":{"rendered":"<div class=\"fusion-fullwidth fullwidth-box fusion-builder-row-1 fusion-flex-container nonhundred-percent-fullwidth non-hundred-percent-height-scrolling\" style=\"--awb-border-radius-top-left:0px;--awb-border-radius-top-right:0px;--awb-border-radius-bottom-right:0px;--awb-border-radius-bottom-left:0px;--awb-flex-wrap:wrap;\" ><div class=\"fusion-builder-row fusion-row fusion-flex-align-items-flex-start fusion-flex-content-wrap\" style=\"max-width:1144px;margin-left: calc(-4% \/ 2 );margin-right: calc(-4% \/ 2 );\"><div class=\"fusion-layout-column fusion_builder_column fusion-builder-column-0 fusion_builder_column_1_1 1_1 fusion-flex-column\" style=\"--awb-bg-size:cover;--awb-width-large:100%;--awb-margin-top-large:0px;--awb-spacing-right-large:1.92%;--awb-margin-bottom-large:0px;--awb-spacing-left-large:1.92%;--awb-width-medium:100%;--awb-spacing-right-medium:1.92%;--awb-spacing-left-medium:1.92%;--awb-width-small:100%;--awb-spacing-right-small:1.92%;--awb-spacing-left-small:1.92%;\"><div class=\"fusion-column-wrapper fusion-flex-justify-content-flex-start fusion-content-layout-column\"><div class=\"fusion-text fusion-text-1\"><p>Les <strong>proc\u00e9dures comme en r\u00e9f\u00e9r\u00e9<\/strong> sont des proc\u00e9dures particuli\u00e8res dans lesquelles il est donn\u00e9 au juge le pouvoir de trancher le fond du litige dans les formes de l\u2019urgence.<\/p>\n<p>La d\u00e9cision rendue poss\u00e8de donc une autorit\u00e9 de chose jug\u00e9e pleine et enti\u00e8re, mais est rendue \u00e0 l\u2019issue d\u2019une proc\u00e9dure acc\u00e9l\u00e9r\u00e9e. Etant donn\u00e9 que la d\u00e9cision rendue est une d\u00e9cision au fond, la proc\u00e9dure se fait de mani\u00e8re contradictoire.<\/p>\n<blockquote>\n<p><strong>Exemples de proc\u00e9dures &#8220;comme en r\u00e9f\u00e9r\u00e9&#8221;<\/strong> : l&#8217;action en cessation de pratiques commerciales d\u00e9loyales, l&#8217;action en cessation d&#8217;une atteinte \u00e0 un droit d&#8217;auteur, <a href=\"https:\/\/www.e2.law\/fr\/proceedings\/action-en-exclusion\/\">l&#8217;action en exclusion d&#8217;un actionnaire en cas de conflit insoluble<\/a>, etc.<\/p>\n<\/blockquote>\n<p>Elles ne doivent pas \u00eatre confondues avec <a href=\"https:\/\/www.e2.law\/fr\/proceedings\/la-procedure-en-refere\/\">la proc\u00e9dure de r\u00e9f\u00e9r\u00e9<\/a> qui, elle, permet au juge des r\u00e9f\u00e9r\u00e9s de prendre des mesures provisoires pour r\u00e9gler une situation urgente ou am\u00e9nager la situation des parties en attendant qu&#8217;un jugement au fond soit rendu dans toutes les affaires dont les circonstances propres le requi\u00e8rent.<\/p>\n<blockquote>\n<p><strong>Exemples de proc\u00e9dure en r\u00e9f\u00e9r\u00e9<\/strong> : une partie demande des mesures de sauvegarde d&#8217;un mur mitoyen mal entretenu risque de s&#8217;\u00e9ffondrer en attendant que le juge du fond d\u00e9termine \u00e0 qui revient l&#8217;obligation d&#8217;entretien, un parent demande des mesures de protection pour emp\u00eacher l&#8217;autre parent de ses enfants de les emmener \u00e0 l&#8217;\u00e9tranger en attendant que le juge tranche la garde des enfants, etc.<\/p>\n<\/blockquote>\n<p>Seules les proc\u00e9dures express\u00e9ment d\u00e9sign\u00e9es par la loi sont organis\u00e9es &#8220;comme en r\u00e9f\u00e9r\u00e9&#8221;. La comp\u00e9tence du juge est donc exclusive et restrictive:<\/p>\n<ul>\n<li><strong>exclusive<\/strong> car lorsqu&#8217;une disposition l\u00e9gale instaure une proc\u00e9dure &#8220;comme en r\u00e9f\u00e9r\u00e9&#8221;, seul le juge d\u00e9sign\u00e9 par cette disposition l\u00e9gale est comp\u00e9tent pour en conna\u00eetre ;<\/li>\n<li><strong>restrictive<\/strong> car le juge qui statue &#8220;comme en r\u00e9f\u00e9r\u00e9&#8221; doit se limiter \u00e0 la demande qui rel\u00e8ve de sa comp\u00e9tence en application de la disposition l\u00e9gale pertinente.<\/li>\n<\/ul>\n<p>L&#8217;urgence est toujours pr\u00e9sum\u00e9e en raison de la nature m\u00eame de la proc\u00e9dure. Elle ne doit donc pas \u00eatre d\u00e9montr\u00e9e par le demandeur.<\/p>\n<\/div><\/div><\/div><\/div><\/div>\n","protected":false},"featured_media":32266,"template":"","categories":[141],"tags":[1376],"class_list":["post-43598","proceedings","type-proceedings","status-publish","has-post-thumbnail","hentry","category-non-classifiee","tag-procedure"],"acf":[],"yoast_head":"<!-- This site is optimized with the Yoast SEO plugin v27.5 - https:\/\/yoast.com\/product\/yoast-seo-wordpress\/ -->\n<title>Les proc\u00e9dures &quot;comme en r\u00e9f\u00e9r\u00e9&quot; - e2.law<\/title>\n<meta name=\"description\" content=\"Les proc\u00e9dures comme en r\u00e9f\u00e9r\u00e9 sont des proc\u00e9dures particuli\u00e8res dans lesquelles il est donn\u00e9 au juge le pouvoir de trancher le fond du litige dans les formes de l\u2019urgence.\" \/>\n<meta name=\"robots\" content=\"index, follow, max-snippet:-1, max-image-preview:large, max-video-preview:-1\" \/>\n<link rel=\"canonical\" href=\"https:\/\/www.e2.law\/fr\/proceedings\/la-procedure-comme-en-refere\/\" \/>\n<meta property=\"og:locale\" content=\"fr_FR\" \/>\n<meta property=\"og:type\" content=\"article\" \/>\n<meta property=\"og:title\" content=\"Les proc\u00e9dures &quot;comme en r\u00e9f\u00e9r\u00e9&quot; - e2.law\" \/>\n<meta property=\"og:description\" content=\"Les proc\u00e9dures comme en r\u00e9f\u00e9r\u00e9 sont des proc\u00e9dures particuli\u00e8res dans lesquelles il est donn\u00e9 au juge le pouvoir de trancher le fond du litige dans les formes de l\u2019urgence.\" \/>\n<meta property=\"og:url\" content=\"https:\/\/www.e2.law\/fr\/proceedings\/la-procedure-comme-en-refere\/\" \/>\n<meta property=\"og:site_name\" content=\"e2.law\" \/>\n<meta property=\"article:modified_time\" content=\"2024-05-23T09:09:58+00:00\" \/>\n<meta property=\"og:image\" content=\"https:\/\/www.e2.law\/wp-content\/uploads\/_pda\/2021\/12\/Chrono-e1638801445316.png\" \/>\n\t<meta property=\"og:image:width\" content=\"800\" \/>\n\t<meta property=\"og:image:height\" content=\"800\" \/>\n\t<meta property=\"og:image:type\" content=\"image\/png\" \/>\n<meta name=\"twitter:card\" content=\"summary_large_image\" \/>\n<meta name=\"twitter:label1\" content=\"Dur\u00e9e de lecture estim\u00e9e\" \/>\n\t<meta name=\"twitter:data1\" content=\"2 minutes\" \/>\n<script type=\"application\/ld+json\" class=\"yoast-schema-graph\">{\"@context\":\"https:\\\/\\\/schema.org\",\"@graph\":[{\"@type\":\"WebPage\",\"@id\":\"https:\\\/\\\/www.e2.law\\\/fr\\\/proceedings\\\/la-procedure-comme-en-refere\\\/\",\"url\":\"https:\\\/\\\/www.e2.law\\\/fr\\\/proceedings\\\/la-procedure-comme-en-refere\\\/\",\"name\":\"Les proc\u00e9dures \\\"comme en r\u00e9f\u00e9r\u00e9\\\" - e2.law\",\"isPartOf\":{\"@id\":\"https:\\\/\\\/www.e2.law\\\/fr\\\/#website\"},\"primaryImageOfPage\":{\"@id\":\"https:\\\/\\\/www.e2.law\\\/fr\\\/proceedings\\\/la-procedure-comme-en-refere\\\/#primaryimage\"},\"image\":{\"@id\":\"https:\\\/\\\/www.e2.law\\\/fr\\\/proceedings\\\/la-procedure-comme-en-refere\\\/#primaryimage\"},\"thumbnailUrl\":\"https:\\\/\\\/i0.wp.com\\\/www.e2.law\\\/wp-content\\\/uploads\\\/2021\\\/12\\\/Chrono-e1638801445316.png?fit=800%2C800&ssl=1\",\"datePublished\":\"2023-02-02T13:21:12+00:00\",\"dateModified\":\"2024-05-23T09:09:58+00:00\",\"description\":\"Les proc\u00e9dures comme en r\u00e9f\u00e9r\u00e9 sont des proc\u00e9dures particuli\u00e8res dans lesquelles il est donn\u00e9 au juge le pouvoir de trancher le fond du litige dans les formes de l\u2019urgence.\",\"breadcrumb\":{\"@id\":\"https:\\\/\\\/www.e2.law\\\/fr\\\/proceedings\\\/la-procedure-comme-en-refere\\\/#breadcrumb\"},\"inLanguage\":\"fr-FR\",\"potentialAction\":[{\"@type\":\"ReadAction\",\"target\":[\"https:\\\/\\\/www.e2.law\\\/fr\\\/proceedings\\\/la-procedure-comme-en-refere\\\/\"]}]},{\"@type\":\"ImageObject\",\"inLanguage\":\"fr-FR\",\"@id\":\"https:\\\/\\\/www.e2.law\\\/fr\\\/proceedings\\\/la-procedure-comme-en-refere\\\/#primaryimage\",\"url\":\"https:\\\/\\\/i0.wp.com\\\/www.e2.law\\\/wp-content\\\/uploads\\\/2021\\\/12\\\/Chrono-e1638801445316.png?fit=800%2C800&ssl=1\",\"contentUrl\":\"https:\\\/\\\/i0.wp.com\\\/www.e2.law\\\/wp-content\\\/uploads\\\/2021\\\/12\\\/Chrono-e1638801445316.png?fit=800%2C800&ssl=1\",\"width\":800,\"height\":800},{\"@type\":\"BreadcrumbList\",\"@id\":\"https:\\\/\\\/www.e2.law\\\/fr\\\/proceedings\\\/la-procedure-comme-en-refere\\\/#breadcrumb\",\"itemListElement\":[{\"@type\":\"ListItem\",\"position\":1,\"name\":\"Home\",\"item\":\"https:\\\/\\\/www.e2.law\\\/fr\\\/home\\\/\"},{\"@type\":\"ListItem\",\"position\":2,\"name\":\"Les proc\u00e9dures &#8220;comme en r\u00e9f\u00e9r\u00e9&#8221;\"}]},{\"@type\":\"WebSite\",\"@id\":\"https:\\\/\\\/www.e2.law\\\/fr\\\/#website\",\"url\":\"https:\\\/\\\/www.e2.law\\\/fr\\\/\",\"name\":\"e2.law\",\"description\":\"A Business Law Firm\",\"publisher\":{\"@id\":\"https:\\\/\\\/www.e2.law\\\/fr\\\/#organization\"},\"potentialAction\":[{\"@type\":\"SearchAction\",\"target\":{\"@type\":\"EntryPoint\",\"urlTemplate\":\"https:\\\/\\\/www.e2.law\\\/fr\\\/?s={search_term_string}\"},\"query-input\":{\"@type\":\"PropertyValueSpecification\",\"valueRequired\":true,\"valueName\":\"search_term_string\"}}],\"inLanguage\":\"fr-FR\"},{\"@type\":\"Organization\",\"@id\":\"https:\\\/\\\/www.e2.law\\\/fr\\\/#organization\",\"name\":\"E2.law\",\"url\":\"https:\\\/\\\/www.e2.law\\\/fr\\\/\",\"logo\":{\"@type\":\"ImageObject\",\"inLanguage\":\"fr-FR\",\"@id\":\"https:\\\/\\\/www.e2.law\\\/fr\\\/#\\\/schema\\\/logo\\\/image\\\/\",\"url\":\"https:\\\/\\\/www.e2.law\\\/wp-content\\\/uploads\\\/2018\\\/12\\\/logo-2.png\",\"contentUrl\":\"https:\\\/\\\/www.e2.law\\\/wp-content\\\/uploads\\\/2018\\\/12\\\/logo-2.png\",\"width\":152,\"height\":40,\"caption\":\"E2.law\"},\"image\":{\"@id\":\"https:\\\/\\\/www.e2.law\\\/fr\\\/#\\\/schema\\\/logo\\\/image\\\/\"},\"sameAs\":[\"https:\\\/\\\/www.linkedin.com\\\/company\\\/e2.law\"]}]}<\/script>\n<!-- \/ Yoast SEO plugin. -->","yoast_head_json":{"title":"Les proc\u00e9dures \"comme en r\u00e9f\u00e9r\u00e9\" - e2.law","description":"Les proc\u00e9dures comme en r\u00e9f\u00e9r\u00e9 sont des proc\u00e9dures particuli\u00e8res dans lesquelles il est donn\u00e9 au juge le pouvoir de trancher le fond du litige dans les formes de l\u2019urgence.","robots":{"index":"index","follow":"follow","max-snippet":"max-snippet:-1","max-image-preview":"max-image-preview:large","max-video-preview":"max-video-preview:-1"},"canonical":"https:\/\/www.e2.law\/fr\/proceedings\/la-procedure-comme-en-refere\/","og_locale":"fr_FR","og_type":"article","og_title":"Les proc\u00e9dures \"comme en r\u00e9f\u00e9r\u00e9\" - e2.law","og_description":"Les proc\u00e9dures comme en r\u00e9f\u00e9r\u00e9 sont des proc\u00e9dures particuli\u00e8res dans lesquelles il est donn\u00e9 au juge le pouvoir de trancher le fond du litige dans les formes de l\u2019urgence.","og_url":"https:\/\/www.e2.law\/fr\/proceedings\/la-procedure-comme-en-refere\/","og_site_name":"e2.law","article_modified_time":"2024-05-23T09:09:58+00:00","og_image":[{"width":800,"height":800,"url":"https:\/\/www.e2.law\/wp-content\/uploads\/_pda\/2021\/12\/Chrono-e1638801445316.png","type":"image\/png"}],"twitter_card":"summary_large_image","twitter_misc":{"Dur\u00e9e de lecture estim\u00e9e":"2 minutes"},"schema":{"@context":"https:\/\/schema.org","@graph":[{"@type":"WebPage","@id":"https:\/\/www.e2.law\/fr\/proceedings\/la-procedure-comme-en-refere\/","url":"https:\/\/www.e2.law\/fr\/proceedings\/la-procedure-comme-en-refere\/","name":"Les proc\u00e9dures \"comme en r\u00e9f\u00e9r\u00e9\" - e2.law","isPartOf":{"@id":"https:\/\/www.e2.law\/fr\/#website"},"primaryImageOfPage":{"@id":"https:\/\/www.e2.law\/fr\/proceedings\/la-procedure-comme-en-refere\/#primaryimage"},"image":{"@id":"https:\/\/www.e2.law\/fr\/proceedings\/la-procedure-comme-en-refere\/#primaryimage"},"thumbnailUrl":"https:\/\/i0.wp.com\/www.e2.law\/wp-content\/uploads\/2021\/12\/Chrono-e1638801445316.png?fit=800%2C800&ssl=1","datePublished":"2023-02-02T13:21:12+00:00","dateModified":"2024-05-23T09:09:58+00:00","description":"Les proc\u00e9dures comme en r\u00e9f\u00e9r\u00e9 sont des proc\u00e9dures particuli\u00e8res dans lesquelles il est donn\u00e9 au juge le pouvoir de trancher le fond du litige dans les formes de l\u2019urgence.","breadcrumb":{"@id":"https:\/\/www.e2.law\/fr\/proceedings\/la-procedure-comme-en-refere\/#breadcrumb"},"inLanguage":"fr-FR","potentialAction":[{"@type":"ReadAction","target":["https:\/\/www.e2.law\/fr\/proceedings\/la-procedure-comme-en-refere\/"]}]},{"@type":"ImageObject","inLanguage":"fr-FR","@id":"https:\/\/www.e2.law\/fr\/proceedings\/la-procedure-comme-en-refere\/#primaryimage","url":"https:\/\/i0.wp.com\/www.e2.law\/wp-content\/uploads\/2021\/12\/Chrono-e1638801445316.png?fit=800%2C800&ssl=1","contentUrl":"https:\/\/i0.wp.com\/www.e2.law\/wp-content\/uploads\/2021\/12\/Chrono-e1638801445316.png?fit=800%2C800&ssl=1","width":800,"height":800},{"@type":"BreadcrumbList","@id":"https:\/\/www.e2.law\/fr\/proceedings\/la-procedure-comme-en-refere\/#breadcrumb","itemListElement":[{"@type":"ListItem","position":1,"name":"Home","item":"https:\/\/www.e2.law\/fr\/home\/"},{"@type":"ListItem","position":2,"name":"Les proc\u00e9dures &#8220;comme en r\u00e9f\u00e9r\u00e9&#8221;"}]},{"@type":"WebSite","@id":"https:\/\/www.e2.law\/fr\/#website","url":"https:\/\/www.e2.law\/fr\/","name":"e2.law","description":"A Business Law Firm","publisher":{"@id":"https:\/\/www.e2.law\/fr\/#organization"},"potentialAction":[{"@type":"SearchAction","target":{"@type":"EntryPoint","urlTemplate":"https:\/\/www.e2.law\/fr\/?s={search_term_string}"},"query-input":{"@type":"PropertyValueSpecification","valueRequired":true,"valueName":"search_term_string"}}],"inLanguage":"fr-FR"},{"@type":"Organization","@id":"https:\/\/www.e2.law\/fr\/#organization","name":"E2.law","url":"https:\/\/www.e2.law\/fr\/","logo":{"@type":"ImageObject","inLanguage":"fr-FR","@id":"https:\/\/www.e2.law\/fr\/#\/schema\/logo\/image\/","url":"https:\/\/www.e2.law\/wp-content\/uploads\/2018\/12\/logo-2.png","contentUrl":"https:\/\/www.e2.law\/wp-content\/uploads\/2018\/12\/logo-2.png","width":152,"height":40,"caption":"E2.law"},"image":{"@id":"https:\/\/www.e2.law\/fr\/#\/schema\/logo\/image\/"},"sameAs":["https:\/\/www.linkedin.com\/company\/e2.law"]}]}},"jetpack_sharing_enabled":true,"_links":{"self":[{"href":"https:\/\/www.e2.law\/fr\/wp-json\/wp\/v2\/proceedings\/43598","targetHints":{"allow":["GET"]}}],"collection":[{"href":"https:\/\/www.e2.law\/fr\/wp-json\/wp\/v2\/proceedings"}],"about":[{"href":"https:\/\/www.e2.law\/fr\/wp-json\/wp\/v2\/types\/proceedings"}],"wp:featuredmedia":[{"embeddable":true,"href":"https:\/\/www.e2.law\/fr\/wp-json\/wp\/v2\/media\/32266"}],"wp:attachment":[{"href":"https:\/\/www.e2.law\/fr\/wp-json\/wp\/v2\/media?parent=43598"}],"wp:term":[{"taxonomy":"category","embeddable":true,"href":"https:\/\/www.e2.law\/fr\/wp-json\/wp\/v2\/categories?post=43598"},{"taxonomy":"post_tag","embeddable":true,"href":"https:\/\/www.e2.law\/fr\/wp-json\/wp\/v2\/tags?post=43598"}],"curies":[{"name":"wp","href":"https:\/\/api.w.org\/{rel}","templated":true}]}}